{"id":6984,"date":"2019-04-01T07:21:28","date_gmt":"2019-04-01T07:21:28","guid":{"rendered":"https:\/\/yepcampers.com\/?page_id=6984"},"modified":"2022-09-02T10:33:39","modified_gmt":"2022-09-02T10:33:39","slug":"areas-autocaravanas-cerdena","status":"publish","type":"page","link":"https:\/\/yepcampers.com\/es\/areas-autocaravanas-cerdena\/","title":{"rendered":"\u00c1reas Autocaravanas Cerde\u00f1a"},"content":{"rendered":"\t\t<div data-elementor-type=\"wp-post\" data-elementor-id=\"6984\" class=\"elementor elementor-6984 elementor-6983\" data-elementor-post-type=\"page\">\n\t\t\t\t\t\t<section class=\"elementor-section elementor-top-section elementor-element elementor-element-c0e0452 elementor-section-full_width elementor-section-height-min-height elementor-section-height-default elementor-section-items-middle\" data-id=\"c0e0452\" data-element_type=\"section\" data-e-type=\"section\" data-settings=\"{&quot;jet_parallax_layout_list&quot;:[{&quot;jet_parallax_layout_image&quot;:{&quot;url&quot;:&quot;&quot;,&quot;id&quot;:&quot;&quot;,&quot;size&quot;:&quot;&quot;},&quot;_id&quot;:&quot;3a8f5a6&quot;,&quot;jet_parallax_layout_speed&quot;:{&quot;unit&quot;:&quot;%&quot;,&quot;size&quot;:50,&quot;sizes&quot;:[]},&quot;jet_parallax_layout_image_tablet&quot;:{&quot;url&quot;:&quot;&quot;,&quot;id&quot;:&quot;&quot;,&quot;size&quot;:&quot;&quot;},&quot;jet_parallax_layout_image_mobile&quot;:{&quot;url&quot;:&quot;&quot;,&quot;id&quot;:&quot;&quot;,&quot;size&quot;:&quot;&quot;},&quot;jet_parallax_layout_type&quot;:&quot;scroll&quot;,&quot;jet_parallax_layout_direction&quot;:&quot;1&quot;,&quot;jet_parallax_layout_fx_direction&quot;:null,&quot;jet_parallax_layout_z_index&quot;:&quot;&quot;,&quot;jet_parallax_layout_bg_x&quot;:50,&quot;jet_parallax_layout_bg_x_tablet&quot;:&quot;&quot;,&quot;jet_parallax_layout_bg_x_mobile&quot;:&quot;&quot;,&quot;jet_parallax_layout_bg_y&quot;:50,&quot;jet_parallax_layout_bg_y_tablet&quot;:&quot;&quot;,&quot;jet_parallax_layout_bg_y_mobile&quot;:&quot;&quot;,&quot;jet_parallax_layout_bg_size&quot;:&quot;auto&quot;,&quot;jet_parallax_layout_bg_size_tablet&quot;:&quot;&quot;,&quot;jet_parallax_layout_bg_size_mobile&quot;:&quot;&quot;,&quot;jet_parallax_layout_animation_prop&quot;:&quot;transform&quot;,&quot;jet_parallax_layout_on&quot;:[&quot;desktop&quot;,&quot;tablet&quot;]}],&quot;background_background&quot;:&quot;classic&quot;,&quot;shape_divider_bottom&quot;:&quot;triangle&quot;,&quot;shape_divider_bottom_negative&quot;:&quot;yes&quot;}\">\n\t\t\t\t\t<div class=\"elementor-shape elementor-shape-bottom\" aria-hidden=\"true\" data-negative=\"true\">\n\t\t\t<svg xmlns=\"http:\/\/www.w3.org\/2000\/svg\" viewBox=\"0 0 1000 100\" preserveAspectRatio=\"none\">\n\t<path class=\"elementor-shape-fill\" d=\"M500.2,94.7L0,0v100h1000V0L500.2,94.7z\"\/>\n<\/svg>\t\t<\/div>\n\t\t\t\t\t<div class=\"elementor-container elementor-column-gap-default\">\n\t\t\t\t\t<div class=\"elementor-column elementor-col-100 elementor-top-column elementor-element elementor-element-92661c1\" data-id=\"92661c1\" data-element_type=\"column\" data-e-type=\"column\">\n\t\t\t<div class=\"elementor-widget-wrap elementor-element-populated\">\n\t\t\t\t\t\t<div class=\"elementor-element elementor-element-92d43e3 elementor-widget elementor-widget-heading\" data-id=\"92d43e3\" data-element_type=\"widget\" data-e-type=\"widget\" data-widget_type=\"heading.default\">\n\t\t\t\t\t<h1 class=\"elementor-heading-title elementor-size-default\">\u00c1REAS AUTOCARAVANAS CERDE\u00d1A<\/h1>\t\t\t\t<\/div>\n\t\t\t\t\t<\/div>\n\t\t<\/div>\n\t\t\t\t\t<\/div>\n\t\t<\/section>\n\t\t\t\t<section class=\"elementor-section elementor-top-section elementor-element elementor-element-a60dc85 elementor-section-boxed elementor-section-height-default elementor-section-height-default\" data-id=\"a60dc85\" data-element_type=\"section\" data-e-type=\"section\" data-settings=\"{&quot;jet_parallax_layout_list&quot;:[{&quot;jet_parallax_layout_image&quot;:{&quot;url&quot;:&quot;&quot;,&quot;id&quot;:&quot;&quot;,&quot;size&quot;:&quot;&quot;},&quot;_id&quot;:&quot;cb52157&quot;,&quot;jet_parallax_layout_speed&quot;:{&quot;unit&quot;:&quot;%&quot;,&quot;size&quot;:50,&quot;sizes&quot;:[]},&quot;jet_parallax_layout_image_tablet&quot;:{&quot;url&quot;:&quot;&quot;,&quot;id&quot;:&quot;&quot;,&quot;size&quot;:&quot;&quot;},&quot;jet_parallax_layout_image_mobile&quot;:{&quot;url&quot;:&quot;&quot;,&quot;id&quot;:&quot;&quot;,&quot;size&quot;:&quot;&quot;},&quot;jet_parallax_layout_type&quot;:&quot;scroll&quot;,&quot;jet_parallax_layout_direction&quot;:&quot;1&quot;,&quot;jet_parallax_layout_fx_direction&quot;:null,&quot;jet_parallax_layout_z_index&quot;:&quot;&quot;,&quot;jet_parallax_layout_bg_x&quot;:50,&quot;jet_parallax_layout_bg_x_tablet&quot;:&quot;&quot;,&quot;jet_parallax_layout_bg_x_mobile&quot;:&quot;&quot;,&quot;jet_parallax_layout_bg_y&quot;:50,&quot;jet_parallax_layout_bg_y_tablet&quot;:&quot;&quot;,&quot;jet_parallax_layout_bg_y_mobile&quot;:&quot;&quot;,&quot;jet_parallax_layout_bg_size&quot;:&quot;auto&quot;,&quot;jet_parallax_layout_bg_size_tablet&quot;:&quot;&quot;,&quot;jet_parallax_layout_bg_size_mobile&quot;:&quot;&quot;,&quot;jet_parallax_layout_animation_prop&quot;:&quot;transform&quot;,&quot;jet_parallax_layout_on&quot;:[&quot;desktop&quot;,&quot;tablet&quot;]}]}\">\n\t\t\t\t\t\t<div class=\"elementor-container elementor-column-gap-default\">\n\t\t\t\t\t<div class=\"elementor-column elementor-col-100 elementor-top-column elementor-element elementor-element-232100e\" data-id=\"232100e\" data-element_type=\"column\" data-e-type=\"column\">\n\t\t\t<div class=\"elementor-widget-wrap elementor-element-populated\">\n\t\t\t\t\t\t<div class=\"elementor-element elementor-element-9fe208c elementor-widget elementor-widget-text-editor\" data-id=\"9fe208c\" data-element_type=\"widget\" data-e-type=\"widget\" data-widget_type=\"text-editor.default\">\n\t\t\t\t\t\t\t\t\t<p>\u00a1Eche un vistazo a nuestra lista de <strong>\u00e1reas para autocaravanas en Cerde\u00f1a<\/strong>!<\/p>\t\t\t\t\t\t\t\t<\/div>\n\t\t\t\t<div class=\"elementor-element elementor-element-db604cb elementor-widget elementor-widget-text-editor\" data-id=\"db604cb\" data-element_type=\"widget\" data-e-type=\"widget\" data-widget_type=\"text-editor.default\">\n\t\t\t\t\t\t\t\t\t<p>\u00bfListo para explorar la isla? Nuestra lista de campings y \u00e1reas de servicio para autocaravanas en Cerde\u00f1a es una ayuda r\u00e1pida y \u00fatil para organizar sus vacaciones mejor! Busca en el mapa interactivo tu \u00e1rea de servicio para autocaravanas preferido en Cerde\u00f1a. Encontrar\u00e1s los detalles en el texto de la descripci\u00f3n. \u00a1Disfruta de Cerde\u00f1a en libertad!<\/p>\t\t\t\t\t\t\t\t<\/div>\n\t\t\t\t<div class=\"elementor-element elementor-element-7357a11 elementor-widget-divider--view-line elementor-widget elementor-widget-divider\" data-id=\"7357a11\" data-element_type=\"widget\" data-e-type=\"widget\" data-widget_type=\"divider.default\">\n\t\t\t\t\t\t\t<div class=\"elementor-divider\">\n\t\t\t<span class=\"elementor-divider-separator\">\n\t\t\t\t\t\t<\/span>\n\t\t<\/div>\n\t\t\t\t\t\t<\/div>\n\t\t\t\t\t<\/div>\n\t\t<\/div>\n\t\t\t\t\t<\/div>\n\t\t<\/section>\n\t\t\t\t<section class=\"elementor-section elementor-top-section elementor-element elementor-element-12b16b7 elementor-section-boxed elementor-section-height-default elementor-section-height-default\" data-id=\"12b16b7\" data-element_type=\"section\" data-e-type=\"section\" data-settings=\"{&quot;jet_parallax_layout_list&quot;:[{&quot;jet_parallax_layout_image&quot;:{&quot;url&quot;:&quot;&quot;,&quot;id&quot;:&quot;&quot;,&quot;size&quot;:&quot;&quot;},&quot;_id&quot;:&quot;8ee2255&quot;,&quot;jet_parallax_layout_image_tablet&quot;:{&quot;url&quot;:&quot;&quot;,&quot;id&quot;:&quot;&quot;,&quot;size&quot;:&quot;&quot;},&quot;jet_parallax_layout_image_mobile&quot;:{&quot;url&quot;:&quot;&quot;,&quot;id&quot;:&quot;&quot;,&quot;size&quot;:&quot;&quot;},&quot;jet_parallax_layout_speed&quot;:{&quot;unit&quot;:&quot;%&quot;,&quot;size&quot;:50,&quot;sizes&quot;:[]},&quot;jet_parallax_layout_type&quot;:&quot;scroll&quot;,&quot;jet_parallax_layout_direction&quot;:&quot;1&quot;,&quot;jet_parallax_layout_fx_direction&quot;:null,&quot;jet_parallax_layout_z_index&quot;:&quot;&quot;,&quot;jet_parallax_layout_bg_x&quot;:50,&quot;jet_parallax_layout_bg_x_tablet&quot;:&quot;&quot;,&quot;jet_parallax_layout_bg_x_mobile&quot;:&quot;&quot;,&quot;jet_parallax_layout_bg_y&quot;:50,&quot;jet_parallax_layout_bg_y_tablet&quot;:&quot;&quot;,&quot;jet_parallax_layout_bg_y_mobile&quot;:&quot;&quot;,&quot;jet_parallax_layout_bg_size&quot;:&quot;auto&quot;,&quot;jet_parallax_layout_bg_size_tablet&quot;:&quot;&quot;,&quot;jet_parallax_layout_bg_size_mobile&quot;:&quot;&quot;,&quot;jet_parallax_layout_animation_prop&quot;:&quot;transform&quot;,&quot;jet_parallax_layout_on&quot;:[&quot;desktop&quot;,&quot;tablet&quot;]}]}\">\n\t\t\t\t\t\t<div class=\"elementor-container elementor-column-gap-default\">\n\t\t\t\t\t<div class=\"elementor-column elementor-col-100 elementor-top-column elementor-element elementor-element-51ffa40\" data-id=\"51ffa40\" data-element_type=\"column\" data-e-type=\"column\">\n\t\t\t<div class=\"elementor-widget-wrap elementor-element-populated\">\n\t\t\t\t\t\t<div class=\"elementor-element elementor-element-d0aa935 elementor-widget elementor-widget-premium-addon-maps\" data-id=\"d0aa935\" data-element_type=\"widget\" data-e-type=\"widget\" data-widget_type=\"premium-addon-maps.default\">\n\t\t\t\t\t\r\n\t<div class=\"premium-maps-container\" id=\"premium-maps-container\">\r\n\r\n\t\t\r\n\t\t\t<div class=\"premium_maps_map_height premium-addons__v-hidden\" data-settings=\"{&quot;mapId&quot;:&quot;&quot;,&quot;maptype&quot;:&quot;roadmap&quot;,&quot;streetViewControl&quot;:true,&quot;centerlat&quot;:&quot;39.9571714&quot;,&quot;centerlong&quot;:&quot;9.475011&quot;,&quot;scrollwheel&quot;:false,&quot;fullScreen&quot;:true,&quot;zoomControl&quot;:true,&quot;typeControl&quot;:true,&quot;automaticOpen&quot;:false,&quot;hoverOpen&quot;:false,&quot;hoverClose&quot;:false,&quot;cluster&quot;:false,&quot;cluster_icon&quot;:&quot;&quot;,&quot;cluster_icon_size&quot;:&quot;&quot;,&quot;drag&quot;:&quot;&quot;,&quot;loadScroll&quot;:&quot;&quot;,&quot;linkedCarouselId&quot;:&quot;&quot;}\" data-style=\"\">\r\n\t\t\t\t\r\n\t\t\t<div class=\"premium-pin elementor-invisible\" data-lng=\"8.623925\" data-lat=\"38.977562\" data-icon=\"\" data-icon-size=\"\" data-max-width=\"1000\" data-activated=\"\">\r\n\t\t\t\t\t\t\t\t\t<div class='premium-maps-info-container'>\r\n\r\n\t\t\t\t\t\t<div class='premium-maps-title-wrap'>\r\n\t\t\t\t\t\t\t<p class='premium-maps-info-title'>Agricamping Il Ruscello<\/p>\r\n\t\t\t\t\t\t<\/div>\r\n\r\n\t\t\t\t\t\t<div class='premium-maps-info-desc'>\r\n\t\t\t\t\t\t\t<p><a href=\"#ilruscello\"><img decoding=\"async\" class=\"aligncenter size-full wp-image-6724\" src=\"https:\/\/yepcampers.com\/wp-content\/uploads\/2019\/03\/agricamping-ruscello-costa-sud-sardegna.jpg\" alt=\"Agricamping Il Ruscello | Aree di sosta camper in Sardegna\" width=\"250\" height=\"188\" \/><\/a><\/p>\t\t\t\t\t\t<\/div>\r\n\r\n\t\t\t\t\t<\/div>\r\n\t\t\t\t\t\t\t<\/div>\r\n\r\n\t\t\r\n\t\t\t\t\t\r\n\t\t\t<div class=\"premium-pin elementor-invisible\" data-lng=\"8.711460\" data-lat=\"38.926557\" data-icon=\"\" data-icon-size=\"\" data-max-width=\"1000\" data-activated=\"\">\r\n\t\t\t\t\t\t\t\t\t<div class='premium-maps-info-container'>\r\n\r\n\t\t\t\t\t\t<div class='premium-maps-title-wrap'>\r\n\t\t\t\t\t\t\t<p class='premium-maps-info-title'>Camping Portu Tramatzu<\/p>\r\n\t\t\t\t\t\t<\/div>\r\n\r\n\t\t\t\t\t\t<div class='premium-maps-info-desc'>\r\n\t\t\t\t\t\t\t<p><a href=\"#tramatzu\"><img decoding=\"async\" class=\"aligncenter wp-image-6301 size-full\" src=\"https:\/\/yepcampers.com\/wp-content\/uploads\/2019\/03\/camping_portu_tramatzu-costa-sud-sardegna.jpg\" alt=\"Camping Portu Tramatzu | Aree di sosta camper in Sardegna\" width=\"250\" height=\"199\" \/><\/a><\/p>\t\t\t\t\t\t<\/div>\r\n\r\n\t\t\t\t\t<\/div>\r\n\t\t\t\t\t\t\t<\/div>\r\n\r\n\t\t\r\n\t\t\t\t\t\r\n\t\t\t<div class=\"premium-pin elementor-invisible\" data-lng=\"8.863360\" data-lat=\"38.889989\" data-icon=\"\" data-icon-size=\"\" data-max-width=\"1000\" data-activated=\"\">\r\n\t\t\t\t\t\t\t\t\t<div class='premium-maps-info-container'>\r\n\r\n\t\t\t\t\t\t<div class='premium-maps-title-wrap'>\r\n\t\t\t\t\t\t\t<p class='premium-maps-info-title'>Area Sosta Camper - \"Culurgioni\" <\/p>\r\n\t\t\t\t\t\t<\/div>\r\n\r\n\t\t\t\t\t\t<div class='premium-maps-info-desc'>\r\n\t\t\t\t\t\t\t<p><a href=\"#tramatzu\"><img decoding=\"async\" class=\"aligncenter wp-image-6728 size-full\" src=\"https:\/\/yepcampers.com\/wp-content\/uploads\/2019\/03\/area-sosta-camper-culurgioni-costa-sud-sardegna.jpg\" alt=\"Culurgioni | Aree di sosta camper in Sardegna\" width=\"250\" height=\"83\" \/><\/a><\/p>\t\t\t\t\t\t<\/div>\r\n\r\n\t\t\t\t\t<\/div>\r\n\t\t\t\t\t\t\t<\/div>\r\n\r\n\t\t\r\n\t\t\t\t\t\r\n\t\t\t<div class=\"premium-pin elementor-invisible\" data-lng=\"8.884659\" data-lat=\"38.898208\" data-icon=\"\" data-icon-size=\"\" data-max-width=\"1000\" data-activated=\"\">\r\n\t\t\t\t\t\t\t\t\t<div class='premium-maps-info-container'>\r\n\r\n\t\t\t\t\t\t<div class='premium-maps-title-wrap'>\r\n\t\t\t\t\t\t\t<p class='premium-maps-info-title'>Campeggio Torre Chia<\/p>\r\n\t\t\t\t\t\t<\/div>\r\n\r\n\t\t\t\t\t\t<div class='premium-maps-info-desc'>\r\n\t\t\t\t\t\t\t<p><a href=\"#torrechia\"><img loading=\"lazy\" decoding=\"async\" class=\"aligncenter size-full wp-image-6305\" src=\"https:\/\/yepcampers.com\/wp-content\/uploads\/2019\/03\/campeggio-torre-chia-costa-sud-sardegna.jpg\" alt=\"Campeggio Torre Chia | Aree di sosta camper in Sardegna\" width=\"250\" height=\"187\" \/><\/a><\/p>\t\t\t\t\t\t<\/div>\r\n\r\n\t\t\t\t\t<\/div>\r\n\t\t\t\t\t\t\t<\/div>\r\n\r\n\t\t\r\n\t\t\t\t\t\r\n\t\t\t<div class=\"premium-pin elementor-invisible\" data-lng=\"8.969494\" data-lat=\"38.957660\" data-icon=\"\" data-icon-size=\"\" data-max-width=\"1000\" data-activated=\"\">\r\n\t\t\t\t\t\t\t\t\t<div class='premium-maps-info-container'>\r\n\r\n\t\t\t\t\t\t<div class='premium-maps-title-wrap'>\r\n\t\t\t\t\t\t\t<p class='premium-maps-info-title'>Camping Cala d'Ostia<\/p>\r\n\t\t\t\t\t\t<\/div>\r\n\r\n\t\t\t\t\t\t<div class='premium-maps-info-desc'>\r\n\t\t\t\t\t\t\t<p><a href=\"#caladostia\"><img loading=\"lazy\" decoding=\"async\" class=\"aligncenter size-full wp-image-6315\" src=\"https:\/\/yepcampers.com\/wp-content\/uploads\/2019\/03\/camping-cala-dostia-costa-sud-sardegna.jpg\" alt=\"Camping Cala D'Ostia | Aree di sosta camper in Sardegna\" width=\"250\" height=\"140\" \/><\/a><\/p>\t\t\t\t\t\t<\/div>\r\n\r\n\t\t\t\t\t<\/div>\r\n\t\t\t\t\t\t\t<\/div>\r\n\r\n\t\t\r\n\t\t\t\t\t\r\n\t\t\t<div class=\"premium-pin elementor-invisible\" data-lng=\"8.977748\" data-lat=\"38.967297\" data-icon=\"\" data-icon-size=\"\" data-max-width=\"1000\" data-activated=\"\">\r\n\t\t\t\t\t\t\t\t\t<div class='premium-maps-info-container'>\r\n\r\n\t\t\t\t\t\t<div class='premium-maps-title-wrap'>\r\n\t\t\t\t\t\t\t<p class='premium-maps-info-title'>Camping Flumendosa<\/p>\r\n\t\t\t\t\t\t<\/div>\r\n\r\n\t\t\t\t\t\t<div class='premium-maps-info-desc'>\r\n\t\t\t\t\t\t\t<p><a href=\"#flumendosa\"><img loading=\"lazy\" decoding=\"async\" class=\"aligncenter size-full wp-image-6309\" src=\"https:\/\/yepcampers.com\/wp-content\/uploads\/2019\/03\/camping-flumendosa-costa-sud-sardegna.jpg\" alt=\"Camping Flumendosa | Aree di sosta camper in Sardegna\" width=\"250\" height=\"170\" \/><\/a><\/p>\t\t\t\t\t\t<\/div>\r\n\r\n\t\t\t\t\t<\/div>\r\n\t\t\t\t\t\t\t<\/div>\r\n\r\n\t\t\r\n\t\t\t\t\t\r\n\t\t\t<div class=\"premium-pin elementor-invisible\" data-lng=\"9.127665\" data-lat=\"39.210245\" data-icon=\"\" data-icon-size=\"\" data-max-width=\"1000\" data-activated=\"\">\r\n\t\t\t\t\t\t\t\t\t<div class='premium-maps-info-container'>\r\n\r\n\t\t\t\t\t\t<div class='premium-maps-title-wrap'>\r\n\t\t\t\t\t\t\t<p class='premium-maps-info-title'>Camper Cagliari Park<\/p>\r\n\t\t\t\t\t\t<\/div>\r\n\r\n\t\t\t\t\t\t<div class='premium-maps-info-desc'>\r\n\t\t\t\t\t\t\t<p><a href=\"#cagliaripark\"><img loading=\"lazy\" decoding=\"async\" class=\"aligncenter size-full wp-image-6732\" src=\"https:\/\/yepcampers.com\/wp-content\/uploads\/2019\/03\/camper-cagliari-park-costa-sud-sardegna.jpg\" alt=\"Cagliari Park | Aree di sosta camper in Sardegna\" width=\"250\" height=\"158\" \/><\/a><\/p>\t\t\t\t\t\t<\/div>\r\n\r\n\t\t\t\t\t<\/div>\r\n\t\t\t\t\t\t\t<\/div>\r\n\r\n\t\t\r\n\t\t\t\t\t\r\n\t\t\t<div class=\"premium-pin elementor-invisible\" data-lng=\"9.318842\" data-lat=\"39.205615\" data-icon=\"\" data-icon-size=\"\" data-max-width=\"1000\" data-activated=\"\">\r\n\t\t\t\t\t\t\t\t\t<div class='premium-maps-info-container'>\r\n\r\n\t\t\t\t\t\t<div class='premium-maps-title-wrap'>\r\n\t\t\t\t\t\t\t<p class='premium-maps-info-title'>Camping Pini e Mare<\/p>\r\n\t\t\t\t\t\t<\/div>\r\n\r\n\t\t\t\t\t\t<div class='premium-maps-info-desc'>\r\n\t\t\t\t\t\t\t<p><a href=\"#piniemare\"><img loading=\"lazy\" decoding=\"async\" class=\"aligncenter size-full wp-image-6320\" src=\"https:\/\/yepcampers.com\/wp-content\/uploads\/2019\/03\/camping-pini-mare-costa-sud-sardegna.jpg\" alt=\"Camping Pini e Mare | Aree di sosta camper in Sardegna\" width=\"250\" height=\"159\" \/><\/a><\/p>\t\t\t\t\t\t<\/div>\r\n\r\n\t\t\t\t\t<\/div>\r\n\t\t\t\t\t\t\t<\/div>\r\n\r\n\t\t\r\n\t\t\t\t\t\r\n\t\t\t<div class=\"premium-pin elementor-invisible\" data-lng=\"9.511173\" data-lat=\"39.121968\" data-icon=\"\" data-icon-size=\"\" data-max-width=\"1000\" data-activated=\"\">\r\n\t\t\t\t\t\t\t\t\t<div class='premium-maps-info-container'>\r\n\r\n\t\t\t\t\t\t<div class='premium-maps-title-wrap'>\r\n\t\t\t\t\t\t\t<p class='premium-maps-info-title'>Villaggio Camping Spiaggia del Riso <\/p>\r\n\t\t\t\t\t\t<\/div>\r\n\r\n\t\t\t\t\t\t<div class='premium-maps-info-desc'>\r\n\t\t\t\t\t\t\t<p><a href=\"#spiaggiadelriso\"><img loading=\"lazy\" decoding=\"async\" class=\"aligncenter size-full wp-image-6325\" src=\"https:\/\/yepcampers.com\/wp-content\/uploads\/2019\/03\/villaggio-camping-spiaggia-del-riso-costa-sud-sardegna.jpg\" alt=\"Villaggio Camping Spiaggia del Riso | Aree di sosta camper in Sardegna\" width=\"250\" height=\"125\" \/><\/a><\/p>\t\t\t\t\t\t<\/div>\r\n\r\n\t\t\t\t\t<\/div>\r\n\t\t\t\t\t\t\t<\/div>\r\n\r\n\t\t\r\n\t\t\t\t\t\r\n\t\t\t<div class=\"premium-pin elementor-invisible\" data-lng=\"9.507965\" data-lat=\"39.159503\" data-icon=\"\" data-icon-size=\"\" data-max-width=\"1000\" data-activated=\"\">\r\n\t\t\t\t\t\t\t\t\t<div class='premium-maps-info-container'>\r\n\r\n\t\t\t\t\t\t<div class='premium-maps-title-wrap'>\r\n\t\t\t\t\t\t\t<p class='premium-maps-info-title'>Area Sosta Camper \"Gli Aranci\"<\/p>\r\n\t\t\t\t\t\t<\/div>\r\n\r\n\t\t\t\t\t\t<div class='premium-maps-info-desc'>\r\n\t\t\t\t\t\t\t<p><a href=\"#gliaranci\"><img loading=\"lazy\" decoding=\"async\" class=\"aligncenter size-full wp-image-6736\" src=\"https:\/\/yepcampers.com\/wp-content\/uploads\/2019\/03\/area-sosta-camper-gli-aranci-costa-sud-sardegna.jpg\" alt=\"Gli Aranci | Aree di sosta camper in Sardegna\" width=\"250\" height=\"188\" \/><\/a><\/p>\t\t\t\t\t\t<\/div>\r\n\r\n\t\t\t\t\t<\/div>\r\n\t\t\t\t\t\t\t<\/div>\r\n\r\n\t\t\r\n\t\t\t\t\t\r\n\t\t\t<div class=\"premium-pin elementor-invisible\" data-lng=\"9.527609\" data-lat=\"39.129806\" data-icon=\"\" data-icon-size=\"\" data-max-width=\"1000\" data-activated=\"\">\r\n\t\t\t\t\t\t\t\t\t<div class='premium-maps-info-container'>\r\n\r\n\t\t\t\t\t\t<div class='premium-maps-title-wrap'>\r\n\t\t\t\t\t\t\t<p class='premium-maps-info-title'>Area Sosta Villasimius Campersimius<\/p>\r\n\t\t\t\t\t\t<\/div>\r\n\r\n\t\t\t\t\t\t<div class='premium-maps-info-desc'>\r\n\t\t\t\t\t\t\t<p><a href=\"#campersimius\"><img loading=\"lazy\" decoding=\"async\" class=\"aligncenter size-full wp-image-6740\" src=\"https:\/\/yepcampers.com\/wp-content\/uploads\/2019\/03\/area-sosta-camper-campersimius-costa-sud-sardegna.jpg\" alt=\"Campersimius | Aree di sosta camper in Sardegna\" width=\"250\" height=\"203\" \/><\/a><\/p>\t\t\t\t\t\t<\/div>\r\n\r\n\t\t\t\t\t<\/div>\r\n\t\t\t\t\t\t\t<\/div>\r\n\r\n\t\t\r\n\t\t\t\t\t\r\n\t\t\t<div class=\"premium-pin elementor-invisible\" data-lng=\"9.569972\" data-lat=\"39.242807\" data-icon=\"\" data-icon-size=\"\" data-max-width=\"1000\" data-activated=\"\">\r\n\t\t\t\t\t\t\t\t\t<div class='premium-maps-info-container'>\r\n\r\n\t\t\t\t\t\t<div class='premium-maps-title-wrap'>\r\n\t\t\t\t\t\t\t<p class='premium-maps-info-title'>Camping Capo Ferrato<\/p>\r\n\t\t\t\t\t\t<\/div>\r\n\r\n\t\t\t\t\t\t<div class='premium-maps-info-desc'>\r\n\t\t\t\t\t\t\t<p><a href=\"#capoferrato\"><img loading=\"lazy\" decoding=\"async\" class=\"aligncenter size-full wp-image-6331\" src=\"https:\/\/yepcampers.com\/wp-content\/uploads\/2019\/03\/camping-capo-ferrato-costa-est-sardegna.jpg\" alt=\"Camping Capo Ferrato | Aree di sosta camper in Sardegna\" width=\"250\" height=\"167\" \/><\/a><\/p>\t\t\t\t\t\t<\/div>\r\n\r\n\t\t\t\t\t<\/div>\r\n\t\t\t\t\t\t\t<\/div>\r\n\r\n\t\t\r\n\t\t\t\t\t\r\n\t\t\t<div class=\"premium-pin elementor-invisible\" data-lng=\"9.644159\" data-lat=\"40.859157\" data-icon=\"\" data-icon-size=\"\" data-max-width=\"1000\" data-activated=\"\">\r\n\t\t\t\t\t\t\t\t\t<div class='premium-maps-info-container'>\r\n\r\n\t\t\t\t\t\t<div class='premium-maps-title-wrap'>\r\n\t\t\t\t\t\t\t<p class='premium-maps-info-title'>Camping Tavolara<\/p>\r\n\t\t\t\t\t\t<\/div>\r\n\r\n\t\t\t\t\t\t<div class='premium-maps-info-desc'>\r\n\t\t\t\t\t\t\t<p><a href=\"#tavolara\"><img loading=\"lazy\" decoding=\"async\" class=\"aligncenter size-full wp-image-6502\" src=\"https:\/\/yepcampers.com\/wp-content\/uploads\/2019\/03\/camping-tavolara-costa-est-sardegna.jpg\" alt=\"Camping Tavolara | Aree di sosta camper in Sardegna\" width=\"250\" height=\"188\" \/><\/a><\/p>\t\t\t\t\t\t<\/div>\r\n\r\n\t\t\t\t\t<\/div>\r\n\t\t\t\t\t\t\t<\/div>\r\n\r\n\t\t\r\n\t\t\t\t\t\r\n\t\t\t<div class=\"premium-pin elementor-invisible\" data-lng=\"9.582453\" data-lat=\"39.276658\" data-icon=\"\" data-icon-size=\"\" data-max-width=\"1000\" data-activated=\"\">\r\n\t\t\t\t\t\t\t\t\t<div class='premium-maps-info-container'>\r\n\r\n\t\t\t\t\t\t<div class='premium-maps-title-wrap'>\r\n\t\t\t\t\t\t\t<p class='premium-maps-info-title'>Camping Village Le Dune<\/p>\r\n\t\t\t\t\t\t<\/div>\r\n\r\n\t\t\t\t\t\t<div class='premium-maps-info-desc'>\r\n\t\t\t\t\t\t\t<p><a href=\"#ledune\"><img loading=\"lazy\" decoding=\"async\" class=\"aligncenter size-full wp-image-6336\" src=\"https:\/\/yepcampers.com\/wp-content\/uploads\/2019\/03\/camping-village-le-dune-costa-est-sardegna.jpg\" alt=\"Camping Village Le Dune | Aree di sosta camper in Sardegna\" width=\"250\" height=\"167\" \/><\/a><\/p>\t\t\t\t\t\t<\/div>\r\n\r\n\t\t\t\t\t<\/div>\r\n\t\t\t\t\t\t\t<\/div>\r\n\r\n\t\t\r\n\t\t\t\t\t\r\n\t\t\t<div class=\"premium-pin elementor-invisible\" data-lng=\"9.600097\" data-lat=\"39.290924\" data-icon=\"\" data-icon-size=\"\" data-max-width=\"1000\" data-activated=\"\">\r\n\t\t\t\t\t\t\t\t\t<div class='premium-maps-info-container'>\r\n\r\n\t\t\t\t\t\t<div class='premium-maps-title-wrap'>\r\n\t\t\t\t\t\t\t<p class='premium-maps-info-title'>Tiliguerta Glamping &amp; Camping Village<\/p>\r\n\t\t\t\t\t\t<\/div>\r\n\r\n\t\t\t\t\t\t<div class='premium-maps-info-desc'>\r\n\t\t\t\t\t\t\t<p><a href=\"#tiliguerta\"><img loading=\"lazy\" decoding=\"async\" class=\"aligncenter size-full wp-image-6343\" src=\"https:\/\/yepcampers.com\/wp-content\/uploads\/2019\/03\/tiliguerta-glamping-camping-village-costa-est-sardegna.jpg\" alt=\"Tiliguerta Camping Village | Aree di sosta camper in Sardegna\" width=\"250\" height=\"156\" \/><\/a><\/p>\t\t\t\t\t\t<\/div>\r\n\r\n\t\t\t\t\t<\/div>\r\n\t\t\t\t\t\t\t<\/div>\r\n\r\n\t\t\r\n\t\t\t\t\t\r\n\t\t\t<div class=\"premium-pin elementor-invisible\" data-lng=\"9.596853\" data-lat=\"39.366467\" data-icon=\"\" data-icon-size=\"\" data-max-width=\"1000\" data-activated=\"\">\r\n\t\t\t\t\t\t\t\t\t<div class='premium-maps-info-container'>\r\n\r\n\t\t\t\t\t\t<div class='premium-maps-title-wrap'>\r\n\t\t\t\t\t\t\t<p class='premium-maps-info-title'>Villaggio camping Torre Salinas<\/p>\r\n\t\t\t\t\t\t<\/div>\r\n\r\n\t\t\t\t\t\t<div class='premium-maps-info-desc'>\r\n\t\t\t\t\t\t\t<p><a href=\"#torresalinas\"><img loading=\"lazy\" decoding=\"async\" class=\"aligncenter size-full wp-image-6348\" src=\"https:\/\/yepcampers.com\/wp-content\/uploads\/2019\/03\/villaggio-camping-torre-salinas-costa-est-sardegna.jpg\" alt=\"Villaggio camping Torre Salinas | Aree di sosta camper in Sardegna\" width=\"250\" height=\"104\" \/><\/a><\/p>\t\t\t\t\t\t<\/div>\r\n\r\n\t\t\t\t\t<\/div>\r\n\t\t\t\t\t\t\t<\/div>\r\n\r\n\t\t\r\n\t\t\t\t\t\r\n\t\t\t<div class=\"premium-pin elementor-invisible\" data-lng=\"9.632462\" data-lat=\"39.437796\" data-icon=\"\" data-icon-size=\"\" data-max-width=\"1000\" data-activated=\"\">\r\n\t\t\t\t\t\t\t\t\t<div class='premium-maps-info-container'>\r\n\r\n\t\t\t\t\t\t<div class='premium-maps-title-wrap'>\r\n\t\t\t\t\t\t\t<p class='premium-maps-info-title'>Bellavista Camper Service<\/p>\r\n\t\t\t\t\t\t<\/div>\r\n\r\n\t\t\t\t\t\t<div class='premium-maps-info-desc'>\r\n\t\t\t\t\t\t\t<p><a href=\"#bellavista\"><img loading=\"lazy\" decoding=\"async\" class=\"aligncenter size-full wp-image-6744\" src=\"https:\/\/yepcampers.com\/wp-content\/uploads\/2019\/03\/bellavista-camper-service-costa-est-sardegna.jpg\" alt=\"Bellavista | Aree di sosta camper in Sardegna\" width=\"250\" height=\"125\" \/><\/a><\/p>\t\t\t\t\t\t<\/div>\r\n\r\n\t\t\t\t\t<\/div>\r\n\t\t\t\t\t\t\t<\/div>\r\n\r\n\t\t\r\n\t\t\t\t\t\r\n\t\t\t<div class=\"premium-pin elementor-invisible\" data-lng=\"9.637798\" data-lat=\"39.442032\" data-icon=\"\" data-icon-size=\"\" data-max-width=\"1000\" data-activated=\"\">\r\n\t\t\t\t\t\t\t\t\t<div class='premium-maps-info-container'>\r\n\r\n\t\t\t\t\t\t<div class='premium-maps-title-wrap'>\r\n\t\t\t\t\t\t\t<p class='premium-maps-info-title'>Villaggio camping Porto Corallo<\/p>\r\n\t\t\t\t\t\t<\/div>\r\n\r\n\t\t\t\t\t\t<div class='premium-maps-info-desc'>\r\n\t\t\t\t\t\t\t<p><a href=\"#portocorallo\"><img loading=\"lazy\" decoding=\"async\" class=\"aligncenter size-full wp-image-6359\" src=\"https:\/\/yepcampers.com\/wp-content\/uploads\/2019\/03\/villaggio-camping-porto-corallo-costa-est-sardegna.jpg\" alt=\"Villaggio camping Porto Corallo | Aree di sosta camper in Sardegna\" width=\"250\" height=\"167\" \/><\/a><\/p>\t\t\t\t\t\t<\/div>\r\n\r\n\t\t\t\t\t<\/div>\r\n\t\t\t\t\t\t\t<\/div>\r\n\r\n\t\t\r\n\t\t\t\t\t\r\n\t\t\t<div class=\"premium-pin elementor-invisible\" data-lng=\"9.666354\" data-lat=\"39.703060\" data-icon=\"\" data-icon-size=\"\" data-max-width=\"1000\" data-activated=\"\">\r\n\t\t\t\t\t\t\t\t\t<div class='premium-maps-info-container'>\r\n\r\n\t\t\t\t\t\t<div class='premium-maps-title-wrap'>\r\n\t\t\t\t\t\t\t<p class='premium-maps-info-title'>Villaggio Tesonis<\/p>\r\n\t\t\t\t\t\t<\/div>\r\n\r\n\t\t\t\t\t\t<div class='premium-maps-info-desc'>\r\n\t\t\t\t\t\t\t<p><a href=\"#tesonis\"><img loading=\"lazy\" decoding=\"async\" class=\"aligncenter size-full wp-image-6369\" src=\"https:\/\/yepcampers.com\/wp-content\/uploads\/2019\/03\/villaggio-tesonis-costa-est-sardegna.jpeg\" alt=\"Villaggio Tesonis | Aree di sosta camper in Sardegna\" width=\"250\" height=\"177\" \/><\/a><\/p>\t\t\t\t\t\t<\/div>\r\n\r\n\t\t\t\t\t<\/div>\r\n\t\t\t\t\t\t\t<\/div>\r\n\r\n\t\t\r\n\t\t\t\t\t\r\n\t\t\t<div class=\"premium-pin elementor-invisible\" data-lng=\"9.673255\" data-lat=\"39.729159\" data-icon=\"\" data-icon-size=\"\" data-max-width=\"1000\" data-activated=\"\">\r\n\t\t\t\t\t\t\t\t\t<div class='premium-maps-info-container'>\r\n\r\n\t\t\t\t\t\t<div class='premium-maps-title-wrap'>\r\n\t\t\t\t\t\t\t<p class='premium-maps-info-title'>Campeggio Coccorrocci<\/p>\r\n\t\t\t\t\t\t<\/div>\r\n\r\n\t\t\t\t\t\t<div class='premium-maps-info-desc'>\r\n\t\t\t\t\t\t\t<p><a href=\"#coccorocci\"><img loading=\"lazy\" decoding=\"async\" class=\"aligncenter size-full wp-image-6365\" src=\"https:\/\/yepcampers.com\/wp-content\/uploads\/2019\/03\/campeggio-coccorrocci-costa-est-sardegna.jpg\" alt=\"Campeggio Coccorrocci | Aree di sosta camper in Sardegna\" width=\"250\" height=\"250\" srcset=\"https:\/\/yepcampers.com\/wp-content\/uploads\/2019\/03\/campeggio-coccorrocci-costa-est-sardegna.jpg 250w, https:\/\/yepcampers.com\/wp-content\/uploads\/2019\/03\/campeggio-coccorrocci-costa-est-sardegna-150x150.jpg 150w\" sizes=\"(max-width: 250px) 100vw, 250px\" \/><\/a><\/p>\t\t\t\t\t\t<\/div>\r\n\r\n\t\t\t\t\t<\/div>\r\n\t\t\t\t\t\t\t<\/div>\r\n\r\n\t\t\r\n\t\t\t\t\t\r\n\t\t\t<div class=\"premium-pin elementor-invisible\" data-lng=\"9.672346\" data-lat=\"39.819015\" data-icon=\"\" data-icon-size=\"\" data-max-width=\"1000\" data-activated=\"\">\r\n\t\t\t\t\t\t\t\t\t<div class='premium-maps-info-container'>\r\n\r\n\t\t\t\t\t\t<div class='premium-maps-title-wrap'>\r\n\t\t\t\t\t\t\t<p class='premium-maps-info-title'>Camping Villaggio  L'ultima spiaggia<\/p>\r\n\t\t\t\t\t\t<\/div>\r\n\r\n\t\t\t\t\t\t<div class='premium-maps-info-desc'>\r\n\t\t\t\t\t\t\t<p><a href=\"#ultimaspiaggia\"><img loading=\"lazy\" decoding=\"async\" class=\"aligncenter size-full wp-image-6379\" src=\"https:\/\/yepcampers.com\/wp-content\/uploads\/2019\/03\/camping-villaggio-ultima-spiaggia-costa-est-sardegna.jpg\" alt=\"Camping Villaggio L'ultima spiaggia | Aree di sosta camper in Sardegna\" width=\"250\" height=\"125\" \/><\/a><\/p>\t\t\t\t\t\t<\/div>\r\n\r\n\t\t\t\t\t<\/div>\r\n\t\t\t\t\t\t\t<\/div>\r\n\r\n\t\t\r\n\t\t\t\t\t\r\n\t\t\t<div class=\"premium-pin elementor-invisible\" data-lng=\"9.670565\" data-lat=\"39.820378\" data-icon=\"\" data-icon-size=\"\" data-max-width=\"1000\" data-activated=\"\">\r\n\t\t\t\t\t\t\t\t\t<div class='premium-maps-info-container'>\r\n\r\n\t\t\t\t\t\t<div class='premium-maps-title-wrap'>\r\n\t\t\t\t\t\t\t<p class='premium-maps-info-title'>Camping La Pineta<\/p>\r\n\t\t\t\t\t\t<\/div>\r\n\r\n\t\t\t\t\t\t<div class='premium-maps-info-desc'>\r\n\t\t\t\t\t\t\t<p><a href=\"#lapinetaest\"><img loading=\"lazy\" decoding=\"async\" class=\"aligncenter size-full wp-image-6384\" src=\"https:\/\/yepcampers.com\/wp-content\/uploads\/2019\/03\/camping-la-pineta-costa-est-sardegna.jpg\" alt=\"Camping La Pineta | Aree di sosta camper in Sardegna\" width=\"250\" height=\"167\" \/><\/a><\/p>\t\t\t\t\t\t<\/div>\r\n\r\n\t\t\t\t\t<\/div>\r\n\t\t\t\t\t\t\t<\/div>\r\n\r\n\t\t\r\n\t\t\t\t\t\r\n\t\t\t<div class=\"premium-pin elementor-invisible\" data-lng=\"9.683255\" data-lat=\"39.841513\" data-icon=\"\" data-icon-size=\"\" data-max-width=\"1000\" data-activated=\"\">\r\n\t\t\t\t\t\t\t\t\t<div class='premium-maps-info-container'>\r\n\r\n\t\t\t\t\t\t<div class='premium-maps-title-wrap'>\r\n\t\t\t\t\t\t\t<p class='premium-maps-info-title'>Camping Marina<\/p>\r\n\t\t\t\t\t\t<\/div>\r\n\r\n\t\t\t\t\t\t<div class='premium-maps-info-desc'>\r\n\t\t\t\t\t\t\t<p><a href=\"#marinaest\"><img loading=\"lazy\" decoding=\"async\" class=\"aligncenter size-full wp-image-6374\" src=\"https:\/\/yepcampers.com\/wp-content\/uploads\/2019\/03\/camping-marina-costa-est-sardegna.jpg\" alt=\"Camping Marina | Aree di sosta camper in Sardegna\" width=\"250\" height=\"141\" \/><\/a><\/p>\t\t\t\t\t\t<\/div>\r\n\r\n\t\t\t\t\t<\/div>\r\n\t\t\t\t\t\t\t<\/div>\r\n\r\n\t\t\r\n\t\t\t\t\t\r\n\t\t\t<div class=\"premium-pin elementor-invisible\" data-lng=\"9.681471\" data-lat=\"39.868975\" data-icon=\"\" data-icon-size=\"\" data-max-width=\"1000\" data-activated=\"\">\r\n\t\t\t\t\t\t\t\t\t<div class='premium-maps-info-container'>\r\n\r\n\t\t\t\t\t\t<div class='premium-maps-title-wrap'>\r\n\t\t\t\t\t\t\t<p class='premium-maps-info-title'>Area Attrezzata Camper Baia Cea Tortol\u00ec<\/p>\r\n\t\t\t\t\t\t<\/div>\r\n\r\n\t\t\t\t\t\t<div class='premium-maps-info-desc'>\r\n\t\t\t\t\t\t\t<p><a href=\"#baiacea\"><img loading=\"lazy\" decoding=\"async\" class=\"aligncenter size-full wp-image-6748\" src=\"https:\/\/yepcampers.com\/wp-content\/uploads\/2019\/03\/baia-cea-tortol\u00ec-costa-est-sardegna.jpg\" alt=\"Baia Cea | Aree di sosta camper in Sardegna\" width=\"250\" height=\"147\" \/><\/a><\/p>\t\t\t\t\t\t<\/div>\r\n\r\n\t\t\t\t\t<\/div>\r\n\t\t\t\t\t\t\t<\/div>\r\n\r\n\t\t\r\n\t\t\t\t\t\r\n\t\t\t<div class=\"premium-pin elementor-invisible\" data-lng=\"9.681943\" data-lat=\"39.903897\" data-icon=\"\" data-icon-size=\"\" data-max-width=\"1000\" data-activated=\"\">\r\n\t\t\t\t\t\t\t\t\t<div class='premium-maps-info-container'>\r\n\r\n\t\t\t\t\t\t<div class='premium-maps-title-wrap'>\r\n\t\t\t\t\t\t\t<p class='premium-maps-info-title'>Area Sosta Camper Tanca Di Orri'<\/p>\r\n\t\t\t\t\t\t<\/div>\r\n\r\n\t\t\t\t\t\t<div class='premium-maps-info-desc'>\r\n\t\t\t\t\t\t\t<p><a href=\"#tancadiorri\"><img loading=\"lazy\" decoding=\"async\" class=\"aligncenter size-full wp-image-6752\" src=\"https:\/\/yepcampers.com\/wp-content\/uploads\/2019\/03\/tanca-di-orri-costa-est-sardegna.jpg\" alt=\"Tanca di Orr\u00ec | Aree di sosta camper in Sardegna\" width=\"250\" height=\"252\" srcset=\"https:\/\/yepcampers.com\/wp-content\/uploads\/2019\/03\/tanca-di-orri-costa-est-sardegna.jpg 250w, https:\/\/yepcampers.com\/wp-content\/uploads\/2019\/03\/tanca-di-orri-costa-est-sardegna-150x150.jpg 150w\" sizes=\"(max-width: 250px) 100vw, 250px\" \/><\/a><\/p>\t\t\t\t\t\t<\/div>\r\n\r\n\t\t\t\t\t<\/div>\r\n\t\t\t\t\t\t\t<\/div>\r\n\r\n\t\t\r\n\t\t\t\t\t\r\n\t\t\t<div class=\"premium-pin elementor-invisible\" data-lng=\"9.680873\" data-lat=\"39.906737\" data-icon=\"\" data-icon-size=\"\" data-max-width=\"1000\" data-activated=\"\">\r\n\t\t\t\t\t\t\t\t\t<div class='premium-maps-info-container'>\r\n\r\n\t\t\t\t\t\t<div class='premium-maps-title-wrap'>\r\n\t\t\t\t\t\t\t<p class='premium-maps-info-title'>Camping village Orri<\/p>\r\n\t\t\t\t\t\t<\/div>\r\n\r\n\t\t\t\t\t\t<div class='premium-maps-info-desc'>\r\n\t\t\t\t\t\t\t<p><a href=\"#orri\"><img loading=\"lazy\" decoding=\"async\" class=\"aligncenter size-full wp-image-6395\" src=\"https:\/\/yepcampers.com\/wp-content\/uploads\/2019\/03\/camping-village-orri-costa-est-sardegna.jpg\" alt=\"Camping village Orri | Aree di sosta camper in Sardegna\" width=\"250\" height=\"167\" \/><\/a><\/p>\t\t\t\t\t\t<\/div>\r\n\r\n\t\t\t\t\t<\/div>\r\n\t\t\t\t\t\t\t<\/div>\r\n\r\n\t\t\r\n\t\t\t\t\t\r\n\t\t\t<div class=\"premium-pin elementor-invisible\" data-lng=\"9.679235\" data-lat=\"39.907862\" data-icon=\"\" data-icon-size=\"\" data-max-width=\"1000\" data-activated=\"\">\r\n\t\t\t\t\t\t\t\t\t<div class='premium-maps-info-container'>\r\n\r\n\t\t\t\t\t\t<div class='premium-maps-title-wrap'>\r\n\t\t\t\t\t\t\t<p class='premium-maps-info-title'>Camping Village Cigno Bianco<\/p>\r\n\t\t\t\t\t\t<\/div>\r\n\r\n\t\t\t\t\t\t<div class='premium-maps-info-desc'>\r\n\t\t\t\t\t\t\t<p><a href=\"#cignobianco\"><img loading=\"lazy\" decoding=\"async\" class=\"aligncenter size-full wp-image-6389\" src=\"https:\/\/yepcampers.com\/wp-content\/uploads\/2019\/03\/camping-village-cigno-bianco-costa-est-sardegna.jpg\" alt=\"Cigno Bianco | Aree di sosta camper in Sardegna\" width=\"250\" height=\"181\" \/><\/a><\/p>\t\t\t\t\t\t<\/div>\r\n\r\n\t\t\t\t\t<\/div>\r\n\t\t\t\t\t\t\t<\/div>\r\n\r\n\t\t\r\n\t\t\t\t\t\r\n\t\t\t<div class=\"premium-pin elementor-invisible\" data-lng=\"9.691112\" data-lat=\"39.921199\" data-icon=\"\" data-icon-size=\"\" data-max-width=\"1000\" data-activated=\"\">\r\n\t\t\t\t\t\t\t\t\t<div class='premium-maps-info-container'>\r\n\r\n\t\t\t\t\t\t<div class='premium-maps-title-wrap'>\r\n\t\t\t\t\t\t\t<p class='premium-maps-info-title'>Camping village Sos Flores<\/p>\r\n\t\t\t\t\t\t<\/div>\r\n\r\n\t\t\t\t\t\t<div class='premium-maps-info-desc'>\r\n\t\t\t\t\t\t\t<p><a href=\"#sosflores\"><img loading=\"lazy\" decoding=\"async\" class=\"aligncenter size-full wp-image-6405\" src=\"https:\/\/yepcampers.com\/wp-content\/uploads\/2019\/03\/camping-village-sos-flores-costa-est-sardegna.jpg\" alt=\"Camping village Sos Flores | Aree di sosta camper in Sardegna\" width=\"250\" height=\"188\" \/><\/a><\/p>\t\t\t\t\t\t<\/div>\r\n\r\n\t\t\t\t\t<\/div>\r\n\t\t\t\t\t\t\t<\/div>\r\n\r\n\t\t\r\n\t\t\t\t\t\r\n\t\t\t<div class=\"premium-pin elementor-invisible\" data-lng=\"9.707118\" data-lat=\"39.924840\" data-icon=\"\" data-icon-size=\"\" data-max-width=\"1000\" data-activated=\"\">\r\n\t\t\t\t\t\t\t\t\t<div class='premium-maps-info-container'>\r\n\r\n\t\t\t\t\t\t<div class='premium-maps-title-wrap'>\r\n\t\t\t\t\t\t\t<p class='premium-maps-info-title'>Camping villaggio Telis<\/p>\r\n\t\t\t\t\t\t<\/div>\r\n\r\n\t\t\t\t\t\t<div class='premium-maps-info-desc'>\r\n\t\t\t\t\t\t\t<p><a href=\"#telis\"><img loading=\"lazy\" decoding=\"async\" class=\"aligncenter size-full wp-image-6400\" src=\"https:\/\/yepcampers.com\/wp-content\/uploads\/2019\/03\/camping-villaggio-telis-costa-est-sardegna.jpg\" alt=\"Camping villaggio Telis | Aree di sosta camper in Sardegna\" width=\"250\" height=\"166\" \/><\/a><\/p>\t\t\t\t\t\t<\/div>\r\n\r\n\t\t\t\t\t<\/div>\r\n\t\t\t\t\t\t\t<\/div>\r\n\r\n\t\t\r\n\t\t\t\t\t\r\n\t\t\t<div class=\"premium-pin elementor-invisible\" data-lng=\"9.683762\" data-lat=\"39.966339\" data-icon=\"\" data-icon-size=\"\" data-max-width=\"1000\" data-activated=\"\">\r\n\t\t\t\t\t\t\t\t\t<div class='premium-maps-info-container'>\r\n\r\n\t\t\t\t\t\t<div class='premium-maps-title-wrap'>\r\n\t\t\t\t\t\t\t<p class='premium-maps-info-title'>Camping Iscrixedda<\/p>\r\n\t\t\t\t\t\t<\/div>\r\n\r\n\t\t\t\t\t\t<div class='premium-maps-info-desc'>\r\n\t\t\t\t\t\t\t<p><a href=\"#iscrixedda\"><img loading=\"lazy\" decoding=\"async\" class=\"aligncenter size-full wp-image-6410\" src=\"https:\/\/yepcampers.com\/wp-content\/uploads\/2019\/03\/camping-iscrixedda-costa-est-sardegna.jpg\" alt=\"Camping Iscrixedda | Aree di sosta camper in Sardegna\" width=\"250\" height=\"141\" \/><\/a><\/p>\t\t\t\t\t\t<\/div>\r\n\r\n\t\t\t\t\t<\/div>\r\n\t\t\t\t\t\t\t<\/div>\r\n\r\n\t\t\r\n\t\t\t\t\t\r\n\t\t\t<div class=\"premium-pin elementor-invisible\" data-lng=\"9.684244\" data-lat=\"39.967558\" data-icon=\"\" data-icon-size=\"\" data-max-width=\"1000\" data-activated=\"\">\r\n\t\t\t\t\t\t\t\t\t<div class='premium-maps-info-container'>\r\n\r\n\t\t\t\t\t\t<div class='premium-maps-title-wrap'>\r\n\t\t\t\t\t\t\t<p class='premium-maps-info-title'>Camping village Cavallo Bianco<\/p>\r\n\t\t\t\t\t\t<\/div>\r\n\r\n\t\t\t\t\t\t<div class='premium-maps-info-desc'>\r\n\t\t\t\t\t\t\t<p><a href=\"#cavallobianco\"><img loading=\"lazy\" decoding=\"async\" class=\"aligncenter size-full wp-image-6425\" src=\"https:\/\/yepcampers.com\/wp-content\/uploads\/2019\/03\/camping-village-cavallo-bianco-costa-est-sardegna.jpg\" alt=\"Camping Village Cavallo Bianco | Aree di sosta camper in Sardegna\" width=\"250\" height=\"158\" \/><\/a><\/p>\t\t\t\t\t\t<\/div>\r\n\r\n\t\t\t\t\t<\/div>\r\n\t\t\t\t\t\t\t<\/div>\r\n\r\n\t\t\r\n\t\t\t\t\t\r\n\t\t\t<div class=\"premium-pin elementor-invisible\" data-lng=\"9.684796\" data-lat=\"39.970906\" data-icon=\"\" data-icon-size=\"\" data-max-width=\"1000\" data-activated=\"\">\r\n\t\t\t\t\t\t\t\t\t<div class='premium-maps-info-container'>\r\n\r\n\t\t\t\t\t\t<div class='premium-maps-title-wrap'>\r\n\t\t\t\t\t\t\t<p class='premium-maps-info-title'>Camping Le Cernie<\/p>\r\n\t\t\t\t\t\t<\/div>\r\n\r\n\t\t\t\t\t\t<div class='premium-maps-info-desc'>\r\n\t\t\t\t\t\t\t<p><a href=\"#lecernie\"><img loading=\"lazy\" decoding=\"async\" class=\"aligncenter size-full wp-image-6420\" src=\"https:\/\/yepcampers.com\/wp-content\/uploads\/2019\/03\/camping-le-cernie-costa-est-sardegna.jpg\" alt=\"Camping Le Cernie | Aree di sosta camper in Sardegna\" width=\"250\" height=\"167\" \/><\/a><\/p>\t\t\t\t\t\t<\/div>\r\n\r\n\t\t\t\t\t<\/div>\r\n\t\t\t\t\t\t\t<\/div>\r\n\r\n\t\t\r\n\t\t\t\t\t\r\n\t\t\t<div class=\"premium-pin elementor-invisible\" data-lng=\"9.686239\" data-lat=\"39.978394\" data-icon=\"\" data-icon-size=\"\" data-max-width=\"1000\" data-activated=\"\">\r\n\t\t\t\t\t\t\t\t\t<div class='premium-maps-info-container'>\r\n\r\n\t\t\t\t\t\t<div class='premium-maps-title-wrap'>\r\n\t\t\t\t\t\t\t<p class='premium-maps-info-title'>Camping Solemar<\/p>\r\n\t\t\t\t\t\t<\/div>\r\n\r\n\t\t\t\t\t\t<div class='premium-maps-info-desc'>\r\n\t\t\t\t\t\t\t<p><a href=\"#solemar\"><img loading=\"lazy\" decoding=\"async\" class=\"aligncenter size-full wp-image-6416\" src=\"https:\/\/yepcampers.com\/wp-content\/uploads\/2019\/03\/camping-solemar-costa-est-sardegna.jpg\" alt=\"Camping Solemar | Aree di sosta camper in Sardegna\" width=\"250\" height=\"140\" \/><\/a><\/p>\t\t\t\t\t\t<\/div>\r\n\r\n\t\t\t\t\t<\/div>\r\n\t\t\t\t\t\t\t<\/div>\r\n\r\n\t\t\r\n\t\t\t\t\t\r\n\t\t\t<div class=\"premium-pin elementor-invisible\" data-lng=\"9.633472\" data-lat=\"40.284469\" data-icon=\"\" data-icon-size=\"\" data-max-width=\"1000\" data-activated=\"\">\r\n\t\t\t\t\t\t\t\t\t<div class='premium-maps-info-container'>\r\n\r\n\t\t\t\t\t\t<div class='premium-maps-title-wrap'>\r\n\t\t\t\t\t\t\t<p class='premium-maps-info-title'>Sardinia Camping Cala Gonone<\/p>\r\n\t\t\t\t\t\t<\/div>\r\n\r\n\t\t\t\t\t\t<div class='premium-maps-info-desc'>\r\n\t\t\t\t\t\t\t<p><a href=\"#calagonone\"><img loading=\"lazy\" decoding=\"async\" class=\"aligncenter size-full wp-image-6430\" src=\"https:\/\/yepcampers.com\/wp-content\/uploads\/2019\/03\/sardinia-camping-cala-gonone-costa-est-sardegna.jpg\" alt=\"Sardinia Camping Cala Gonone | Aree di sosta camper in Sardegna\" width=\"250\" height=\"188\" \/><\/a><\/p>\t\t\t\t\t\t<\/div>\r\n\r\n\t\t\t\t\t<\/div>\r\n\t\t\t\t\t\t\t<\/div>\r\n\r\n\t\t\r\n\t\t\t\t\t\r\n\t\t\t<div class=\"premium-pin elementor-invisible\" data-lng=\"9.769170\" data-lat=\"40.427847\" data-icon=\"\" data-icon-size=\"\" data-max-width=\"1000\" data-activated=\"\">\r\n\t\t\t\t\t\t\t\t\t<div class='premium-maps-info-container'>\r\n\r\n\t\t\t\t\t\t<div class='premium-maps-title-wrap'>\r\n\t\t\t\t\t\t\t<p class='premium-maps-info-title'>Campeggio Il Golfo<\/p>\r\n\t\t\t\t\t\t<\/div>\r\n\r\n\t\t\t\t\t\t<div class='premium-maps-info-desc'>\r\n\t\t\t\t\t\t\t<p><a href=\"#ilgolfo\"><img loading=\"lazy\" decoding=\"async\" class=\"aligncenter size-full wp-image-6445\" src=\"https:\/\/yepcampers.com\/wp-content\/uploads\/2019\/03\/campeggio-il-golfo-costa-est-sardegna.jpg\" alt=\"Campeggio Il Golfo | Aree di sosta camper in Sardegna\" width=\"250\" height=\"188\" \/><\/a><\/p>\t\t\t\t\t\t<\/div>\r\n\r\n\t\t\t\t\t<\/div>\r\n\t\t\t\t\t\t\t<\/div>\r\n\r\n\t\t\r\n\t\t\t\t\t\r\n\t\t\t<div class=\"premium-pin elementor-invisible\" data-lng=\"9.774612\" data-lat=\"40.429987\" data-icon=\"\" data-icon-size=\"\" data-max-width=\"1000\" data-activated=\"\">\r\n\t\t\t\t\t\t\t\t\t<div class='premium-maps-info-container'>\r\n\r\n\t\t\t\t\t\t<div class='premium-maps-title-wrap'>\r\n\t\t\t\t\t\t\t<p class='premium-maps-info-title'>Camping &amp; Bungalow Porto Sosalinos<\/p>\r\n\t\t\t\t\t\t<\/div>\r\n\r\n\t\t\t\t\t\t<div class='premium-maps-info-desc'>\r\n\t\t\t\t\t\t\t<p><a href=\"#portososalinos\"><img loading=\"lazy\" decoding=\"async\" class=\"aligncenter size-full wp-image-6435\" src=\"https:\/\/yepcampers.com\/wp-content\/uploads\/2019\/03\/camping-bungalow-porto-sosalinos-costa-est-sardegna.jpg\" alt=\"Camping &amp; Bungalow Porto Sosalinos | Aree di sosta camper in Sardegna\" width=\"250\" height=\"166\" \/><\/a><\/p>\t\t\t\t\t\t<\/div>\r\n\r\n\t\t\t\t\t<\/div>\r\n\t\t\t\t\t\t\t<\/div>\r\n\r\n\t\t\r\n\t\t\t\t\t\r\n\t\t\t<div class=\"premium-pin elementor-invisible\" data-lng=\"9.781279\" data-lat=\"40.439824\" data-icon=\"\" data-icon-size=\"\" data-max-width=\"1000\" data-activated=\"\">\r\n\t\t\t\t\t\t\t\t\t<div class='premium-maps-info-container'>\r\n\r\n\t\t\t\t\t\t<div class='premium-maps-title-wrap'>\r\n\t\t\t\t\t\t\t<p class='premium-maps-info-title'>Camping Sa Prama<\/p>\r\n\t\t\t\t\t\t<\/div>\r\n\r\n\t\t\t\t\t\t<div class='premium-maps-info-desc'>\r\n\t\t\t\t\t\t\t<p><a href=\"#saprama\"><img loading=\"lazy\" decoding=\"async\" class=\"aligncenter size-full wp-image-6440\" src=\"https:\/\/yepcampers.com\/wp-content\/uploads\/2019\/03\/camping-sa-prama-costa-est-sardegna.jpg\" alt=\"Camping Sa Prama | Aree di sosta camper in Sardegna\" width=\"250\" height=\"188\" \/><\/a><\/p>\t\t\t\t\t\t<\/div>\r\n\r\n\t\t\t\t\t<\/div>\r\n\t\t\t\t\t\t\t<\/div>\r\n\r\n\t\t\r\n\t\t\t\t\t\r\n\t\t\t<div class=\"premium-pin elementor-invisible\" data-lng=\"9.792238\" data-lat=\"40.446528\" data-icon=\"\" data-icon-size=\"\" data-max-width=\"1000\" data-activated=\"\">\r\n\t\t\t\t\t\t\t\t\t<div class='premium-maps-info-container'>\r\n\r\n\t\t\t\t\t\t<div class='premium-maps-title-wrap'>\r\n\t\t\t\t\t\t\t<p class='premium-maps-info-title'>Camping Cala Ginepro<\/p>\r\n\t\t\t\t\t\t<\/div>\r\n\r\n\t\t\t\t\t\t<div class='premium-maps-info-desc'>\r\n\t\t\t\t\t\t\t<p><a href=\"#calaginepro\"><img loading=\"lazy\" decoding=\"async\" class=\"aligncenter size-full wp-image-6450\" src=\"https:\/\/yepcampers.com\/wp-content\/uploads\/2019\/03\/camping-cala-ginepro-costa-est-sardegna.jpg\" alt=\"Camping Cala Ginepro | Aree di sosta camper in Sardegna\" width=\"250\" height=\"164\" \/><\/a><\/p>\t\t\t\t\t\t<\/div>\r\n\r\n\t\t\t\t\t<\/div>\r\n\t\t\t\t\t\t\t<\/div>\r\n\r\n\t\t\r\n\t\t\t\t\t\r\n\t\t\t<div class=\"premium-pin elementor-invisible\" data-lng=\"9.785116\" data-lat=\"40.569770\" data-icon=\"\" data-icon-size=\"\" data-max-width=\"1000\" data-activated=\"\">\r\n\t\t\t\t\t\t\t\t\t<div class='premium-maps-info-container'>\r\n\r\n\t\t\t\t\t\t<div class='premium-maps-title-wrap'>\r\n\t\t\t\t\t\t\t<p class='premium-maps-info-title'>Village camping Calapineta<\/p>\r\n\t\t\t\t\t\t<\/div>\r\n\r\n\t\t\t\t\t\t<div class='premium-maps-info-desc'>\r\n\t\t\t\t\t\t\t<p><a href=\"#calapineta\"><img loading=\"lazy\" decoding=\"async\" class=\"aligncenter size-full wp-image-6460\" src=\"https:\/\/yepcampers.com\/wp-content\/uploads\/2019\/03\/village-camping-calapineta-costa-est-sardegna.jpg\" alt=\"Village camping Calapineta | Aree di sosta camper in Sardegna\" width=\"250\" height=\"188\" \/><\/a><\/p>\t\t\t\t\t\t<\/div>\r\n\r\n\t\t\t\t\t<\/div>\r\n\t\t\t\t\t\t\t<\/div>\r\n\r\n\t\t\r\n\t\t\t\t\t\r\n\t\t\t<div class=\"premium-pin elementor-invisible\" data-lng=\"9.773052\" data-lat=\"40.578988\" data-icon=\"\" data-icon-size=\"\" data-max-width=\"1000\" data-activated=\"\">\r\n\t\t\t\t\t\t\t\t\t<div class='premium-maps-info-container'>\r\n\r\n\t\t\t\t\t\t<div class='premium-maps-title-wrap'>\r\n\t\t\t\t\t\t\t<p class='premium-maps-info-title'>Selema Camping<\/p>\r\n\t\t\t\t\t\t<\/div>\r\n\r\n\t\t\t\t\t\t<div class='premium-maps-info-desc'>\r\n\t\t\t\t\t\t\t<p><a href=\"#selema\"><img loading=\"lazy\" decoding=\"async\" class=\"aligncenter size-full wp-image-6455\" src=\"https:\/\/yepcampers.com\/wp-content\/uploads\/2019\/03\/selema-camping-costa-est-sardegna.jpg\" alt=\"Selema Camping | Aree di sosta camper in Sardegna\" width=\"250\" height=\"143\" \/><\/a><\/p>\t\t\t\t\t\t<\/div>\r\n\r\n\t\t\t\t\t<\/div>\r\n\t\t\t\t\t\t\t<\/div>\r\n\r\n\t\t\r\n\t\t\t\t\t\r\n\t\t\t<div class=\"premium-pin elementor-invisible\" data-lng=\"9.775053\" data-lat=\"40.579851\" data-icon=\"\" data-icon-size=\"\" data-max-width=\"1000\" data-activated=\"\">\r\n\t\t\t\t\t\t\t\t\t<div class='premium-maps-info-container'>\r\n\r\n\t\t\t\t\t\t<div class='premium-maps-title-wrap'>\r\n\t\t\t\t\t\t\t<p class='premium-maps-info-title'>Villaggio Camping La Mandragola<\/p>\r\n\t\t\t\t\t\t<\/div>\r\n\r\n\t\t\t\t\t\t<div class='premium-maps-info-desc'>\r\n\t\t\t\t\t\t\t<p><a href=\"#lamandragola\"><img loading=\"lazy\" decoding=\"async\" class=\"aligncenter size-full wp-image-6466\" src=\"https:\/\/yepcampers.com\/wp-content\/uploads\/2019\/03\/villaggio-camping-la-mandragola-costa-est-sardegna.jpg\" alt=\"Villaggio Camping La Mandragola | Aree di sosta camper in Sardegna\" width=\"250\" height=\"167\" \/><\/a><\/p>\t\t\t\t\t\t<\/div>\r\n\r\n\t\t\t\t\t<\/div>\r\n\t\t\t\t\t\t\t<\/div>\r\n\r\n\t\t\r\n\t\t\t\t\t\r\n\t\t\t<div class=\"premium-pin elementor-invisible\" data-lng=\"9.739117\" data-lat=\"40.631771\" data-icon=\"\" data-icon-size=\"\" data-max-width=\"1000\" data-activated=\"\">\r\n\t\t\t\t\t\t\t\t\t<div class='premium-maps-info-container'>\r\n\r\n\t\t\t\t\t\t<div class='premium-maps-title-wrap'>\r\n\t\t\t\t\t\t\t<p class='premium-maps-info-title'>Camping Ermosa<\/p>\r\n\t\t\t\t\t\t<\/div>\r\n\r\n\t\t\t\t\t\t<div class='premium-maps-info-desc'>\r\n\t\t\t\t\t\t\t<p><a href=\"#ermosa\"><img loading=\"lazy\" decoding=\"async\" class=\"aligncenter size-full wp-image-6471\" src=\"https:\/\/yepcampers.com\/wp-content\/uploads\/2019\/03\/camping-ermosa-costa-est-sardegna.jpg\" alt=\"Camping Ermosa | Aree di sosta camper in Sardegna\" width=\"250\" height=\"188\" \/><\/a><\/p>\t\t\t\t\t\t<\/div>\r\n\r\n\t\t\t\t\t<\/div>\r\n\t\t\t\t\t\t\t<\/div>\r\n\r\n\t\t\r\n\t\t\t\t\t\r\n\t\t\t<div class=\"premium-pin elementor-invisible\" data-lng=\"9.748403\" data-lat=\"40.675528\" data-icon=\"\" data-icon-size=\"\" data-max-width=\"1000\" data-activated=\"\">\r\n\t\t\t\t\t\t\t\t\t<div class='premium-maps-info-container'>\r\n\r\n\t\t\t\t\t\t<div class='premium-maps-title-wrap'>\r\n\t\t\t\t\t\t\t<p class='premium-maps-info-title'>Camping Village Sa Marina <\/p>\r\n\t\t\t\t\t\t<\/div>\r\n\r\n\t\t\t\t\t\t<div class='premium-maps-info-desc'>\r\n\t\t\t\t\t\t\t<p><a href=\"#samarina\"><img loading=\"lazy\" decoding=\"async\" class=\"aligncenter size-full wp-image-6476\" src=\"https:\/\/yepcampers.com\/wp-content\/uploads\/2019\/03\/camping-village-sa-marina-costa-est-sardegna.jpg\" alt=\"Sa Marina | Aree di sosta camper in Sardegna\" width=\"250\" height=\"111\" \/><\/a><\/p>\t\t\t\t\t\t<\/div>\r\n\r\n\t\t\t\t\t<\/div>\r\n\t\t\t\t\t\t\t<\/div>\r\n\r\n\t\t\r\n\t\t\t\t\t\r\n\t\t\t<div class=\"premium-pin elementor-invisible\" data-lng=\"9.714918\" data-lat=\"40.700335\" data-icon=\"\" data-icon-size=\"\" data-max-width=\"1000\" data-activated=\"\">\r\n\t\t\t\t\t\t\t\t\t<div class='premium-maps-info-container'>\r\n\r\n\t\t\t\t\t\t<div class='premium-maps-title-wrap'>\r\n\t\t\t\t\t\t\t<p class='premium-maps-info-title'>Camping Village Pedra &amp; Cupa<\/p>\r\n\t\t\t\t\t\t<\/div>\r\n\r\n\t\t\t\t\t\t<div class='premium-maps-info-desc'>\r\n\t\t\t\t\t\t\t<p><a href=\"#pedraecupa\"><img loading=\"lazy\" decoding=\"async\" class=\"aligncenter wp-image-6482 size-full\" src=\"https:\/\/yepcampers.com\/wp-content\/uploads\/2019\/03\/camping-village-pedra-cupa-costa-est-sardegna.jpg\" alt=\"Camping Village Pedra &amp; Cupa | Aree di sosta camper in Sardegna\" width=\"250\" height=\"167\" \/><\/a><\/p>\t\t\t\t\t\t<\/div>\r\n\r\n\t\t\t\t\t<\/div>\r\n\t\t\t\t\t\t\t<\/div>\r\n\r\n\t\t\r\n\t\t\t\t\t\r\n\t\t\t<div class=\"premium-pin elementor-invisible\" data-lng=\"9.679087\" data-lat=\"40.771869\" data-icon=\"\" data-icon-size=\"\" data-max-width=\"1000\" data-activated=\"\">\r\n\t\t\t\t\t\t\t\t\t<div class='premium-maps-info-container'>\r\n\r\n\t\t\t\t\t\t<div class='premium-maps-title-wrap'>\r\n\t\t\t\t\t\t\t<p class='premium-maps-info-title'>Camping Cala D'Ambra<\/p>\r\n\t\t\t\t\t\t<\/div>\r\n\r\n\t\t\t\t\t\t<div class='premium-maps-info-desc'>\r\n\t\t\t\t\t\t\t<p><a href=\"#caladambra\"><img loading=\"lazy\" decoding=\"async\" class=\"aligncenter size-full wp-image-6487\" src=\"https:\/\/yepcampers.com\/wp-content\/uploads\/2019\/03\/camping-cala-dambra-costa-est-sardegna.jpg\" alt=\"Camping Cala D'Ambra | Aree di sosta camper in Sardegna\" width=\"250\" height=\"333\" \/><\/a><\/p>\t\t\t\t\t\t<\/div>\r\n\r\n\t\t\t\t\t<\/div>\r\n\t\t\t\t\t\t\t<\/div>\r\n\r\n\t\t\r\n\t\t\t\t\t\r\n\t\t\t<div class=\"premium-pin elementor-invisible\" data-lng=\"9.672775\" data-lat=\"40.781500\" data-icon=\"\" data-icon-size=\"\" data-max-width=\"1000\" data-activated=\"\">\r\n\t\t\t\t\t\t\t\t\t<div class='premium-maps-info-container'>\r\n\r\n\t\t\t\t\t\t<div class='premium-maps-title-wrap'>\r\n\t\t\t\t\t\t\t<p class='premium-maps-info-title'>Campeggio San Teodoro la Cinta<\/p>\r\n\t\t\t\t\t\t<\/div>\r\n\r\n\t\t\t\t\t\t<div class='premium-maps-info-desc'>\r\n\t\t\t\t\t\t\t<p><a href=\"#lacinta\"><img loading=\"lazy\" decoding=\"async\" class=\"aligncenter size-full wp-image-6492\" src=\"https:\/\/yepcampers.com\/wp-content\/uploads\/2019\/03\/campeggio-san-teodoro-la-cinta-costa-est-sardegna.jpg\" alt=\"Campeggio San Teodoro la Cinta | Aree di sosta camper in Sardegna\" width=\"250\" height=\"178\" \/><\/a><\/p>\t\t\t\t\t\t<\/div>\r\n\r\n\t\t\t\t\t<\/div>\r\n\t\t\t\t\t\t\t<\/div>\r\n\r\n\t\t\r\n\t\t\t\t\t\r\n\t\t\t<div class=\"premium-pin elementor-invisible\" data-lng=\"9.690183\" data-lat=\"40.843284\" data-icon=\"\" data-icon-size=\"\" data-max-width=\"1000\" data-activated=\"\">\r\n\t\t\t\t\t\t\t\t\t<div class='premium-maps-info-container'>\r\n\r\n\t\t\t\t\t\t<div class='premium-maps-title-wrap'>\r\n\t\t\t\t\t\t\t<p class='premium-maps-info-title'>Camping Calacavallo<\/p>\r\n\t\t\t\t\t\t<\/div>\r\n\r\n\t\t\t\t\t\t<div class='premium-maps-info-desc'>\r\n\t\t\t\t\t\t\t<p><a href=\"#calacavallo\"><img loading=\"lazy\" decoding=\"async\" class=\"aligncenter size-full wp-image-6497\" src=\"https:\/\/yepcampers.com\/wp-content\/uploads\/2019\/03\/camping-calacavallo-costa-est-sardegna.jpg\" alt=\"Camping Calacavallo | Aree di sosta camper in Sardegna\" width=\"250\" height=\"188\" \/><\/a><\/p>\t\t\t\t\t\t<\/div>\r\n\r\n\t\t\t\t\t<\/div>\r\n\t\t\t\t\t\t\t<\/div>\r\n\r\n\t\t\r\n\t\t\t\t\t\r\n\t\t\t<div class=\"premium-pin elementor-invisible\" data-lng=\"9.505159\" data-lat=\"41.005098\" data-icon=\"\" data-icon-size=\"\" data-max-width=\"1000\" data-activated=\"\">\r\n\t\t\t\t\t\t\t\t\t<div class='premium-maps-info-container'>\r\n\r\n\t\t\t\t\t\t<div class='premium-maps-title-wrap'>\r\n\t\t\t\t\t\t\t<p class='premium-maps-info-title'>Cugnana Portorotondo - bungalows &amp; camping<\/p>\r\n\t\t\t\t\t\t<\/div>\r\n\r\n\t\t\t\t\t\t<div class='premium-maps-info-desc'>\r\n\t\t\t\t\t\t\t<p><a href=\"#portorotondo\"><img loading=\"lazy\" decoding=\"async\" class=\"aligncenter size-full wp-image-6511\" src=\"https:\/\/yepcampers.com\/wp-content\/uploads\/2019\/03\/cugnana-portorotondo-bungalows-camping-costa-nord-sardegna.jpg\" alt=\"Cugnana Portorotondo | Aree di sosta camper in Sardegna\" width=\"250\" height=\"187\" \/><\/a><\/p>\t\t\t\t\t\t<\/div>\r\n\r\n\t\t\t\t\t<\/div>\r\n\t\t\t\t\t\t\t<\/div>\r\n\r\n\t\t\r\n\t\t\t\t\t\r\n\t\t\t<div class=\"premium-pin elementor-invisible\" data-lng=\"9.435820\" data-lat=\"41.096396\" data-icon=\"\" data-icon-size=\"\" data-max-width=\"1000\" data-activated=\"\">\r\n\t\t\t\t\t\t\t\t\t<div class='premium-maps-info-container'>\r\n\r\n\t\t\t\t\t\t<div class='premium-maps-title-wrap'>\r\n\t\t\t\t\t\t\t<p class='premium-maps-info-title'>Villaggio Camping Golfo di Arzachena<\/p>\r\n\t\t\t\t\t\t<\/div>\r\n\r\n\t\t\t\t\t\t<div class='premium-maps-info-desc'>\r\n\t\t\t\t\t\t\t<p><a href=\"#golfodiarzachena\"><img loading=\"lazy\" decoding=\"async\" class=\"aligncenter size-full wp-image-6517\" src=\"https:\/\/yepcampers.com\/wp-content\/uploads\/2019\/03\/villaggio-camping-golfo-arzachena-costa-nord-sardegna.jpg\" alt=\"Villaggio Camping Golfo di Arzachena | Aree di sosta camper in Sardegna\" width=\"250\" height=\"188\" \/><\/a><\/p>\t\t\t\t\t\t<\/div>\r\n\r\n\t\t\t\t\t<\/div>\r\n\t\t\t\t\t\t\t<\/div>\r\n\r\n\t\t\r\n\t\t\t\t\t\r\n\t\t\t<div class=\"premium-pin elementor-invisible\" data-lng=\"9.443664\" data-lat=\"41.131989\" data-icon=\"\" data-icon-size=\"\" data-max-width=\"1000\" data-activated=\"\">\r\n\t\t\t\t\t\t\t\t\t<div class='premium-maps-info-container'>\r\n\r\n\t\t\t\t\t\t<div class='premium-maps-title-wrap'>\r\n\t\t\t\t\t\t\t<p class='premium-maps-info-title'>Centro Vacanze Isuledda<\/p>\r\n\t\t\t\t\t\t<\/div>\r\n\r\n\t\t\t\t\t\t<div class='premium-maps-info-desc'>\r\n\t\t\t\t\t\t\t<p><a href=\"#isuledda\"><img loading=\"lazy\" decoding=\"async\" class=\"aligncenter size-full wp-image-6522\" src=\"https:\/\/yepcampers.com\/wp-content\/uploads\/2019\/03\/centro-vacanze-isuledda-costa-nord-sardegna.jpg\" alt=\"Centro Vacanze Isuledda | Aree di sosta camper in Sardegna\" width=\"250\" height=\"166\" \/><\/a><\/p>\t\t\t\t\t\t<\/div>\r\n\r\n\t\t\t\t\t<\/div>\r\n\t\t\t\t\t\t\t<\/div>\r\n\r\n\t\t\r\n\t\t\t\t\t\r\n\t\t\t<div class=\"premium-pin elementor-invisible\" data-lng=\"9.402894\" data-lat=\"41.161463\" data-icon=\"\" data-icon-size=\"\" data-max-width=\"1000\" data-activated=\"\">\r\n\t\t\t\t\t\t\t\t\t<div class='premium-maps-info-container'>\r\n\r\n\t\t\t\t\t\t<div class='premium-maps-title-wrap'>\r\n\t\t\t\t\t\t\t<p class='premium-maps-info-title'>Camping Village Capo d'Orso<\/p>\r\n\t\t\t\t\t\t<\/div>\r\n\r\n\t\t\t\t\t\t<div class='premium-maps-info-desc'>\r\n\t\t\t\t\t\t\t<p><a href=\"#capodorso\"><img loading=\"lazy\" decoding=\"async\" class=\"aligncenter size-full wp-image-6527\" src=\"https:\/\/yepcampers.com\/wp-content\/uploads\/2019\/03\/camping-village-capo-dorso-costa-nord-sardegna.jpg\" alt=\"Camping Village Capo d'Orso | Aree di sosta camper in Sardegna\" width=\"250\" height=\"167\" \/><\/a><\/p>\t\t\t\t\t\t<\/div>\r\n\r\n\t\t\t\t\t<\/div>\r\n\t\t\t\t\t\t\t<\/div>\r\n\r\n\t\t\r\n\t\t\t\t\t\r\n\t\t\t<div class=\"premium-pin elementor-invisible\" data-lng=\"9.393167\" data-lat=\"41.179557\" data-icon=\"\" data-icon-size=\"\" data-max-width=\"1000\" data-activated=\"\">\r\n\t\t\t\t\t\t\t\t\t<div class='premium-maps-info-container'>\r\n\r\n\t\t\t\t\t\t<div class='premium-maps-title-wrap'>\r\n\t\t\t\t\t\t\t<p class='premium-maps-info-title'>Camping Baia Saraceno<\/p>\r\n\t\t\t\t\t\t<\/div>\r\n\r\n\t\t\t\t\t\t<div class='premium-maps-info-desc'>\r\n\t\t\t\t\t\t\t<p><a href=\"#baiasaraceno\"><img loading=\"lazy\" decoding=\"async\" class=\"aligncenter size-full wp-image-6532\" src=\"https:\/\/yepcampers.com\/wp-content\/uploads\/2019\/03\/camping-baia-saraceno-costa-nord-sardegna.jpg\" alt=\"Camping Baia Saraceno | Aree di sosta camper in Sardegna\" width=\"250\" height=\"181\" \/><\/a><\/p>\t\t\t\t\t\t<\/div>\r\n\r\n\t\t\t\t\t<\/div>\r\n\t\t\t\t\t\t\t<\/div>\r\n\r\n\t\t\r\n\t\t\t\t\t\r\n\t\t\t<div class=\"premium-pin elementor-invisible\" data-lng=\"9.376892\" data-lat=\"41.186258\" data-icon=\"\" data-icon-size=\"\" data-max-width=\"1000\" data-activated=\"\">\r\n\t\t\t\t\t\t\t\t\t<div class='premium-maps-info-container'>\r\n\r\n\t\t\t\t\t\t<div class='premium-maps-title-wrap'>\r\n\t\t\t\t\t\t\t<p class='premium-maps-info-title'>Camping Acapulco<\/p>\r\n\t\t\t\t\t\t<\/div>\r\n\r\n\t\t\t\t\t\t<div class='premium-maps-info-desc'>\r\n\t\t\t\t\t\t\t<p><a href=\"#acapulco\"><img loading=\"lazy\" decoding=\"async\" class=\"aligncenter wp-image-6537 size-full\" src=\"https:\/\/yepcampers.com\/wp-content\/uploads\/2019\/03\/camping-acapulco-costa-nord-sardegna.jpg\" alt=\"Camping Acapulco | Aree di sosta camper in Sardegna\" width=\"250\" height=\"167\" \/><\/a><\/p>\t\t\t\t\t\t<\/div>\r\n\r\n\t\t\t\t\t<\/div>\r\n\t\t\t\t\t\t\t<\/div>\r\n\r\n\t\t\r\n\t\t\t\t\t\r\n\t\t\t<div class=\"premium-pin elementor-invisible\" data-lng=\"9.427089\" data-lat=\"41.225196\" data-icon=\"\" data-icon-size=\"\" data-max-width=\"1000\" data-activated=\"\">\r\n\t\t\t\t\t\t\t\t\t<div class='premium-maps-info-container'>\r\n\r\n\t\t\t\t\t\t<div class='premium-maps-title-wrap'>\r\n\t\t\t\t\t\t\t<p class='premium-maps-info-title'>Camping Maddalena<\/p>\r\n\t\t\t\t\t\t<\/div>\r\n\r\n\t\t\t\t\t\t<div class='premium-maps-info-desc'>\r\n\t\t\t\t\t\t\t<p><a href=\"#maddalena\"><img loading=\"lazy\" decoding=\"async\" class=\"aligncenter size-full wp-image-6544\" src=\"https:\/\/yepcampers.com\/wp-content\/uploads\/2019\/03\/camping-maddalena-costa-nord-sardegna.jpg\" alt=\"Camping Maddalena | Aree di sosta camper in Sardegna\" width=\"250\" height=\"187\" \/><\/a><\/p>\t\t\t\t\t\t<\/div>\r\n\r\n\t\t\t\t\t<\/div>\r\n\t\t\t\t\t\t\t<\/div>\r\n\r\n\t\t\r\n\t\t\t\t\t\r\n\t\t\t<div class=\"premium-pin elementor-invisible\" data-lng=\"9.404415\" data-lat=\"41.253879\" data-icon=\"\" data-icon-size=\"\" data-max-width=\"1000\" data-activated=\"\">\r\n\t\t\t\t\t\t\t\t\t<div class='premium-maps-info-container'>\r\n\r\n\t\t\t\t\t\t<div class='premium-maps-title-wrap'>\r\n\t\t\t\t\t\t\t<p class='premium-maps-info-title'>Camping Abbatoggia<\/p>\r\n\t\t\t\t\t\t<\/div>\r\n\r\n\t\t\t\t\t\t<div class='premium-maps-info-desc'>\r\n\t\t\t\t\t\t\t<p><a href=\"#abbatoggia\"><img loading=\"lazy\" decoding=\"async\" class=\"aligncenter size-full wp-image-6549\" src=\"https:\/\/yepcampers.com\/wp-content\/uploads\/2019\/03\/camping-abbatoggia-costa-nord-sardegna.jpg\" alt=\"Camping Abbatoggia | Aree di sosta camper in Sardegna\" width=\"250\" height=\"111\" \/><\/a><\/p>\t\t\t\t\t\t<\/div>\r\n\r\n\t\t\t\t\t<\/div>\r\n\t\t\t\t\t\t\t<\/div>\r\n\r\n\t\t\r\n\t\t\t\t\t\r\n\t\t\t<div class=\"premium-pin elementor-invisible\" data-lng=\"9.271602\" data-lat=\"41.192804\" data-icon=\"\" data-icon-size=\"\" data-max-width=\"1000\" data-activated=\"\">\r\n\t\t\t\t\t\t\t\t\t<div class='premium-maps-info-container'>\r\n\r\n\t\t\t\t\t\t<div class='premium-maps-title-wrap'>\r\n\t\t\t\t\t\t\t<p class='premium-maps-info-title'>Camping Arcobaleno<\/p>\r\n\t\t\t\t\t\t<\/div>\r\n\r\n\t\t\t\t\t\t<div class='premium-maps-info-desc'>\r\n\t\t\t\t\t\t\t<p><a href=\"#arcobaleno\"><img loading=\"lazy\" decoding=\"async\" class=\"aligncenter size-full wp-image-6554\" src=\"https:\/\/yepcampers.com\/wp-content\/uploads\/2019\/03\/camping-arcobaleno-costa-nord-sardegna.jpg\" alt=\"Camping Arcobaleno | Aree di sosta camper in Sardegna\" width=\"250\" height=\"93\" \/><\/a><\/p>\t\t\t\t\t\t<\/div>\r\n\r\n\t\t\t\t\t<\/div>\r\n\t\t\t\t\t\t\t<\/div>\r\n\r\n\t\t\r\n\t\t\t\t\t\r\n\t\t\t<div class=\"premium-pin elementor-invisible\" data-lng=\"9.177447\" data-lat=\"41.180942\" data-icon=\"\" data-icon-size=\"\" data-max-width=\"1000\" data-activated=\"\">\r\n\t\t\t\t\t\t\t\t\t<div class='premium-maps-info-container'>\r\n\r\n\t\t\t\t\t\t<div class='premium-maps-title-wrap'>\r\n\t\t\t\t\t\t\t<p class='premium-maps-info-title'>Camping La Liccia<\/p>\r\n\t\t\t\t\t\t<\/div>\r\n\r\n\t\t\t\t\t\t<div class='premium-maps-info-desc'>\r\n\t\t\t\t\t\t\t<p><a href=\"#laliccia\"><img loading=\"lazy\" decoding=\"async\" class=\"aligncenter size-full wp-image-6559\" src=\"https:\/\/yepcampers.com\/wp-content\/uploads\/2019\/03\/camping-la-liccia-costa-nord-sardegna.jpg\" alt=\"Camping La Liccia | Aree di sosta camper in Sardegna\" width=\"250\" height=\"187\" \/><\/a><\/p>\t\t\t\t\t\t<\/div>\r\n\r\n\t\t\t\t\t<\/div>\r\n\t\t\t\t\t\t\t<\/div>\r\n\r\n\t\t\r\n\t\t\t\t\t\r\n\t\t\t<div class=\"premium-pin elementor-invisible\" data-lng=\"9.072100\" data-lat=\"41.127752\" data-icon=\"\" data-icon-size=\"\" data-max-width=\"1000\" data-activated=\"\">\r\n\t\t\t\t\t\t\t\t\t<div class='premium-maps-info-container'>\r\n\r\n\t\t\t\t\t\t<div class='premium-maps-title-wrap'>\r\n\t\t\t\t\t\t\t<p class='premium-maps-info-title'>Camping Village Saragosa<\/p>\r\n\t\t\t\t\t\t<\/div>\r\n\r\n\t\t\t\t\t\t<div class='premium-maps-info-desc'>\r\n\t\t\t\t\t\t\t<p><a href=\"#saragosa\"><img loading=\"lazy\" decoding=\"async\" class=\"aligncenter size-full wp-image-6563\" src=\"https:\/\/yepcampers.com\/wp-content\/uploads\/2019\/03\/camping-village-saragosa-costa-nord-sardegna.jpg\" alt=\"Camping Village Saragosa | Aree di sosta camper in Sardegna\" width=\"250\" height=\"250\" srcset=\"https:\/\/yepcampers.com\/wp-content\/uploads\/2019\/03\/camping-village-saragosa-costa-nord-sardegna.jpg 250w, https:\/\/yepcampers.com\/wp-content\/uploads\/2019\/03\/camping-village-saragosa-costa-nord-sardegna-150x150.jpg 150w\" sizes=\"(max-width: 250px) 100vw, 250px\" \/><\/a><\/p>\t\t\t\t\t\t<\/div>\r\n\r\n\t\t\t\t\t<\/div>\r\n\t\t\t\t\t\t\t<\/div>\r\n\r\n\t\t\r\n\t\t\t\t\t\r\n\t\t\t<div class=\"premium-pin elementor-invisible\" data-lng=\"9.067664\" data-lat=\"41.124493\" data-icon=\"\" data-icon-size=\"\" data-max-width=\"1000\" data-activated=\"\">\r\n\t\t\t\t\t\t\t\t\t<div class='premium-maps-info-container'>\r\n\r\n\t\t\t\t\t\t<div class='premium-maps-title-wrap'>\r\n\t\t\t\t\t\t\t<p class='premium-maps-info-title'>Camping Village Baia Blu la Tortuga<\/p>\r\n\t\t\t\t\t\t<\/div>\r\n\r\n\t\t\t\t\t\t<div class='premium-maps-info-desc'>\r\n\t\t\t\t\t\t\t<p><a href=\"#tortuga\"><img loading=\"lazy\" decoding=\"async\" class=\"aligncenter size-full wp-image-6568\" src=\"https:\/\/yepcampers.com\/wp-content\/uploads\/2019\/03\/camping-village-baia-blu-la-tortuga-costa-nord-sardegna.jpg\" alt=\"Camping Village Baia Blu la Tortuga | Aree di sosta camper in Sardegna\" width=\"250\" height=\"158\" \/><\/a><\/p>\t\t\t\t\t\t<\/div>\r\n\r\n\t\t\t\t\t<\/div>\r\n\t\t\t\t\t\t\t<\/div>\r\n\r\n\t\t\r\n\t\t\t\t\t\r\n\t\t\t<div class=\"premium-pin elementor-invisible\" data-lng=\"9.062589\" data-lat=\"41.126544\" data-icon=\"\" data-icon-size=\"\" data-max-width=\"1000\" data-activated=\"\">\r\n\t\t\t\t\t\t\t\t\t<div class='premium-maps-info-container'>\r\n\r\n\t\t\t\t\t\t<div class='premium-maps-title-wrap'>\r\n\t\t\t\t\t\t\t<p class='premium-maps-info-title'>Oasi Gallura<\/p>\r\n\t\t\t\t\t\t<\/div>\r\n\r\n\t\t\t\t\t\t<div class='premium-maps-info-desc'>\r\n\t\t\t\t\t\t\t<p><a href=\"#oasigallura\"><img loading=\"lazy\" decoding=\"async\" class=\"aligncenter size-full wp-image-6756\" src=\"https:\/\/yepcampers.com\/wp-content\/uploads\/2019\/03\/oasi-gallura-costa-nord-sardegna.jpg\" alt=\"Oasi Gallura | Aree di sosta camper in Sardegna\" width=\"250\" height=\"141\" \/><\/a><\/p>\t\t\t\t\t\t<\/div>\r\n\r\n\t\t\t\t\t<\/div>\r\n\t\t\t\t\t\t\t<\/div>\r\n\r\n\t\t\r\n\t\t\t\t\t\r\n\t\t\t<div class=\"premium-pin elementor-invisible\" data-lng=\"8.854230\" data-lat=\"40.968375, 8.854230\" data-icon=\"\" data-icon-size=\"\" data-max-width=\"1000\" data-activated=\"\">\r\n\t\t\t\t\t\t\t\t\t<div class='premium-maps-info-container'>\r\n\r\n\t\t\t\t\t\t<div class='premium-maps-title-wrap'>\r\n\t\t\t\t\t\t\t<p class='premium-maps-info-title'>Camping Baia Paradiso<\/p>\r\n\t\t\t\t\t\t<\/div>\r\n\r\n\t\t\t\t\t\t<div class='premium-maps-info-desc'>\r\n\t\t\t\t\t\t\t<p><a href=\"#baiaparadiso\"><img loading=\"lazy\" decoding=\"async\" class=\"aligncenter size-full wp-image-6573\" src=\"https:\/\/yepcampers.com\/wp-content\/uploads\/2019\/03\/camping-baia-paradiso-costa-nord-sardegna.jpg\" alt=\"Camping Baia Paradiso | Aree di sosta camper in Sardegna\" width=\"250\" height=\"237\" \/><\/a><\/p>\t\t\t\t\t\t<\/div>\r\n\r\n\t\t\t\t\t<\/div>\r\n\t\t\t\t\t\t\t<\/div>\r\n\r\n\t\t\r\n\t\t\t\t\t\r\n\t\t\t<div class=\"premium-pin elementor-invisible\" data-lng=\"8.817388\" data-lat=\"40.933251\" data-icon=\"\" data-icon-size=\"\" data-max-width=\"1000\" data-activated=\"\">\r\n\t\t\t\t\t\t\t\t\t<div class='premium-maps-info-container'>\r\n\r\n\t\t\t\t\t\t<div class='premium-maps-title-wrap'>\r\n\t\t\t\t\t\t\t<p class='premium-maps-info-title'>Village Camping La Foce<\/p>\r\n\t\t\t\t\t\t<\/div>\r\n\r\n\t\t\t\t\t\t<div class='premium-maps-info-desc'>\r\n\t\t\t\t\t\t\t<p><a href=\"#lafoce\"><img loading=\"lazy\" decoding=\"async\" class=\"aligncenter size-full wp-image-6577\" src=\"https:\/\/yepcampers.com\/wp-content\/uploads\/2019\/03\/la-foce-village-camping-costa-nord-sardegna.jpg\" alt=\"La Foce Village&amp;Camping | Aree di sosta camper in Sardegna\" width=\"250\" height=\"167\" \/><\/a><\/p>\t\t\t\t\t\t<\/div>\r\n\r\n\t\t\t\t\t<\/div>\r\n\t\t\t\t\t\t\t<\/div>\r\n\r\n\t\t\r\n\t\t\t\t\t\r\n\t\t\t<div class=\"premium-pin elementor-invisible\" data-lng=\"8.795484\" data-lat=\"40.923203\" data-icon=\"\" data-icon-size=\"\" data-max-width=\"1000\" data-activated=\"\">\r\n\t\t\t\t\t\t\t\t\t<div class='premium-maps-info-container'>\r\n\r\n\t\t\t\t\t\t<div class='premium-maps-title-wrap'>\r\n\t\t\t\t\t\t\t<p class='premium-maps-info-title'>International Camping Valledoria<\/p>\r\n\t\t\t\t\t\t<\/div>\r\n\r\n\t\t\t\t\t\t<div class='premium-maps-info-desc'>\r\n\t\t\t\t\t\t\t<p><a href=\"#valledoria\"><img loading=\"lazy\" decoding=\"async\" class=\"aligncenter size-full wp-image-6582\" src=\"https:\/\/yepcampers.com\/wp-content\/uploads\/2019\/03\/international-camping-valledoria-costa-nord-sardegna.jpg\" alt=\"International Camping Valledoria | Aree di sosta camper in Sardegna\" width=\"250\" height=\"188\" \/><\/a><\/p>\t\t\t\t\t\t<\/div>\r\n\r\n\t\t\t\t\t<\/div>\r\n\t\t\t\t\t\t\t<\/div>\r\n\r\n\t\t\r\n\t\t\t\t\t\r\n\t\t\t<div class=\"premium-pin elementor-invisible\" data-lng=\"8.794651\" data-lat=\"40.923600\" data-icon=\"\" data-icon-size=\"\" data-max-width=\"1000\" data-activated=\"\">\r\n\t\t\t\t\t\t\t\t\t<div class='premium-maps-info-container'>\r\n\r\n\t\t\t\t\t\t<div class='premium-maps-title-wrap'>\r\n\t\t\t\t\t\t\t<p class='premium-maps-info-title'>Campeggio Baia Dei Ginepri<\/p>\r\n\t\t\t\t\t\t<\/div>\r\n\r\n\t\t\t\t\t\t<div class='premium-maps-info-desc'>\r\n\t\t\t\t\t\t\t<p><a href=\"#baiadeiginepri\"><img loading=\"lazy\" decoding=\"async\" class=\"aligncenter size-full wp-image-6586\" src=\"https:\/\/yepcampers.com\/wp-content\/uploads\/2019\/03\/campeggio-baia-dei-ginepri-costa-nord-sardegna.jpg\" alt=\"Campeggio Baia Dei Ginepri | Aree di sosta camper in Sardegna\" width=\"250\" height=\"168\" \/><\/a><\/p>\t\t\t\t\t\t<\/div>\r\n\r\n\t\t\t\t\t<\/div>\r\n\t\t\t\t\t\t\t<\/div>\r\n\r\n\t\t\r\n\t\t\t\t\t\r\n\t\t\t<div class=\"premium-pin elementor-invisible\" data-lng=\"8.544623\" data-lat=\"40.824052\" data-icon=\"\" data-icon-size=\"\" data-max-width=\"1000\" data-activated=\"\">\r\n\t\t\t\t\t\t\t\t\t<div class='premium-maps-info-container'>\r\n\r\n\t\t\t\t\t\t<div class='premium-maps-title-wrap'>\r\n\t\t\t\t\t\t\t<p class='premium-maps-info-title'>Camping Village Li Nibari <\/p>\r\n\t\t\t\t\t\t<\/div>\r\n\r\n\t\t\t\t\t\t<div class='premium-maps-info-desc'>\r\n\t\t\t\t\t\t\t<p><a href=\"#linibari\"><img loading=\"lazy\" decoding=\"async\" class=\"aligncenter size-full wp-image-6590\" src=\"https:\/\/yepcampers.com\/wp-content\/uploads\/2019\/03\/camping-village-li-nibari-costa-nord-sardegna.jpg\" alt=\"Camping Village Li Nibari | Aree di sosta camper in Sardegna\" width=\"250\" height=\"175\" \/><\/a><\/p>\t\t\t\t\t\t<\/div>\r\n\r\n\t\t\t\t\t<\/div>\r\n\t\t\t\t\t\t\t<\/div>\r\n\r\n\t\t\r\n\t\t\t\t\t\r\n\t\t\t<div class=\"premium-pin elementor-invisible\" data-lng=\"8.485399\" data-lat=\"40.816156\" data-icon=\"\" data-icon-size=\"\" data-max-width=\"1000\" data-activated=\"\">\r\n\t\t\t\t\t\t\t\t\t<div class='premium-maps-info-container'>\r\n\r\n\t\t\t\t\t\t<div class='premium-maps-title-wrap'>\r\n\t\t\t\t\t\t\t<p class='premium-maps-info-title'>Camping Golfo dell'Asinara<\/p>\r\n\t\t\t\t\t\t<\/div>\r\n\r\n\t\t\t\t\t\t<div class='premium-maps-info-desc'>\r\n\t\t\t\t\t\t\t<p><a href=\"#golfodellasinara\"><img loading=\"lazy\" decoding=\"async\" class=\"aligncenter size-full wp-image-6595\" src=\"https:\/\/yepcampers.com\/wp-content\/uploads\/2019\/03\/camping-golfo-asinara-costa-nord-sardegna.jpg\" alt=\"Camping Golfo dell'Asinara | Aree di sosta camper in Sardegna\" width=\"250\" height=\"138\" \/><\/a><\/p>\t\t\t\t\t\t<\/div>\r\n\r\n\t\t\t\t\t<\/div>\r\n\t\t\t\t\t\t\t<\/div>\r\n\r\n\t\t\r\n\t\t\t\t\t\r\n\t\t\t<div class=\"premium-pin elementor-invisible\" data-lng=\"8.236383\" data-lat=\"40.870474\" data-icon=\"\" data-icon-size=\"\" data-max-width=\"1000\" data-activated=\"\">\r\n\t\t\t\t\t\t\t\t\t<div class='premium-maps-info-container'>\r\n\r\n\t\t\t\t\t\t<div class='premium-maps-title-wrap'>\r\n\t\t\t\t\t\t\t<p class='premium-maps-info-title'>Area Sosta Camper - La Pineta - Stintino<\/p>\r\n\t\t\t\t\t\t<\/div>\r\n\r\n\t\t\t\t\t\t<div class='premium-maps-info-desc'>\r\n\t\t\t\t\t\t\t<p><a href=\"#lapinetanord\"><img loading=\"lazy\" decoding=\"async\" class=\"aligncenter size-full wp-image-6760\" src=\"https:\/\/yepcampers.com\/wp-content\/uploads\/2019\/03\/la-pineta-stintino-camper-costa-nord-sardegna.jpg\" alt=\"La Pineta Stintino | Aree di sosta camper in Sardegna\" width=\"250\" height=\"188\" \/><\/a><\/p>\t\t\t\t\t\t<\/div>\r\n\r\n\t\t\t\t\t<\/div>\r\n\t\t\t\t\t\t\t<\/div>\r\n\r\n\t\t\r\n\t\t\t\t\t\r\n\t\t\t<div class=\"premium-pin elementor-invisible\" data-lng=\"8.190205\" data-lat=\"40.642751\" data-icon=\"\" data-icon-size=\"\" data-max-width=\"1000\" data-activated=\"\">\r\n\t\t\t\t\t\t\t\t\t<div class='premium-maps-info-container'>\r\n\r\n\t\t\t\t\t\t<div class='premium-maps-title-wrap'>\r\n\t\t\t\t\t\t\t<p class='premium-maps-info-title'>Villaggio Camping Torre del porticciolo<\/p>\r\n\t\t\t\t\t\t<\/div>\r\n\r\n\t\t\t\t\t\t<div class='premium-maps-info-desc'>\r\n\t\t\t\t\t\t\t<p><a href=\"#torredelporticciolo\"><img loading=\"lazy\" decoding=\"async\" class=\"aligncenter size-full wp-image-6614\" src=\"https:\/\/yepcampers.com\/wp-content\/uploads\/2019\/03\/villaggio-camping-torre-porticciolo-costa-ovest-sardegna.jpg\" alt=\"Villaggio Camping Torre del porticciolo | Aree di sosta camper in Sardegna\" width=\"250\" height=\"111\" \/><\/a><\/p>\t\t\t\t\t\t<\/div>\r\n\r\n\t\t\t\t\t<\/div>\r\n\t\t\t\t\t\t\t<\/div>\r\n\r\n\t\t\r\n\t\t\t\t\t\r\n\t\t\t<div class=\"premium-pin elementor-invisible\" data-lng=\"8.256296\" data-lat=\"40.591449\" data-icon=\"\" data-icon-size=\"\" data-max-width=\"1000\" data-activated=\"\">\r\n\t\t\t\t\t\t\t\t\t<div class='premium-maps-info-container'>\r\n\r\n\t\t\t\t\t\t<div class='premium-maps-title-wrap'>\r\n\t\t\t\t\t\t\t<p class='premium-maps-info-title'>Area Sosta Camper Paradise Park<\/p>\r\n\t\t\t\t\t\t<\/div>\r\n\r\n\t\t\t\t\t\t<div class='premium-maps-info-desc'>\r\n\t\t\t\t\t\t\t<p><a href=\"#paradisepark\"><img loading=\"lazy\" decoding=\"async\" class=\"aligncenter wp-image-6765 size-full\" src=\"https:\/\/yepcampers.com\/wp-content\/uploads\/2019\/03\/camper-paradise-park-costa-ovest-sardegna.jpg\" alt=\"Paradise Park | Aree di sosta camper in Sardegna\" width=\"250\" height=\"263\" \/><\/a><\/p>\t\t\t\t\t\t<\/div>\r\n\r\n\t\t\t\t\t<\/div>\r\n\t\t\t\t\t\t\t<\/div>\r\n\r\n\t\t\r\n\t\t\t\t\t\r\n\t\t\t<div class=\"premium-pin elementor-invisible\" data-lng=\"8.284072\" data-lat=\"40.597739\" data-icon=\"\" data-icon-size=\"\" data-max-width=\"1000\" data-activated=\"\">\r\n\t\t\t\t\t\t\t\t\t<div class='premium-maps-info-container'>\r\n\r\n\t\t\t\t\t\t<div class='premium-maps-title-wrap'>\r\n\t\t\t\t\t\t\t<p class='premium-maps-info-title'>Villaggio campeggio Nurral<\/p>\r\n\t\t\t\t\t\t<\/div>\r\n\r\n\t\t\t\t\t\t<div class='premium-maps-info-desc'>\r\n\t\t\t\t\t\t\t<p><a href=\"#nurral\"><img loading=\"lazy\" decoding=\"async\" class=\"aligncenter size-full wp-image-6609\" src=\"https:\/\/yepcampers.com\/wp-content\/uploads\/2019\/03\/villaggio-campeggio-nurral-costa-ovest-sardegna.jpg\" alt=\"Villaggio campeggio Nurral | Aree di sosta camper in Sardegna\" width=\"250\" height=\"187\" \/><\/a><\/p>\t\t\t\t\t\t<\/div>\r\n\r\n\t\t\t\t\t<\/div>\r\n\t\t\t\t\t\t\t<\/div>\r\n\r\n\t\t\r\n\t\t\t\t\t\r\n\t\t\t<div class=\"premium-pin elementor-invisible\" data-lng=\"8.290971\" data-lat=\"40.595134\" data-icon=\"\" data-icon-size=\"\" data-max-width=\"1000\" data-activated=\"\">\r\n\t\t\t\t\t\t\t\t\t<div class='premium-maps-info-container'>\r\n\r\n\t\t\t\t\t\t<div class='premium-maps-title-wrap'>\r\n\t\t\t\t\t\t\t<p class='premium-maps-info-title'>Camping Laguna Blu<\/p>\r\n\t\t\t\t\t\t<\/div>\r\n\r\n\t\t\t\t\t\t<div class='premium-maps-info-desc'>\r\n\t\t\t\t\t\t\t<p><a href=\"#lagunablu\"><img loading=\"lazy\" decoding=\"async\" class=\"aligncenter size-full wp-image-6605\" src=\"https:\/\/yepcampers.com\/wp-content\/uploads\/2019\/03\/camping-laguna-blu-costa-ovest-sardegna.jpg\" alt=\"Camping Laguna Blu | Aree di sosta camper in Sardegna\" width=\"250\" height=\"158\" \/><\/a><\/p>\t\t\t\t\t\t<\/div>\r\n\r\n\t\t\t\t\t<\/div>\r\n\t\t\t\t\t\t\t<\/div>\r\n\r\n\t\t\r\n\t\t\t\t\t\r\n\t\t\t<div class=\"premium-pin elementor-invisible\" data-lng=\"8.312508\" data-lat=\"40.579198\" data-icon=\"\" data-icon-size=\"\" data-max-width=\"1000\" data-activated=\"\">\r\n\t\t\t\t\t\t\t\t\t<div class='premium-maps-info-container'>\r\n\r\n\t\t\t\t\t\t<div class='premium-maps-title-wrap'>\r\n\t\t\t\t\t\t\t<p class='premium-maps-info-title'>Camping La Mariposa<\/p>\r\n\t\t\t\t\t\t<\/div>\r\n\r\n\t\t\t\t\t\t<div class='premium-maps-info-desc'>\r\n\t\t\t\t\t\t\t<p><a href=\"#lamariposa\"><img loading=\"lazy\" decoding=\"async\" class=\"aligncenter size-full wp-image-6601\" src=\"https:\/\/yepcampers.com\/wp-content\/uploads\/2019\/03\/camping-la-mariposa-costa-ovest-sardegna.jpg\" alt=\"Camping La Mariposa | Aree di sosta camper in Sardegna\" width=\"250\" height=\"166\" \/><\/a><\/p>\t\t\t\t\t\t<\/div>\r\n\r\n\t\t\t\t\t<\/div>\r\n\t\t\t\t\t\t\t<\/div>\r\n\r\n\t\t\r\n\t\t\t\t\t\r\n\t\t\t<div class=\"premium-pin elementor-invisible\" data-lng=\"8.465324\" data-lat=\"40.314400\" data-icon=\"\" data-icon-size=\"\" data-max-width=\"1000\" data-activated=\"\">\r\n\t\t\t\t\t\t\t\t\t<div class='premium-maps-info-container'>\r\n\r\n\t\t\t\t\t\t<div class='premium-maps-title-wrap'>\r\n\t\t\t\t\t\t\t<p class='premium-maps-info-title'>Area sosta camper di S'Abba Druche<\/p>\r\n\t\t\t\t\t\t<\/div>\r\n\r\n\t\t\t\t\t\t<div class='premium-maps-info-desc'>\r\n\t\t\t\t\t\t\t<p><a href=\"#sabbadruche\"><img loading=\"lazy\" decoding=\"async\" class=\"aligncenter size-full wp-image-6769\" src=\"https:\/\/yepcampers.com\/wp-content\/uploads\/2019\/03\/area-camper-sabba-druche-costa-ovest-sardegna.jpg\" alt=\"S'Abba Druche | Aree di sosta camper in Sardegna\" width=\"250\" height=\"188\" \/><\/a><\/p>\t\t\t\t\t\t<\/div>\r\n\r\n\t\t\t\t\t<\/div>\r\n\t\t\t\t\t\t\t<\/div>\r\n\r\n\t\t\r\n\t\t\t\t\t\r\n\t\t\t<div class=\"premium-pin elementor-invisible\" data-lng=\"8.494675\" data-lat=\"40.070923\" data-icon=\"\" data-icon-size=\"\" data-max-width=\"1000\" data-activated=\"\">\r\n\t\t\t\t\t\t\t\t\t<div class='premium-maps-info-container'>\r\n\r\n\t\t\t\t\t\t<div class='premium-maps-title-wrap'>\r\n\t\t\t\t\t\t\t<p class='premium-maps-info-title'>Camping Bella Sardinia<\/p>\r\n\t\t\t\t\t\t<\/div>\r\n\r\n\t\t\t\t\t\t<div class='premium-maps-info-desc'>\r\n\t\t\t\t\t\t\t<p><a href=\"#bellasardinia\"><img loading=\"lazy\" decoding=\"async\" class=\"aligncenter size-full wp-image-6618\" src=\"https:\/\/yepcampers.com\/wp-content\/uploads\/2019\/03\/camping-bella-sardinia-costa-ovest-sardegna.jpg\" alt=\"Camping Bella Sardinia | Aree di sosta camper in Sardegna\" width=\"250\" height=\"167\" \/><\/a><\/p>\t\t\t\t\t\t<\/div>\r\n\r\n\t\t\t\t\t<\/div>\r\n\t\t\t\t\t\t\t<\/div>\r\n\r\n\t\t\r\n\t\t\t\t\t\r\n\t\t\t<div class=\"premium-pin elementor-invisible\" data-lng=\"8.483334\" data-lat=\"40.070457\" data-icon=\"\" data-icon-size=\"\" data-max-width=\"1000\" data-activated=\"\">\r\n\t\t\t\t\t\t\t\t\t<div class='premium-maps-info-container'>\r\n\r\n\t\t\t\t\t\t<div class='premium-maps-title-wrap'>\r\n\t\t\t\t\t\t\t<p class='premium-maps-info-title'>Campeggio Nurapolis<\/p>\r\n\t\t\t\t\t\t<\/div>\r\n\r\n\t\t\t\t\t\t<div class='premium-maps-info-desc'>\r\n\t\t\t\t\t\t\t<p><a href=\"#nurapolis\"><img loading=\"lazy\" decoding=\"async\" class=\"aligncenter size-full wp-image-6622\" src=\"https:\/\/yepcampers.com\/wp-content\/uploads\/2019\/03\/campeggio-nurapolis-costa-ovest-sardegna.jpg\" alt=\"Campeggio Nurapolis | Aree di sosta camper in Sardegna\" width=\"250\" height=\"167\" \/><\/a><\/p>\t\t\t\t\t\t<\/div>\r\n\r\n\t\t\t\t\t<\/div>\r\n\t\t\t\t\t\t\t<\/div>\r\n\r\n\t\t\r\n\t\t\t\t\t\r\n\t\t\t<div class=\"premium-pin elementor-invisible\" data-lng=\"8.402857\" data-lat=\"39.962342\" data-icon=\"\" data-icon-size=\"\" data-max-width=\"1000\" data-activated=\"\">\r\n\t\t\t\t\t\t\t\t\t<div class='premium-maps-info-container'>\r\n\r\n\t\t\t\t\t\t<div class='premium-maps-title-wrap'>\r\n\t\t\t\t\t\t\t<p class='premium-maps-info-title'>Agricampeggio Tanca Is Muras<\/p>\r\n\t\t\t\t\t\t<\/div>\r\n\r\n\t\t\t\t\t\t<div class='premium-maps-info-desc'>\r\n\t\t\t\t\t\t\t<p><a href=\"#tancaismuras\"><img loading=\"lazy\" decoding=\"async\" class=\"aligncenter size-full wp-image-6773\" src=\"https:\/\/yepcampers.com\/wp-content\/uploads\/2019\/03\/tanca-is-muras-costa-ovest-sardegna.jpg\" alt=\"Tanca Is Muras | Aree di sosta camper in Sardegna\" width=\"250\" height=\"175\" \/><\/a><\/p>\t\t\t\t\t\t<\/div>\r\n\r\n\t\t\t\t\t<\/div>\r\n\t\t\t\t\t\t\t<\/div>\r\n\r\n\t\t\r\n\t\t\t\t\t\r\n\t\t\t<div class=\"premium-pin elementor-invisible\" data-lng=\"8.408292\" data-lat=\"39.949200\" data-icon=\"\" data-icon-size=\"\" data-max-width=\"1000\" data-activated=\"\">\r\n\t\t\t\t\t\t\t\t\t<div class='premium-maps-info-container'>\r\n\r\n\t\t\t\t\t\t<div class='premium-maps-title-wrap'>\r\n\t\t\t\t\t\t\t<p class='premium-maps-info-title'>Camping Is Aruttas<\/p>\r\n\t\t\t\t\t\t<\/div>\r\n\r\n\t\t\t\t\t\t<div class='premium-maps-info-desc'>\r\n\t\t\t\t\t\t\t<p><a href=\"#isaruttas\"><img loading=\"lazy\" decoding=\"async\" class=\"aligncenter size-full wp-image-6632\" src=\"https:\/\/yepcampers.com\/wp-content\/uploads\/2019\/03\/camping-is-aruttas-costa-ovest-sardegna.jpg\" alt=\"Camping Is Aruttas | Aree di sosta camper in Sardegna\" width=\"250\" height=\"187\" \/><\/a><\/p>\t\t\t\t\t\t<\/div>\r\n\r\n\t\t\t\t\t<\/div>\r\n\t\t\t\t\t\t\t<\/div>\r\n\r\n\t\t\r\n\t\t\t\t\t\r\n\t\t\t<div class=\"premium-pin elementor-invisible\" data-lng=\"8.529842\" data-lat=\"39.903198\" data-icon=\"\" data-icon-size=\"\" data-max-width=\"1000\" data-activated=\"\">\r\n\t\t\t\t\t\t\t\t\t<div class='premium-maps-info-container'>\r\n\r\n\t\t\t\t\t\t<div class='premium-maps-title-wrap'>\r\n\t\t\t\t\t\t\t<p class='premium-maps-info-title'>Village camping spinnaker<\/p>\r\n\t\t\t\t\t\t<\/div>\r\n\r\n\t\t\t\t\t\t<div class='premium-maps-info-desc'>\r\n\t\t\t\t\t\t\t<p><a href=\"#spinnaker\"><img loading=\"lazy\" decoding=\"async\" class=\"aligncenter size-full wp-image-6637\" src=\"https:\/\/yepcampers.com\/wp-content\/uploads\/2019\/03\/village-camping-spinnaker-costa-ovest-sardegna.jpg\" alt=\"Village camping spinnaker | Aree di sosta camper in Sardegna\" width=\"250\" height=\"125\" \/><\/a><\/p>\t\t\t\t\t\t<\/div>\r\n\r\n\t\t\t\t\t<\/div>\r\n\t\t\t\t\t\t\t<\/div>\r\n\r\n\t\t\r\n\t\t\t\t\t\r\n\t\t\t<div class=\"premium-pin elementor-invisible\" data-lng=\"8.589270\" data-lat=\"39.897100\" data-icon=\"\" data-icon-size=\"\" data-max-width=\"1000\" data-activated=\"\">\r\n\t\t\t\t\t\t\t\t\t<div class='premium-maps-info-container'>\r\n\r\n\t\t\t\t\t\t<div class='premium-maps-title-wrap'>\r\n\t\t\t\t\t\t\t<p class='premium-maps-info-title'>Area sosta camper Oristano camper service <\/p>\r\n\t\t\t\t\t\t<\/div>\r\n\r\n\t\t\t\t\t\t<div class='premium-maps-info-desc'>\r\n\t\t\t\t\t\t\t<p><a href=\"#oristano\"><img loading=\"lazy\" decoding=\"async\" class=\"aligncenter size-full wp-image-6789\" src=\"https:\/\/yepcampers.com\/wp-content\/uploads\/2019\/03\/camper-service-oristano-dorando-petri-costa-ovest-sardegna.jpg\" alt=\"Oristano | Aree di sosta camper in Sardegna\" width=\"250\" height=\"182\" \/><\/a><\/p>\t\t\t\t\t\t<\/div>\r\n\r\n\t\t\t\t\t<\/div>\r\n\t\t\t\t\t\t\t<\/div>\r\n\r\n\t\t\r\n\t\t\t\t\t\r\n\t\t\t<div class=\"premium-pin elementor-invisible\" data-lng=\"8.552983\" data-lat=\"39.818291\" data-icon=\"\" data-icon-size=\"\" data-max-width=\"1000\" data-activated=\"\">\r\n\t\t\t\t\t\t\t\t\t<div class='premium-maps-info-container'>\r\n\r\n\t\t\t\t\t\t<div class='premium-maps-title-wrap'>\r\n\t\t\t\t\t\t\t<p class='premium-maps-info-title'>Camping S'Ena Arrubia<\/p>\r\n\t\t\t\t\t\t<\/div>\r\n\r\n\t\t\t\t\t\t<div class='premium-maps-info-desc'>\r\n\t\t\t\t\t\t\t<p><a href=\"#senaarrubia\"><img loading=\"lazy\" decoding=\"async\" class=\"aligncenter size-full wp-image-6642\" src=\"https:\/\/yepcampers.com\/wp-content\/uploads\/2019\/03\/camping-sena-arrubia-costa-ovest-sardegna.jpg\" alt=\"Camping S'Ena Arrubia | Aree di sosta camper in Sardegna\" width=\"250\" height=\"234\" \/><\/a><\/p>\t\t\t\t\t\t<\/div>\r\n\r\n\t\t\t\t\t<\/div>\r\n\t\t\t\t\t\t\t<\/div>\r\n\r\n\t\t\r\n\t\t\t\t\t\r\n\t\t\t<div class=\"premium-pin elementor-invisible\" data-lng=\"8.471785\" data-lat=\"39.524816\" data-icon=\"\" data-icon-size=\"\" data-max-width=\"1000\" data-activated=\"\">\r\n\t\t\t\t\t\t\t\t\t<div class='premium-maps-info-container'>\r\n\r\n\t\t\t\t\t\t<div class='premium-maps-title-wrap'>\r\n\t\t\t\t\t\t\t<p class='premium-maps-info-title'>Camping Sciopadroxiu<\/p>\r\n\t\t\t\t\t\t<\/div>\r\n\r\n\t\t\t\t\t\t<div class='premium-maps-info-desc'>\r\n\t\t\t\t\t\t\t<p><a href=\"#sciopadroxiu\"><img loading=\"lazy\" decoding=\"async\" class=\"aligncenter size-full wp-image-6652\" src=\"https:\/\/yepcampers.com\/wp-content\/uploads\/2019\/03\/camping-sciopadroxiu-costa-ovest-sardegna.jpg\" alt=\"Camping Sciopadroxiu | Aree di sosta camper in Sardegna\" width=\"250\" height=\"166\" \/><\/a><\/p>\t\t\t\t\t\t<\/div>\r\n\r\n\t\t\t\t\t<\/div>\r\n\t\t\t\t\t\t\t<\/div>\r\n\r\n\t\t\r\n\t\t\t\t\t\r\n\t\t\t<div class=\"premium-pin elementor-invisible\" data-lng=\"8.449959\" data-lat=\"39.489377\" data-icon=\"\" data-icon-size=\"\" data-max-width=\"1000\" data-activated=\"\">\r\n\t\t\t\t\t\t\t\t\t<div class='premium-maps-info-container'>\r\n\r\n\t\t\t\t\t\t<div class='premium-maps-title-wrap'>\r\n\t\t\t\t\t\t\t<p class='premium-maps-info-title'>Le Palme Rest camp<\/p>\r\n\t\t\t\t\t\t<\/div>\r\n\r\n\t\t\t\t\t\t<div class='premium-maps-info-desc'>\r\n\t\t\t\t\t\t\t<p><a href=\"#lepalmerest\"><img loading=\"lazy\" decoding=\"async\" class=\"aligncenter size-full wp-image-6647\" src=\"https:\/\/yepcampers.com\/wp-content\/uploads\/2019\/03\/le-palme-rest-camp-costa-ovest-sardegna.jpg\" alt=\"Le Palme Rest camp | Aree di sosta camper in Sardegna\" width=\"250\" height=\"188\" \/><\/a><\/p>\t\t\t\t\t\t<\/div>\r\n\r\n\t\t\t\t\t<\/div>\r\n\t\t\t\t\t\t\t<\/div>\r\n\r\n\t\t\r\n\t\t\t\t\t\r\n\t\t\t<div class=\"premium-pin elementor-invisible\" data-lng=\"8.401688\" data-lat=\"39.402449\" data-icon=\"\" data-icon-size=\"\" data-max-width=\"1000\" data-activated=\"\">\r\n\t\t\t\t\t\t\t\t\t<div class='premium-maps-info-container'>\r\n\r\n\t\t\t\t\t\t<div class='premium-maps-title-wrap'>\r\n\t\t\t\t\t\t\t<p class='premium-maps-info-title'>Area Sosta Buggerru<\/p>\r\n\t\t\t\t\t\t<\/div>\r\n\r\n\t\t\t\t\t\t<div class='premium-maps-info-desc'>\r\n\t\t\t\t\t\t\t<p><a href=\"#buggerru\"><img loading=\"lazy\" decoding=\"async\" class=\"aligncenter size-full wp-image-6777\" src=\"https:\/\/yepcampers.com\/wp-content\/uploads\/2019\/03\/sosta-camper-buggerru-costa-ovest-sardegna.jpg\" alt=\"Buggerru | Aree di sosta camper in Sardegna\" width=\"250\" height=\"171\" \/><\/a><\/p>\t\t\t\t\t\t<\/div>\r\n\r\n\t\t\t\t\t<\/div>\r\n\t\t\t\t\t\t\t<\/div>\r\n\r\n\t\t\r\n\t\t\t\t\t\r\n\t\t\t<div class=\"premium-pin elementor-invisible\" data-lng=\"8.383191\" data-lat=\"39.371901\" data-icon=\"\" data-icon-size=\"\" data-max-width=\"1000\" data-activated=\"\">\r\n\t\t\t\t\t\t\t\t\t<div class='premium-maps-info-container'>\r\n\r\n\t\t\t\t\t\t<div class='premium-maps-title-wrap'>\r\n\t\t\t\t\t\t\t<p class='premium-maps-info-title'>Area Camper Cala Domestica<\/p>\r\n\t\t\t\t\t\t<\/div>\r\n\r\n\t\t\t\t\t\t<div class='premium-maps-info-desc'>\r\n\t\t\t\t\t\t\t<p><a href=\"#caladomestica\"><img loading=\"lazy\" decoding=\"async\" class=\"aligncenter size-full wp-image-6781\" src=\"https:\/\/yepcampers.com\/wp-content\/uploads\/2019\/03\/area-attrezzata-cala-domestica-costa-ovest-sardegna.jpg\" alt=\"Cala Domestica | Aree di sosta camper in Sardegna\" width=\"250\" height=\"168\" \/><\/a><\/p>\t\t\t\t\t\t<\/div>\r\n\r\n\t\t\t\t\t<\/div>\r\n\t\t\t\t\t\t\t<\/div>\r\n\r\n\t\t\r\n\t\t\t\t\t\r\n\t\t\t<div class=\"premium-pin elementor-invisible\" data-lng=\"8.420635\" data-lat=\"39.334170\" data-icon=\"\" data-icon-size=\"\" data-max-width=\"1000\" data-activated=\"\">\r\n\t\t\t\t\t\t\t\t\t<div class='premium-maps-info-container'>\r\n\r\n\t\t\t\t\t\t<div class='premium-maps-title-wrap'>\r\n\t\t\t\t\t\t\t<p class='premium-maps-info-title'>Area Camper La Nuova Colonia<\/p>\r\n\t\t\t\t\t\t<\/div>\r\n\r\n\t\t\t\t\t\t<div class='premium-maps-info-desc'>\r\n\t\t\t\t\t\t\t<p><a href=\"#lanuovacolonia\"><img loading=\"lazy\" decoding=\"async\" class=\"aligncenter size-full wp-image-6785\" src=\"https:\/\/yepcampers.com\/wp-content\/uploads\/2019\/03\/nuova-colonia-masua-costa-ovest-sardegna.jpg\" alt=\"La Nuova Colonia | Aree di sosta camper in Sardegna\" width=\"250\" height=\"125\" \/><\/a><\/p>\t\t\t\t\t\t<\/div>\r\n\r\n\t\t\t\t\t<\/div>\r\n\t\t\t\t\t\t\t<\/div>\r\n\r\n\t\t\r\n\t\t\t\t\t\r\n\t\t\t<div class=\"premium-pin elementor-invisible\" data-lng=\"8.362301\" data-lat=\"39.096819\" data-icon=\"\" data-icon-size=\"\" data-max-width=\"1000\" data-activated=\"\">\r\n\t\t\t\t\t\t\t\t\t<div class='premium-maps-info-container'>\r\n\r\n\t\t\t\t\t\t<div class='premium-maps-title-wrap'>\r\n\t\t\t\t\t\t\t<p class='premium-maps-info-title'>Camping le Saline<\/p>\r\n\t\t\t\t\t\t<\/div>\r\n\r\n\t\t\t\t\t\t<div class='premium-maps-info-desc'>\r\n\t\t\t\t\t\t\t<p><a href=\"#lesaline\"><img loading=\"lazy\" decoding=\"async\" class=\"aligncenter size-full wp-image-6661\" src=\"https:\/\/yepcampers.com\/wp-content\/uploads\/2019\/03\/camping-le-saline-costa-ovest-sardegna.jpg\" alt=\"Camping le Saline | Aree di sosta camper in Sardegna\" width=\"250\" height=\"188\" \/><\/a><\/p>\t\t\t\t\t\t<\/div>\r\n\r\n\t\t\t\t\t<\/div>\r\n\t\t\t\t\t\t\t<\/div>\r\n\r\n\t\t\r\n\t\t\t\t\t\r\n\t\t\t<div class=\"premium-pin elementor-invisible\" data-lng=\"8.386465\" data-lat=\"39.007658\" data-icon=\"\" data-icon-size=\"\" data-max-width=\"1000\" data-activated=\"\">\r\n\t\t\t\t\t\t\t\t\t<div class='premium-maps-info-container'>\r\n\r\n\t\t\t\t\t\t<div class='premium-maps-title-wrap'>\r\n\t\t\t\t\t\t\t<p class='premium-maps-info-title'>Camping Tonnara<\/p>\r\n\t\t\t\t\t\t<\/div>\r\n\r\n\t\t\t\t\t\t<div class='premium-maps-info-desc'>\r\n\t\t\t\t\t\t\t<p><a href=\"#tonnara\"><img loading=\"lazy\" decoding=\"async\" class=\"aligncenter size-full wp-image-6657\" src=\"https:\/\/yepcampers.com\/wp-content\/uploads\/2019\/03\/camping-tonnara-costa-ovest-sardegna.jpg\" alt=\"Camping Tonnara | Aree di sosta camper in Sardegna\" width=\"250\" height=\"179\" \/><\/a><\/p>\t\t\t\t\t\t<\/div>\r\n\r\n\t\t\t\t\t<\/div>\r\n\t\t\t\t\t\t\t<\/div>\r\n\r\n\t\t\r\n\t\t\t\t\t\r\n\t\t\t<div class=\"premium-pin elementor-invisible\" data-lng=\"8.773566\" data-lat=\"40.175019\" data-icon=\"\" data-icon-size=\"\" data-max-width=\"1000\" data-activated=\"\">\r\n\t\t\t\t\t\t\t\t\t<div class='premium-maps-info-container'>\r\n\r\n\t\t\t\t\t\t<div class='premium-maps-title-wrap'>\r\n\t\t\t\t\t\t\t<p class='premium-maps-info-title'>Camping Village Nuraghe Ruiu <\/p>\r\n\t\t\t\t\t\t<\/div>\r\n\r\n\t\t\t\t\t\t<div class='premium-maps-info-desc'>\r\n\t\t\t\t\t\t\t<p><a href=\"#nuragheruiu\"><img loading=\"lazy\" decoding=\"async\" class=\"aligncenter size-full wp-image-6627\" src=\"https:\/\/yepcampers.com\/wp-content\/uploads\/2019\/03\/camping-village-nuraghe-ruiu-costa-ovest-sardegna.jpg\" alt=\"Camping Village Nuraghe Ruiu | Aree di sosta camper in Sardegna\" width=\"250\" height=\"156\" \/><\/a><\/p>\t\t\t\t\t\t<\/div>\r\n\r\n\t\t\t\t\t<\/div>\r\n\t\t\t\t\t\t\t<\/div>\r\n\r\n\t\t\r\n\t\t\t\t\t\r\n\t\t\t<div class=\"premium-pin elementor-invisible\" data-lng=\"8.813115\" data-lat=\"39.997037\" data-icon=\"\" data-icon-size=\"\" data-max-width=\"1000\" data-activated=\"\">\r\n\t\t\t\t\t\t\t\t\t<div class='premium-maps-info-container'>\r\n\r\n\t\t\t\t\t\t<div class='premium-maps-title-wrap'>\r\n\t\t\t\t\t\t\t<p class='premium-maps-info-title'>Area sosta camper Fodrongianus<\/p>\r\n\t\t\t\t\t\t<\/div>\r\n\r\n\t\t\t\t\t\t<div class='premium-maps-info-desc'>\r\n\t\t\t\t\t\t\t<p><a href=\"#fodrongianus\"><img loading=\"lazy\" decoding=\"async\" class=\"aligncenter size-full wp-image-6797\" src=\"https:\/\/yepcampers.com\/wp-content\/uploads\/2019\/03\/area-attrezzata-camper-fodrongianus-interno-sardegna.jpg\" alt=\"Fodrongianus | Aree di sosta camper in Sardegna\" width=\"250\" height=\"188\" \/><\/a><\/p>\t\t\t\t\t\t<\/div>\r\n\r\n\t\t\t\t\t<\/div>\r\n\t\t\t\t\t\t\t<\/div>\r\n\r\n\t\t\r\n\t\t\t\t\t\r\n\t\t\t<div class=\"premium-pin elementor-invisible\" data-lng=\"8.649090\" data-lat=\"39.757036\" data-icon=\"\" data-icon-size=\"\" data-max-width=\"1000\" data-activated=\"\">\r\n\t\t\t\t\t\t\t\t\t<div class='premium-maps-info-container'>\r\n\r\n\t\t\t\t\t\t<div class='premium-maps-title-wrap'>\r\n\t\t\t\t\t\t\t<p class='premium-maps-info-title'>Area sosta camper Marrubiu camper service<\/p>\r\n\t\t\t\t\t\t<\/div>\r\n\r\n\t\t\t\t\t\t<div class='premium-maps-info-desc'>\r\n\t\t\t\t\t\t\t<p><a href=\"#marrubiu\"><img loading=\"lazy\" decoding=\"async\" class=\"aligncenter size-full wp-image-6801\" src=\"https:\/\/yepcampers.com\/wp-content\/uploads\/2019\/03\/area-camper-service-marrubiu-interno-sardegna.jpg\" alt=\"Marrubiu | Aree di sosta camper in Sardegna\" width=\"250\" height=\"255\" \/><\/a><\/p>\t\t\t\t\t\t<\/div>\r\n\r\n\t\t\t\t\t<\/div>\r\n\t\t\t\t\t\t\t<\/div>\r\n\r\n\t\t\r\n\t\t\t\t\t\r\n\t\t\t<div class=\"premium-pin elementor-invisible\" data-lng=\"8.898341\" data-lat=\"39.722743\" data-icon=\"\" data-icon-size=\"\" data-max-width=\"1000\" data-activated=\"\">\r\n\t\t\t\t\t\t\t\t\t<div class='premium-maps-info-container'>\r\n\r\n\t\t\t\t\t\t<div class='premium-maps-title-wrap'>\r\n\t\t\t\t\t\t\t<p class='premium-maps-info-title'>Area sosta camper Baradili<\/p>\r\n\t\t\t\t\t\t<\/div>\r\n\r\n\t\t\t\t\t\t<div class='premium-maps-info-desc'>\r\n\t\t\t\t\t\t\t<p><a href=\"#baradili\"><img loading=\"lazy\" decoding=\"async\" class=\"aligncenter size-full wp-image-6793\" src=\"https:\/\/yepcampers.com\/wp-content\/uploads\/2019\/03\/area-sosta-camper-baradili-interno-sardegna.jpg\" alt=\"Baradili | Aree di sosta camper in Sardegna\" width=\"250\" height=\"141\" \/><\/a><\/p>\t\t\t\t\t\t<\/div>\r\n\r\n\t\t\t\t\t<\/div>\r\n\t\t\t\t\t\t\t<\/div>\r\n\r\n\t\t\r\n\t\t\t\t\t\r\n\t\t\t<\/div>\r\n\r\n\t\t\r\n\t<\/div>\r\n\r\n\t\t\t\t\t\t<\/div>\n\t\t\t\t\t<\/div>\n\t\t<\/div>\n\t\t\t\t\t<\/div>\n\t\t<\/section>\n\t\t\t\t<section class=\"elementor-section elementor-top-section elementor-element elementor-element-b4bc453 elementor-section-boxed elementor-section-height-default elementor-section-height-default\" data-id=\"b4bc453\" data-element_type=\"section\" data-e-type=\"section\" id=\"costa-sur\" data-settings=\"{&quot;jet_parallax_layout_list&quot;:[{&quot;jet_parallax_layout_image&quot;:{&quot;url&quot;:&quot;&quot;,&quot;id&quot;:&quot;&quot;,&quot;size&quot;:&quot;&quot;},&quot;_id&quot;:&quot;cb52157&quot;,&quot;jet_parallax_layout_speed&quot;:{&quot;unit&quot;:&quot;%&quot;,&quot;size&quot;:50,&quot;sizes&quot;:[]},&quot;jet_parallax_layout_image_tablet&quot;:{&quot;url&quot;:&quot;&quot;,&quot;id&quot;:&quot;&quot;,&quot;size&quot;:&quot;&quot;},&quot;jet_parallax_layout_image_mobile&quot;:{&quot;url&quot;:&quot;&quot;,&quot;id&quot;:&quot;&quot;,&quot;size&quot;:&quot;&quot;},&quot;jet_parallax_layout_type&quot;:&quot;scroll&quot;,&quot;jet_parallax_layout_direction&quot;:&quot;1&quot;,&quot;jet_parallax_layout_fx_direction&quot;:null,&quot;jet_parallax_layout_z_index&quot;:&quot;&quot;,&quot;jet_parallax_layout_bg_x&quot;:50,&quot;jet_parallax_layout_bg_x_tablet&quot;:&quot;&quot;,&quot;jet_parallax_layout_bg_x_mobile&quot;:&quot;&quot;,&quot;jet_parallax_layout_bg_y&quot;:50,&quot;jet_parallax_layout_bg_y_tablet&quot;:&quot;&quot;,&quot;jet_parallax_layout_bg_y_mobile&quot;:&quot;&quot;,&quot;jet_parallax_layout_bg_size&quot;:&quot;auto&quot;,&quot;jet_parallax_layout_bg_size_tablet&quot;:&quot;&quot;,&quot;jet_parallax_layout_bg_size_mobile&quot;:&quot;&quot;,&quot;jet_parallax_layout_animation_prop&quot;:&quot;transform&quot;,&quot;jet_parallax_layout_on&quot;:[&quot;desktop&quot;,&quot;tablet&quot;]}]}\">\n\t\t\t\t\t\t<div class=\"elementor-container elementor-column-gap-default\">\n\t\t\t\t\t<div class=\"elementor-column elementor-col-100 elementor-top-column elementor-element elementor-element-f017f51\" data-id=\"f017f51\" data-element_type=\"column\" data-e-type=\"column\">\n\t\t\t<div class=\"elementor-widget-wrap elementor-element-populated\">\n\t\t\t\t\t\t<div class=\"elementor-element elementor-element-0ad4aa9 elementor-widget elementor-widget-heading\" data-id=\"0ad4aa9\" data-element_type=\"widget\" data-e-type=\"widget\" data-widget_type=\"heading.default\">\n\t\t\t\t\t<h2 class=\"elementor-heading-title elementor-size-large\">\u00c1REAS AUTOCARAVANAS CERDE\u00d1A COSTA SUR<\/h2>\t\t\t\t<\/div>\n\t\t\t\t<div class=\"elementor-element elementor-element-ec1e842 elementor-widget-divider--view-line elementor-widget elementor-widget-divider\" data-id=\"ec1e842\" data-element_type=\"widget\" data-e-type=\"widget\" data-widget_type=\"divider.default\">\n\t\t\t\t\t\t\t<div class=\"elementor-divider\">\n\t\t\t<span class=\"elementor-divider-separator\">\n\t\t\t\t\t\t<\/span>\n\t\t<\/div>\n\t\t\t\t\t\t<\/div>\n\t\t\t\t\t<\/div>\n\t\t<\/div>\n\t\t\t\t\t<\/div>\n\t\t<\/section>\n\t\t\t\t<section class=\"elementor-section elementor-top-section elementor-element elementor-element-f35bd34 elementor-section-boxed elementor-section-height-default elementor-section-height-default\" data-id=\"f35bd34\" data-element_type=\"section\" data-e-type=\"section\" id=\"ilruscello\" data-settings=\"{&quot;jet_parallax_layout_list&quot;:[{&quot;jet_parallax_layout_image&quot;:{&quot;url&quot;:&quot;&quot;,&quot;id&quot;:&quot;&quot;,&quot;size&quot;:&quot;&quot;},&quot;_id&quot;:&quot;cb52157&quot;,&quot;jet_parallax_layout_speed&quot;:{&quot;unit&quot;:&quot;%&quot;,&quot;size&quot;:50,&quot;sizes&quot;:[]},&quot;jet_parallax_layout_image_tablet&quot;:{&quot;url&quot;:&quot;&quot;,&quot;id&quot;:&quot;&quot;,&quot;size&quot;:&quot;&quot;},&quot;jet_parallax_layout_image_mobile&quot;:{&quot;url&quot;:&quot;&quot;,&quot;id&quot;:&quot;&quot;,&quot;size&quot;:&quot;&quot;},&quot;jet_parallax_layout_type&quot;:&quot;scroll&quot;,&quot;jet_parallax_layout_direction&quot;:&quot;1&quot;,&quot;jet_parallax_layout_fx_direction&quot;:null,&quot;jet_parallax_layout_z_index&quot;:&quot;&quot;,&quot;jet_parallax_layout_bg_x&quot;:50,&quot;jet_parallax_layout_bg_x_tablet&quot;:&quot;&quot;,&quot;jet_parallax_layout_bg_x_mobile&quot;:&quot;&quot;,&quot;jet_parallax_layout_bg_y&quot;:50,&quot;jet_parallax_layout_bg_y_tablet&quot;:&quot;&quot;,&quot;jet_parallax_layout_bg_y_mobile&quot;:&quot;&quot;,&quot;jet_parallax_layout_bg_size&quot;:&quot;auto&quot;,&quot;jet_parallax_layout_bg_size_tablet&quot;:&quot;&quot;,&quot;jet_parallax_layout_bg_size_mobile&quot;:&quot;&quot;,&quot;jet_parallax_layout_animation_prop&quot;:&quot;transform&quot;,&quot;jet_parallax_layout_on&quot;:[&quot;desktop&quot;,&quot;tablet&quot;]}]}\">\n\t\t\t\t\t\t<div class=\"elementor-container elementor-column-gap-no\">\n\t\t\t\t\t<div class=\"elementor-column elementor-col-100 elementor-top-column elementor-element elementor-element-a6a1c55\" data-id=\"a6a1c55\" data-element_type=\"column\" data-e-type=\"column\">\n\t\t\t<div class=\"elementor-widget-wrap elementor-element-populated\">\n\t\t\t\t\t\t<div class=\"elementor-element elementor-element-38e1cad elementor-widget elementor-widget-text-editor\" data-id=\"38e1cad\" data-element_type=\"widget\" data-e-type=\"widget\" data-widget_type=\"text-editor.default\">\n\t\t\t\t\t\t\t\t\t<h3 style=\"text-align: center;\">\u00c1rea servicio autocaravanas Agricamping Il Ruscello<\/h3>\t\t\t\t\t\t\t\t<\/div>\n\t\t\t\t<div class=\"elementor-element elementor-element-8176ea3 elementor-widget elementor-widget-text-editor\" data-id=\"8176ea3\" data-element_type=\"widget\" data-e-type=\"widget\" data-widget_type=\"text-editor.default\">\n\t\t\t\t\t\t\t\t\t<p style=\"text-align: center;\">Agricamping il Ruscello ofrece un \u00e1rea de servicio para 86 autocaravanas y furgonetas camper a unos 3 km del mar. <a href=\"tel: +393407788952\">+393407788952<\/a>, <a href=\"mailto:campingruscello@virgilio.it\">campingruscello@virgilio.it <\/a><\/p>\t\t\t\t\t\t\t\t<\/div>\n\t\t\t\t\t<\/div>\n\t\t<\/div>\n\t\t\t\t\t<\/div>\n\t\t<\/section>\n\t\t\t\t<section class=\"elementor-section elementor-top-section elementor-element elementor-element-76fa7d5 elementor-section-boxed elementor-section-height-default elementor-section-height-default\" data-id=\"76fa7d5\" data-element_type=\"section\" data-e-type=\"section\" id=\"tramatzu\" data-settings=\"{&quot;jet_parallax_layout_list&quot;:[{&quot;jet_parallax_layout_image&quot;:{&quot;url&quot;:&quot;&quot;,&quot;id&quot;:&quot;&quot;,&quot;size&quot;:&quot;&quot;},&quot;_id&quot;:&quot;cb52157&quot;,&quot;jet_parallax_layout_speed&quot;:{&quot;unit&quot;:&quot;%&quot;,&quot;size&quot;:50,&quot;sizes&quot;:[]},&quot;jet_parallax_layout_image_tablet&quot;:{&quot;url&quot;:&quot;&quot;,&quot;id&quot;:&quot;&quot;,&quot;size&quot;:&quot;&quot;},&quot;jet_parallax_layout_image_mobile&quot;:{&quot;url&quot;:&quot;&quot;,&quot;id&quot;:&quot;&quot;,&quot;size&quot;:&quot;&quot;},&quot;jet_parallax_layout_type&quot;:&quot;scroll&quot;,&quot;jet_parallax_layout_direction&quot;:&quot;1&quot;,&quot;jet_parallax_layout_fx_direction&quot;:null,&quot;jet_parallax_layout_z_index&quot;:&quot;&quot;,&quot;jet_parallax_layout_bg_x&quot;:50,&quot;jet_parallax_layout_bg_x_tablet&quot;:&quot;&quot;,&quot;jet_parallax_layout_bg_x_mobile&quot;:&quot;&quot;,&quot;jet_parallax_layout_bg_y&quot;:50,&quot;jet_parallax_layout_bg_y_tablet&quot;:&quot;&quot;,&quot;jet_parallax_layout_bg_y_mobile&quot;:&quot;&quot;,&quot;jet_parallax_layout_bg_size&quot;:&quot;auto&quot;,&quot;jet_parallax_layout_bg_size_tablet&quot;:&quot;&quot;,&quot;jet_parallax_layout_bg_size_mobile&quot;:&quot;&quot;,&quot;jet_parallax_layout_animation_prop&quot;:&quot;transform&quot;,&quot;jet_parallax_layout_on&quot;:[&quot;desktop&quot;,&quot;tablet&quot;]}]}\">\n\t\t\t\t\t\t<div class=\"elementor-container elementor-column-gap-no\">\n\t\t\t\t\t<div class=\"elementor-column elementor-col-100 elementor-top-column elementor-element elementor-element-a1fbcb5\" data-id=\"a1fbcb5\" data-element_type=\"column\" data-e-type=\"column\">\n\t\t\t<div class=\"elementor-widget-wrap elementor-element-populated\">\n\t\t\t\t\t\t<div class=\"elementor-element elementor-element-1618278 elementor-widget elementor-widget-text-editor\" data-id=\"1618278\" data-element_type=\"widget\" data-e-type=\"widget\" data-widget_type=\"text-editor.default\">\n\t\t\t\t\t\t\t\t\t<h3 style=\"text-align: center;\"><a href=\"http:\/\/www.campingportutramatzu.it\/\" target=\"_blank\" rel=\"noopener\">Camping Portu Tramatzu<\/a><\/h3>\t\t\t\t\t\t\t\t<\/div>\n\t\t\t\t<div class=\"elementor-element elementor-element-fe68aa9 elementor-widget elementor-widget-text-editor\" data-id=\"fe68aa9\" data-element_type=\"widget\" data-e-type=\"widget\" data-widget_type=\"text-editor.default\">\n\t\t\t\t\t\t\t\t\t<p style=\"text-align: center;\">El Camping Portu Tramatzu se encuentra a unos pocos kil\u00f3metros de Teulada y a solo 65 km de Cagliari, en una posici\u00f3n envidiable cerca de las hermosas playas de Tuaredda, Capo Malfatano, Piscinn\u00ec y Porto Budello.\u00a0 <a href=\"tel: +390709283027\">+390709283027 <\/a><a href=\"tel: +393463988861\">+393463988861<\/a>, <a href=\"mailto:info@campingportutramatzu.it\">info@campingportutramatzu.it<\/a><\/p>\t\t\t\t\t\t\t\t<\/div>\n\t\t\t\t\t<\/div>\n\t\t<\/div>\n\t\t\t\t\t<\/div>\n\t\t<\/section>\n\t\t\t\t<section class=\"elementor-section elementor-top-section elementor-element elementor-element-81c12d9 elementor-section-boxed elementor-section-height-default elementor-section-height-default\" data-id=\"81c12d9\" data-element_type=\"section\" data-e-type=\"section\" id=\"culurgioni\" data-settings=\"{&quot;jet_parallax_layout_list&quot;:[{&quot;jet_parallax_layout_image&quot;:{&quot;url&quot;:&quot;&quot;,&quot;id&quot;:&quot;&quot;,&quot;size&quot;:&quot;&quot;},&quot;_id&quot;:&quot;cb52157&quot;,&quot;jet_parallax_layout_speed&quot;:{&quot;unit&quot;:&quot;%&quot;,&quot;size&quot;:50,&quot;sizes&quot;:[]},&quot;jet_parallax_layout_image_tablet&quot;:{&quot;url&quot;:&quot;&quot;,&quot;id&quot;:&quot;&quot;,&quot;size&quot;:&quot;&quot;},&quot;jet_parallax_layout_image_mobile&quot;:{&quot;url&quot;:&quot;&quot;,&quot;id&quot;:&quot;&quot;,&quot;size&quot;:&quot;&quot;},&quot;jet_parallax_layout_type&quot;:&quot;scroll&quot;,&quot;jet_parallax_layout_direction&quot;:&quot;1&quot;,&quot;jet_parallax_layout_fx_direction&quot;:null,&quot;jet_parallax_layout_z_index&quot;:&quot;&quot;,&quot;jet_parallax_layout_bg_x&quot;:50,&quot;jet_parallax_layout_bg_x_tablet&quot;:&quot;&quot;,&quot;jet_parallax_layout_bg_x_mobile&quot;:&quot;&quot;,&quot;jet_parallax_layout_bg_y&quot;:50,&quot;jet_parallax_layout_bg_y_tablet&quot;:&quot;&quot;,&quot;jet_parallax_layout_bg_y_mobile&quot;:&quot;&quot;,&quot;jet_parallax_layout_bg_size&quot;:&quot;auto&quot;,&quot;jet_parallax_layout_bg_size_tablet&quot;:&quot;&quot;,&quot;jet_parallax_layout_bg_size_mobile&quot;:&quot;&quot;,&quot;jet_parallax_layout_animation_prop&quot;:&quot;transform&quot;,&quot;jet_parallax_layout_on&quot;:[&quot;desktop&quot;,&quot;tablet&quot;]}]}\">\n\t\t\t\t\t\t<div class=\"elementor-container elementor-column-gap-no\">\n\t\t\t\t\t<div class=\"elementor-column elementor-col-100 elementor-top-column elementor-element elementor-element-e6e5217\" data-id=\"e6e5217\" data-element_type=\"column\" data-e-type=\"column\">\n\t\t\t<div class=\"elementor-widget-wrap elementor-element-populated\">\n\t\t\t\t\t\t<div class=\"elementor-element elementor-element-8814e3d elementor-widget elementor-widget-text-editor\" data-id=\"8814e3d\" data-element_type=\"widget\" data-e-type=\"widget\" data-widget_type=\"text-editor.default\">\n\t\t\t\t\t\t\t\t\t<h3 style=\"text-align: center;\"><a href=\"https:\/\/www.areacamperchia.net\/\" target=\"_blank\" rel=\"noopener\">\u00c1rea servicio autocaravanas Culurgioni<\/a><\/h3>\t\t\t\t\t\t\t\t<\/div>\n\t\t\t\t<div class=\"elementor-element elementor-element-fbbf992 elementor-widget elementor-widget-text-editor\" data-id=\"fbbf992\" data-element_type=\"widget\" data-e-type=\"widget\" data-widget_type=\"text-editor.default\">\n\t\t\t\t\t\t\t\t\t<p style=\"text-align: center;\">Culurgioni es un \u00e1rea de servicio para autocaravanas a la sombra, a pocos pasos del mar, cerca de la playa de Su Giudeu. Es un \u00e1rea para autocaravanas que acepta mascotas y ofrece agua potable, carga y descarga y eliminaci\u00f3n de desechos.\u00a0 <a href=\"tel: +393392307096\">+393392307096<\/a>\u00a0&#8211;<a href=\"mailto:nicolaculurgioni@tiscali.it\">nicolaculurgioni@tiscali.it<\/a><\/p>\t\t\t\t\t\t\t\t<\/div>\n\t\t\t\t\t<\/div>\n\t\t<\/div>\n\t\t\t\t\t<\/div>\n\t\t<\/section>\n\t\t\t\t<section class=\"elementor-section elementor-top-section elementor-element elementor-element-e897578 elementor-section-boxed elementor-section-height-default elementor-section-height-default\" data-id=\"e897578\" data-element_type=\"section\" data-e-type=\"section\" id=\"torrechia\" data-settings=\"{&quot;jet_parallax_layout_list&quot;:[{&quot;jet_parallax_layout_image&quot;:{&quot;url&quot;:&quot;&quot;,&quot;id&quot;:&quot;&quot;,&quot;size&quot;:&quot;&quot;},&quot;_id&quot;:&quot;cb52157&quot;,&quot;jet_parallax_layout_speed&quot;:{&quot;unit&quot;:&quot;%&quot;,&quot;size&quot;:50,&quot;sizes&quot;:[]},&quot;jet_parallax_layout_image_tablet&quot;:{&quot;url&quot;:&quot;&quot;,&quot;id&quot;:&quot;&quot;,&quot;size&quot;:&quot;&quot;},&quot;jet_parallax_layout_image_mobile&quot;:{&quot;url&quot;:&quot;&quot;,&quot;id&quot;:&quot;&quot;,&quot;size&quot;:&quot;&quot;},&quot;jet_parallax_layout_type&quot;:&quot;scroll&quot;,&quot;jet_parallax_layout_direction&quot;:&quot;1&quot;,&quot;jet_parallax_layout_fx_direction&quot;:null,&quot;jet_parallax_layout_z_index&quot;:&quot;&quot;,&quot;jet_parallax_layout_bg_x&quot;:50,&quot;jet_parallax_layout_bg_x_tablet&quot;:&quot;&quot;,&quot;jet_parallax_layout_bg_x_mobile&quot;:&quot;&quot;,&quot;jet_parallax_layout_bg_y&quot;:50,&quot;jet_parallax_layout_bg_y_tablet&quot;:&quot;&quot;,&quot;jet_parallax_layout_bg_y_mobile&quot;:&quot;&quot;,&quot;jet_parallax_layout_bg_size&quot;:&quot;auto&quot;,&quot;jet_parallax_layout_bg_size_tablet&quot;:&quot;&quot;,&quot;jet_parallax_layout_bg_size_mobile&quot;:&quot;&quot;,&quot;jet_parallax_layout_animation_prop&quot;:&quot;transform&quot;,&quot;jet_parallax_layout_on&quot;:[&quot;desktop&quot;,&quot;tablet&quot;]}]}\">\n\t\t\t\t\t\t<div class=\"elementor-container elementor-column-gap-no\">\n\t\t\t\t\t<div class=\"elementor-column elementor-col-100 elementor-top-column elementor-element elementor-element-e004414\" data-id=\"e004414\" data-element_type=\"column\" data-e-type=\"column\">\n\t\t\t<div class=\"elementor-widget-wrap elementor-element-populated\">\n\t\t\t\t\t\t<div class=\"elementor-element elementor-element-e154e9d elementor-widget elementor-widget-text-editor\" data-id=\"e154e9d\" data-element_type=\"widget\" data-e-type=\"widget\" data-widget_type=\"text-editor.default\">\n\t\t\t\t\t\t\t\t\t<h3 style=\"text-align: center;\"><a href=\"http:\/\/www.campeggiotorrechia.com\/\" target=\"_blank\" rel=\"noopener\">Campeggio Torre Chia<\/a><\/h3>\t\t\t\t\t\t\t\t<\/div>\n\t\t\t\t<div class=\"elementor-element elementor-element-3073466 elementor-widget elementor-widget-text-editor\" data-id=\"3073466\" data-element_type=\"widget\" data-e-type=\"widget\" data-widget_type=\"text-editor.default\">\n\t\t\t\t\t\t\t\t\t<p style=\"text-align: center;\">El Camping Torre Chia est\u00e1 ubicado en una playa maravillosa y ofrece 108 parcelas para autocaravanas, carpas y furgonetas camper. Todos los ba\u00f1os y servicio de camper disponibles. <a href=\"tel: +390709230054\">+390709230054<\/a> &#8211; <a href=\"mailto:info@campeggiotorrechia.com\">info@campeggiotorrechia.com<\/a><\/p>\t\t\t\t\t\t\t\t<\/div>\n\t\t\t\t\t<\/div>\n\t\t<\/div>\n\t\t\t\t\t<\/div>\n\t\t<\/section>\n\t\t\t\t<section class=\"elementor-section elementor-top-section elementor-element elementor-element-4573595 elementor-section-boxed elementor-section-height-default elementor-section-height-default\" data-id=\"4573595\" data-element_type=\"section\" data-e-type=\"section\" id=\"caladostia\" data-settings=\"{&quot;jet_parallax_layout_list&quot;:[{&quot;jet_parallax_layout_image&quot;:{&quot;url&quot;:&quot;&quot;,&quot;id&quot;:&quot;&quot;,&quot;size&quot;:&quot;&quot;},&quot;_id&quot;:&quot;cb52157&quot;,&quot;jet_parallax_layout_speed&quot;:{&quot;unit&quot;:&quot;%&quot;,&quot;size&quot;:50,&quot;sizes&quot;:[]},&quot;jet_parallax_layout_image_tablet&quot;:{&quot;url&quot;:&quot;&quot;,&quot;id&quot;:&quot;&quot;,&quot;size&quot;:&quot;&quot;},&quot;jet_parallax_layout_image_mobile&quot;:{&quot;url&quot;:&quot;&quot;,&quot;id&quot;:&quot;&quot;,&quot;size&quot;:&quot;&quot;},&quot;jet_parallax_layout_type&quot;:&quot;scroll&quot;,&quot;jet_parallax_layout_direction&quot;:&quot;1&quot;,&quot;jet_parallax_layout_fx_direction&quot;:null,&quot;jet_parallax_layout_z_index&quot;:&quot;&quot;,&quot;jet_parallax_layout_bg_x&quot;:50,&quot;jet_parallax_layout_bg_x_tablet&quot;:&quot;&quot;,&quot;jet_parallax_layout_bg_x_mobile&quot;:&quot;&quot;,&quot;jet_parallax_layout_bg_y&quot;:50,&quot;jet_parallax_layout_bg_y_tablet&quot;:&quot;&quot;,&quot;jet_parallax_layout_bg_y_mobile&quot;:&quot;&quot;,&quot;jet_parallax_layout_bg_size&quot;:&quot;auto&quot;,&quot;jet_parallax_layout_bg_size_tablet&quot;:&quot;&quot;,&quot;jet_parallax_layout_bg_size_mobile&quot;:&quot;&quot;,&quot;jet_parallax_layout_animation_prop&quot;:&quot;transform&quot;,&quot;jet_parallax_layout_on&quot;:[&quot;desktop&quot;,&quot;tablet&quot;]}]}\">\n\t\t\t\t\t\t<div class=\"elementor-container elementor-column-gap-no\">\n\t\t\t\t\t<div class=\"elementor-column elementor-col-100 elementor-top-column elementor-element elementor-element-9f045cf\" data-id=\"9f045cf\" data-element_type=\"column\" data-e-type=\"column\">\n\t\t\t<div class=\"elementor-widget-wrap elementor-element-populated\">\n\t\t\t\t\t\t<div class=\"elementor-element elementor-element-2c51e7e elementor-widget elementor-widget-text-editor\" data-id=\"2c51e7e\" data-element_type=\"widget\" data-e-type=\"widget\" data-widget_type=\"text-editor.default\">\n\t\t\t\t\t\t\t\t\t<h3 style=\"text-align: center;\"><a href=\"https:\/\/www.campingcaladostia.com\" target=\"_blank\" rel=\"noopener\">Camping Cala d&#8217;Ostia<\/a><\/h3>\t\t\t\t\t\t\t\t<\/div>\n\t\t\t\t<div class=\"elementor-element elementor-element-01ea716 elementor-widget elementor-widget-text-editor\" data-id=\"01ea716\" data-element_type=\"widget\" data-e-type=\"widget\" data-widget_type=\"text-editor.default\">\n\t\t\t\t\t\t\t\t\t<p style=\"text-align: center;\">El Camping Cala d&#8217;Ostia, con vistas directas al mar en una zona verde y exuberante, ofrece 190 parcelas equipadas para autocaravanas a pocos metros de las playas blancas de la costa sur de Cerde\u00f1a. <a href=\"tel: +39070921470\">+39070921470<\/a><br \/><a href=\"tel: +393405068534\">+393405068534\u00a0<\/a>&#8211; <a href=\"mailto:booking@campingcaladostia.com\">booking@campingcaladostia.com<\/a><\/p>\t\t\t\t\t\t\t\t<\/div>\n\t\t\t\t\t<\/div>\n\t\t<\/div>\n\t\t\t\t\t<\/div>\n\t\t<\/section>\n\t\t\t\t<section class=\"elementor-section elementor-top-section elementor-element elementor-element-a2773fd elementor-section-boxed elementor-section-height-default elementor-section-height-default\" data-id=\"a2773fd\" data-element_type=\"section\" data-e-type=\"section\" id=\"flumendosa\" data-settings=\"{&quot;jet_parallax_layout_list&quot;:[{&quot;jet_parallax_layout_image&quot;:{&quot;url&quot;:&quot;&quot;,&quot;id&quot;:&quot;&quot;,&quot;size&quot;:&quot;&quot;},&quot;_id&quot;:&quot;cb52157&quot;,&quot;jet_parallax_layout_speed&quot;:{&quot;unit&quot;:&quot;%&quot;,&quot;size&quot;:50,&quot;sizes&quot;:[]},&quot;jet_parallax_layout_image_tablet&quot;:{&quot;url&quot;:&quot;&quot;,&quot;id&quot;:&quot;&quot;,&quot;size&quot;:&quot;&quot;},&quot;jet_parallax_layout_image_mobile&quot;:{&quot;url&quot;:&quot;&quot;,&quot;id&quot;:&quot;&quot;,&quot;size&quot;:&quot;&quot;},&quot;jet_parallax_layout_type&quot;:&quot;scroll&quot;,&quot;jet_parallax_layout_direction&quot;:&quot;1&quot;,&quot;jet_parallax_layout_fx_direction&quot;:null,&quot;jet_parallax_layout_z_index&quot;:&quot;&quot;,&quot;jet_parallax_layout_bg_x&quot;:50,&quot;jet_parallax_layout_bg_x_tablet&quot;:&quot;&quot;,&quot;jet_parallax_layout_bg_x_mobile&quot;:&quot;&quot;,&quot;jet_parallax_layout_bg_y&quot;:50,&quot;jet_parallax_layout_bg_y_tablet&quot;:&quot;&quot;,&quot;jet_parallax_layout_bg_y_mobile&quot;:&quot;&quot;,&quot;jet_parallax_layout_bg_size&quot;:&quot;auto&quot;,&quot;jet_parallax_layout_bg_size_tablet&quot;:&quot;&quot;,&quot;jet_parallax_layout_bg_size_mobile&quot;:&quot;&quot;,&quot;jet_parallax_layout_animation_prop&quot;:&quot;transform&quot;,&quot;jet_parallax_layout_on&quot;:[&quot;desktop&quot;,&quot;tablet&quot;]}]}\">\n\t\t\t\t\t\t<div class=\"elementor-container elementor-column-gap-no\">\n\t\t\t\t\t<div class=\"elementor-column elementor-col-100 elementor-top-column elementor-element elementor-element-14022a6\" data-id=\"14022a6\" data-element_type=\"column\" data-e-type=\"column\">\n\t\t\t<div class=\"elementor-widget-wrap elementor-element-populated\">\n\t\t\t\t\t\t<div class=\"elementor-element elementor-element-b077b20 elementor-widget elementor-widget-text-editor\" data-id=\"b077b20\" data-element_type=\"widget\" data-e-type=\"widget\" data-widget_type=\"text-editor.default\">\n\t\t\t\t\t\t\t\t\t<h3 style=\"text-align: center;\"><a href=\"http:\/\/www.campingflumendosa.com\" target=\"_blank\" rel=\"noopener\">Camping Flumendosa<\/a><\/h3>\t\t\t\t\t\t\t\t<\/div>\n\t\t\t\t<div class=\"elementor-element elementor-element-3f69033 elementor-widget elementor-widget-text-editor\" data-id=\"3f69033\" data-element_type=\"widget\" data-e-type=\"widget\" data-widget_type=\"text-editor.default\">\n\t\t\t\t\t\t\t\t\t<p style=\"text-align: center;\">El Camping Flumendosa se encuentra en la playa de Santa Margherita di Pula. El Flumendosa ofrece parcelas espaciosas y sombreadas para autocaravanas y furgonetas camper, a pocos pasos del mar. <a href=\"tel: +390704615332\">+390704615332<\/a> <a href=\"tel: +393929623094\">+393929623094<\/a> &#8211; <a href=\"mailto:info@campingflumendosa.com\">info@campingflumendosa.com<\/a><\/p>\t\t\t\t\t\t\t\t<\/div>\n\t\t\t\t\t<\/div>\n\t\t<\/div>\n\t\t\t\t\t<\/div>\n\t\t<\/section>\n\t\t\t\t<section class=\"elementor-section elementor-top-section elementor-element elementor-element-2d4dc90 elementor-section-boxed elementor-section-height-default elementor-section-height-default\" data-id=\"2d4dc90\" data-element_type=\"section\" data-e-type=\"section\" id=\"cagliaripark\" data-settings=\"{&quot;jet_parallax_layout_list&quot;:[{&quot;jet_parallax_layout_image&quot;:{&quot;url&quot;:&quot;&quot;,&quot;id&quot;:&quot;&quot;,&quot;size&quot;:&quot;&quot;},&quot;_id&quot;:&quot;cb52157&quot;,&quot;jet_parallax_layout_speed&quot;:{&quot;unit&quot;:&quot;%&quot;,&quot;size&quot;:50,&quot;sizes&quot;:[]},&quot;jet_parallax_layout_image_tablet&quot;:{&quot;url&quot;:&quot;&quot;,&quot;id&quot;:&quot;&quot;,&quot;size&quot;:&quot;&quot;},&quot;jet_parallax_layout_image_mobile&quot;:{&quot;url&quot;:&quot;&quot;,&quot;id&quot;:&quot;&quot;,&quot;size&quot;:&quot;&quot;},&quot;jet_parallax_layout_type&quot;:&quot;scroll&quot;,&quot;jet_parallax_layout_direction&quot;:&quot;1&quot;,&quot;jet_parallax_layout_fx_direction&quot;:null,&quot;jet_parallax_layout_z_index&quot;:&quot;&quot;,&quot;jet_parallax_layout_bg_x&quot;:50,&quot;jet_parallax_layout_bg_x_tablet&quot;:&quot;&quot;,&quot;jet_parallax_layout_bg_x_mobile&quot;:&quot;&quot;,&quot;jet_parallax_layout_bg_y&quot;:50,&quot;jet_parallax_layout_bg_y_tablet&quot;:&quot;&quot;,&quot;jet_parallax_layout_bg_y_mobile&quot;:&quot;&quot;,&quot;jet_parallax_layout_bg_size&quot;:&quot;auto&quot;,&quot;jet_parallax_layout_bg_size_tablet&quot;:&quot;&quot;,&quot;jet_parallax_layout_bg_size_mobile&quot;:&quot;&quot;,&quot;jet_parallax_layout_animation_prop&quot;:&quot;transform&quot;,&quot;jet_parallax_layout_on&quot;:[&quot;desktop&quot;,&quot;tablet&quot;]}]}\">\n\t\t\t\t\t\t<div class=\"elementor-container elementor-column-gap-no\">\n\t\t\t\t\t<div class=\"elementor-column elementor-col-100 elementor-top-column elementor-element elementor-element-5d5beac\" data-id=\"5d5beac\" data-element_type=\"column\" data-e-type=\"column\">\n\t\t\t<div class=\"elementor-widget-wrap elementor-element-populated\">\n\t\t\t\t\t\t<div class=\"elementor-element elementor-element-b2ae078 elementor-widget elementor-widget-text-editor\" data-id=\"b2ae078\" data-element_type=\"widget\" data-e-type=\"widget\" data-widget_type=\"text-editor.default\">\n\t\t\t\t\t\t\t\t\t<h3 style=\"text-align: center;\"><a href=\"http:\/\/www.campercagliaripark.it\/\" target=\"_blank\" rel=\"noopener\">\u00c1rea servicio autocaravanas Cagliari Park<\/a><\/h3>\t\t\t\t\t\t\t\t<\/div>\n\t\t\t\t<div class=\"elementor-element elementor-element-dbdb3e6 elementor-widget elementor-widget-text-editor\" data-id=\"dbdb3e6\" data-element_type=\"widget\" data-e-type=\"widget\" data-widget_type=\"text-editor.default\">\n\t\t\t\t\t\t\t\t\t<p style=\"text-align: center;\">Cagliari Camper Park es un \u00e1rea de servicio para autocaravanas iluminada abierta las 24 horas del d\u00eda, donde tambi\u00e9n es posible detenerse para pasar la noche en el centro de la ciudad. <a href=\"tel: +39070303147\">+39070303147<\/a> &#8211; <a href=\"mailto:info@campercagliaripark.it\">info@campercagliaripark.it<\/a><\/p>\t\t\t\t\t\t\t\t<\/div>\n\t\t\t\t\t<\/div>\n\t\t<\/div>\n\t\t\t\t\t<\/div>\n\t\t<\/section>\n\t\t\t\t<section class=\"elementor-section elementor-top-section elementor-element elementor-element-59caebf elementor-section-boxed elementor-section-height-default elementor-section-height-default\" data-id=\"59caebf\" data-element_type=\"section\" data-e-type=\"section\" id=\"piniemare\" data-settings=\"{&quot;jet_parallax_layout_list&quot;:[{&quot;jet_parallax_layout_image&quot;:{&quot;url&quot;:&quot;&quot;,&quot;id&quot;:&quot;&quot;,&quot;size&quot;:&quot;&quot;},&quot;_id&quot;:&quot;cb52157&quot;,&quot;jet_parallax_layout_speed&quot;:{&quot;unit&quot;:&quot;%&quot;,&quot;size&quot;:50,&quot;sizes&quot;:[]},&quot;jet_parallax_layout_image_tablet&quot;:{&quot;url&quot;:&quot;&quot;,&quot;id&quot;:&quot;&quot;,&quot;size&quot;:&quot;&quot;},&quot;jet_parallax_layout_image_mobile&quot;:{&quot;url&quot;:&quot;&quot;,&quot;id&quot;:&quot;&quot;,&quot;size&quot;:&quot;&quot;},&quot;jet_parallax_layout_type&quot;:&quot;scroll&quot;,&quot;jet_parallax_layout_direction&quot;:&quot;1&quot;,&quot;jet_parallax_layout_fx_direction&quot;:null,&quot;jet_parallax_layout_z_index&quot;:&quot;&quot;,&quot;jet_parallax_layout_bg_x&quot;:50,&quot;jet_parallax_layout_bg_x_tablet&quot;:&quot;&quot;,&quot;jet_parallax_layout_bg_x_mobile&quot;:&quot;&quot;,&quot;jet_parallax_layout_bg_y&quot;:50,&quot;jet_parallax_layout_bg_y_tablet&quot;:&quot;&quot;,&quot;jet_parallax_layout_bg_y_mobile&quot;:&quot;&quot;,&quot;jet_parallax_layout_bg_size&quot;:&quot;auto&quot;,&quot;jet_parallax_layout_bg_size_tablet&quot;:&quot;&quot;,&quot;jet_parallax_layout_bg_size_mobile&quot;:&quot;&quot;,&quot;jet_parallax_layout_animation_prop&quot;:&quot;transform&quot;,&quot;jet_parallax_layout_on&quot;:[&quot;desktop&quot;,&quot;tablet&quot;]}]}\">\n\t\t\t\t\t\t<div class=\"elementor-container elementor-column-gap-no\">\n\t\t\t\t\t<div class=\"elementor-column elementor-col-100 elementor-top-column elementor-element elementor-element-1e3be79\" data-id=\"1e3be79\" data-element_type=\"column\" data-e-type=\"column\">\n\t\t\t<div class=\"elementor-widget-wrap elementor-element-populated\">\n\t\t\t\t\t\t<div class=\"elementor-element elementor-element-d655cd2 elementor-widget elementor-widget-text-editor\" data-id=\"d655cd2\" data-element_type=\"widget\" data-e-type=\"widget\" data-widget_type=\"text-editor.default\">\n\t\t\t\t\t\t\t\t\t<h3 style=\"text-align: center;\"><a href=\"http:\/\/www.piniemare.com\/\" target=\"_blank\" rel=\"noopener\">Camping Pini e Mare<\/a><\/h3>\t\t\t\t\t\t\t\t<\/div>\n\t\t\t\t<div class=\"elementor-element elementor-element-f2734a7 elementor-widget elementor-widget-text-editor\" data-id=\"f2734a7\" data-element_type=\"widget\" data-e-type=\"widget\" data-widget_type=\"text-editor.default\">\n\t\t\t\t\t\t\t\t\t<p style=\"text-align: center;\">A pocos kil\u00f3metros de Cagliari, el Camping Pini e Mare est\u00e1 ubicado en un espl\u00e9ndido bosque de pinos y cuenta con amplias parcelas para autocaravanas y furgonetas camper con electricidad y ba\u00f1os. <a href=\"tel: +39070803103\">+<span style=\"font-size: 16px; font-style: normal; font-weight: 400;\">39070803103 +<\/span><\/a><a href=\"tel: +393938282288\">393938282288<\/a> &#8211;\u00a0<a href=\"mailto:info@piniemare.com\">info@piniemare.com<\/a><\/p>\t\t\t\t\t\t\t\t<\/div>\n\t\t\t\t\t<\/div>\n\t\t<\/div>\n\t\t\t\t\t<\/div>\n\t\t<\/section>\n\t\t\t\t<section class=\"elementor-section elementor-top-section elementor-element elementor-element-6491f4b elementor-section-boxed elementor-section-height-default elementor-section-height-default\" data-id=\"6491f4b\" data-element_type=\"section\" data-e-type=\"section\" id=\"spiaggiadelriso\" data-settings=\"{&quot;jet_parallax_layout_list&quot;:[{&quot;jet_parallax_layout_image&quot;:{&quot;url&quot;:&quot;&quot;,&quot;id&quot;:&quot;&quot;,&quot;size&quot;:&quot;&quot;},&quot;_id&quot;:&quot;cb52157&quot;,&quot;jet_parallax_layout_speed&quot;:{&quot;unit&quot;:&quot;%&quot;,&quot;size&quot;:50,&quot;sizes&quot;:[]},&quot;jet_parallax_layout_image_tablet&quot;:{&quot;url&quot;:&quot;&quot;,&quot;id&quot;:&quot;&quot;,&quot;size&quot;:&quot;&quot;},&quot;jet_parallax_layout_image_mobile&quot;:{&quot;url&quot;:&quot;&quot;,&quot;id&quot;:&quot;&quot;,&quot;size&quot;:&quot;&quot;},&quot;jet_parallax_layout_type&quot;:&quot;scroll&quot;,&quot;jet_parallax_layout_direction&quot;:&quot;1&quot;,&quot;jet_parallax_layout_fx_direction&quot;:null,&quot;jet_parallax_layout_z_index&quot;:&quot;&quot;,&quot;jet_parallax_layout_bg_x&quot;:50,&quot;jet_parallax_layout_bg_x_tablet&quot;:&quot;&quot;,&quot;jet_parallax_layout_bg_x_mobile&quot;:&quot;&quot;,&quot;jet_parallax_layout_bg_y&quot;:50,&quot;jet_parallax_layout_bg_y_tablet&quot;:&quot;&quot;,&quot;jet_parallax_layout_bg_y_mobile&quot;:&quot;&quot;,&quot;jet_parallax_layout_bg_size&quot;:&quot;auto&quot;,&quot;jet_parallax_layout_bg_size_tablet&quot;:&quot;&quot;,&quot;jet_parallax_layout_bg_size_mobile&quot;:&quot;&quot;,&quot;jet_parallax_layout_animation_prop&quot;:&quot;transform&quot;,&quot;jet_parallax_layout_on&quot;:[&quot;desktop&quot;,&quot;tablet&quot;]}]}\">\n\t\t\t\t\t\t<div class=\"elementor-container elementor-column-gap-no\">\n\t\t\t\t\t<div class=\"elementor-column elementor-col-100 elementor-top-column elementor-element elementor-element-8225f4f\" data-id=\"8225f4f\" data-element_type=\"column\" data-e-type=\"column\">\n\t\t\t<div class=\"elementor-widget-wrap elementor-element-populated\">\n\t\t\t\t\t\t<div class=\"elementor-element elementor-element-530e296 elementor-widget elementor-widget-text-editor\" data-id=\"530e296\" data-element_type=\"widget\" data-e-type=\"widget\" data-widget_type=\"text-editor.default\">\n\t\t\t\t\t\t\t\t\t<h3 style=\"text-align: center;\"><a href=\"http:\/\/www.villaggiospiaggiadelriso.it\" target=\"_blank\" rel=\"noopener\">Villaggio Camping Spiaggia del Riso <\/a><\/h3>\t\t\t\t\t\t\t\t<\/div>\n\t\t\t\t<div class=\"elementor-element elementor-element-b8c8a8d elementor-widget elementor-widget-text-editor\" data-id=\"b8c8a8d\" data-element_type=\"widget\" data-e-type=\"widget\" data-widget_type=\"text-editor.default\">\n\t\t\t\t\t\t\t\t\t<p style=\"text-align: center;\">En el espl\u00e9ndido Villasimius, a solo 50 km de Cagliari, el Villaggio Camping Spiaggia del Riso se encuentra frente al mar en una de las playas m\u00e1s hermosas del pa\u00eds y ofrece 217 parcelas para autocaravanas y tiendas de campa\u00f1a. <a href=\"tel: +39070791052\">+39070791052<\/a> &#8211; <a href=\"mailto:info@villaggiospiaggiadelriso.it\">info@villaggiospiaggiadelriso.it<\/a><\/p>\t\t\t\t\t\t\t\t<\/div>\n\t\t\t\t\t<\/div>\n\t\t<\/div>\n\t\t\t\t\t<\/div>\n\t\t<\/section>\n\t\t\t\t<section class=\"elementor-section elementor-top-section elementor-element elementor-element-5eaff8a elementor-section-boxed elementor-section-height-default elementor-section-height-default\" data-id=\"5eaff8a\" data-element_type=\"section\" data-e-type=\"section\" id=\"gliaranci\" data-settings=\"{&quot;jet_parallax_layout_list&quot;:[{&quot;jet_parallax_layout_image&quot;:{&quot;url&quot;:&quot;&quot;,&quot;id&quot;:&quot;&quot;,&quot;size&quot;:&quot;&quot;},&quot;_id&quot;:&quot;cb52157&quot;,&quot;jet_parallax_layout_speed&quot;:{&quot;unit&quot;:&quot;%&quot;,&quot;size&quot;:50,&quot;sizes&quot;:[]},&quot;jet_parallax_layout_image_tablet&quot;:{&quot;url&quot;:&quot;&quot;,&quot;id&quot;:&quot;&quot;,&quot;size&quot;:&quot;&quot;},&quot;jet_parallax_layout_image_mobile&quot;:{&quot;url&quot;:&quot;&quot;,&quot;id&quot;:&quot;&quot;,&quot;size&quot;:&quot;&quot;},&quot;jet_parallax_layout_type&quot;:&quot;scroll&quot;,&quot;jet_parallax_layout_direction&quot;:&quot;1&quot;,&quot;jet_parallax_layout_fx_direction&quot;:null,&quot;jet_parallax_layout_z_index&quot;:&quot;&quot;,&quot;jet_parallax_layout_bg_x&quot;:50,&quot;jet_parallax_layout_bg_x_tablet&quot;:&quot;&quot;,&quot;jet_parallax_layout_bg_x_mobile&quot;:&quot;&quot;,&quot;jet_parallax_layout_bg_y&quot;:50,&quot;jet_parallax_layout_bg_y_tablet&quot;:&quot;&quot;,&quot;jet_parallax_layout_bg_y_mobile&quot;:&quot;&quot;,&quot;jet_parallax_layout_bg_size&quot;:&quot;auto&quot;,&quot;jet_parallax_layout_bg_size_tablet&quot;:&quot;&quot;,&quot;jet_parallax_layout_bg_size_mobile&quot;:&quot;&quot;,&quot;jet_parallax_layout_animation_prop&quot;:&quot;transform&quot;,&quot;jet_parallax_layout_on&quot;:[&quot;desktop&quot;,&quot;tablet&quot;]}]}\">\n\t\t\t\t\t\t<div class=\"elementor-container elementor-column-gap-no\">\n\t\t\t\t\t<div class=\"elementor-column elementor-col-100 elementor-top-column elementor-element elementor-element-aa04de6\" data-id=\"aa04de6\" data-element_type=\"column\" data-e-type=\"column\">\n\t\t\t<div class=\"elementor-widget-wrap elementor-element-populated\">\n\t\t\t\t\t\t<div class=\"elementor-element elementor-element-4b724f7 elementor-widget elementor-widget-text-editor\" data-id=\"4b724f7\" data-element_type=\"widget\" data-e-type=\"widget\" data-widget_type=\"text-editor.default\">\n\t\t\t\t\t\t\t\t\t<h3 style=\"font-style: normal; text-transform: none; text-align: center;\">\u00c1rea servicio autocaravanas Gli Aranci<\/h3>\t\t\t\t\t\t\t\t<\/div>\n\t\t\t\t<div class=\"elementor-element elementor-element-c2aa564 elementor-widget elementor-widget-text-editor\" data-id=\"c2aa564\" data-element_type=\"widget\" data-e-type=\"widget\" data-widget_type=\"text-editor.default\">\n\t\t\t\t\t\t\t\t\t<p style=\"text-align: center;\">Area de servicio para autocaravanas y furgonetas camper ubicata en la zona industriale, a unos 2 km dal centro di Villasimius. <a href=\"tel: +393203534325\">+393203534325<\/a><\/p>\t\t\t\t\t\t\t\t<\/div>\n\t\t\t\t\t<\/div>\n\t\t<\/div>\n\t\t\t\t\t<\/div>\n\t\t<\/section>\n\t\t\t\t<section class=\"elementor-section elementor-top-section elementor-element elementor-element-a53fb6a elementor-section-boxed elementor-section-height-default elementor-section-height-default\" data-id=\"a53fb6a\" data-element_type=\"section\" data-e-type=\"section\" id=\"campersimius\" data-settings=\"{&quot;jet_parallax_layout_list&quot;:[{&quot;jet_parallax_layout_image&quot;:{&quot;url&quot;:&quot;&quot;,&quot;id&quot;:&quot;&quot;,&quot;size&quot;:&quot;&quot;},&quot;_id&quot;:&quot;cb52157&quot;,&quot;jet_parallax_layout_speed&quot;:{&quot;unit&quot;:&quot;%&quot;,&quot;size&quot;:50,&quot;sizes&quot;:[]},&quot;jet_parallax_layout_image_tablet&quot;:{&quot;url&quot;:&quot;&quot;,&quot;id&quot;:&quot;&quot;,&quot;size&quot;:&quot;&quot;},&quot;jet_parallax_layout_image_mobile&quot;:{&quot;url&quot;:&quot;&quot;,&quot;id&quot;:&quot;&quot;,&quot;size&quot;:&quot;&quot;},&quot;jet_parallax_layout_type&quot;:&quot;scroll&quot;,&quot;jet_parallax_layout_direction&quot;:&quot;1&quot;,&quot;jet_parallax_layout_fx_direction&quot;:null,&quot;jet_parallax_layout_z_index&quot;:&quot;&quot;,&quot;jet_parallax_layout_bg_x&quot;:50,&quot;jet_parallax_layout_bg_x_tablet&quot;:&quot;&quot;,&quot;jet_parallax_layout_bg_x_mobile&quot;:&quot;&quot;,&quot;jet_parallax_layout_bg_y&quot;:50,&quot;jet_parallax_layout_bg_y_tablet&quot;:&quot;&quot;,&quot;jet_parallax_layout_bg_y_mobile&quot;:&quot;&quot;,&quot;jet_parallax_layout_bg_size&quot;:&quot;auto&quot;,&quot;jet_parallax_layout_bg_size_tablet&quot;:&quot;&quot;,&quot;jet_parallax_layout_bg_size_mobile&quot;:&quot;&quot;,&quot;jet_parallax_layout_animation_prop&quot;:&quot;transform&quot;,&quot;jet_parallax_layout_on&quot;:[&quot;desktop&quot;,&quot;tablet&quot;]}]}\">\n\t\t\t\t\t\t<div class=\"elementor-container elementor-column-gap-no\">\n\t\t\t\t\t<div class=\"elementor-column elementor-col-100 elementor-top-column elementor-element elementor-element-b7f214c\" data-id=\"b7f214c\" data-element_type=\"column\" data-e-type=\"column\">\n\t\t\t<div class=\"elementor-widget-wrap elementor-element-populated\">\n\t\t\t\t\t\t<div class=\"elementor-element elementor-element-cdd05bb elementor-widget elementor-widget-text-editor\" data-id=\"cdd05bb\" data-element_type=\"widget\" data-e-type=\"widget\" data-widget_type=\"text-editor.default\">\n\t\t\t\t\t\t\t\t\t<h3 style=\"text-align: center;\"><a href=\"http:\/\/www.campersimius.com\" target=\"_blank\" rel=\"noopener\">\u00c1rea servicio autocaravanas Villasimius Campersimius<\/a><\/h3>\t\t\t\t\t\t\t\t<\/div>\n\t\t\t\t<div class=\"elementor-element elementor-element-270806b elementor-widget elementor-widget-text-editor\" data-id=\"270806b\" data-element_type=\"widget\" data-e-type=\"widget\" data-widget_type=\"text-editor.default\">\n\t\t\t\t\t\t\t\t\t<p style=\"text-align: center;\">El \u00e1rea de servicio para autocaravanas CamperSimius se encuentra a 500 metros del pueblo de Villasimius, justo cerca de la playa de Simius, y ofrece servicios para autocaravanas. <a href=\"tel: +393294189478\">+393294189478<\/a><\/p>\t\t\t\t\t\t\t\t<\/div>\n\t\t\t\t\t<\/div>\n\t\t<\/div>\n\t\t\t\t\t<\/div>\n\t\t<\/section>\n\t\t\t\t<section class=\"elementor-section elementor-top-section elementor-element elementor-element-38e3190 elementor-section-boxed elementor-section-height-default elementor-section-height-default\" data-id=\"38e3190\" data-element_type=\"section\" data-e-type=\"section\" id=\"costa-este\" data-settings=\"{&quot;jet_parallax_layout_list&quot;:[{&quot;jet_parallax_layout_image&quot;:{&quot;url&quot;:&quot;&quot;,&quot;id&quot;:&quot;&quot;,&quot;size&quot;:&quot;&quot;},&quot;_id&quot;:&quot;cb52157&quot;,&quot;jet_parallax_layout_speed&quot;:{&quot;unit&quot;:&quot;%&quot;,&quot;size&quot;:50,&quot;sizes&quot;:[]},&quot;jet_parallax_layout_image_tablet&quot;:{&quot;url&quot;:&quot;&quot;,&quot;id&quot;:&quot;&quot;,&quot;size&quot;:&quot;&quot;},&quot;jet_parallax_layout_image_mobile&quot;:{&quot;url&quot;:&quot;&quot;,&quot;id&quot;:&quot;&quot;,&quot;size&quot;:&quot;&quot;},&quot;jet_parallax_layout_type&quot;:&quot;scroll&quot;,&quot;jet_parallax_layout_direction&quot;:&quot;1&quot;,&quot;jet_parallax_layout_fx_direction&quot;:null,&quot;jet_parallax_layout_z_index&quot;:&quot;&quot;,&quot;jet_parallax_layout_bg_x&quot;:50,&quot;jet_parallax_layout_bg_x_tablet&quot;:&quot;&quot;,&quot;jet_parallax_layout_bg_x_mobile&quot;:&quot;&quot;,&quot;jet_parallax_layout_bg_y&quot;:50,&quot;jet_parallax_layout_bg_y_tablet&quot;:&quot;&quot;,&quot;jet_parallax_layout_bg_y_mobile&quot;:&quot;&quot;,&quot;jet_parallax_layout_bg_size&quot;:&quot;auto&quot;,&quot;jet_parallax_layout_bg_size_tablet&quot;:&quot;&quot;,&quot;jet_parallax_layout_bg_size_mobile&quot;:&quot;&quot;,&quot;jet_parallax_layout_animation_prop&quot;:&quot;transform&quot;,&quot;jet_parallax_layout_on&quot;:[&quot;desktop&quot;,&quot;tablet&quot;]}]}\">\n\t\t\t\t\t\t<div class=\"elementor-container elementor-column-gap-default\">\n\t\t\t\t\t<div class=\"elementor-column elementor-col-100 elementor-top-column elementor-element elementor-element-ea307e8\" data-id=\"ea307e8\" data-element_type=\"column\" data-e-type=\"column\">\n\t\t\t<div class=\"elementor-widget-wrap elementor-element-populated\">\n\t\t\t\t\t\t<div class=\"elementor-element elementor-element-ec5a267 elementor-widget elementor-widget-heading\" data-id=\"ec5a267\" data-element_type=\"widget\" data-e-type=\"widget\" data-widget_type=\"heading.default\">\n\t\t\t\t\t<h2 class=\"elementor-heading-title elementor-size-large\">\u00c1REAS AUTOCARAVANAS CERDE\u00d1A COSTA ESTE<\/h2>\t\t\t\t<\/div>\n\t\t\t\t<div class=\"elementor-element elementor-element-3b503c7 elementor-widget-divider--view-line elementor-widget elementor-widget-divider\" data-id=\"3b503c7\" data-element_type=\"widget\" data-e-type=\"widget\" data-widget_type=\"divider.default\">\n\t\t\t\t\t\t\t<div class=\"elementor-divider\">\n\t\t\t<span class=\"elementor-divider-separator\">\n\t\t\t\t\t\t<\/span>\n\t\t<\/div>\n\t\t\t\t\t\t<\/div>\n\t\t\t\t\t<\/div>\n\t\t<\/div>\n\t\t\t\t\t<\/div>\n\t\t<\/section>\n\t\t\t\t<section class=\"elementor-section elementor-top-section elementor-element elementor-element-21b1183 elementor-section-boxed elementor-section-height-default elementor-section-height-default\" data-id=\"21b1183\" data-element_type=\"section\" data-e-type=\"section\" id=\"capoferrato\" data-settings=\"{&quot;jet_parallax_layout_list&quot;:[{&quot;jet_parallax_layout_image&quot;:{&quot;url&quot;:&quot;&quot;,&quot;id&quot;:&quot;&quot;,&quot;size&quot;:&quot;&quot;},&quot;_id&quot;:&quot;cb52157&quot;,&quot;jet_parallax_layout_speed&quot;:{&quot;unit&quot;:&quot;%&quot;,&quot;size&quot;:50,&quot;sizes&quot;:[]},&quot;jet_parallax_layout_image_tablet&quot;:{&quot;url&quot;:&quot;&quot;,&quot;id&quot;:&quot;&quot;,&quot;size&quot;:&quot;&quot;},&quot;jet_parallax_layout_image_mobile&quot;:{&quot;url&quot;:&quot;&quot;,&quot;id&quot;:&quot;&quot;,&quot;size&quot;:&quot;&quot;},&quot;jet_parallax_layout_type&quot;:&quot;scroll&quot;,&quot;jet_parallax_layout_direction&quot;:&quot;1&quot;,&quot;jet_parallax_layout_fx_direction&quot;:null,&quot;jet_parallax_layout_z_index&quot;:&quot;&quot;,&quot;jet_parallax_layout_bg_x&quot;:50,&quot;jet_parallax_layout_bg_x_tablet&quot;:&quot;&quot;,&quot;jet_parallax_layout_bg_x_mobile&quot;:&quot;&quot;,&quot;jet_parallax_layout_bg_y&quot;:50,&quot;jet_parallax_layout_bg_y_tablet&quot;:&quot;&quot;,&quot;jet_parallax_layout_bg_y_mobile&quot;:&quot;&quot;,&quot;jet_parallax_layout_bg_size&quot;:&quot;auto&quot;,&quot;jet_parallax_layout_bg_size_tablet&quot;:&quot;&quot;,&quot;jet_parallax_layout_bg_size_mobile&quot;:&quot;&quot;,&quot;jet_parallax_layout_animation_prop&quot;:&quot;transform&quot;,&quot;jet_parallax_layout_on&quot;:[&quot;desktop&quot;,&quot;tablet&quot;]}]}\">\n\t\t\t\t\t\t<div class=\"elementor-container elementor-column-gap-no\">\n\t\t\t\t\t<div class=\"elementor-column elementor-col-100 elementor-top-column elementor-element elementor-element-de96f76\" data-id=\"de96f76\" data-element_type=\"column\" data-e-type=\"column\">\n\t\t\t<div class=\"elementor-widget-wrap elementor-element-populated\">\n\t\t\t\t\t\t<div class=\"elementor-element elementor-element-c942926 elementor-widget elementor-widget-text-editor\" data-id=\"c942926\" data-element_type=\"widget\" data-e-type=\"widget\" data-widget_type=\"text-editor.default\">\n\t\t\t\t\t\t\t\t\t<h3 style=\"text-align: center;\"><a href=\"https:\/\/www.campingcapoferrato.com\" target=\"_blank\" rel=\"noopener\">Camping Capo Ferrato<\/a><\/h3>\t\t\t\t\t\t\t\t<\/div>\n\t\t\t\t<div class=\"elementor-element elementor-element-c0e7a3a elementor-widget elementor-widget-text-editor\" data-id=\"c0e7a3a\" data-element_type=\"widget\" data-e-type=\"widget\" data-widget_type=\"text-editor.default\">\n\t\t\t\t\t\t\t\t\t<p style=\"text-align: center;\">El Camping Capo Ferrato ofrece parcelas grandes y delimitadas para campistas y autocaravanas, ubicadas en el campo a pocos metros de la playa. <a href=\"tel: +39070885653\">+39070885653<\/a> <a href=\"tel: +39070991012\">+39070991012<\/a> &#8211; <a href=\"mailto:info@campingcapoferrato.it\">info@campingcapoferrato.it<\/a><\/p>\t\t\t\t\t\t\t\t<\/div>\n\t\t\t\t\t<\/div>\n\t\t<\/div>\n\t\t\t\t\t<\/div>\n\t\t<\/section>\n\t\t\t\t<section class=\"elementor-section elementor-top-section elementor-element elementor-element-0ef94bf elementor-section-boxed elementor-section-height-default elementor-section-height-default\" data-id=\"0ef94bf\" data-element_type=\"section\" data-e-type=\"section\" id=\"ledune\" data-settings=\"{&quot;jet_parallax_layout_list&quot;:[{&quot;jet_parallax_layout_image&quot;:{&quot;url&quot;:&quot;&quot;,&quot;id&quot;:&quot;&quot;,&quot;size&quot;:&quot;&quot;},&quot;_id&quot;:&quot;cb52157&quot;,&quot;jet_parallax_layout_speed&quot;:{&quot;unit&quot;:&quot;%&quot;,&quot;size&quot;:50,&quot;sizes&quot;:[]},&quot;jet_parallax_layout_image_tablet&quot;:{&quot;url&quot;:&quot;&quot;,&quot;id&quot;:&quot;&quot;,&quot;size&quot;:&quot;&quot;},&quot;jet_parallax_layout_image_mobile&quot;:{&quot;url&quot;:&quot;&quot;,&quot;id&quot;:&quot;&quot;,&quot;size&quot;:&quot;&quot;},&quot;jet_parallax_layout_type&quot;:&quot;scroll&quot;,&quot;jet_parallax_layout_direction&quot;:&quot;1&quot;,&quot;jet_parallax_layout_fx_direction&quot;:null,&quot;jet_parallax_layout_z_index&quot;:&quot;&quot;,&quot;jet_parallax_layout_bg_x&quot;:50,&quot;jet_parallax_layout_bg_x_tablet&quot;:&quot;&quot;,&quot;jet_parallax_layout_bg_x_mobile&quot;:&quot;&quot;,&quot;jet_parallax_layout_bg_y&quot;:50,&quot;jet_parallax_layout_bg_y_tablet&quot;:&quot;&quot;,&quot;jet_parallax_layout_bg_y_mobile&quot;:&quot;&quot;,&quot;jet_parallax_layout_bg_size&quot;:&quot;auto&quot;,&quot;jet_parallax_layout_bg_size_tablet&quot;:&quot;&quot;,&quot;jet_parallax_layout_bg_size_mobile&quot;:&quot;&quot;,&quot;jet_parallax_layout_animation_prop&quot;:&quot;transform&quot;,&quot;jet_parallax_layout_on&quot;:[&quot;desktop&quot;,&quot;tablet&quot;]}]}\">\n\t\t\t\t\t\t<div class=\"elementor-container elementor-column-gap-no\">\n\t\t\t\t\t<div class=\"elementor-column elementor-col-100 elementor-top-column elementor-element elementor-element-efa8c32\" data-id=\"efa8c32\" data-element_type=\"column\" data-e-type=\"column\">\n\t\t\t<div class=\"elementor-widget-wrap elementor-element-populated\">\n\t\t\t\t\t\t<div class=\"elementor-element elementor-element-b639bca elementor-widget elementor-widget-text-editor\" data-id=\"b639bca\" data-element_type=\"widget\" data-e-type=\"widget\" data-widget_type=\"text-editor.default\">\n\t\t\t\t\t\t\t\t\t<h3 style=\"text-align: center;\"><a href=\"https:\/\/www.campingledune.it\/\" target=\"_blank\" rel=\"noopener\">Camping Village Le Dune<\/a><\/h3>\t\t\t\t\t\t\t\t<\/div>\n\t\t\t\t<div class=\"elementor-element elementor-element-027f8eb elementor-widget elementor-widget-text-editor\" data-id=\"027f8eb\" data-element_type=\"widget\" data-e-type=\"widget\" data-widget_type=\"text-editor.default\">\n\t\t\t\t\t\t\t\t\t<p style=\"text-align: center;\">El Camping Village Le Dune ofrece un \u00e1rea para autocaravanas y furgonetas camper, a pocos pasos del mar y cuenta con una escuela de equitaci\u00f3n y buceo.<a href=\"tel: +390709919057\">+390709919057<\/a> &#8211; <a href=\"mailto:info@campingledune.it\">info@campingledune.it<\/a><\/p>\t\t\t\t\t\t\t\t<\/div>\n\t\t\t\t\t<\/div>\n\t\t<\/div>\n\t\t\t\t\t<\/div>\n\t\t<\/section>\n\t\t\t\t<section class=\"elementor-section elementor-top-section elementor-element elementor-element-b100545 elementor-section-boxed elementor-section-height-default elementor-section-height-default\" data-id=\"b100545\" data-element_type=\"section\" data-e-type=\"section\" id=\"tiliguerta\" data-settings=\"{&quot;jet_parallax_layout_list&quot;:[{&quot;jet_parallax_layout_image&quot;:{&quot;url&quot;:&quot;&quot;,&quot;id&quot;:&quot;&quot;,&quot;size&quot;:&quot;&quot;},&quot;_id&quot;:&quot;cb52157&quot;,&quot;jet_parallax_layout_speed&quot;:{&quot;unit&quot;:&quot;%&quot;,&quot;size&quot;:50,&quot;sizes&quot;:[]},&quot;jet_parallax_layout_image_tablet&quot;:{&quot;url&quot;:&quot;&quot;,&quot;id&quot;:&quot;&quot;,&quot;size&quot;:&quot;&quot;},&quot;jet_parallax_layout_image_mobile&quot;:{&quot;url&quot;:&quot;&quot;,&quot;id&quot;:&quot;&quot;,&quot;size&quot;:&quot;&quot;},&quot;jet_parallax_layout_type&quot;:&quot;scroll&quot;,&quot;jet_parallax_layout_direction&quot;:&quot;1&quot;,&quot;jet_parallax_layout_fx_direction&quot;:null,&quot;jet_parallax_layout_z_index&quot;:&quot;&quot;,&quot;jet_parallax_layout_bg_x&quot;:50,&quot;jet_parallax_layout_bg_x_tablet&quot;:&quot;&quot;,&quot;jet_parallax_layout_bg_x_mobile&quot;:&quot;&quot;,&quot;jet_parallax_layout_bg_y&quot;:50,&quot;jet_parallax_layout_bg_y_tablet&quot;:&quot;&quot;,&quot;jet_parallax_layout_bg_y_mobile&quot;:&quot;&quot;,&quot;jet_parallax_layout_bg_size&quot;:&quot;auto&quot;,&quot;jet_parallax_layout_bg_size_tablet&quot;:&quot;&quot;,&quot;jet_parallax_layout_bg_size_mobile&quot;:&quot;&quot;,&quot;jet_parallax_layout_animation_prop&quot;:&quot;transform&quot;,&quot;jet_parallax_layout_on&quot;:[&quot;desktop&quot;,&quot;tablet&quot;]}]}\">\n\t\t\t\t\t\t<div class=\"elementor-container elementor-column-gap-no\">\n\t\t\t\t\t<div class=\"elementor-column elementor-col-100 elementor-top-column elementor-element elementor-element-11ff91d\" data-id=\"11ff91d\" data-element_type=\"column\" data-e-type=\"column\">\n\t\t\t<div class=\"elementor-widget-wrap elementor-element-populated\">\n\t\t\t\t\t\t<div class=\"elementor-element elementor-element-b86a463 elementor-widget elementor-widget-text-editor\" data-id=\"b86a463\" data-element_type=\"widget\" data-e-type=\"widget\" data-widget_type=\"text-editor.default\">\n\t\t\t\t\t\t\t\t\t<h3 style=\"text-align: center;\"><a href=\"http:\/\/www.tiliguerta.com\/\" target=\"_blank\" rel=\"noopener\">Tiliguerta Glamping &amp; Camping Village<\/a><\/h3>\t\t\t\t\t\t\t\t<\/div>\n\t\t\t\t<div class=\"elementor-element elementor-element-a3e9ba1 elementor-widget elementor-widget-text-editor\" data-id=\"a3e9ba1\" data-element_type=\"widget\" data-e-type=\"widget\" data-widget_type=\"text-editor.default\">\n\t\t\t\t\t\t\t\t\t<p style=\"text-align: center;\">El Tiliguerta es un camping de 4 estrellas ubicado en un bosque de pinos y eucaliptos en Capo Ferrato, una maravillosa playa en el \u00e1rea de Muravera, con espacios de Super Comfort ideales para las autocaravanas y las furgonetas camper. <a href=\"tel: +39070991437\">+39070991437<\/a> &#8211; <a href=\"mailto:booking@tiliguerta.com\">booking@tiliguerta.com<\/a><\/p>\t\t\t\t\t\t\t\t<\/div>\n\t\t\t\t\t<\/div>\n\t\t<\/div>\n\t\t\t\t\t<\/div>\n\t\t<\/section>\n\t\t\t\t<section class=\"elementor-section elementor-top-section elementor-element elementor-element-38ffe54 elementor-section-boxed elementor-section-height-default elementor-section-height-default\" data-id=\"38ffe54\" data-element_type=\"section\" data-e-type=\"section\" id=\"torresalinas\" data-settings=\"{&quot;jet_parallax_layout_list&quot;:[{&quot;jet_parallax_layout_image&quot;:{&quot;url&quot;:&quot;&quot;,&quot;id&quot;:&quot;&quot;,&quot;size&quot;:&quot;&quot;},&quot;_id&quot;:&quot;cb52157&quot;,&quot;jet_parallax_layout_speed&quot;:{&quot;unit&quot;:&quot;%&quot;,&quot;size&quot;:50,&quot;sizes&quot;:[]},&quot;jet_parallax_layout_image_tablet&quot;:{&quot;url&quot;:&quot;&quot;,&quot;id&quot;:&quot;&quot;,&quot;size&quot;:&quot;&quot;},&quot;jet_parallax_layout_image_mobile&quot;:{&quot;url&quot;:&quot;&quot;,&quot;id&quot;:&quot;&quot;,&quot;size&quot;:&quot;&quot;},&quot;jet_parallax_layout_type&quot;:&quot;scroll&quot;,&quot;jet_parallax_layout_direction&quot;:&quot;1&quot;,&quot;jet_parallax_layout_fx_direction&quot;:null,&quot;jet_parallax_layout_z_index&quot;:&quot;&quot;,&quot;jet_parallax_layout_bg_x&quot;:50,&quot;jet_parallax_layout_bg_x_tablet&quot;:&quot;&quot;,&quot;jet_parallax_layout_bg_x_mobile&quot;:&quot;&quot;,&quot;jet_parallax_layout_bg_y&quot;:50,&quot;jet_parallax_layout_bg_y_tablet&quot;:&quot;&quot;,&quot;jet_parallax_layout_bg_y_mobile&quot;:&quot;&quot;,&quot;jet_parallax_layout_bg_size&quot;:&quot;auto&quot;,&quot;jet_parallax_layout_bg_size_tablet&quot;:&quot;&quot;,&quot;jet_parallax_layout_bg_size_mobile&quot;:&quot;&quot;,&quot;jet_parallax_layout_animation_prop&quot;:&quot;transform&quot;,&quot;jet_parallax_layout_on&quot;:[&quot;desktop&quot;,&quot;tablet&quot;]}]}\">\n\t\t\t\t\t\t<div class=\"elementor-container elementor-column-gap-no\">\n\t\t\t\t\t<div class=\"elementor-column elementor-col-100 elementor-top-column elementor-element elementor-element-152bf2f\" data-id=\"152bf2f\" data-element_type=\"column\" data-e-type=\"column\">\n\t\t\t<div class=\"elementor-widget-wrap elementor-element-populated\">\n\t\t\t\t\t\t<div class=\"elementor-element elementor-element-87c0935 elementor-widget elementor-widget-text-editor\" data-id=\"87c0935\" data-element_type=\"widget\" data-e-type=\"widget\" data-widget_type=\"text-editor.default\">\n\t\t\t\t\t\t\t\t\t<h3 style=\"text-align: center;\"><a href=\"http:\/\/www.campingvillagetorresalinas.it\" target=\"_blank\" rel=\"noopener\">Villaggio camping Torre Salinas<\/a><\/h3>\t\t\t\t\t\t\t\t<\/div>\n\t\t\t\t<div class=\"elementor-element elementor-element-d634fe8 elementor-widget elementor-widget-text-editor\" data-id=\"d634fe8\" data-element_type=\"widget\" data-e-type=\"widget\" data-widget_type=\"text-editor.default\">\n\t\t\t\t\t\t\t\t\t<p style=\"text-align: center;\">El camping de Torre Salinas se encuentra a unos 200 metros de la playa hom\u00f3nima, encantadora y con poca gente y ofrece espacios amplios, con sombra y parcelas para autocaravanas. <a href=\"tel: +39070999032\">+39070999032<\/a> &#8211; <a href=\"mailto:info@campingvillagetorresalinas.it\">info@campingvillagetorresalinas.it<\/a><\/p>\t\t\t\t\t\t\t\t<\/div>\n\t\t\t\t\t<\/div>\n\t\t<\/div>\n\t\t\t\t\t<\/div>\n\t\t<\/section>\n\t\t\t\t<section class=\"elementor-section elementor-top-section elementor-element elementor-element-3adad9c elementor-section-boxed elementor-section-height-default elementor-section-height-default\" data-id=\"3adad9c\" data-element_type=\"section\" data-e-type=\"section\" id=\"bellavista\" data-settings=\"{&quot;jet_parallax_layout_list&quot;:[{&quot;jet_parallax_layout_image&quot;:{&quot;url&quot;:&quot;&quot;,&quot;id&quot;:&quot;&quot;,&quot;size&quot;:&quot;&quot;},&quot;_id&quot;:&quot;cb52157&quot;,&quot;jet_parallax_layout_speed&quot;:{&quot;unit&quot;:&quot;%&quot;,&quot;size&quot;:50,&quot;sizes&quot;:[]},&quot;jet_parallax_layout_image_tablet&quot;:{&quot;url&quot;:&quot;&quot;,&quot;id&quot;:&quot;&quot;,&quot;size&quot;:&quot;&quot;},&quot;jet_parallax_layout_image_mobile&quot;:{&quot;url&quot;:&quot;&quot;,&quot;id&quot;:&quot;&quot;,&quot;size&quot;:&quot;&quot;},&quot;jet_parallax_layout_type&quot;:&quot;scroll&quot;,&quot;jet_parallax_layout_direction&quot;:&quot;1&quot;,&quot;jet_parallax_layout_fx_direction&quot;:null,&quot;jet_parallax_layout_z_index&quot;:&quot;&quot;,&quot;jet_parallax_layout_bg_x&quot;:50,&quot;jet_parallax_layout_bg_x_tablet&quot;:&quot;&quot;,&quot;jet_parallax_layout_bg_x_mobile&quot;:&quot;&quot;,&quot;jet_parallax_layout_bg_y&quot;:50,&quot;jet_parallax_layout_bg_y_tablet&quot;:&quot;&quot;,&quot;jet_parallax_layout_bg_y_mobile&quot;:&quot;&quot;,&quot;jet_parallax_layout_bg_size&quot;:&quot;auto&quot;,&quot;jet_parallax_layout_bg_size_tablet&quot;:&quot;&quot;,&quot;jet_parallax_layout_bg_size_mobile&quot;:&quot;&quot;,&quot;jet_parallax_layout_animation_prop&quot;:&quot;transform&quot;,&quot;jet_parallax_layout_on&quot;:[&quot;desktop&quot;,&quot;tablet&quot;]}]}\">\n\t\t\t\t\t\t<div class=\"elementor-container elementor-column-gap-no\">\n\t\t\t\t\t<div class=\"elementor-column elementor-col-100 elementor-top-column elementor-element elementor-element-361831c\" data-id=\"361831c\" data-element_type=\"column\" data-e-type=\"column\">\n\t\t\t<div class=\"elementor-widget-wrap elementor-element-populated\">\n\t\t\t\t\t\t<div class=\"elementor-element elementor-element-ded26ba elementor-widget elementor-widget-text-editor\" data-id=\"ded26ba\" data-element_type=\"widget\" data-e-type=\"widget\" data-widget_type=\"text-editor.default\">\n\t\t\t\t\t\t\t\t\t<h3 style=\"text-align: center;\"><a href=\"http:\/\/www.bellavistacamperservice.com\/\" target=\"_blank\" rel=\"noopener\">\u00c1rea servicio autocaravanas Bellavista Camper Service<\/a><\/h3>\t\t\t\t\t\t\t\t<\/div>\n\t\t\t\t<div class=\"elementor-element elementor-element-23b2999 elementor-widget elementor-widget-text-editor\" data-id=\"23b2999\" data-element_type=\"widget\" data-e-type=\"widget\" data-widget_type=\"text-editor.default\">\n\t\t\t\t\t\t\t\t\t<p style=\"text-align: center;\">El Bellavista Camper Service es un \u00e1rea de servicio para autocaravanas y furgonetas camper con todas las comodidades, que incluyen acceso directo a la playa, \u00e1rea de barbacoa y \u00e1rea de picnic. <a href=\"tel: +393455050069\">+393455050069 <\/a>&#8211; <a href=\"mailto:info@bellavistacamperservice.com\">info@bellavistacamperservice.com<\/a><\/p>\t\t\t\t\t\t\t\t<\/div>\n\t\t\t\t\t<\/div>\n\t\t<\/div>\n\t\t\t\t\t<\/div>\n\t\t<\/section>\n\t\t\t\t<section class=\"elementor-section elementor-top-section elementor-element elementor-element-1ab0d5c elementor-section-boxed elementor-section-height-default elementor-section-height-default\" data-id=\"1ab0d5c\" data-element_type=\"section\" data-e-type=\"section\" id=\"portocorallo\" data-settings=\"{&quot;jet_parallax_layout_list&quot;:[{&quot;jet_parallax_layout_image&quot;:{&quot;url&quot;:&quot;&quot;,&quot;id&quot;:&quot;&quot;,&quot;size&quot;:&quot;&quot;},&quot;_id&quot;:&quot;cb52157&quot;,&quot;jet_parallax_layout_speed&quot;:{&quot;unit&quot;:&quot;%&quot;,&quot;size&quot;:50,&quot;sizes&quot;:[]},&quot;jet_parallax_layout_image_tablet&quot;:{&quot;url&quot;:&quot;&quot;,&quot;id&quot;:&quot;&quot;,&quot;size&quot;:&quot;&quot;},&quot;jet_parallax_layout_image_mobile&quot;:{&quot;url&quot;:&quot;&quot;,&quot;id&quot;:&quot;&quot;,&quot;size&quot;:&quot;&quot;},&quot;jet_parallax_layout_type&quot;:&quot;scroll&quot;,&quot;jet_parallax_layout_direction&quot;:&quot;1&quot;,&quot;jet_parallax_layout_fx_direction&quot;:null,&quot;jet_parallax_layout_z_index&quot;:&quot;&quot;,&quot;jet_parallax_layout_bg_x&quot;:50,&quot;jet_parallax_layout_bg_x_tablet&quot;:&quot;&quot;,&quot;jet_parallax_layout_bg_x_mobile&quot;:&quot;&quot;,&quot;jet_parallax_layout_bg_y&quot;:50,&quot;jet_parallax_layout_bg_y_tablet&quot;:&quot;&quot;,&quot;jet_parallax_layout_bg_y_mobile&quot;:&quot;&quot;,&quot;jet_parallax_layout_bg_size&quot;:&quot;auto&quot;,&quot;jet_parallax_layout_bg_size_tablet&quot;:&quot;&quot;,&quot;jet_parallax_layout_bg_size_mobile&quot;:&quot;&quot;,&quot;jet_parallax_layout_animation_prop&quot;:&quot;transform&quot;,&quot;jet_parallax_layout_on&quot;:[&quot;desktop&quot;,&quot;tablet&quot;]}]}\">\n\t\t\t\t\t\t<div class=\"elementor-container elementor-column-gap-no\">\n\t\t\t\t\t<div class=\"elementor-column elementor-col-100 elementor-top-column elementor-element elementor-element-051c7fa\" data-id=\"051c7fa\" data-element_type=\"column\" data-e-type=\"column\">\n\t\t\t<div class=\"elementor-widget-wrap elementor-element-populated\">\n\t\t\t\t\t\t<div class=\"elementor-element elementor-element-0980fe2 elementor-widget elementor-widget-text-editor\" data-id=\"0980fe2\" data-element_type=\"widget\" data-e-type=\"widget\" data-widget_type=\"text-editor.default\">\n\t\t\t\t\t\t\t\t\t<h3 style=\"text-align: center;\"><a href=\"http:\/\/www.portocorallocamping.it\/\" target=\"_blank\" rel=\"noopener\">Villaggio Camping Porto Corallo<\/a><\/h3>\t\t\t\t\t\t\t\t<\/div>\n\t\t\t\t<div class=\"elementor-element elementor-element-cc12f38 elementor-widget elementor-widget-text-editor\" data-id=\"cc12f38\" data-element_type=\"widget\" data-e-type=\"widget\" data-widget_type=\"text-editor.default\">\n\t\t\t\t\t\t\t\t\t<p style=\"text-align: center;\">El Camping Porto Corallo ofrece 200 parcelas para autocaravanas en un \u00e1rea plana y boscosa de 6 hect\u00e1reas, equipadas con conexiones el\u00e9ctricas y servicios. <a href=\"tel: +39070997017\">+39070997017<\/a> &#8211; <a href=\"mailto:info@portocorallocamping.it\">info@portocorallocamping.it <\/a><\/p>\t\t\t\t\t\t\t\t<\/div>\n\t\t\t\t\t<\/div>\n\t\t<\/div>\n\t\t\t\t\t<\/div>\n\t\t<\/section>\n\t\t\t\t<section class=\"elementor-section elementor-top-section elementor-element elementor-element-5bc1ce2 elementor-section-boxed elementor-section-height-default elementor-section-height-default\" data-id=\"5bc1ce2\" data-element_type=\"section\" data-e-type=\"section\" id=\"tesonis\" data-settings=\"{&quot;jet_parallax_layout_list&quot;:[{&quot;jet_parallax_layout_image&quot;:{&quot;url&quot;:&quot;&quot;,&quot;id&quot;:&quot;&quot;,&quot;size&quot;:&quot;&quot;},&quot;_id&quot;:&quot;cb52157&quot;,&quot;jet_parallax_layout_speed&quot;:{&quot;unit&quot;:&quot;%&quot;,&quot;size&quot;:50,&quot;sizes&quot;:[]},&quot;jet_parallax_layout_image_tablet&quot;:{&quot;url&quot;:&quot;&quot;,&quot;id&quot;:&quot;&quot;,&quot;size&quot;:&quot;&quot;},&quot;jet_parallax_layout_image_mobile&quot;:{&quot;url&quot;:&quot;&quot;,&quot;id&quot;:&quot;&quot;,&quot;size&quot;:&quot;&quot;},&quot;jet_parallax_layout_type&quot;:&quot;scroll&quot;,&quot;jet_parallax_layout_direction&quot;:&quot;1&quot;,&quot;jet_parallax_layout_fx_direction&quot;:null,&quot;jet_parallax_layout_z_index&quot;:&quot;&quot;,&quot;jet_parallax_layout_bg_x&quot;:50,&quot;jet_parallax_layout_bg_x_tablet&quot;:&quot;&quot;,&quot;jet_parallax_layout_bg_x_mobile&quot;:&quot;&quot;,&quot;jet_parallax_layout_bg_y&quot;:50,&quot;jet_parallax_layout_bg_y_tablet&quot;:&quot;&quot;,&quot;jet_parallax_layout_bg_y_mobile&quot;:&quot;&quot;,&quot;jet_parallax_layout_bg_size&quot;:&quot;auto&quot;,&quot;jet_parallax_layout_bg_size_tablet&quot;:&quot;&quot;,&quot;jet_parallax_layout_bg_size_mobile&quot;:&quot;&quot;,&quot;jet_parallax_layout_animation_prop&quot;:&quot;transform&quot;,&quot;jet_parallax_layout_on&quot;:[&quot;desktop&quot;,&quot;tablet&quot;]}]}\">\n\t\t\t\t\t\t<div class=\"elementor-container elementor-column-gap-no\">\n\t\t\t\t\t<div class=\"elementor-column elementor-col-100 elementor-top-column elementor-element elementor-element-8048d13\" data-id=\"8048d13\" data-element_type=\"column\" data-e-type=\"column\">\n\t\t\t<div class=\"elementor-widget-wrap elementor-element-populated\">\n\t\t\t\t\t\t<div class=\"elementor-element elementor-element-4dfe5d2 elementor-widget elementor-widget-text-editor\" data-id=\"4dfe5d2\" data-element_type=\"widget\" data-e-type=\"widget\" data-widget_type=\"text-editor.default\">\n\t\t\t\t\t\t\t\t\t<h3 style=\"text-align: center;\"><a href=\"http:\/\/www.campingtesonis.it\" target=\"_blank\" rel=\"noopener\">Villaggio Tesonis<\/a><\/h3>\t\t\t\t\t\t\t\t<\/div>\n\t\t\t\t<div class=\"elementor-element elementor-element-c9dfc60 elementor-widget elementor-widget-text-editor\" data-id=\"c9dfc60\" data-element_type=\"widget\" data-e-type=\"widget\" data-widget_type=\"text-editor.default\">\n\t\t\t\t\t\t\t\t\t<p style=\"text-align: center;\">El Camping Tesonis est\u00e1 ubicado en Marina di Tertenia, Ogliastra, y ofrece 105 espaciosas parcelas para autocaravanas y furgonetas camper a solo unos pasos del mar de aguas cristalinas, equipadas con todos los servicios.\u00a0 \u00a0+393280929872 &#8211; <a href=\"mailto:info@campingtesonis.it\">info@campingtesonis.it<\/a><\/p>\t\t\t\t\t\t\t\t<\/div>\n\t\t\t\t\t<\/div>\n\t\t<\/div>\n\t\t\t\t\t<\/div>\n\t\t<\/section>\n\t\t\t\t<section class=\"elementor-section elementor-top-section elementor-element elementor-element-b2ef9e2 elementor-section-boxed elementor-section-height-default elementor-section-height-default\" data-id=\"b2ef9e2\" data-element_type=\"section\" data-e-type=\"section\" id=\"coccorocci\" data-settings=\"{&quot;jet_parallax_layout_list&quot;:[{&quot;jet_parallax_layout_image&quot;:{&quot;url&quot;:&quot;&quot;,&quot;id&quot;:&quot;&quot;,&quot;size&quot;:&quot;&quot;},&quot;_id&quot;:&quot;cb52157&quot;,&quot;jet_parallax_layout_speed&quot;:{&quot;unit&quot;:&quot;%&quot;,&quot;size&quot;:50,&quot;sizes&quot;:[]},&quot;jet_parallax_layout_image_tablet&quot;:{&quot;url&quot;:&quot;&quot;,&quot;id&quot;:&quot;&quot;,&quot;size&quot;:&quot;&quot;},&quot;jet_parallax_layout_image_mobile&quot;:{&quot;url&quot;:&quot;&quot;,&quot;id&quot;:&quot;&quot;,&quot;size&quot;:&quot;&quot;},&quot;jet_parallax_layout_type&quot;:&quot;scroll&quot;,&quot;jet_parallax_layout_direction&quot;:&quot;1&quot;,&quot;jet_parallax_layout_fx_direction&quot;:null,&quot;jet_parallax_layout_z_index&quot;:&quot;&quot;,&quot;jet_parallax_layout_bg_x&quot;:50,&quot;jet_parallax_layout_bg_x_tablet&quot;:&quot;&quot;,&quot;jet_parallax_layout_bg_x_mobile&quot;:&quot;&quot;,&quot;jet_parallax_layout_bg_y&quot;:50,&quot;jet_parallax_layout_bg_y_tablet&quot;:&quot;&quot;,&quot;jet_parallax_layout_bg_y_mobile&quot;:&quot;&quot;,&quot;jet_parallax_layout_bg_size&quot;:&quot;auto&quot;,&quot;jet_parallax_layout_bg_size_tablet&quot;:&quot;&quot;,&quot;jet_parallax_layout_bg_size_mobile&quot;:&quot;&quot;,&quot;jet_parallax_layout_animation_prop&quot;:&quot;transform&quot;,&quot;jet_parallax_layout_on&quot;:[&quot;desktop&quot;,&quot;tablet&quot;]}]}\">\n\t\t\t\t\t\t<div class=\"elementor-container elementor-column-gap-no\">\n\t\t\t\t\t<div class=\"elementor-column elementor-col-100 elementor-top-column elementor-element elementor-element-4d33991\" data-id=\"4d33991\" data-element_type=\"column\" data-e-type=\"column\">\n\t\t\t<div class=\"elementor-widget-wrap elementor-element-populated\">\n\t\t\t\t\t\t<div class=\"elementor-element elementor-element-89607ce elementor-widget elementor-widget-text-editor\" data-id=\"89607ce\" data-element_type=\"widget\" data-e-type=\"widget\" data-widget_type=\"text-editor.default\">\n\t\t\t\t\t\t\t\t\t<h3 style=\"text-align: center;\"><a href=\"https:\/\/www.coccorroccicamping.com\" target=\"_blank\" rel=\"noopener\">Campeggio Coccorrocci<\/a><\/h3>\t\t\t\t\t\t\t\t<\/div>\n\t\t\t\t<div class=\"elementor-element elementor-element-323851e elementor-widget elementor-widget-text-editor\" data-id=\"323851e\" data-element_type=\"widget\" data-e-type=\"widget\" data-widget_type=\"text-editor.default\">\n\t\t\t\t\t\t\t\t\t<p style=\"text-align: center;\">El Camping Coccorrocci, ubicado cerca de la playa del mismo nombre en el oasis naturalista de Marina di Gairo, ofrece parcelas para autocaravanas y furgonetas camper a pocos metros del mar y un servicio completo para autocaravanas. <a href=\"tel: +393283794773\">+393283794773<\/a> <a href=\"tel: +393428219839\">+393428219839<\/a> &#8211; <a href=\"mailto:info@coccorroccicamping.com\">info@coccorroccicamping.com<\/a><\/p>\t\t\t\t\t\t\t\t<\/div>\n\t\t\t\t\t<\/div>\n\t\t<\/div>\n\t\t\t\t\t<\/div>\n\t\t<\/section>\n\t\t\t\t<section class=\"elementor-section elementor-top-section elementor-element elementor-element-37dae36 elementor-section-boxed elementor-section-height-default elementor-section-height-default\" data-id=\"37dae36\" data-element_type=\"section\" data-e-type=\"section\" id=\"ultimaspiaggia\" data-settings=\"{&quot;jet_parallax_layout_list&quot;:[{&quot;jet_parallax_layout_image&quot;:{&quot;url&quot;:&quot;&quot;,&quot;id&quot;:&quot;&quot;,&quot;size&quot;:&quot;&quot;},&quot;_id&quot;:&quot;cb52157&quot;,&quot;jet_parallax_layout_speed&quot;:{&quot;unit&quot;:&quot;%&quot;,&quot;size&quot;:50,&quot;sizes&quot;:[]},&quot;jet_parallax_layout_image_tablet&quot;:{&quot;url&quot;:&quot;&quot;,&quot;id&quot;:&quot;&quot;,&quot;size&quot;:&quot;&quot;},&quot;jet_parallax_layout_image_mobile&quot;:{&quot;url&quot;:&quot;&quot;,&quot;id&quot;:&quot;&quot;,&quot;size&quot;:&quot;&quot;},&quot;jet_parallax_layout_type&quot;:&quot;scroll&quot;,&quot;jet_parallax_layout_direction&quot;:&quot;1&quot;,&quot;jet_parallax_layout_fx_direction&quot;:null,&quot;jet_parallax_layout_z_index&quot;:&quot;&quot;,&quot;jet_parallax_layout_bg_x&quot;:50,&quot;jet_parallax_layout_bg_x_tablet&quot;:&quot;&quot;,&quot;jet_parallax_layout_bg_x_mobile&quot;:&quot;&quot;,&quot;jet_parallax_layout_bg_y&quot;:50,&quot;jet_parallax_layout_bg_y_tablet&quot;:&quot;&quot;,&quot;jet_parallax_layout_bg_y_mobile&quot;:&quot;&quot;,&quot;jet_parallax_layout_bg_size&quot;:&quot;auto&quot;,&quot;jet_parallax_layout_bg_size_tablet&quot;:&quot;&quot;,&quot;jet_parallax_layout_bg_size_mobile&quot;:&quot;&quot;,&quot;jet_parallax_layout_animation_prop&quot;:&quot;transform&quot;,&quot;jet_parallax_layout_on&quot;:[&quot;desktop&quot;,&quot;tablet&quot;]}]}\">\n\t\t\t\t\t\t<div class=\"elementor-container elementor-column-gap-no\">\n\t\t\t\t\t<div class=\"elementor-column elementor-col-100 elementor-top-column elementor-element elementor-element-acd808a\" data-id=\"acd808a\" data-element_type=\"column\" data-e-type=\"column\">\n\t\t\t<div class=\"elementor-widget-wrap elementor-element-populated\">\n\t\t\t\t\t\t<div class=\"elementor-element elementor-element-723b15d elementor-widget elementor-widget-text-editor\" data-id=\"723b15d\" data-element_type=\"widget\" data-e-type=\"widget\" data-widget_type=\"text-editor.default\">\n\t\t\t\t\t\t\t\t\t<h3 style=\"text-align: center;\"><a href=\"http:\/\/www.campingultimaspiaggia.it\" target=\"_blank\" rel=\"noopener\">Camping Villaggio L&#8217;ultima spiaggia<\/a><\/h3>\t\t\t\t\t\t\t\t<\/div>\n\t\t\t\t<div class=\"elementor-element elementor-element-6eb5f76 elementor-widget elementor-widget-text-editor\" data-id=\"6eb5f76\" data-element_type=\"widget\" data-e-type=\"widget\" data-widget_type=\"text-editor.default\">\n\t\t\t\t\t\t\t\t\t<p>La Ultima Spiaggia de Bari Sardo es un camping de 4 estrellas que ofrece acceso directo al mar y 280 parcelas con sombra para las autocaravanas y furgonetas camper, con servicios organizados y limpios.\u00a0 \u00a0+39078229363 &#8211; +393427108608 &#8211; <a href=\"mailto:booking@campingultimaspiaggia.net\">booking@campingultimaspiaggia.net<\/a><\/p>\t\t\t\t\t\t\t\t<\/div>\n\t\t\t\t\t<\/div>\n\t\t<\/div>\n\t\t\t\t\t<\/div>\n\t\t<\/section>\n\t\t\t\t<section class=\"elementor-section elementor-top-section elementor-element elementor-element-bd2e9f4 elementor-section-boxed elementor-section-height-default elementor-section-height-default\" data-id=\"bd2e9f4\" data-element_type=\"section\" data-e-type=\"section\" id=\"lapinetaest\" data-settings=\"{&quot;jet_parallax_layout_list&quot;:[{&quot;jet_parallax_layout_image&quot;:{&quot;url&quot;:&quot;&quot;,&quot;id&quot;:&quot;&quot;,&quot;size&quot;:&quot;&quot;},&quot;_id&quot;:&quot;cb52157&quot;,&quot;jet_parallax_layout_speed&quot;:{&quot;unit&quot;:&quot;%&quot;,&quot;size&quot;:50,&quot;sizes&quot;:[]},&quot;jet_parallax_layout_image_tablet&quot;:{&quot;url&quot;:&quot;&quot;,&quot;id&quot;:&quot;&quot;,&quot;size&quot;:&quot;&quot;},&quot;jet_parallax_layout_image_mobile&quot;:{&quot;url&quot;:&quot;&quot;,&quot;id&quot;:&quot;&quot;,&quot;size&quot;:&quot;&quot;},&quot;jet_parallax_layout_type&quot;:&quot;scroll&quot;,&quot;jet_parallax_layout_direction&quot;:&quot;1&quot;,&quot;jet_parallax_layout_fx_direction&quot;:null,&quot;jet_parallax_layout_z_index&quot;:&quot;&quot;,&quot;jet_parallax_layout_bg_x&quot;:50,&quot;jet_parallax_layout_bg_x_tablet&quot;:&quot;&quot;,&quot;jet_parallax_layout_bg_x_mobile&quot;:&quot;&quot;,&quot;jet_parallax_layout_bg_y&quot;:50,&quot;jet_parallax_layout_bg_y_tablet&quot;:&quot;&quot;,&quot;jet_parallax_layout_bg_y_mobile&quot;:&quot;&quot;,&quot;jet_parallax_layout_bg_size&quot;:&quot;auto&quot;,&quot;jet_parallax_layout_bg_size_tablet&quot;:&quot;&quot;,&quot;jet_parallax_layout_bg_size_mobile&quot;:&quot;&quot;,&quot;jet_parallax_layout_animation_prop&quot;:&quot;transform&quot;,&quot;jet_parallax_layout_on&quot;:[&quot;desktop&quot;,&quot;tablet&quot;]}]}\">\n\t\t\t\t\t\t<div class=\"elementor-container elementor-column-gap-no\">\n\t\t\t\t\t<div class=\"elementor-column elementor-col-100 elementor-top-column elementor-element elementor-element-886254b\" data-id=\"886254b\" data-element_type=\"column\" data-e-type=\"column\">\n\t\t\t<div class=\"elementor-widget-wrap elementor-element-populated\">\n\t\t\t\t\t\t<div class=\"elementor-element elementor-element-b3d6210 elementor-widget elementor-widget-text-editor\" data-id=\"b3d6210\" data-element_type=\"widget\" data-e-type=\"widget\" data-widget_type=\"text-editor.default\">\n\t\t\t\t\t\t\t\t\t<h3 style=\"text-align: center;\"><a href=\"http:\/\/www.campingbungalowlapineta.it\" target=\"_blank\" rel=\"noopener\">Camping La Pineta<\/a><\/h3>\t\t\t\t\t\t\t\t<\/div>\n\t\t\t\t<div class=\"elementor-element elementor-element-08291a6 elementor-widget elementor-widget-text-editor\" data-id=\"08291a6\" data-element_type=\"widget\" data-e-type=\"widget\" data-widget_type=\"text-editor.default\">\n\t\t\t\t\t\t\t\t\t<p style=\"text-align: center;\">El Camping La Pineta se encuentra a solo 400 metros de la playa de Planargia en una zona rural a 3 kil\u00f3metros de Bari Sardo y ofrece parcelas en un entorno bien cuidado y de gesti\u00f3n familiar. <a href=\"tel: +39078229372\">+39078229372<\/a> &#8211; <a href=\"mailto:info@campingbungalowlapineta.it\">info@campingbungalowlapineta.it<\/a><\/p>\t\t\t\t\t\t\t\t<\/div>\n\t\t\t\t\t<\/div>\n\t\t<\/div>\n\t\t\t\t\t<\/div>\n\t\t<\/section>\n\t\t\t\t<section class=\"elementor-section elementor-top-section elementor-element elementor-element-f22a1b5 elementor-section-boxed elementor-section-height-default elementor-section-height-default\" data-id=\"f22a1b5\" data-element_type=\"section\" data-e-type=\"section\" id=\"marinaest\" data-settings=\"{&quot;jet_parallax_layout_list&quot;:[{&quot;jet_parallax_layout_image&quot;:{&quot;url&quot;:&quot;&quot;,&quot;id&quot;:&quot;&quot;,&quot;size&quot;:&quot;&quot;},&quot;_id&quot;:&quot;cb52157&quot;,&quot;jet_parallax_layout_speed&quot;:{&quot;unit&quot;:&quot;%&quot;,&quot;size&quot;:50,&quot;sizes&quot;:[]},&quot;jet_parallax_layout_image_tablet&quot;:{&quot;url&quot;:&quot;&quot;,&quot;id&quot;:&quot;&quot;,&quot;size&quot;:&quot;&quot;},&quot;jet_parallax_layout_image_mobile&quot;:{&quot;url&quot;:&quot;&quot;,&quot;id&quot;:&quot;&quot;,&quot;size&quot;:&quot;&quot;},&quot;jet_parallax_layout_type&quot;:&quot;scroll&quot;,&quot;jet_parallax_layout_direction&quot;:&quot;1&quot;,&quot;jet_parallax_layout_fx_direction&quot;:null,&quot;jet_parallax_layout_z_index&quot;:&quot;&quot;,&quot;jet_parallax_layout_bg_x&quot;:50,&quot;jet_parallax_layout_bg_x_tablet&quot;:&quot;&quot;,&quot;jet_parallax_layout_bg_x_mobile&quot;:&quot;&quot;,&quot;jet_parallax_layout_bg_y&quot;:50,&quot;jet_parallax_layout_bg_y_tablet&quot;:&quot;&quot;,&quot;jet_parallax_layout_bg_y_mobile&quot;:&quot;&quot;,&quot;jet_parallax_layout_bg_size&quot;:&quot;auto&quot;,&quot;jet_parallax_layout_bg_size_tablet&quot;:&quot;&quot;,&quot;jet_parallax_layout_bg_size_mobile&quot;:&quot;&quot;,&quot;jet_parallax_layout_animation_prop&quot;:&quot;transform&quot;,&quot;jet_parallax_layout_on&quot;:[&quot;desktop&quot;,&quot;tablet&quot;]}]}\">\n\t\t\t\t\t\t<div class=\"elementor-container elementor-column-gap-no\">\n\t\t\t\t\t<div class=\"elementor-column elementor-col-100 elementor-top-column elementor-element elementor-element-d2cd360\" data-id=\"d2cd360\" data-element_type=\"column\" data-e-type=\"column\">\n\t\t\t<div class=\"elementor-widget-wrap elementor-element-populated\">\n\t\t\t\t\t\t<div class=\"elementor-element elementor-element-e3c7e38 elementor-widget elementor-widget-text-editor\" data-id=\"e3c7e38\" data-element_type=\"widget\" data-e-type=\"widget\" data-widget_type=\"text-editor.default\">\n\t\t\t\t\t\t\t\t\t<h3 style=\"text-align: center;\"><a href=\"http:\/\/www.campingmarina.it\" target=\"_blank\" rel=\"noopener\">Camping Marina<\/a><\/h3>\t\t\t\t\t\t\t\t<\/div>\n\t\t\t\t<div class=\"elementor-element elementor-element-deddf5d elementor-widget elementor-widget-text-editor\" data-id=\"deddf5d\" data-element_type=\"widget\" data-e-type=\"widget\" data-widget_type=\"text-editor.default\">\n\t\t\t\t\t\t\t\t\t<p style=\"text-align: center;\">Camping Marina est\u00e1 ubicado al sur del Golfo de Orosei, cerca del acantilado bas\u00e1ltico de Teccu y ofrece parcelas para autocaravanas con sombra y equipadas con electricidad. <a href=\"tel: +39078229969\">+39078229969<\/a> <a href=\"tel: +393382107298\">+393382107298<\/a> &#8211; <a href=\"mailto:info@campingmarina.it\">info@campingmarina.it<\/a><\/p>\t\t\t\t\t\t\t\t<\/div>\n\t\t\t\t\t<\/div>\n\t\t<\/div>\n\t\t\t\t\t<\/div>\n\t\t<\/section>\n\t\t\t\t<section class=\"elementor-section elementor-top-section elementor-element elementor-element-2f6d9ba elementor-section-boxed elementor-section-height-default elementor-section-height-default\" data-id=\"2f6d9ba\" data-element_type=\"section\" data-e-type=\"section\" id=\"baiacea\" data-settings=\"{&quot;jet_parallax_layout_list&quot;:[{&quot;jet_parallax_layout_image&quot;:{&quot;url&quot;:&quot;&quot;,&quot;id&quot;:&quot;&quot;,&quot;size&quot;:&quot;&quot;},&quot;_id&quot;:&quot;cb52157&quot;,&quot;jet_parallax_layout_speed&quot;:{&quot;unit&quot;:&quot;%&quot;,&quot;size&quot;:50,&quot;sizes&quot;:[]},&quot;jet_parallax_layout_image_tablet&quot;:{&quot;url&quot;:&quot;&quot;,&quot;id&quot;:&quot;&quot;,&quot;size&quot;:&quot;&quot;},&quot;jet_parallax_layout_image_mobile&quot;:{&quot;url&quot;:&quot;&quot;,&quot;id&quot;:&quot;&quot;,&quot;size&quot;:&quot;&quot;},&quot;jet_parallax_layout_type&quot;:&quot;scroll&quot;,&quot;jet_parallax_layout_direction&quot;:&quot;1&quot;,&quot;jet_parallax_layout_fx_direction&quot;:null,&quot;jet_parallax_layout_z_index&quot;:&quot;&quot;,&quot;jet_parallax_layout_bg_x&quot;:50,&quot;jet_parallax_layout_bg_x_tablet&quot;:&quot;&quot;,&quot;jet_parallax_layout_bg_x_mobile&quot;:&quot;&quot;,&quot;jet_parallax_layout_bg_y&quot;:50,&quot;jet_parallax_layout_bg_y_tablet&quot;:&quot;&quot;,&quot;jet_parallax_layout_bg_y_mobile&quot;:&quot;&quot;,&quot;jet_parallax_layout_bg_size&quot;:&quot;auto&quot;,&quot;jet_parallax_layout_bg_size_tablet&quot;:&quot;&quot;,&quot;jet_parallax_layout_bg_size_mobile&quot;:&quot;&quot;,&quot;jet_parallax_layout_animation_prop&quot;:&quot;transform&quot;,&quot;jet_parallax_layout_on&quot;:[&quot;desktop&quot;,&quot;tablet&quot;]}]}\">\n\t\t\t\t\t\t<div class=\"elementor-container elementor-column-gap-no\">\n\t\t\t\t\t<div class=\"elementor-column elementor-col-100 elementor-top-column elementor-element elementor-element-ae80225\" data-id=\"ae80225\" data-element_type=\"column\" data-e-type=\"column\">\n\t\t\t<div class=\"elementor-widget-wrap elementor-element-populated\">\n\t\t\t\t\t\t<div class=\"elementor-element elementor-element-5e69c9b elementor-widget elementor-widget-text-editor\" data-id=\"5e69c9b\" data-element_type=\"widget\" data-e-type=\"widget\" data-widget_type=\"text-editor.default\">\n\t\t\t\t\t\t\t\t\t<h3 style=\"text-align: center;\"><a href=\"http:\/\/www.baiacea.it\" target=\"_blank\" rel=\"noopener\">\u00c1rea servicio autocaravanas Baia Cea<\/a><\/h3>\t\t\t\t\t\t\t\t<\/div>\n\t\t\t\t<div class=\"elementor-element elementor-element-45ca276 elementor-widget elementor-widget-text-editor\" data-id=\"45ca276\" data-element_type=\"widget\" data-e-type=\"widget\" data-widget_type=\"text-editor.default\">\n\t\t\t\t\t\t\t\t\t<p style=\"text-align: center;\">El \u00e1rea para autocaravanas de Baia Cea est\u00e0 equipada directamente sobre el mar y ofrece servicios para autocaravanas y furgonetas camper. <a href=\"tel: +393200727533\">+393200727533<\/a><\/p>\t\t\t\t\t\t\t\t<\/div>\n\t\t\t\t\t<\/div>\n\t\t<\/div>\n\t\t\t\t\t<\/div>\n\t\t<\/section>\n\t\t\t\t<section class=\"elementor-section elementor-top-section elementor-element elementor-element-917c1d0 elementor-section-boxed elementor-section-height-default elementor-section-height-default\" data-id=\"917c1d0\" data-element_type=\"section\" data-e-type=\"section\" id=\"tancadiorri\" data-settings=\"{&quot;jet_parallax_layout_list&quot;:[{&quot;jet_parallax_layout_image&quot;:{&quot;url&quot;:&quot;&quot;,&quot;id&quot;:&quot;&quot;,&quot;size&quot;:&quot;&quot;},&quot;_id&quot;:&quot;cb52157&quot;,&quot;jet_parallax_layout_speed&quot;:{&quot;unit&quot;:&quot;%&quot;,&quot;size&quot;:50,&quot;sizes&quot;:[]},&quot;jet_parallax_layout_image_tablet&quot;:{&quot;url&quot;:&quot;&quot;,&quot;id&quot;:&quot;&quot;,&quot;size&quot;:&quot;&quot;},&quot;jet_parallax_layout_image_mobile&quot;:{&quot;url&quot;:&quot;&quot;,&quot;id&quot;:&quot;&quot;,&quot;size&quot;:&quot;&quot;},&quot;jet_parallax_layout_type&quot;:&quot;scroll&quot;,&quot;jet_parallax_layout_direction&quot;:&quot;1&quot;,&quot;jet_parallax_layout_fx_direction&quot;:null,&quot;jet_parallax_layout_z_index&quot;:&quot;&quot;,&quot;jet_parallax_layout_bg_x&quot;:50,&quot;jet_parallax_layout_bg_x_tablet&quot;:&quot;&quot;,&quot;jet_parallax_layout_bg_x_mobile&quot;:&quot;&quot;,&quot;jet_parallax_layout_bg_y&quot;:50,&quot;jet_parallax_layout_bg_y_tablet&quot;:&quot;&quot;,&quot;jet_parallax_layout_bg_y_mobile&quot;:&quot;&quot;,&quot;jet_parallax_layout_bg_size&quot;:&quot;auto&quot;,&quot;jet_parallax_layout_bg_size_tablet&quot;:&quot;&quot;,&quot;jet_parallax_layout_bg_size_mobile&quot;:&quot;&quot;,&quot;jet_parallax_layout_animation_prop&quot;:&quot;transform&quot;,&quot;jet_parallax_layout_on&quot;:[&quot;desktop&quot;,&quot;tablet&quot;]}]}\">\n\t\t\t\t\t\t<div class=\"elementor-container elementor-column-gap-no\">\n\t\t\t\t\t<div class=\"elementor-column elementor-col-100 elementor-top-column elementor-element elementor-element-fb99512\" data-id=\"fb99512\" data-element_type=\"column\" data-e-type=\"column\">\n\t\t\t<div class=\"elementor-widget-wrap elementor-element-populated\">\n\t\t\t\t\t\t<div class=\"elementor-element elementor-element-3337f4b elementor-widget elementor-widget-text-editor\" data-id=\"3337f4b\" data-element_type=\"widget\" data-e-type=\"widget\" data-widget_type=\"text-editor.default\">\n\t\t\t\t\t\t\t\t\t<h3 style=\"text-align: center;\">\u00c1rea servicio autocaravanas Tanca Di Orr\u00ec<\/h3>\t\t\t\t\t\t\t\t<\/div>\n\t\t\t\t<div class=\"elementor-element elementor-element-d9d71a2 elementor-widget elementor-widget-text-editor\" data-id=\"d9d71a2\" data-element_type=\"widget\" data-e-type=\"widget\" data-widget_type=\"text-editor.default\">\n\t\t\t\t\t\t\t\t\t<p style=\"text-align: center;\">El \u00e1rea para autocaravanas y furgonetas camper est\u00e1 cercada y vigilada y se encuentra en el mar a unos 3 km de Tortol\u00ec. Tiene alrededor de 80 parcelas y ofrece servicios para autocaravanas y aseos. <a href=\"tel: +393487351779\">+393487351779<\/a><\/p>\t\t\t\t\t\t\t\t<\/div>\n\t\t\t\t\t<\/div>\n\t\t<\/div>\n\t\t\t\t\t<\/div>\n\t\t<\/section>\n\t\t\t\t<section class=\"elementor-section elementor-top-section elementor-element elementor-element-28728bd elementor-section-boxed elementor-section-height-default elementor-section-height-default\" data-id=\"28728bd\" data-element_type=\"section\" data-e-type=\"section\" id=\"orri\" data-settings=\"{&quot;jet_parallax_layout_list&quot;:[{&quot;jet_parallax_layout_image&quot;:{&quot;url&quot;:&quot;&quot;,&quot;id&quot;:&quot;&quot;,&quot;size&quot;:&quot;&quot;},&quot;_id&quot;:&quot;cb52157&quot;,&quot;jet_parallax_layout_speed&quot;:{&quot;unit&quot;:&quot;%&quot;,&quot;size&quot;:50,&quot;sizes&quot;:[]},&quot;jet_parallax_layout_image_tablet&quot;:{&quot;url&quot;:&quot;&quot;,&quot;id&quot;:&quot;&quot;,&quot;size&quot;:&quot;&quot;},&quot;jet_parallax_layout_image_mobile&quot;:{&quot;url&quot;:&quot;&quot;,&quot;id&quot;:&quot;&quot;,&quot;size&quot;:&quot;&quot;},&quot;jet_parallax_layout_type&quot;:&quot;scroll&quot;,&quot;jet_parallax_layout_direction&quot;:&quot;1&quot;,&quot;jet_parallax_layout_fx_direction&quot;:null,&quot;jet_parallax_layout_z_index&quot;:&quot;&quot;,&quot;jet_parallax_layout_bg_x&quot;:50,&quot;jet_parallax_layout_bg_x_tablet&quot;:&quot;&quot;,&quot;jet_parallax_layout_bg_x_mobile&quot;:&quot;&quot;,&quot;jet_parallax_layout_bg_y&quot;:50,&quot;jet_parallax_layout_bg_y_tablet&quot;:&quot;&quot;,&quot;jet_parallax_layout_bg_y_mobile&quot;:&quot;&quot;,&quot;jet_parallax_layout_bg_size&quot;:&quot;auto&quot;,&quot;jet_parallax_layout_bg_size_tablet&quot;:&quot;&quot;,&quot;jet_parallax_layout_bg_size_mobile&quot;:&quot;&quot;,&quot;jet_parallax_layout_animation_prop&quot;:&quot;transform&quot;,&quot;jet_parallax_layout_on&quot;:[&quot;desktop&quot;,&quot;tablet&quot;]}]}\">\n\t\t\t\t\t\t<div class=\"elementor-container elementor-column-gap-no\">\n\t\t\t\t\t<div class=\"elementor-column elementor-col-100 elementor-top-column elementor-element elementor-element-8b4e95b\" data-id=\"8b4e95b\" data-element_type=\"column\" data-e-type=\"column\">\n\t\t\t<div class=\"elementor-widget-wrap elementor-element-populated\">\n\t\t\t\t\t\t<div class=\"elementor-element elementor-element-a92c581 elementor-widget elementor-widget-text-editor\" data-id=\"a92c581\" data-element_type=\"widget\" data-e-type=\"widget\" data-widget_type=\"text-editor.default\">\n\t\t\t\t\t\t\t\t\t<h3 style=\"text-align: center;\"><a href=\"http:\/\/www.campingorri.it\" target=\"_blank\" rel=\"noopener\">Camping village Orri<\/a><\/h3>\t\t\t\t\t\t\t\t<\/div>\n\t\t\t\t<div class=\"elementor-element elementor-element-66bfc88 elementor-widget elementor-widget-text-editor\" data-id=\"66bfc88\" data-element_type=\"widget\" data-e-type=\"widget\" data-widget_type=\"text-editor.default\">\n\t\t\t\t\t\t\t\t\t<p style=\"text-align: center;\">El Camping Village Orr\u00ec est\u00e1 ubicado en el Lido de Orr\u00ec, en Tortoli y ofrece parcelas con sombra para autocaravanas y furgonetas camper, equipadas con conexiones y servicios el\u00e9ctricos, en un ambiente tranquilo y familiar. <a href=\"tel: +390782624695\">+390782624695<\/a> &#8211; <a href=\"mailto:camping.orri@tiscali.it\">camping.orri@tiscali.it<\/a><\/p>\t\t\t\t\t\t\t\t<\/div>\n\t\t\t\t\t<\/div>\n\t\t<\/div>\n\t\t\t\t\t<\/div>\n\t\t<\/section>\n\t\t\t\t<section class=\"elementor-section elementor-top-section elementor-element elementor-element-ab707a7 elementor-section-boxed elementor-section-height-default elementor-section-height-default\" data-id=\"ab707a7\" data-element_type=\"section\" data-e-type=\"section\" id=\"cignobianco\" data-settings=\"{&quot;jet_parallax_layout_list&quot;:[{&quot;jet_parallax_layout_image&quot;:{&quot;url&quot;:&quot;&quot;,&quot;id&quot;:&quot;&quot;,&quot;size&quot;:&quot;&quot;},&quot;_id&quot;:&quot;cb52157&quot;,&quot;jet_parallax_layout_speed&quot;:{&quot;unit&quot;:&quot;%&quot;,&quot;size&quot;:50,&quot;sizes&quot;:[]},&quot;jet_parallax_layout_image_tablet&quot;:{&quot;url&quot;:&quot;&quot;,&quot;id&quot;:&quot;&quot;,&quot;size&quot;:&quot;&quot;},&quot;jet_parallax_layout_image_mobile&quot;:{&quot;url&quot;:&quot;&quot;,&quot;id&quot;:&quot;&quot;,&quot;size&quot;:&quot;&quot;},&quot;jet_parallax_layout_type&quot;:&quot;scroll&quot;,&quot;jet_parallax_layout_direction&quot;:&quot;1&quot;,&quot;jet_parallax_layout_fx_direction&quot;:null,&quot;jet_parallax_layout_z_index&quot;:&quot;&quot;,&quot;jet_parallax_layout_bg_x&quot;:50,&quot;jet_parallax_layout_bg_x_tablet&quot;:&quot;&quot;,&quot;jet_parallax_layout_bg_x_mobile&quot;:&quot;&quot;,&quot;jet_parallax_layout_bg_y&quot;:50,&quot;jet_parallax_layout_bg_y_tablet&quot;:&quot;&quot;,&quot;jet_parallax_layout_bg_y_mobile&quot;:&quot;&quot;,&quot;jet_parallax_layout_bg_size&quot;:&quot;auto&quot;,&quot;jet_parallax_layout_bg_size_tablet&quot;:&quot;&quot;,&quot;jet_parallax_layout_bg_size_mobile&quot;:&quot;&quot;,&quot;jet_parallax_layout_animation_prop&quot;:&quot;transform&quot;,&quot;jet_parallax_layout_on&quot;:[&quot;desktop&quot;,&quot;tablet&quot;]}]}\">\n\t\t\t\t\t\t<div class=\"elementor-container elementor-column-gap-no\">\n\t\t\t\t\t<div class=\"elementor-column elementor-col-100 elementor-top-column elementor-element elementor-element-69785c7\" data-id=\"69785c7\" data-element_type=\"column\" data-e-type=\"column\">\n\t\t\t<div class=\"elementor-widget-wrap elementor-element-populated\">\n\t\t\t\t\t\t<div class=\"elementor-element elementor-element-6bbe8f5 elementor-widget elementor-widget-text-editor\" data-id=\"6bbe8f5\" data-element_type=\"widget\" data-e-type=\"widget\" data-widget_type=\"text-editor.default\">\n\t\t\t\t\t\t\t\t\t<h3 style=\"text-align: center;\"><a href=\"http:\/\/www.campingcignobianco.it\" target=\"_blank\" rel=\"noopener\">Camping Village Cigno Bianco <\/a><\/h3>\t\t\t\t\t\t\t\t<\/div>\n\t\t\t\t<div class=\"elementor-element elementor-element-85779f0 elementor-widget elementor-widget-text-editor\" data-id=\"85779f0\" data-element_type=\"widget\" data-e-type=\"widget\" data-widget_type=\"text-editor.default\">\n\t\t\t\t\t\t\t\t\t<p style=\"text-align: center;\">El Camping Village Cigno Bianco est\u00e1 ubicado en la playa de Orri, en un ambiente tranquilo y relajante, y ofrece espacios amplios y sombreados para autocaravanas y furgonetas camper con acceso directo al mar. <a href=\"tel: +390782624927\">+390782624927<\/a> <a href=\"tel: +393391651553\">+393391651553<\/a> &#8211; <a href=\"mailto:info@cignobianco.it\">info@cignobianco.it<\/a><\/p>\t\t\t\t\t\t\t\t<\/div>\n\t\t\t\t\t<\/div>\n\t\t<\/div>\n\t\t\t\t\t<\/div>\n\t\t<\/section>\n\t\t\t\t<section class=\"elementor-section elementor-top-section elementor-element elementor-element-a6c75ed elementor-section-boxed elementor-section-height-default elementor-section-height-default\" data-id=\"a6c75ed\" data-element_type=\"section\" data-e-type=\"section\" id=\"sosflores\" data-settings=\"{&quot;jet_parallax_layout_list&quot;:[{&quot;jet_parallax_layout_image&quot;:{&quot;url&quot;:&quot;&quot;,&quot;id&quot;:&quot;&quot;,&quot;size&quot;:&quot;&quot;},&quot;_id&quot;:&quot;cb52157&quot;,&quot;jet_parallax_layout_speed&quot;:{&quot;unit&quot;:&quot;%&quot;,&quot;size&quot;:50,&quot;sizes&quot;:[]},&quot;jet_parallax_layout_image_tablet&quot;:{&quot;url&quot;:&quot;&quot;,&quot;id&quot;:&quot;&quot;,&quot;size&quot;:&quot;&quot;},&quot;jet_parallax_layout_image_mobile&quot;:{&quot;url&quot;:&quot;&quot;,&quot;id&quot;:&quot;&quot;,&quot;size&quot;:&quot;&quot;},&quot;jet_parallax_layout_type&quot;:&quot;scroll&quot;,&quot;jet_parallax_layout_direction&quot;:&quot;1&quot;,&quot;jet_parallax_layout_fx_direction&quot;:null,&quot;jet_parallax_layout_z_index&quot;:&quot;&quot;,&quot;jet_parallax_layout_bg_x&quot;:50,&quot;jet_parallax_layout_bg_x_tablet&quot;:&quot;&quot;,&quot;jet_parallax_layout_bg_x_mobile&quot;:&quot;&quot;,&quot;jet_parallax_layout_bg_y&quot;:50,&quot;jet_parallax_layout_bg_y_tablet&quot;:&quot;&quot;,&quot;jet_parallax_layout_bg_y_mobile&quot;:&quot;&quot;,&quot;jet_parallax_layout_bg_size&quot;:&quot;auto&quot;,&quot;jet_parallax_layout_bg_size_tablet&quot;:&quot;&quot;,&quot;jet_parallax_layout_bg_size_mobile&quot;:&quot;&quot;,&quot;jet_parallax_layout_animation_prop&quot;:&quot;transform&quot;,&quot;jet_parallax_layout_on&quot;:[&quot;desktop&quot;,&quot;tablet&quot;]}]}\">\n\t\t\t\t\t\t<div class=\"elementor-container elementor-column-gap-no\">\n\t\t\t\t\t<div class=\"elementor-column elementor-col-100 elementor-top-column elementor-element elementor-element-024ff38\" data-id=\"024ff38\" data-element_type=\"column\" data-e-type=\"column\">\n\t\t\t<div class=\"elementor-widget-wrap elementor-element-populated\">\n\t\t\t\t\t\t<div class=\"elementor-element elementor-element-7a5669b elementor-widget elementor-widget-text-editor\" data-id=\"7a5669b\" data-element_type=\"widget\" data-e-type=\"widget\" data-widget_type=\"text-editor.default\">\n\t\t\t\t\t\t\t\t\t<h3 style=\"text-align: center;\"><a href=\"http:\/\/www.campingsosflores.com\/\" target=\"_blank\" rel=\"noopener\">Camping village Sos Flores<\/a><\/h3>\t\t\t\t\t\t\t\t<\/div>\n\t\t\t\t<div class=\"elementor-element elementor-element-362d729 elementor-widget elementor-widget-text-editor\" data-id=\"362d729\" data-element_type=\"widget\" data-e-type=\"widget\" data-widget_type=\"text-editor.default\">\n\t\t\t\t\t\t\t\t\t<p style=\"text-align: center;\">El Camping-Village Sos Flores, ubicado a lo largo de la playa de San Gemiliano en Tortol\u00ec, ofrece servicio de autocaravanas y parcelas a la sombra de grandes eucaliptos, equipadas con electricidad y ba\u00f1os.\u00a0 <a href=\"tel: +390782667485\">+390782667485<\/a> <a href=\"tel: +390782623671\">+390782623671<\/a> &#8211; <a href=\"mailto:info@campingsosflores.com\">info@campingsosflores.com<\/a><\/p>\t\t\t\t\t\t\t\t<\/div>\n\t\t\t\t\t<\/div>\n\t\t<\/div>\n\t\t\t\t\t<\/div>\n\t\t<\/section>\n\t\t\t\t<section class=\"elementor-section elementor-top-section elementor-element elementor-element-7a02b66 elementor-section-boxed elementor-section-height-default elementor-section-height-default\" data-id=\"7a02b66\" data-element_type=\"section\" data-e-type=\"section\" id=\"telis\" data-settings=\"{&quot;jet_parallax_layout_list&quot;:[{&quot;jet_parallax_layout_image&quot;:{&quot;url&quot;:&quot;&quot;,&quot;id&quot;:&quot;&quot;,&quot;size&quot;:&quot;&quot;},&quot;_id&quot;:&quot;cb52157&quot;,&quot;jet_parallax_layout_speed&quot;:{&quot;unit&quot;:&quot;%&quot;,&quot;size&quot;:50,&quot;sizes&quot;:[]},&quot;jet_parallax_layout_image_tablet&quot;:{&quot;url&quot;:&quot;&quot;,&quot;id&quot;:&quot;&quot;,&quot;size&quot;:&quot;&quot;},&quot;jet_parallax_layout_image_mobile&quot;:{&quot;url&quot;:&quot;&quot;,&quot;id&quot;:&quot;&quot;,&quot;size&quot;:&quot;&quot;},&quot;jet_parallax_layout_type&quot;:&quot;scroll&quot;,&quot;jet_parallax_layout_direction&quot;:&quot;1&quot;,&quot;jet_parallax_layout_fx_direction&quot;:null,&quot;jet_parallax_layout_z_index&quot;:&quot;&quot;,&quot;jet_parallax_layout_bg_x&quot;:50,&quot;jet_parallax_layout_bg_x_tablet&quot;:&quot;&quot;,&quot;jet_parallax_layout_bg_x_mobile&quot;:&quot;&quot;,&quot;jet_parallax_layout_bg_y&quot;:50,&quot;jet_parallax_layout_bg_y_tablet&quot;:&quot;&quot;,&quot;jet_parallax_layout_bg_y_mobile&quot;:&quot;&quot;,&quot;jet_parallax_layout_bg_size&quot;:&quot;auto&quot;,&quot;jet_parallax_layout_bg_size_tablet&quot;:&quot;&quot;,&quot;jet_parallax_layout_bg_size_mobile&quot;:&quot;&quot;,&quot;jet_parallax_layout_animation_prop&quot;:&quot;transform&quot;,&quot;jet_parallax_layout_on&quot;:[&quot;desktop&quot;,&quot;tablet&quot;]}]}\">\n\t\t\t\t\t\t<div class=\"elementor-container elementor-column-gap-no\">\n\t\t\t\t\t<div class=\"elementor-column elementor-col-100 elementor-top-column elementor-element elementor-element-7d7a13a\" data-id=\"7d7a13a\" data-element_type=\"column\" data-e-type=\"column\">\n\t\t\t<div class=\"elementor-widget-wrap elementor-element-populated\">\n\t\t\t\t\t\t<div class=\"elementor-element elementor-element-a183494 elementor-widget elementor-widget-text-editor\" data-id=\"a183494\" data-element_type=\"widget\" data-e-type=\"widget\" data-widget_type=\"text-editor.default\">\n\t\t\t\t\t\t\t\t\t<h3 style=\"text-align: center;\"><a href=\"http:\/\/www.campingtelis.com\/\" target=\"_blank\" rel=\"noopener\">Camping villaggio Telis<\/a><\/h3>\t\t\t\t\t\t\t\t<\/div>\n\t\t\t\t<div class=\"elementor-element elementor-element-6ba9036 elementor-widget elementor-widget-text-editor\" data-id=\"6ba9036\" data-element_type=\"widget\" data-e-type=\"widget\" data-widget_type=\"text-editor.default\">\n\t\t\t\t\t\t\t\t\t<p style=\"text-align: center;\">El Telis es un camping junto al mar en la peque\u00f1a bah\u00eda de Portufrailis que ofrece parcelas para autocaravanas y furgonetas camper panor\u00e0micas y con sombra, con impresionantes vistas de las playas y de los acantilados. <a href=\"tel: +390782667140\">+390782667140<\/a> \u00a0&#8211; <a href=\"mailto:info@campingtelis.com\">info@campingtelis.com<\/a><\/p>\t\t\t\t\t\t\t\t<\/div>\n\t\t\t\t\t<\/div>\n\t\t<\/div>\n\t\t\t\t\t<\/div>\n\t\t<\/section>\n\t\t\t\t<section class=\"elementor-section elementor-top-section elementor-element elementor-element-1704b0e elementor-section-boxed elementor-section-height-default elementor-section-height-default\" data-id=\"1704b0e\" data-element_type=\"section\" data-e-type=\"section\" id=\"iscrixedda\" data-settings=\"{&quot;jet_parallax_layout_list&quot;:[{&quot;jet_parallax_layout_image&quot;:{&quot;url&quot;:&quot;&quot;,&quot;id&quot;:&quot;&quot;,&quot;size&quot;:&quot;&quot;},&quot;_id&quot;:&quot;cb52157&quot;,&quot;jet_parallax_layout_speed&quot;:{&quot;unit&quot;:&quot;%&quot;,&quot;size&quot;:50,&quot;sizes&quot;:[]},&quot;jet_parallax_layout_image_tablet&quot;:{&quot;url&quot;:&quot;&quot;,&quot;id&quot;:&quot;&quot;,&quot;size&quot;:&quot;&quot;},&quot;jet_parallax_layout_image_mobile&quot;:{&quot;url&quot;:&quot;&quot;,&quot;id&quot;:&quot;&quot;,&quot;size&quot;:&quot;&quot;},&quot;jet_parallax_layout_type&quot;:&quot;scroll&quot;,&quot;jet_parallax_layout_direction&quot;:&quot;1&quot;,&quot;jet_parallax_layout_fx_direction&quot;:null,&quot;jet_parallax_layout_z_index&quot;:&quot;&quot;,&quot;jet_parallax_layout_bg_x&quot;:50,&quot;jet_parallax_layout_bg_x_tablet&quot;:&quot;&quot;,&quot;jet_parallax_layout_bg_x_mobile&quot;:&quot;&quot;,&quot;jet_parallax_layout_bg_y&quot;:50,&quot;jet_parallax_layout_bg_y_tablet&quot;:&quot;&quot;,&quot;jet_parallax_layout_bg_y_mobile&quot;:&quot;&quot;,&quot;jet_parallax_layout_bg_size&quot;:&quot;auto&quot;,&quot;jet_parallax_layout_bg_size_tablet&quot;:&quot;&quot;,&quot;jet_parallax_layout_bg_size_mobile&quot;:&quot;&quot;,&quot;jet_parallax_layout_animation_prop&quot;:&quot;transform&quot;,&quot;jet_parallax_layout_on&quot;:[&quot;desktop&quot;,&quot;tablet&quot;]}]}\">\n\t\t\t\t\t\t<div class=\"elementor-container elementor-column-gap-no\">\n\t\t\t\t\t<div class=\"elementor-column elementor-col-100 elementor-top-column elementor-element elementor-element-dcf77a3\" data-id=\"dcf77a3\" data-element_type=\"column\" data-e-type=\"column\">\n\t\t\t<div class=\"elementor-widget-wrap elementor-element-populated\">\n\t\t\t\t\t\t<div class=\"elementor-element elementor-element-c4a85c1 elementor-widget elementor-widget-text-editor\" data-id=\"c4a85c1\" data-element_type=\"widget\" data-e-type=\"widget\" data-widget_type=\"text-editor.default\">\n\t\t\t\t\t\t\t\t\t<h3 style=\"text-align: center;\"><a href=\"https:\/\/www.campingiscrixedda.com\/\" target=\"_blank\" rel=\"noopener\">Camping Iscrixedda<\/a><\/h3>\t\t\t\t\t\t\t\t<\/div>\n\t\t\t\t<div class=\"elementor-element elementor-element-c87f61a elementor-widget elementor-widget-text-editor\" data-id=\"c87f61a\" data-element_type=\"widget\" data-e-type=\"widget\" data-widget_type=\"text-editor.default\">\n\t\t\t\t\t\t\t\t\t<p style=\"text-align: center;\">El Camping Iscrixedda es ubicado a pocos kil\u00f3metros del puerto de Arbatax y ofrece parcelas y servicios para autocaravanas a la sombra de pinos y eucaliptos. <a href=\"tel: +393475949100\">+393475949100<\/a> &#8211; <a href=\"mailto:info@campingiscrixedda.com\">info@campingiscrixedda.com<\/a><\/p>\t\t\t\t\t\t\t\t<\/div>\n\t\t\t\t\t<\/div>\n\t\t<\/div>\n\t\t\t\t\t<\/div>\n\t\t<\/section>\n\t\t\t\t<section class=\"elementor-section elementor-top-section elementor-element elementor-element-d942152 elementor-section-boxed elementor-section-height-default elementor-section-height-default\" data-id=\"d942152\" data-element_type=\"section\" data-e-type=\"section\" id=\"cavallobianco\" data-settings=\"{&quot;jet_parallax_layout_list&quot;:[{&quot;jet_parallax_layout_image&quot;:{&quot;url&quot;:&quot;&quot;,&quot;id&quot;:&quot;&quot;,&quot;size&quot;:&quot;&quot;},&quot;_id&quot;:&quot;cb52157&quot;,&quot;jet_parallax_layout_speed&quot;:{&quot;unit&quot;:&quot;%&quot;,&quot;size&quot;:50,&quot;sizes&quot;:[]},&quot;jet_parallax_layout_image_tablet&quot;:{&quot;url&quot;:&quot;&quot;,&quot;id&quot;:&quot;&quot;,&quot;size&quot;:&quot;&quot;},&quot;jet_parallax_layout_image_mobile&quot;:{&quot;url&quot;:&quot;&quot;,&quot;id&quot;:&quot;&quot;,&quot;size&quot;:&quot;&quot;},&quot;jet_parallax_layout_type&quot;:&quot;scroll&quot;,&quot;jet_parallax_layout_direction&quot;:&quot;1&quot;,&quot;jet_parallax_layout_fx_direction&quot;:null,&quot;jet_parallax_layout_z_index&quot;:&quot;&quot;,&quot;jet_parallax_layout_bg_x&quot;:50,&quot;jet_parallax_layout_bg_x_tablet&quot;:&quot;&quot;,&quot;jet_parallax_layout_bg_x_mobile&quot;:&quot;&quot;,&quot;jet_parallax_layout_bg_y&quot;:50,&quot;jet_parallax_layout_bg_y_tablet&quot;:&quot;&quot;,&quot;jet_parallax_layout_bg_y_mobile&quot;:&quot;&quot;,&quot;jet_parallax_layout_bg_size&quot;:&quot;auto&quot;,&quot;jet_parallax_layout_bg_size_tablet&quot;:&quot;&quot;,&quot;jet_parallax_layout_bg_size_mobile&quot;:&quot;&quot;,&quot;jet_parallax_layout_animation_prop&quot;:&quot;transform&quot;,&quot;jet_parallax_layout_on&quot;:[&quot;desktop&quot;,&quot;tablet&quot;]}]}\">\n\t\t\t\t\t\t<div class=\"elementor-container elementor-column-gap-no\">\n\t\t\t\t\t<div class=\"elementor-column elementor-col-100 elementor-top-column elementor-element elementor-element-1862e3e\" data-id=\"1862e3e\" data-element_type=\"column\" data-e-type=\"column\">\n\t\t\t<div class=\"elementor-widget-wrap elementor-element-populated\">\n\t\t\t\t\t\t<div class=\"elementor-element elementor-element-60ad054 elementor-widget elementor-widget-text-editor\" data-id=\"60ad054\" data-element_type=\"widget\" data-e-type=\"widget\" data-widget_type=\"text-editor.default\">\n\t\t\t\t\t\t\t\t\t<h3 style=\"text-align: center;\"><a href=\"http:\/\/www.campeggiocavallobianco.com\/\" target=\"_blank\" rel=\"noopener\">Camping village Cavallo Bianco<\/a><\/h3>\t\t\t\t\t\t\t\t<\/div>\n\t\t\t\t<div class=\"elementor-element elementor-element-793cee0 elementor-widget elementor-widget-text-editor\" data-id=\"793cee0\" data-element_type=\"widget\" data-e-type=\"widget\" data-widget_type=\"text-editor.default\">\n\t\t\t\t\t\t\t\t\t<p style=\"text-align: center;\">En la espl\u00e9ndida costa de Lotzorai, el camping Cavallo Bianco est\u00e1 inmerso en una densa vegetaci\u00f3n de pinos, sauces y \u00e1rboles del Mediterr\u00e1neo y ofrece un \u00e1rea de estacionamiento (no equipada) para las autocaravanas y furgonetas camper. <a href=\"tel: +390782669095\">+390782669095<\/a> <a href=\"tel: +393383807472\">+393383807472<\/a> &#8211; <a href=\"mailto:info@campeggiocavallobianco.com\">info@campeggiocavallobianco.com<\/a><\/p>\t\t\t\t\t\t\t\t<\/div>\n\t\t\t\t\t<\/div>\n\t\t<\/div>\n\t\t\t\t\t<\/div>\n\t\t<\/section>\n\t\t\t\t<section class=\"elementor-section elementor-top-section elementor-element elementor-element-1ab8780 elementor-section-boxed elementor-section-height-default elementor-section-height-default\" data-id=\"1ab8780\" data-element_type=\"section\" data-e-type=\"section\" id=\"lecernie\" data-settings=\"{&quot;jet_parallax_layout_list&quot;:[{&quot;jet_parallax_layout_image&quot;:{&quot;url&quot;:&quot;&quot;,&quot;id&quot;:&quot;&quot;,&quot;size&quot;:&quot;&quot;},&quot;_id&quot;:&quot;cb52157&quot;,&quot;jet_parallax_layout_speed&quot;:{&quot;unit&quot;:&quot;%&quot;,&quot;size&quot;:50,&quot;sizes&quot;:[]},&quot;jet_parallax_layout_image_tablet&quot;:{&quot;url&quot;:&quot;&quot;,&quot;id&quot;:&quot;&quot;,&quot;size&quot;:&quot;&quot;},&quot;jet_parallax_layout_image_mobile&quot;:{&quot;url&quot;:&quot;&quot;,&quot;id&quot;:&quot;&quot;,&quot;size&quot;:&quot;&quot;},&quot;jet_parallax_layout_type&quot;:&quot;scroll&quot;,&quot;jet_parallax_layout_direction&quot;:&quot;1&quot;,&quot;jet_parallax_layout_fx_direction&quot;:null,&quot;jet_parallax_layout_z_index&quot;:&quot;&quot;,&quot;jet_parallax_layout_bg_x&quot;:50,&quot;jet_parallax_layout_bg_x_tablet&quot;:&quot;&quot;,&quot;jet_parallax_layout_bg_x_mobile&quot;:&quot;&quot;,&quot;jet_parallax_layout_bg_y&quot;:50,&quot;jet_parallax_layout_bg_y_tablet&quot;:&quot;&quot;,&quot;jet_parallax_layout_bg_y_mobile&quot;:&quot;&quot;,&quot;jet_parallax_layout_bg_size&quot;:&quot;auto&quot;,&quot;jet_parallax_layout_bg_size_tablet&quot;:&quot;&quot;,&quot;jet_parallax_layout_bg_size_mobile&quot;:&quot;&quot;,&quot;jet_parallax_layout_animation_prop&quot;:&quot;transform&quot;,&quot;jet_parallax_layout_on&quot;:[&quot;desktop&quot;,&quot;tablet&quot;]}]}\">\n\t\t\t\t\t\t<div class=\"elementor-container elementor-column-gap-no\">\n\t\t\t\t\t<div class=\"elementor-column elementor-col-100 elementor-top-column elementor-element elementor-element-8ac9f3d\" data-id=\"8ac9f3d\" data-element_type=\"column\" data-e-type=\"column\">\n\t\t\t<div class=\"elementor-widget-wrap elementor-element-populated\">\n\t\t\t\t\t\t<div class=\"elementor-element elementor-element-58b4859 elementor-widget elementor-widget-text-editor\" data-id=\"58b4859\" data-element_type=\"widget\" data-e-type=\"widget\" data-widget_type=\"text-editor.default\">\n\t\t\t\t\t\t\t\t\t<h3 style=\"text-align: center;\"><a href=\"http:\/\/www.campinglecernie.it\/\" target=\"_blank\" rel=\"noopener\">Camping Le Cernie<\/a><\/h3>\t\t\t\t\t\t\t\t<\/div>\n\t\t\t\t<div class=\"elementor-element elementor-element-6e8b877 elementor-widget elementor-widget-text-editor\" data-id=\"6e8b877\" data-element_type=\"widget\" data-e-type=\"widget\" data-widget_type=\"text-editor.default\">\n\t\t\t\t\t\t\t\t\t<p style=\"text-align: center;\">El Camping Le Cernie, ubicado a orillas del mar a la sombra de un bosque de pinos de 45 a\u00f1os, ofrece parcelas para autocaravanas casi todas a la sombra, algunos definidos como el Milenio y equipadas con todas las comodidades y servicios. <a href=\"tel: +393291412770\">+393291412770<\/a> <a href=\"tel: +393293989618\">+393293989618<\/a> &#8211; <a href=\"mailto:info@campinglecernie.it\">info@campinglecernie.it<\/a><\/p>\t\t\t\t\t\t\t\t<\/div>\n\t\t\t\t\t<\/div>\n\t\t<\/div>\n\t\t\t\t\t<\/div>\n\t\t<\/section>\n\t\t\t\t<section class=\"elementor-section elementor-top-section elementor-element elementor-element-5293073 elementor-section-boxed elementor-section-height-default elementor-section-height-default\" data-id=\"5293073\" data-element_type=\"section\" data-e-type=\"section\" id=\"solemar\" data-settings=\"{&quot;jet_parallax_layout_list&quot;:[{&quot;jet_parallax_layout_image&quot;:{&quot;url&quot;:&quot;&quot;,&quot;id&quot;:&quot;&quot;,&quot;size&quot;:&quot;&quot;},&quot;_id&quot;:&quot;cb52157&quot;,&quot;jet_parallax_layout_speed&quot;:{&quot;unit&quot;:&quot;%&quot;,&quot;size&quot;:50,&quot;sizes&quot;:[]},&quot;jet_parallax_layout_image_tablet&quot;:{&quot;url&quot;:&quot;&quot;,&quot;id&quot;:&quot;&quot;,&quot;size&quot;:&quot;&quot;},&quot;jet_parallax_layout_image_mobile&quot;:{&quot;url&quot;:&quot;&quot;,&quot;id&quot;:&quot;&quot;,&quot;size&quot;:&quot;&quot;},&quot;jet_parallax_layout_type&quot;:&quot;scroll&quot;,&quot;jet_parallax_layout_direction&quot;:&quot;1&quot;,&quot;jet_parallax_layout_fx_direction&quot;:null,&quot;jet_parallax_layout_z_index&quot;:&quot;&quot;,&quot;jet_parallax_layout_bg_x&quot;:50,&quot;jet_parallax_layout_bg_x_tablet&quot;:&quot;&quot;,&quot;jet_parallax_layout_bg_x_mobile&quot;:&quot;&quot;,&quot;jet_parallax_layout_bg_y&quot;:50,&quot;jet_parallax_layout_bg_y_tablet&quot;:&quot;&quot;,&quot;jet_parallax_layout_bg_y_mobile&quot;:&quot;&quot;,&quot;jet_parallax_layout_bg_size&quot;:&quot;auto&quot;,&quot;jet_parallax_layout_bg_size_tablet&quot;:&quot;&quot;,&quot;jet_parallax_layout_bg_size_mobile&quot;:&quot;&quot;,&quot;jet_parallax_layout_animation_prop&quot;:&quot;transform&quot;,&quot;jet_parallax_layout_on&quot;:[&quot;desktop&quot;,&quot;tablet&quot;]}]}\">\n\t\t\t\t\t\t<div class=\"elementor-container elementor-column-gap-no\">\n\t\t\t\t\t<div class=\"elementor-column elementor-col-100 elementor-top-column elementor-element elementor-element-0af6d60\" data-id=\"0af6d60\" data-element_type=\"column\" data-e-type=\"column\">\n\t\t\t<div class=\"elementor-widget-wrap elementor-element-populated\">\n\t\t\t\t\t\t<div class=\"elementor-element elementor-element-bbf7dbc elementor-widget elementor-widget-text-editor\" data-id=\"bbf7dbc\" data-element_type=\"widget\" data-e-type=\"widget\" data-widget_type=\"text-editor.default\">\n\t\t\t\t\t\t\t\t\t<h3 style=\"text-align: center;\"><a href=\"http:\/\/web.tiscali.it\/campingsolemar\/\" target=\"_blank\" rel=\"noopener\">Camping Solemar<\/a><\/h3>\t\t\t\t\t\t\t\t<\/div>\n\t\t\t\t<div class=\"elementor-element elementor-element-b7c6300 elementor-widget elementor-widget-text-editor\" data-id=\"b7c6300\" data-element_type=\"widget\" data-e-type=\"widget\" data-widget_type=\"text-editor.default\">\n\t\t\t\t\t\t\t\t\t<p style=\"text-align: center;\">El Solemar es un camping en primera l\u00ednea de playa ubicado en un bosque de pinos que cuenta con servicios y 80 parcelas para autocaravanas y furgonetas camper. <a href=\"http:\/\/Tel: +393896824812\" rel=\"nofollow\">+393896824812<\/a> &#8211; <a href=\"mailto:solemar@tiscalinet.it\">solemar@tiscalinet.it<\/a><\/p>\t\t\t\t\t\t\t\t<\/div>\n\t\t\t\t\t<\/div>\n\t\t<\/div>\n\t\t\t\t\t<\/div>\n\t\t<\/section>\n\t\t\t\t<section class=\"elementor-section elementor-top-section elementor-element elementor-element-6e22e9c elementor-section-boxed elementor-section-height-default elementor-section-height-default\" data-id=\"6e22e9c\" data-element_type=\"section\" data-e-type=\"section\" id=\"calagonone\" data-settings=\"{&quot;jet_parallax_layout_list&quot;:[{&quot;jet_parallax_layout_image&quot;:{&quot;url&quot;:&quot;&quot;,&quot;id&quot;:&quot;&quot;,&quot;size&quot;:&quot;&quot;},&quot;_id&quot;:&quot;cb52157&quot;,&quot;jet_parallax_layout_speed&quot;:{&quot;unit&quot;:&quot;%&quot;,&quot;size&quot;:50,&quot;sizes&quot;:[]},&quot;jet_parallax_layout_image_tablet&quot;:{&quot;url&quot;:&quot;&quot;,&quot;id&quot;:&quot;&quot;,&quot;size&quot;:&quot;&quot;},&quot;jet_parallax_layout_image_mobile&quot;:{&quot;url&quot;:&quot;&quot;,&quot;id&quot;:&quot;&quot;,&quot;size&quot;:&quot;&quot;},&quot;jet_parallax_layout_type&quot;:&quot;scroll&quot;,&quot;jet_parallax_layout_direction&quot;:&quot;1&quot;,&quot;jet_parallax_layout_fx_direction&quot;:null,&quot;jet_parallax_layout_z_index&quot;:&quot;&quot;,&quot;jet_parallax_layout_bg_x&quot;:50,&quot;jet_parallax_layout_bg_x_tablet&quot;:&quot;&quot;,&quot;jet_parallax_layout_bg_x_mobile&quot;:&quot;&quot;,&quot;jet_parallax_layout_bg_y&quot;:50,&quot;jet_parallax_layout_bg_y_tablet&quot;:&quot;&quot;,&quot;jet_parallax_layout_bg_y_mobile&quot;:&quot;&quot;,&quot;jet_parallax_layout_bg_size&quot;:&quot;auto&quot;,&quot;jet_parallax_layout_bg_size_tablet&quot;:&quot;&quot;,&quot;jet_parallax_layout_bg_size_mobile&quot;:&quot;&quot;,&quot;jet_parallax_layout_animation_prop&quot;:&quot;transform&quot;,&quot;jet_parallax_layout_on&quot;:[&quot;desktop&quot;,&quot;tablet&quot;]}]}\">\n\t\t\t\t\t\t<div class=\"elementor-container elementor-column-gap-no\">\n\t\t\t\t\t<div class=\"elementor-column elementor-col-100 elementor-top-column elementor-element elementor-element-f708bf6\" data-id=\"f708bf6\" data-element_type=\"column\" data-e-type=\"column\">\n\t\t\t<div class=\"elementor-widget-wrap elementor-element-populated\">\n\t\t\t\t\t\t<div class=\"elementor-element elementor-element-a0695c7 elementor-widget elementor-widget-text-editor\" data-id=\"a0695c7\" data-element_type=\"widget\" data-e-type=\"widget\" data-widget_type=\"text-editor.default\">\n\t\t\t\t\t\t\t\t\t<h3 style=\"text-align: center;\"><a href=\"https:\/\/www.calagononecamping.com\/\" target=\"_blank\" rel=\"noopener\">Sardinia Camping Cala Gonone<\/a><\/h3>\t\t\t\t\t\t\t\t<\/div>\n\t\t\t\t<div class=\"elementor-element elementor-element-50151a0 elementor-widget elementor-widget-text-editor\" data-id=\"50151a0\" data-element_type=\"widget\" data-e-type=\"widget\" data-widget_type=\"text-editor.default\">\n\t\t\t\t\t\t\t\t\t<p style=\"text-align: center;\">El Camping Cala Gonone Sardinia se encuentra a 200 metros de las playas, ubicado en un frondoso y sombreado bosque de pinos de cuatro hect\u00e1reas con frescas parcelas para autocaravanas y furgonetas camper y servicios. <a href=\"tel: +39078493476\">+39078493476 <\/a><a href=\"tel: +393421028249\">+393421028249<\/a> &#8211; <a href=\"mailto:info@calagononecamping.com\">info@calagononecamping.com<\/a><\/p>\t\t\t\t\t\t\t\t<\/div>\n\t\t\t\t\t<\/div>\n\t\t<\/div>\n\t\t\t\t\t<\/div>\n\t\t<\/section>\n\t\t\t\t<section class=\"elementor-section elementor-top-section elementor-element elementor-element-1817cc5 elementor-section-boxed elementor-section-height-default elementor-section-height-default\" data-id=\"1817cc5\" data-element_type=\"section\" data-e-type=\"section\" id=\"ilgolfo\" data-settings=\"{&quot;jet_parallax_layout_list&quot;:[{&quot;jet_parallax_layout_image&quot;:{&quot;url&quot;:&quot;&quot;,&quot;id&quot;:&quot;&quot;,&quot;size&quot;:&quot;&quot;},&quot;_id&quot;:&quot;cb52157&quot;,&quot;jet_parallax_layout_speed&quot;:{&quot;unit&quot;:&quot;%&quot;,&quot;size&quot;:50,&quot;sizes&quot;:[]},&quot;jet_parallax_layout_image_tablet&quot;:{&quot;url&quot;:&quot;&quot;,&quot;id&quot;:&quot;&quot;,&quot;size&quot;:&quot;&quot;},&quot;jet_parallax_layout_image_mobile&quot;:{&quot;url&quot;:&quot;&quot;,&quot;id&quot;:&quot;&quot;,&quot;size&quot;:&quot;&quot;},&quot;jet_parallax_layout_type&quot;:&quot;scroll&quot;,&quot;jet_parallax_layout_direction&quot;:&quot;1&quot;,&quot;jet_parallax_layout_fx_direction&quot;:null,&quot;jet_parallax_layout_z_index&quot;:&quot;&quot;,&quot;jet_parallax_layout_bg_x&quot;:50,&quot;jet_parallax_layout_bg_x_tablet&quot;:&quot;&quot;,&quot;jet_parallax_layout_bg_x_mobile&quot;:&quot;&quot;,&quot;jet_parallax_layout_bg_y&quot;:50,&quot;jet_parallax_layout_bg_y_tablet&quot;:&quot;&quot;,&quot;jet_parallax_layout_bg_y_mobile&quot;:&quot;&quot;,&quot;jet_parallax_layout_bg_size&quot;:&quot;auto&quot;,&quot;jet_parallax_layout_bg_size_tablet&quot;:&quot;&quot;,&quot;jet_parallax_layout_bg_size_mobile&quot;:&quot;&quot;,&quot;jet_parallax_layout_animation_prop&quot;:&quot;transform&quot;,&quot;jet_parallax_layout_on&quot;:[&quot;desktop&quot;,&quot;tablet&quot;]}]}\">\n\t\t\t\t\t\t<div class=\"elementor-container elementor-column-gap-no\">\n\t\t\t\t\t<div class=\"elementor-column elementor-col-100 elementor-top-column elementor-element elementor-element-e491df2\" data-id=\"e491df2\" data-element_type=\"column\" data-e-type=\"column\">\n\t\t\t<div class=\"elementor-widget-wrap elementor-element-populated\">\n\t\t\t\t\t\t<div class=\"elementor-element elementor-element-b82aac8 elementor-widget elementor-widget-text-editor\" data-id=\"b82aac8\" data-element_type=\"widget\" data-e-type=\"widget\" data-widget_type=\"text-editor.default\">\n\t\t\t\t\t\t\t\t\t<h3 style=\"text-align: center;\"><a href=\"http:\/\/www.campeggioilgolfo.com\/\" target=\"_blank\" rel=\"noopener\">Campeggio Il Golfo<\/a><\/h3>\t\t\t\t\t\t\t\t<\/div>\n\t\t\t\t<div class=\"elementor-element elementor-element-c6c3513 elementor-widget elementor-widget-text-editor\" data-id=\"c6c3513\" data-element_type=\"widget\" data-e-type=\"widget\" data-widget_type=\"text-editor.default\">\n\t\t\t\t\t\t\t\t\t<p style=\"text-align: center;\">El Camping Il Golfo est\u00e1 ubicado en el Golfo de Orosei, rodeado por un bosque de pinos de 7 hect\u00e1reas y ofrece 100 parcelas para autocaravanas y acceso gratuito a internet. <a href=\"tel: +39078491024\">+39078491024<\/a> &#8211; <a href=\"mailto:info@campeggioilgolfo.com\">info@campeggioilgolfo.com<\/a><\/p>\t\t\t\t\t\t\t\t<\/div>\n\t\t\t\t\t<\/div>\n\t\t<\/div>\n\t\t\t\t\t<\/div>\n\t\t<\/section>\n\t\t\t\t<section class=\"elementor-section elementor-top-section elementor-element elementor-element-acda1b1 elementor-section-boxed elementor-section-height-default elementor-section-height-default\" data-id=\"acda1b1\" data-element_type=\"section\" data-e-type=\"section\" id=\"portososalinos\" data-settings=\"{&quot;jet_parallax_layout_list&quot;:[{&quot;jet_parallax_layout_image&quot;:{&quot;url&quot;:&quot;&quot;,&quot;id&quot;:&quot;&quot;,&quot;size&quot;:&quot;&quot;},&quot;_id&quot;:&quot;cb52157&quot;,&quot;jet_parallax_layout_speed&quot;:{&quot;unit&quot;:&quot;%&quot;,&quot;size&quot;:50,&quot;sizes&quot;:[]},&quot;jet_parallax_layout_image_tablet&quot;:{&quot;url&quot;:&quot;&quot;,&quot;id&quot;:&quot;&quot;,&quot;size&quot;:&quot;&quot;},&quot;jet_parallax_layout_image_mobile&quot;:{&quot;url&quot;:&quot;&quot;,&quot;id&quot;:&quot;&quot;,&quot;size&quot;:&quot;&quot;},&quot;jet_parallax_layout_type&quot;:&quot;scroll&quot;,&quot;jet_parallax_layout_direction&quot;:&quot;1&quot;,&quot;jet_parallax_layout_fx_direction&quot;:null,&quot;jet_parallax_layout_z_index&quot;:&quot;&quot;,&quot;jet_parallax_layout_bg_x&quot;:50,&quot;jet_parallax_layout_bg_x_tablet&quot;:&quot;&quot;,&quot;jet_parallax_layout_bg_x_mobile&quot;:&quot;&quot;,&quot;jet_parallax_layout_bg_y&quot;:50,&quot;jet_parallax_layout_bg_y_tablet&quot;:&quot;&quot;,&quot;jet_parallax_layout_bg_y_mobile&quot;:&quot;&quot;,&quot;jet_parallax_layout_bg_size&quot;:&quot;auto&quot;,&quot;jet_parallax_layout_bg_size_tablet&quot;:&quot;&quot;,&quot;jet_parallax_layout_bg_size_mobile&quot;:&quot;&quot;,&quot;jet_parallax_layout_animation_prop&quot;:&quot;transform&quot;,&quot;jet_parallax_layout_on&quot;:[&quot;desktop&quot;,&quot;tablet&quot;]}]}\">\n\t\t\t\t\t\t<div class=\"elementor-container elementor-column-gap-no\">\n\t\t\t\t\t<div class=\"elementor-column elementor-col-100 elementor-top-column elementor-element elementor-element-7c242b1\" data-id=\"7c242b1\" data-element_type=\"column\" data-e-type=\"column\">\n\t\t\t<div class=\"elementor-widget-wrap elementor-element-populated\">\n\t\t\t\t\t\t<div class=\"elementor-element elementor-element-b1af6ec elementor-widget elementor-widget-text-editor\" data-id=\"b1af6ec\" data-element_type=\"widget\" data-e-type=\"widget\" data-widget_type=\"text-editor.default\">\n\t\t\t\t\t\t\t\t\t<h3 style=\"text-align: center;\"><a href=\"http:\/\/www.portososalinos.it\" target=\"_blank\" rel=\"noopener\">Camping &amp; Bungalow Porto Sosalinos<\/a><\/h3>\t\t\t\t\t\t\t\t<\/div>\n\t\t\t\t<div class=\"elementor-element elementor-element-ff9a7e6 elementor-widget elementor-widget-text-editor\" data-id=\"ff9a7e6\" data-element_type=\"widget\" data-e-type=\"widget\" data-widget_type=\"text-editor.default\">\n\t\t\t\t\t\t\t\t\t<p style=\"text-align: center;\">El Camping Porto Sosalinos est\u00e1 ubicado en el Golfo de Orosei, en un \u00e1rea natural a unos pocos metros del mar, en total armon\u00eda con la naturaleza. <a href=\"tel: +39078491044\">+39078491044<\/a> &#8211; <a href=\"mailto:info@portososalinos.it\">info@portososalinos.it<\/a><\/p>\t\t\t\t\t\t\t\t<\/div>\n\t\t\t\t\t<\/div>\n\t\t<\/div>\n\t\t\t\t\t<\/div>\n\t\t<\/section>\n\t\t\t\t<section class=\"elementor-section elementor-top-section elementor-element elementor-element-c30a1e8 elementor-section-boxed elementor-section-height-default elementor-section-height-default\" data-id=\"c30a1e8\" data-element_type=\"section\" data-e-type=\"section\" id=\"saprama\" data-settings=\"{&quot;jet_parallax_layout_list&quot;:[{&quot;jet_parallax_layout_image&quot;:{&quot;url&quot;:&quot;&quot;,&quot;id&quot;:&quot;&quot;,&quot;size&quot;:&quot;&quot;},&quot;_id&quot;:&quot;cb52157&quot;,&quot;jet_parallax_layout_speed&quot;:{&quot;unit&quot;:&quot;%&quot;,&quot;size&quot;:50,&quot;sizes&quot;:[]},&quot;jet_parallax_layout_image_tablet&quot;:{&quot;url&quot;:&quot;&quot;,&quot;id&quot;:&quot;&quot;,&quot;size&quot;:&quot;&quot;},&quot;jet_parallax_layout_image_mobile&quot;:{&quot;url&quot;:&quot;&quot;,&quot;id&quot;:&quot;&quot;,&quot;size&quot;:&quot;&quot;},&quot;jet_parallax_layout_type&quot;:&quot;scroll&quot;,&quot;jet_parallax_layout_direction&quot;:&quot;1&quot;,&quot;jet_parallax_layout_fx_direction&quot;:null,&quot;jet_parallax_layout_z_index&quot;:&quot;&quot;,&quot;jet_parallax_layout_bg_x&quot;:50,&quot;jet_parallax_layout_bg_x_tablet&quot;:&quot;&quot;,&quot;jet_parallax_layout_bg_x_mobile&quot;:&quot;&quot;,&quot;jet_parallax_layout_bg_y&quot;:50,&quot;jet_parallax_layout_bg_y_tablet&quot;:&quot;&quot;,&quot;jet_parallax_layout_bg_y_mobile&quot;:&quot;&quot;,&quot;jet_parallax_layout_bg_size&quot;:&quot;auto&quot;,&quot;jet_parallax_layout_bg_size_tablet&quot;:&quot;&quot;,&quot;jet_parallax_layout_bg_size_mobile&quot;:&quot;&quot;,&quot;jet_parallax_layout_animation_prop&quot;:&quot;transform&quot;,&quot;jet_parallax_layout_on&quot;:[&quot;desktop&quot;,&quot;tablet&quot;]}]}\">\n\t\t\t\t\t\t<div class=\"elementor-container elementor-column-gap-no\">\n\t\t\t\t\t<div class=\"elementor-column elementor-col-100 elementor-top-column elementor-element elementor-element-ed589c1\" data-id=\"ed589c1\" data-element_type=\"column\" data-e-type=\"column\">\n\t\t\t<div class=\"elementor-widget-wrap elementor-element-populated\">\n\t\t\t\t\t\t<div class=\"elementor-element elementor-element-6d9f008 elementor-widget elementor-widget-text-editor\" data-id=\"6d9f008\" data-element_type=\"widget\" data-e-type=\"widget\" data-widget_type=\"text-editor.default\">\n\t\t\t\t\t\t\t\t\t<h3 style=\"text-align: center;\"><a href=\"https:\/\/www.campingsaprama.it\/\" target=\"_blank\" rel=\"noopener\">Camping Sa Prama<\/a><\/h3>\t\t\t\t\t\t\t\t<\/div>\n\t\t\t\t<div class=\"elementor-element elementor-element-63dd259 elementor-widget elementor-widget-text-editor\" data-id=\"63dd259\" data-element_type=\"widget\" data-e-type=\"widget\" data-widget_type=\"text-editor.default\">\n\t\t\t\t\t\t\t\t\t<p style=\"text-align: center;\">A 11 Km al norte de Orosei, el Camping Sa Prama se extiende por 20,000 metros cuadrados en una encantadora bah\u00eda con playas de arena y acantilados y ofrece parcelas para autocaravanas y furgonetas camper en un bosque silencioso de pinos con todos los servicios. <a href=\"tel: +39078491072\">+39078491072<\/a> \u00a0&#8211; <a href=\"mailto:info@campingsaprama.com\">info@campingsaprama.com<\/a><\/p>\t\t\t\t\t\t\t\t<\/div>\n\t\t\t\t\t<\/div>\n\t\t<\/div>\n\t\t\t\t\t<\/div>\n\t\t<\/section>\n\t\t\t\t<section class=\"elementor-section elementor-top-section elementor-element elementor-element-273e382 elementor-section-boxed elementor-section-height-default elementor-section-height-default\" data-id=\"273e382\" data-element_type=\"section\" data-e-type=\"section\" id=\"calaginepro\" data-settings=\"{&quot;jet_parallax_layout_list&quot;:[{&quot;jet_parallax_layout_image&quot;:{&quot;url&quot;:&quot;&quot;,&quot;id&quot;:&quot;&quot;,&quot;size&quot;:&quot;&quot;},&quot;_id&quot;:&quot;cb52157&quot;,&quot;jet_parallax_layout_speed&quot;:{&quot;unit&quot;:&quot;%&quot;,&quot;size&quot;:50,&quot;sizes&quot;:[]},&quot;jet_parallax_layout_image_tablet&quot;:{&quot;url&quot;:&quot;&quot;,&quot;id&quot;:&quot;&quot;,&quot;size&quot;:&quot;&quot;},&quot;jet_parallax_layout_image_mobile&quot;:{&quot;url&quot;:&quot;&quot;,&quot;id&quot;:&quot;&quot;,&quot;size&quot;:&quot;&quot;},&quot;jet_parallax_layout_type&quot;:&quot;scroll&quot;,&quot;jet_parallax_layout_direction&quot;:&quot;1&quot;,&quot;jet_parallax_layout_fx_direction&quot;:null,&quot;jet_parallax_layout_z_index&quot;:&quot;&quot;,&quot;jet_parallax_layout_bg_x&quot;:50,&quot;jet_parallax_layout_bg_x_tablet&quot;:&quot;&quot;,&quot;jet_parallax_layout_bg_x_mobile&quot;:&quot;&quot;,&quot;jet_parallax_layout_bg_y&quot;:50,&quot;jet_parallax_layout_bg_y_tablet&quot;:&quot;&quot;,&quot;jet_parallax_layout_bg_y_mobile&quot;:&quot;&quot;,&quot;jet_parallax_layout_bg_size&quot;:&quot;auto&quot;,&quot;jet_parallax_layout_bg_size_tablet&quot;:&quot;&quot;,&quot;jet_parallax_layout_bg_size_mobile&quot;:&quot;&quot;,&quot;jet_parallax_layout_animation_prop&quot;:&quot;transform&quot;,&quot;jet_parallax_layout_on&quot;:[&quot;desktop&quot;,&quot;tablet&quot;]}]}\">\n\t\t\t\t\t\t<div class=\"elementor-container elementor-column-gap-no\">\n\t\t\t\t\t<div class=\"elementor-column elementor-col-100 elementor-top-column elementor-element elementor-element-7ce92e7\" data-id=\"7ce92e7\" data-element_type=\"column\" data-e-type=\"column\">\n\t\t\t<div class=\"elementor-widget-wrap elementor-element-populated\">\n\t\t\t\t\t\t<div class=\"elementor-element elementor-element-fea7654 elementor-widget elementor-widget-text-editor\" data-id=\"fea7654\" data-element_type=\"widget\" data-e-type=\"widget\" data-widget_type=\"text-editor.default\">\n\t\t\t\t\t\t\t\t\t<h3 style=\"text-align: center;\"><a href=\"https:\/\/campingcalaginepro.net\/\" target=\"_blank\" rel=\"noopener\">Camping Cala Ginepro<\/a><\/h3>\t\t\t\t\t\t\t\t<\/div>\n\t\t\t\t<div class=\"elementor-element elementor-element-5992f5b elementor-widget elementor-widget-text-editor\" data-id=\"5992f5b\" data-element_type=\"widget\" data-e-type=\"widget\" data-widget_type=\"text-editor.default\">\n\t\t\t\t\t\t\t\t\t<p style=\"text-align: center;\">Camping Cala Ginepro es un camping de tres estrellas con vista al mar del Golfo de Orosei que ofrece parcelas para autocaravanas con sombra entre los pinos y enebros y soluciones especiales para las furgonetas camper. <a href=\"tel: +39078491017\">+39078491017<\/a> &#8211; <a href=\"mailto:info@campeggiocalaginepro.com\">info@campeggiocalaginepro.com<\/a><\/p>\t\t\t\t\t\t\t\t<\/div>\n\t\t\t\t\t<\/div>\n\t\t<\/div>\n\t\t\t\t\t<\/div>\n\t\t<\/section>\n\t\t\t\t<section class=\"elementor-section elementor-top-section elementor-element elementor-element-f883407 elementor-section-boxed elementor-section-height-default elementor-section-height-default\" data-id=\"f883407\" data-element_type=\"section\" data-e-type=\"section\" id=\"calapineta\" data-settings=\"{&quot;jet_parallax_layout_list&quot;:[{&quot;jet_parallax_layout_image&quot;:{&quot;url&quot;:&quot;&quot;,&quot;id&quot;:&quot;&quot;,&quot;size&quot;:&quot;&quot;},&quot;_id&quot;:&quot;cb52157&quot;,&quot;jet_parallax_layout_speed&quot;:{&quot;unit&quot;:&quot;%&quot;,&quot;size&quot;:50,&quot;sizes&quot;:[]},&quot;jet_parallax_layout_image_tablet&quot;:{&quot;url&quot;:&quot;&quot;,&quot;id&quot;:&quot;&quot;,&quot;size&quot;:&quot;&quot;},&quot;jet_parallax_layout_image_mobile&quot;:{&quot;url&quot;:&quot;&quot;,&quot;id&quot;:&quot;&quot;,&quot;size&quot;:&quot;&quot;},&quot;jet_parallax_layout_type&quot;:&quot;scroll&quot;,&quot;jet_parallax_layout_direction&quot;:&quot;1&quot;,&quot;jet_parallax_layout_fx_direction&quot;:null,&quot;jet_parallax_layout_z_index&quot;:&quot;&quot;,&quot;jet_parallax_layout_bg_x&quot;:50,&quot;jet_parallax_layout_bg_x_tablet&quot;:&quot;&quot;,&quot;jet_parallax_layout_bg_x_mobile&quot;:&quot;&quot;,&quot;jet_parallax_layout_bg_y&quot;:50,&quot;jet_parallax_layout_bg_y_tablet&quot;:&quot;&quot;,&quot;jet_parallax_layout_bg_y_mobile&quot;:&quot;&quot;,&quot;jet_parallax_layout_bg_size&quot;:&quot;auto&quot;,&quot;jet_parallax_layout_bg_size_tablet&quot;:&quot;&quot;,&quot;jet_parallax_layout_bg_size_mobile&quot;:&quot;&quot;,&quot;jet_parallax_layout_animation_prop&quot;:&quot;transform&quot;,&quot;jet_parallax_layout_on&quot;:[&quot;desktop&quot;,&quot;tablet&quot;]}]}\">\n\t\t\t\t\t\t<div class=\"elementor-container elementor-column-gap-no\">\n\t\t\t\t\t<div class=\"elementor-column elementor-col-100 elementor-top-column elementor-element elementor-element-7e510c8\" data-id=\"7e510c8\" data-element_type=\"column\" data-e-type=\"column\">\n\t\t\t<div class=\"elementor-widget-wrap elementor-element-populated\">\n\t\t\t\t\t\t<div class=\"elementor-element elementor-element-5364dfa elementor-widget elementor-widget-text-editor\" data-id=\"5364dfa\" data-element_type=\"widget\" data-e-type=\"widget\" data-widget_type=\"text-editor.default\">\n\t\t\t\t\t\t\t\t\t<h3 style=\"text-align: center;\"><a href=\"http:\/\/calapineta.it\" target=\"_blank\" rel=\"noopener\">Village camping Calapineta<\/a><\/h3>\t\t\t\t\t\t\t\t<\/div>\n\t\t\t\t<div class=\"elementor-element elementor-element-7dd10ea elementor-widget elementor-widget-text-editor\" data-id=\"7dd10ea\" data-element_type=\"widget\" data-e-type=\"widget\" data-widget_type=\"text-editor.default\">\n\t\t\t\t\t\t\t\t\t<p style=\"text-align: center;\">El Villaggio Camping Calapineta se encuentra cerca de Capo Comino y ofrece parcelas a la sombra de pinos para las autocaravanas. <a href=\"tel: +390784819184\">+390784819184<\/a>\u00a0 <a href=\"mailto:info@calapineta.it\">info@calapineta.it<\/a><\/p>\t\t\t\t\t\t\t\t<\/div>\n\t\t\t\t\t<\/div>\n\t\t<\/div>\n\t\t\t\t\t<\/div>\n\t\t<\/section>\n\t\t\t\t<section class=\"elementor-section elementor-top-section elementor-element elementor-element-a999340 elementor-section-boxed elementor-section-height-default elementor-section-height-default\" data-id=\"a999340\" data-element_type=\"section\" data-e-type=\"section\" id=\"selema\" data-settings=\"{&quot;jet_parallax_layout_list&quot;:[{&quot;jet_parallax_layout_image&quot;:{&quot;url&quot;:&quot;&quot;,&quot;id&quot;:&quot;&quot;,&quot;size&quot;:&quot;&quot;},&quot;_id&quot;:&quot;cb52157&quot;,&quot;jet_parallax_layout_speed&quot;:{&quot;unit&quot;:&quot;%&quot;,&quot;size&quot;:50,&quot;sizes&quot;:[]},&quot;jet_parallax_layout_image_tablet&quot;:{&quot;url&quot;:&quot;&quot;,&quot;id&quot;:&quot;&quot;,&quot;size&quot;:&quot;&quot;},&quot;jet_parallax_layout_image_mobile&quot;:{&quot;url&quot;:&quot;&quot;,&quot;id&quot;:&quot;&quot;,&quot;size&quot;:&quot;&quot;},&quot;jet_parallax_layout_type&quot;:&quot;scroll&quot;,&quot;jet_parallax_layout_direction&quot;:&quot;1&quot;,&quot;jet_parallax_layout_fx_direction&quot;:null,&quot;jet_parallax_layout_z_index&quot;:&quot;&quot;,&quot;jet_parallax_layout_bg_x&quot;:50,&quot;jet_parallax_layout_bg_x_tablet&quot;:&quot;&quot;,&quot;jet_parallax_layout_bg_x_mobile&quot;:&quot;&quot;,&quot;jet_parallax_layout_bg_y&quot;:50,&quot;jet_parallax_layout_bg_y_tablet&quot;:&quot;&quot;,&quot;jet_parallax_layout_bg_y_mobile&quot;:&quot;&quot;,&quot;jet_parallax_layout_bg_size&quot;:&quot;auto&quot;,&quot;jet_parallax_layout_bg_size_tablet&quot;:&quot;&quot;,&quot;jet_parallax_layout_bg_size_mobile&quot;:&quot;&quot;,&quot;jet_parallax_layout_animation_prop&quot;:&quot;transform&quot;,&quot;jet_parallax_layout_on&quot;:[&quot;desktop&quot;,&quot;tablet&quot;]}]}\">\n\t\t\t\t\t\t<div class=\"elementor-container elementor-column-gap-no\">\n\t\t\t\t\t<div class=\"elementor-column elementor-col-100 elementor-top-column elementor-element elementor-element-6904692\" data-id=\"6904692\" data-element_type=\"column\" data-e-type=\"column\">\n\t\t\t<div class=\"elementor-widget-wrap elementor-element-populated\">\n\t\t\t\t\t\t<div class=\"elementor-element elementor-element-45d4c70 elementor-widget elementor-widget-text-editor\" data-id=\"45d4c70\" data-element_type=\"widget\" data-e-type=\"widget\" data-widget_type=\"text-editor.default\">\n\t\t\t\t\t\t\t\t\t<h3 style=\"text-align: center;\"><a href=\"http:\/\/www.selemacamping.com\/\" target=\"_blank\" rel=\"noopener\">Selema Camping<\/a><\/h3>\t\t\t\t\t\t\t\t<\/div>\n\t\t\t\t<div class=\"elementor-element elementor-element-100bd27 elementor-widget elementor-widget-text-editor\" data-id=\"100bd27\" data-element_type=\"widget\" data-e-type=\"widget\" data-widget_type=\"text-editor.default\">\n\t\t\t\t\t\t\t\t\t<p style=\"text-align: center;\">El Camping Selema est\u00e1 ubicado en la playa de Santa Luc\u00eda, a la sombra de un bosque de pinos, y ofrece acceso directo al mar y sombreadas parcelas para autocaravanas con todos los servicios. <a href=\"tel: +393428149801\">+393428149801<\/a> &#8211; <a href=\"mailto:info@selemacamping.com\">info@selemacamping.com<\/a><\/p>\t\t\t\t\t\t\t\t<\/div>\n\t\t\t\t\t<\/div>\n\t\t<\/div>\n\t\t\t\t\t<\/div>\n\t\t<\/section>\n\t\t\t\t<section class=\"elementor-section elementor-top-section elementor-element elementor-element-df6f7ec elementor-section-boxed elementor-section-height-default elementor-section-height-default\" data-id=\"df6f7ec\" data-element_type=\"section\" data-e-type=\"section\" id=\"lamandragola\" data-settings=\"{&quot;jet_parallax_layout_list&quot;:[{&quot;jet_parallax_layout_image&quot;:{&quot;url&quot;:&quot;&quot;,&quot;id&quot;:&quot;&quot;,&quot;size&quot;:&quot;&quot;},&quot;_id&quot;:&quot;cb52157&quot;,&quot;jet_parallax_layout_speed&quot;:{&quot;unit&quot;:&quot;%&quot;,&quot;size&quot;:50,&quot;sizes&quot;:[]},&quot;jet_parallax_layout_image_tablet&quot;:{&quot;url&quot;:&quot;&quot;,&quot;id&quot;:&quot;&quot;,&quot;size&quot;:&quot;&quot;},&quot;jet_parallax_layout_image_mobile&quot;:{&quot;url&quot;:&quot;&quot;,&quot;id&quot;:&quot;&quot;,&quot;size&quot;:&quot;&quot;},&quot;jet_parallax_layout_type&quot;:&quot;scroll&quot;,&quot;jet_parallax_layout_direction&quot;:&quot;1&quot;,&quot;jet_parallax_layout_fx_direction&quot;:null,&quot;jet_parallax_layout_z_index&quot;:&quot;&quot;,&quot;jet_parallax_layout_bg_x&quot;:50,&quot;jet_parallax_layout_bg_x_tablet&quot;:&quot;&quot;,&quot;jet_parallax_layout_bg_x_mobile&quot;:&quot;&quot;,&quot;jet_parallax_layout_bg_y&quot;:50,&quot;jet_parallax_layout_bg_y_tablet&quot;:&quot;&quot;,&quot;jet_parallax_layout_bg_y_mobile&quot;:&quot;&quot;,&quot;jet_parallax_layout_bg_size&quot;:&quot;auto&quot;,&quot;jet_parallax_layout_bg_size_tablet&quot;:&quot;&quot;,&quot;jet_parallax_layout_bg_size_mobile&quot;:&quot;&quot;,&quot;jet_parallax_layout_animation_prop&quot;:&quot;transform&quot;,&quot;jet_parallax_layout_on&quot;:[&quot;desktop&quot;,&quot;tablet&quot;]}]}\">\n\t\t\t\t\t\t<div class=\"elementor-container elementor-column-gap-no\">\n\t\t\t\t\t<div class=\"elementor-column elementor-col-100 elementor-top-column elementor-element elementor-element-6dcb320\" data-id=\"6dcb320\" data-element_type=\"column\" data-e-type=\"column\">\n\t\t\t<div class=\"elementor-widget-wrap elementor-element-populated\">\n\t\t\t\t\t\t<div class=\"elementor-element elementor-element-740edb8 elementor-widget elementor-widget-text-editor\" data-id=\"740edb8\" data-element_type=\"widget\" data-e-type=\"widget\" data-widget_type=\"text-editor.default\">\n\t\t\t\t\t\t\t\t\t<h3 style=\"text-align: center;\"><a href=\"http:\/\/www.villaggiomandragola.com\" target=\"_blank\" rel=\"noopener\">Villaggio Camping La Mandragola<\/a><\/h3>\t\t\t\t\t\t\t\t<\/div>\n\t\t\t\t<div class=\"elementor-element elementor-element-730fb4d elementor-widget elementor-widget-text-editor\" data-id=\"730fb4d\" data-element_type=\"widget\" data-e-type=\"widget\" data-widget_type=\"text-editor.default\">\n\t\t\t\t\t\t\t\t\t<p style=\"text-align: center;\">El Village Camping La Mandragola est\u00e1 ubicado cerca del pueblo de pescadores de Santa Luc\u00eda en un vasto bosque de pinos que da sombra a las parcelas para autocaravans y furgonetas camper. <a href=\"tel: +390784819119\">+390784819119<\/a> <a href=\"tel: +393245491596\">+393245491596<\/a> &#8211; <a href=\"mailto:info@villaggiomandragola.com\">info@villaggiomandragola.com<\/a><\/p>\t\t\t\t\t\t\t\t<\/div>\n\t\t\t\t\t<\/div>\n\t\t<\/div>\n\t\t\t\t\t<\/div>\n\t\t<\/section>\n\t\t\t\t<section class=\"elementor-section elementor-top-section elementor-element elementor-element-2e06ce3 elementor-section-boxed elementor-section-height-default elementor-section-height-default\" data-id=\"2e06ce3\" data-element_type=\"section\" data-e-type=\"section\" id=\"ermosa\" data-settings=\"{&quot;jet_parallax_layout_list&quot;:[{&quot;jet_parallax_layout_image&quot;:{&quot;url&quot;:&quot;&quot;,&quot;id&quot;:&quot;&quot;,&quot;size&quot;:&quot;&quot;},&quot;_id&quot;:&quot;cb52157&quot;,&quot;jet_parallax_layout_speed&quot;:{&quot;unit&quot;:&quot;%&quot;,&quot;size&quot;:50,&quot;sizes&quot;:[]},&quot;jet_parallax_layout_image_tablet&quot;:{&quot;url&quot;:&quot;&quot;,&quot;id&quot;:&quot;&quot;,&quot;size&quot;:&quot;&quot;},&quot;jet_parallax_layout_image_mobile&quot;:{&quot;url&quot;:&quot;&quot;,&quot;id&quot;:&quot;&quot;,&quot;size&quot;:&quot;&quot;},&quot;jet_parallax_layout_type&quot;:&quot;scroll&quot;,&quot;jet_parallax_layout_direction&quot;:&quot;1&quot;,&quot;jet_parallax_layout_fx_direction&quot;:null,&quot;jet_parallax_layout_z_index&quot;:&quot;&quot;,&quot;jet_parallax_layout_bg_x&quot;:50,&quot;jet_parallax_layout_bg_x_tablet&quot;:&quot;&quot;,&quot;jet_parallax_layout_bg_x_mobile&quot;:&quot;&quot;,&quot;jet_parallax_layout_bg_y&quot;:50,&quot;jet_parallax_layout_bg_y_tablet&quot;:&quot;&quot;,&quot;jet_parallax_layout_bg_y_mobile&quot;:&quot;&quot;,&quot;jet_parallax_layout_bg_size&quot;:&quot;auto&quot;,&quot;jet_parallax_layout_bg_size_tablet&quot;:&quot;&quot;,&quot;jet_parallax_layout_bg_size_mobile&quot;:&quot;&quot;,&quot;jet_parallax_layout_animation_prop&quot;:&quot;transform&quot;,&quot;jet_parallax_layout_on&quot;:[&quot;desktop&quot;,&quot;tablet&quot;]}]}\">\n\t\t\t\t\t\t<div class=\"elementor-container elementor-column-gap-no\">\n\t\t\t\t\t<div class=\"elementor-column elementor-col-100 elementor-top-column elementor-element elementor-element-8247900\" data-id=\"8247900\" data-element_type=\"column\" data-e-type=\"column\">\n\t\t\t<div class=\"elementor-widget-wrap elementor-element-populated\">\n\t\t\t\t\t\t<div class=\"elementor-element elementor-element-58aa2de elementor-widget elementor-widget-text-editor\" data-id=\"58aa2de\" data-element_type=\"widget\" data-e-type=\"widget\" data-widget_type=\"text-editor.default\">\n\t\t\t\t\t\t\t\t\t<h3 style=\"text-align: center;\"><a href=\"http:\/\/www.campingermosa.com\" target=\"_blank\" rel=\"noopener\">Camping Ermosa<\/a><\/h3>\t\t\t\t\t\t\t\t<\/div>\n\t\t\t\t<div class=\"elementor-element elementor-element-670ca77 elementor-widget elementor-widget-text-editor\" data-id=\"670ca77\" data-element_type=\"widget\" data-e-type=\"widget\" data-widget_type=\"text-editor.default\">\n\t\t\t\t\t\t\t\t\t<p style=\"text-align: center;\">El Camping Ermosa est\u00e1 ubicado cerca del pueblo de Posada, Nuoro. El Camping est\u00e1 ubicado directamente en la larga playa de arena blanca de Su Tiriarzu y tiene numerosas parcelas para autocaravanas rodeadas de vegetaci\u00f3n con todos los servicios. <a href=\"tel: +390784853010\">+390784853010<\/a> <a href=\"tel: +393342486596\">+393342486596<\/a> &#8211; <a href=\"mailto:info@campingermosa.com\">info@campingermosa.com<\/a><\/p>\t\t\t\t\t\t\t\t<\/div>\n\t\t\t\t\t<\/div>\n\t\t<\/div>\n\t\t\t\t\t<\/div>\n\t\t<\/section>\n\t\t\t\t<section class=\"elementor-section elementor-top-section elementor-element elementor-element-04e9f58 elementor-section-boxed elementor-section-height-default elementor-section-height-default\" data-id=\"04e9f58\" data-element_type=\"section\" data-e-type=\"section\" id=\"samarina\" data-settings=\"{&quot;jet_parallax_layout_list&quot;:[{&quot;jet_parallax_layout_image&quot;:{&quot;url&quot;:&quot;&quot;,&quot;id&quot;:&quot;&quot;,&quot;size&quot;:&quot;&quot;},&quot;_id&quot;:&quot;cb52157&quot;,&quot;jet_parallax_layout_speed&quot;:{&quot;unit&quot;:&quot;%&quot;,&quot;size&quot;:50,&quot;sizes&quot;:[]},&quot;jet_parallax_layout_image_tablet&quot;:{&quot;url&quot;:&quot;&quot;,&quot;id&quot;:&quot;&quot;,&quot;size&quot;:&quot;&quot;},&quot;jet_parallax_layout_image_mobile&quot;:{&quot;url&quot;:&quot;&quot;,&quot;id&quot;:&quot;&quot;,&quot;size&quot;:&quot;&quot;},&quot;jet_parallax_layout_type&quot;:&quot;scroll&quot;,&quot;jet_parallax_layout_direction&quot;:&quot;1&quot;,&quot;jet_parallax_layout_fx_direction&quot;:null,&quot;jet_parallax_layout_z_index&quot;:&quot;&quot;,&quot;jet_parallax_layout_bg_x&quot;:50,&quot;jet_parallax_layout_bg_x_tablet&quot;:&quot;&quot;,&quot;jet_parallax_layout_bg_x_mobile&quot;:&quot;&quot;,&quot;jet_parallax_layout_bg_y&quot;:50,&quot;jet_parallax_layout_bg_y_tablet&quot;:&quot;&quot;,&quot;jet_parallax_layout_bg_y_mobile&quot;:&quot;&quot;,&quot;jet_parallax_layout_bg_size&quot;:&quot;auto&quot;,&quot;jet_parallax_layout_bg_size_tablet&quot;:&quot;&quot;,&quot;jet_parallax_layout_bg_size_mobile&quot;:&quot;&quot;,&quot;jet_parallax_layout_animation_prop&quot;:&quot;transform&quot;,&quot;jet_parallax_layout_on&quot;:[&quot;desktop&quot;,&quot;tablet&quot;]}]}\">\n\t\t\t\t\t\t<div class=\"elementor-container elementor-column-gap-no\">\n\t\t\t\t\t<div class=\"elementor-column elementor-col-100 elementor-top-column elementor-element elementor-element-24d8afa\" data-id=\"24d8afa\" data-element_type=\"column\" data-e-type=\"column\">\n\t\t\t<div class=\"elementor-widget-wrap elementor-element-populated\">\n\t\t\t\t\t\t<div class=\"elementor-element elementor-element-57d148e elementor-widget elementor-widget-text-editor\" data-id=\"57d148e\" data-element_type=\"widget\" data-e-type=\"widget\" data-widget_type=\"text-editor.default\">\n\t\t\t\t\t\t\t\t\t<h3 style=\"text-align: center;\"><a href=\"https:\/\/www.samarina.com\" target=\"_blank\" rel=\"noopener\">Camping Village Sa Marina <\/a><\/h3>\t\t\t\t\t\t\t\t<\/div>\n\t\t\t\t<div class=\"elementor-element elementor-element-9e3311d elementor-widget elementor-widget-text-editor\" data-id=\"9e3311d\" data-element_type=\"widget\" data-e-type=\"widget\" data-widget_type=\"text-editor.default\">\n\t\t\t\t\t\t\t\t\t<p style=\"text-align: center;\">Camping Village Sa Marina es un camping de gesti\u00f3n familiar cerca de Budoni que ofrece parcelas para autocaravanas y furgonetas camper con sombra. <a href=\"tel: +390784837161\">+390784837161<\/a> <a href=\"tel: +393201142008\">+393201142008<\/a> &#8211; <a href=\"mailto:campeggiosamarina@libero.it\">campeggiosamarina@libero.it<\/a><\/p>\t\t\t\t\t\t\t\t<\/div>\n\t\t\t\t\t<\/div>\n\t\t<\/div>\n\t\t\t\t\t<\/div>\n\t\t<\/section>\n\t\t\t\t<section class=\"elementor-section elementor-top-section elementor-element elementor-element-598e6da elementor-section-boxed elementor-section-height-default elementor-section-height-default\" data-id=\"598e6da\" data-element_type=\"section\" data-e-type=\"section\" id=\"pedraecupa\" data-settings=\"{&quot;jet_parallax_layout_list&quot;:[{&quot;jet_parallax_layout_image&quot;:{&quot;url&quot;:&quot;&quot;,&quot;id&quot;:&quot;&quot;,&quot;size&quot;:&quot;&quot;},&quot;_id&quot;:&quot;cb52157&quot;,&quot;jet_parallax_layout_speed&quot;:{&quot;unit&quot;:&quot;%&quot;,&quot;size&quot;:50,&quot;sizes&quot;:[]},&quot;jet_parallax_layout_image_tablet&quot;:{&quot;url&quot;:&quot;&quot;,&quot;id&quot;:&quot;&quot;,&quot;size&quot;:&quot;&quot;},&quot;jet_parallax_layout_image_mobile&quot;:{&quot;url&quot;:&quot;&quot;,&quot;id&quot;:&quot;&quot;,&quot;size&quot;:&quot;&quot;},&quot;jet_parallax_layout_type&quot;:&quot;scroll&quot;,&quot;jet_parallax_layout_direction&quot;:&quot;1&quot;,&quot;jet_parallax_layout_fx_direction&quot;:null,&quot;jet_parallax_layout_z_index&quot;:&quot;&quot;,&quot;jet_parallax_layout_bg_x&quot;:50,&quot;jet_parallax_layout_bg_x_tablet&quot;:&quot;&quot;,&quot;jet_parallax_layout_bg_x_mobile&quot;:&quot;&quot;,&quot;jet_parallax_layout_bg_y&quot;:50,&quot;jet_parallax_layout_bg_y_tablet&quot;:&quot;&quot;,&quot;jet_parallax_layout_bg_y_mobile&quot;:&quot;&quot;,&quot;jet_parallax_layout_bg_size&quot;:&quot;auto&quot;,&quot;jet_parallax_layout_bg_size_tablet&quot;:&quot;&quot;,&quot;jet_parallax_layout_bg_size_mobile&quot;:&quot;&quot;,&quot;jet_parallax_layout_animation_prop&quot;:&quot;transform&quot;,&quot;jet_parallax_layout_on&quot;:[&quot;desktop&quot;,&quot;tablet&quot;]}]}\">\n\t\t\t\t\t\t<div class=\"elementor-container elementor-column-gap-no\">\n\t\t\t\t\t<div class=\"elementor-column elementor-col-100 elementor-top-column elementor-element elementor-element-0cf3973\" data-id=\"0cf3973\" data-element_type=\"column\" data-e-type=\"column\">\n\t\t\t<div class=\"elementor-widget-wrap elementor-element-populated\">\n\t\t\t\t\t\t<div class=\"elementor-element elementor-element-5b83bc1 elementor-widget elementor-widget-text-editor\" data-id=\"5b83bc1\" data-element_type=\"widget\" data-e-type=\"widget\" data-widget_type=\"text-editor.default\">\n\t\t\t\t\t\t\t\t\t<h3 style=\"text-align: center;\"><a href=\"https:\/\/www.pedraecupa.com\/\" target=\"_blank\" rel=\"noopener\">Camping Village Pedra &amp; Cupa<\/a><\/h3>\t\t\t\t\t\t\t\t<\/div>\n\t\t\t\t<div class=\"elementor-element elementor-element-35e16cc elementor-widget elementor-widget-text-editor\" data-id=\"35e16cc\" data-element_type=\"widget\" data-e-type=\"widget\" data-widget_type=\"text-editor.default\">\n\t\t\t\t\t\t\t\t\t<p style=\"text-align: center;\">El Camping Village Pedra e Cupa tiene vista a la Cala di Budoni en un \u00e1rea de unos 20,000 metros cuadrados y ofrece parcelas a la sombra para las autocaravanas, algunas a solo 50 metros del mar, equipadas con electricidad y ba\u00f1os. <a href=\"tel: +393383716293\">+393383716293<\/a> &#8211; <a href=\"mailto:booking@pedraecupa.com\">booking@pedraecupa.com<\/a><\/p>\t\t\t\t\t\t\t\t<\/div>\n\t\t\t\t\t<\/div>\n\t\t<\/div>\n\t\t\t\t\t<\/div>\n\t\t<\/section>\n\t\t\t\t<section class=\"elementor-section elementor-top-section elementor-element elementor-element-5dcb38e elementor-section-boxed elementor-section-height-default elementor-section-height-default\" data-id=\"5dcb38e\" data-element_type=\"section\" data-e-type=\"section\" id=\"caladambra\" data-settings=\"{&quot;jet_parallax_layout_list&quot;:[{&quot;jet_parallax_layout_image&quot;:{&quot;url&quot;:&quot;&quot;,&quot;id&quot;:&quot;&quot;,&quot;size&quot;:&quot;&quot;},&quot;_id&quot;:&quot;cb52157&quot;,&quot;jet_parallax_layout_speed&quot;:{&quot;unit&quot;:&quot;%&quot;,&quot;size&quot;:50,&quot;sizes&quot;:[]},&quot;jet_parallax_layout_image_tablet&quot;:{&quot;url&quot;:&quot;&quot;,&quot;id&quot;:&quot;&quot;,&quot;size&quot;:&quot;&quot;},&quot;jet_parallax_layout_image_mobile&quot;:{&quot;url&quot;:&quot;&quot;,&quot;id&quot;:&quot;&quot;,&quot;size&quot;:&quot;&quot;},&quot;jet_parallax_layout_type&quot;:&quot;scroll&quot;,&quot;jet_parallax_layout_direction&quot;:&quot;1&quot;,&quot;jet_parallax_layout_fx_direction&quot;:null,&quot;jet_parallax_layout_z_index&quot;:&quot;&quot;,&quot;jet_parallax_layout_bg_x&quot;:50,&quot;jet_parallax_layout_bg_x_tablet&quot;:&quot;&quot;,&quot;jet_parallax_layout_bg_x_mobile&quot;:&quot;&quot;,&quot;jet_parallax_layout_bg_y&quot;:50,&quot;jet_parallax_layout_bg_y_tablet&quot;:&quot;&quot;,&quot;jet_parallax_layout_bg_y_mobile&quot;:&quot;&quot;,&quot;jet_parallax_layout_bg_size&quot;:&quot;auto&quot;,&quot;jet_parallax_layout_bg_size_tablet&quot;:&quot;&quot;,&quot;jet_parallax_layout_bg_size_mobile&quot;:&quot;&quot;,&quot;jet_parallax_layout_animation_prop&quot;:&quot;transform&quot;,&quot;jet_parallax_layout_on&quot;:[&quot;desktop&quot;,&quot;tablet&quot;]}]}\">\n\t\t\t\t\t\t<div class=\"elementor-container elementor-column-gap-no\">\n\t\t\t\t\t<div class=\"elementor-column elementor-col-100 elementor-top-column elementor-element elementor-element-bfe25ab\" data-id=\"bfe25ab\" data-element_type=\"column\" data-e-type=\"column\">\n\t\t\t<div class=\"elementor-widget-wrap elementor-element-populated\">\n\t\t\t\t\t\t<div class=\"elementor-element elementor-element-05c933c elementor-widget elementor-widget-text-editor\" data-id=\"05c933c\" data-element_type=\"widget\" data-e-type=\"widget\" data-widget_type=\"text-editor.default\">\n\t\t\t\t\t\t\t\t\t<h3 style=\"text-align: center;\"><a href=\"http:\/\/www.campingcaladambra.com\" target=\"_blank\" rel=\"noopener\">Camping Cala D&#8217;Ambra<\/a><\/h3>\t\t\t\t\t\t\t\t<\/div>\n\t\t\t\t<div class=\"elementor-element elementor-element-ab0a4e2 elementor-widget elementor-widget-text-editor\" data-id=\"ab0a4e2\" data-element_type=\"widget\" data-e-type=\"widget\" data-widget_type=\"text-editor.default\">\n\t\t\t\t\t\t\t\t\t<p style=\"text-align: center;\">El Camping Cala D&#8217;Ambra es un camping completamente arbolado ubicado a unos solo 800 metros de la plaza de San Teodoro y a pocos metros de la playa de Cala D&#8217;Ambra y ofrece numerosas parcelas para autocaravanas y furgonetas camper. . <a href=\"tel: +390784865650\">+390784865650<\/a> <a href=\"tel: +39331227516\">+393312275167<\/a> &#8211; <a href=\"mailto:campingcaladambra@gmail.com\">campingcaladambra@gmail.com<\/a><\/p>\t\t\t\t\t\t\t\t<\/div>\n\t\t\t\t\t<\/div>\n\t\t<\/div>\n\t\t\t\t\t<\/div>\n\t\t<\/section>\n\t\t\t\t<section class=\"elementor-section elementor-top-section elementor-element elementor-element-6da3a0b elementor-section-boxed elementor-section-height-default elementor-section-height-default\" data-id=\"6da3a0b\" data-element_type=\"section\" data-e-type=\"section\" id=\"lacinta\" data-settings=\"{&quot;jet_parallax_layout_list&quot;:[{&quot;jet_parallax_layout_image&quot;:{&quot;url&quot;:&quot;&quot;,&quot;id&quot;:&quot;&quot;,&quot;size&quot;:&quot;&quot;},&quot;_id&quot;:&quot;cb52157&quot;,&quot;jet_parallax_layout_speed&quot;:{&quot;unit&quot;:&quot;%&quot;,&quot;size&quot;:50,&quot;sizes&quot;:[]},&quot;jet_parallax_layout_image_tablet&quot;:{&quot;url&quot;:&quot;&quot;,&quot;id&quot;:&quot;&quot;,&quot;size&quot;:&quot;&quot;},&quot;jet_parallax_layout_image_mobile&quot;:{&quot;url&quot;:&quot;&quot;,&quot;id&quot;:&quot;&quot;,&quot;size&quot;:&quot;&quot;},&quot;jet_parallax_layout_type&quot;:&quot;scroll&quot;,&quot;jet_parallax_layout_direction&quot;:&quot;1&quot;,&quot;jet_parallax_layout_fx_direction&quot;:null,&quot;jet_parallax_layout_z_index&quot;:&quot;&quot;,&quot;jet_parallax_layout_bg_x&quot;:50,&quot;jet_parallax_layout_bg_x_tablet&quot;:&quot;&quot;,&quot;jet_parallax_layout_bg_x_mobile&quot;:&quot;&quot;,&quot;jet_parallax_layout_bg_y&quot;:50,&quot;jet_parallax_layout_bg_y_tablet&quot;:&quot;&quot;,&quot;jet_parallax_layout_bg_y_mobile&quot;:&quot;&quot;,&quot;jet_parallax_layout_bg_size&quot;:&quot;auto&quot;,&quot;jet_parallax_layout_bg_size_tablet&quot;:&quot;&quot;,&quot;jet_parallax_layout_bg_size_mobile&quot;:&quot;&quot;,&quot;jet_parallax_layout_animation_prop&quot;:&quot;transform&quot;,&quot;jet_parallax_layout_on&quot;:[&quot;desktop&quot;,&quot;tablet&quot;]}]}\">\n\t\t\t\t\t\t<div class=\"elementor-container elementor-column-gap-no\">\n\t\t\t\t\t<div class=\"elementor-column elementor-col-100 elementor-top-column elementor-element elementor-element-3e45723\" data-id=\"3e45723\" data-element_type=\"column\" data-e-type=\"column\">\n\t\t\t<div class=\"elementor-widget-wrap elementor-element-populated\">\n\t\t\t\t\t\t<div class=\"elementor-element elementor-element-1005ba8 elementor-widget elementor-widget-text-editor\" data-id=\"1005ba8\" data-element_type=\"widget\" data-e-type=\"widget\" data-widget_type=\"text-editor.default\">\n\t\t\t\t\t\t\t\t\t<h3 style=\"text-align: center;\"><a href=\"http:\/\/www.campingsanteodoro.com\" target=\"_blank\" rel=\"noopener\">Campeggio San Teodoro la Cinta<\/a><\/h3>\t\t\t\t\t\t\t\t<\/div>\n\t\t\t\t<div class=\"elementor-element elementor-element-01f4745 elementor-widget elementor-widget-text-editor\" data-id=\"01f4745\" data-element_type=\"widget\" data-e-type=\"widget\" data-widget_type=\"text-editor.default\">\n\t\t\t\t\t\t\t\t\t<p style=\"text-align: center;\">El Camping San Teodoro La Cinta est\u00e1 ubicado en un vasto parque frente a una larga playa de arena blanca y ofrece parcelas para autocaravanas y servicios. <a href=\"tel: +390784865777\">+390784865777<\/a> &#8211; <a href=\"mailto:info@campingsanteodoro.com\">info@campingsanteodoro.com<\/a><\/p>\t\t\t\t\t\t\t\t<\/div>\n\t\t\t\t\t<\/div>\n\t\t<\/div>\n\t\t\t\t\t<\/div>\n\t\t<\/section>\n\t\t\t\t<section class=\"elementor-section elementor-top-section elementor-element elementor-element-293c815 elementor-section-boxed elementor-section-height-default elementor-section-height-default\" data-id=\"293c815\" data-element_type=\"section\" data-e-type=\"section\" id=\"calacavallo\" data-settings=\"{&quot;jet_parallax_layout_list&quot;:[{&quot;jet_parallax_layout_image&quot;:{&quot;url&quot;:&quot;&quot;,&quot;id&quot;:&quot;&quot;,&quot;size&quot;:&quot;&quot;},&quot;_id&quot;:&quot;cb52157&quot;,&quot;jet_parallax_layout_speed&quot;:{&quot;unit&quot;:&quot;%&quot;,&quot;size&quot;:50,&quot;sizes&quot;:[]},&quot;jet_parallax_layout_image_tablet&quot;:{&quot;url&quot;:&quot;&quot;,&quot;id&quot;:&quot;&quot;,&quot;size&quot;:&quot;&quot;},&quot;jet_parallax_layout_image_mobile&quot;:{&quot;url&quot;:&quot;&quot;,&quot;id&quot;:&quot;&quot;,&quot;size&quot;:&quot;&quot;},&quot;jet_parallax_layout_type&quot;:&quot;scroll&quot;,&quot;jet_parallax_layout_direction&quot;:&quot;1&quot;,&quot;jet_parallax_layout_fx_direction&quot;:null,&quot;jet_parallax_layout_z_index&quot;:&quot;&quot;,&quot;jet_parallax_layout_bg_x&quot;:50,&quot;jet_parallax_layout_bg_x_tablet&quot;:&quot;&quot;,&quot;jet_parallax_layout_bg_x_mobile&quot;:&quot;&quot;,&quot;jet_parallax_layout_bg_y&quot;:50,&quot;jet_parallax_layout_bg_y_tablet&quot;:&quot;&quot;,&quot;jet_parallax_layout_bg_y_mobile&quot;:&quot;&quot;,&quot;jet_parallax_layout_bg_size&quot;:&quot;auto&quot;,&quot;jet_parallax_layout_bg_size_tablet&quot;:&quot;&quot;,&quot;jet_parallax_layout_bg_size_mobile&quot;:&quot;&quot;,&quot;jet_parallax_layout_animation_prop&quot;:&quot;transform&quot;,&quot;jet_parallax_layout_on&quot;:[&quot;desktop&quot;,&quot;tablet&quot;]}]}\">\n\t\t\t\t\t\t<div class=\"elementor-container elementor-column-gap-no\">\n\t\t\t\t\t<div class=\"elementor-column elementor-col-100 elementor-top-column elementor-element elementor-element-f4e0be8\" data-id=\"f4e0be8\" data-element_type=\"column\" data-e-type=\"column\">\n\t\t\t<div class=\"elementor-widget-wrap elementor-element-populated\">\n\t\t\t\t\t\t<div class=\"elementor-element elementor-element-2a2cafe elementor-widget elementor-widget-text-editor\" data-id=\"2a2cafe\" data-element_type=\"widget\" data-e-type=\"widget\" data-widget_type=\"text-editor.default\">\n\t\t\t\t\t\t\t\t\t<h3 style=\"text-align: center;\"><a href=\"http:\/\/www.calacavallo.it\/\" target=\"_blank\" rel=\"noopener\">Camping Calacavallo<\/a><\/h3>\t\t\t\t\t\t\t\t<\/div>\n\t\t\t\t<div class=\"elementor-element elementor-element-7baf0b4 elementor-widget elementor-widget-text-editor\" data-id=\"7baf0b4\" data-element_type=\"widget\" data-e-type=\"widget\" data-widget_type=\"text-editor.default\">\n\t\t\t\t\t\t\t\t\t<p style=\"text-align: center;\">El Villaggio Camping Calacavallo est\u00e1 ubicado dentro del \u00c1rea Marina Protegida de Tavolara, frente a las islas de Tavolara y Molara. Es el \u00fanico Camping apto para animales en la zona y cuenta con un \u00e1rea de estacionamiento para autocaravanas ubicada en la entrada del camping con servicios y ataques de agua y luz. <a href=\"tel: +390784834156\">+390784834156<\/a> &#8211; <a href=\"mailto:info@calacavallo.it\">info@calacavallo.it<\/a><\/p>\t\t\t\t\t\t\t\t<\/div>\n\t\t\t\t\t<\/div>\n\t\t<\/div>\n\t\t\t\t\t<\/div>\n\t\t<\/section>\n\t\t\t\t<section class=\"elementor-section elementor-top-section elementor-element elementor-element-458ef45 elementor-section-boxed elementor-section-height-default elementor-section-height-default\" data-id=\"458ef45\" data-element_type=\"section\" data-e-type=\"section\" id=\"tavolara\" data-settings=\"{&quot;jet_parallax_layout_list&quot;:[{&quot;jet_parallax_layout_image&quot;:{&quot;url&quot;:&quot;&quot;,&quot;id&quot;:&quot;&quot;,&quot;size&quot;:&quot;&quot;},&quot;_id&quot;:&quot;cb52157&quot;,&quot;jet_parallax_layout_speed&quot;:{&quot;unit&quot;:&quot;%&quot;,&quot;size&quot;:50,&quot;sizes&quot;:[]},&quot;jet_parallax_layout_image_tablet&quot;:{&quot;url&quot;:&quot;&quot;,&quot;id&quot;:&quot;&quot;,&quot;size&quot;:&quot;&quot;},&quot;jet_parallax_layout_image_mobile&quot;:{&quot;url&quot;:&quot;&quot;,&quot;id&quot;:&quot;&quot;,&quot;size&quot;:&quot;&quot;},&quot;jet_parallax_layout_type&quot;:&quot;scroll&quot;,&quot;jet_parallax_layout_direction&quot;:&quot;1&quot;,&quot;jet_parallax_layout_fx_direction&quot;:null,&quot;jet_parallax_layout_z_index&quot;:&quot;&quot;,&quot;jet_parallax_layout_bg_x&quot;:50,&quot;jet_parallax_layout_bg_x_tablet&quot;:&quot;&quot;,&quot;jet_parallax_layout_bg_x_mobile&quot;:&quot;&quot;,&quot;jet_parallax_layout_bg_y&quot;:50,&quot;jet_parallax_layout_bg_y_tablet&quot;:&quot;&quot;,&quot;jet_parallax_layout_bg_y_mobile&quot;:&quot;&quot;,&quot;jet_parallax_layout_bg_size&quot;:&quot;auto&quot;,&quot;jet_parallax_layout_bg_size_tablet&quot;:&quot;&quot;,&quot;jet_parallax_layout_bg_size_mobile&quot;:&quot;&quot;,&quot;jet_parallax_layout_animation_prop&quot;:&quot;transform&quot;,&quot;jet_parallax_layout_on&quot;:[&quot;desktop&quot;,&quot;tablet&quot;]}]}\">\n\t\t\t\t\t\t<div class=\"elementor-container elementor-column-gap-no\">\n\t\t\t\t\t<div class=\"elementor-column elementor-col-100 elementor-top-column elementor-element elementor-element-14670f9\" data-id=\"14670f9\" data-element_type=\"column\" data-e-type=\"column\">\n\t\t\t<div class=\"elementor-widget-wrap elementor-element-populated\">\n\t\t\t\t\t\t<div class=\"elementor-element elementor-element-d84bb11 elementor-widget elementor-widget-text-editor\" data-id=\"d84bb11\" data-element_type=\"widget\" data-e-type=\"widget\" data-widget_type=\"text-editor.default\">\n\t\t\t\t\t\t\t\t\t<h3 style=\"text-align: center;\"><a href=\"https:\/\/www.camping-tavolara.it\/\" target=\"_blank\" rel=\"noopener\">Camping Tavolara<\/a><\/h3>\t\t\t\t\t\t\t\t<\/div>\n\t\t\t\t<div class=\"elementor-element elementor-element-965bceb elementor-widget elementor-widget-text-editor\" data-id=\"965bceb\" data-element_type=\"widget\" data-e-type=\"widget\" data-widget_type=\"text-editor.default\">\n\t\t\t\t\t\t\t\t\t<p style=\"text-align: center;\">El Camping Tavolara es un camping ecol\u00f3gico a 500 metros de la playa blanca de Porto Taverna, frente a la isla de Tavolara, y ofrece parcelas para autocaravanas y furgonetas camper en un area delimitada y sombreada. <a href=\"tel: +39078940166\">+39078940166<\/a> &#8211; <a href=\"mailto:info@camping-tavolara.it\">info@camping-tavolara.it<\/a><\/p>\t\t\t\t\t\t\t\t<\/div>\n\t\t\t\t\t<\/div>\n\t\t<\/div>\n\t\t\t\t\t<\/div>\n\t\t<\/section>\n\t\t\t\t<section class=\"elementor-section elementor-top-section elementor-element elementor-element-2263d9b elementor-section-boxed elementor-section-height-default elementor-section-height-default\" data-id=\"2263d9b\" data-element_type=\"section\" data-e-type=\"section\" id=\"costa-norte\" data-settings=\"{&quot;jet_parallax_layout_list&quot;:[{&quot;jet_parallax_layout_image&quot;:{&quot;url&quot;:&quot;&quot;,&quot;id&quot;:&quot;&quot;,&quot;size&quot;:&quot;&quot;},&quot;_id&quot;:&quot;cb52157&quot;,&quot;jet_parallax_layout_speed&quot;:{&quot;unit&quot;:&quot;%&quot;,&quot;size&quot;:50,&quot;sizes&quot;:[]},&quot;jet_parallax_layout_image_tablet&quot;:{&quot;url&quot;:&quot;&quot;,&quot;id&quot;:&quot;&quot;,&quot;size&quot;:&quot;&quot;},&quot;jet_parallax_layout_image_mobile&quot;:{&quot;url&quot;:&quot;&quot;,&quot;id&quot;:&quot;&quot;,&quot;size&quot;:&quot;&quot;},&quot;jet_parallax_layout_type&quot;:&quot;scroll&quot;,&quot;jet_parallax_layout_direction&quot;:&quot;1&quot;,&quot;jet_parallax_layout_fx_direction&quot;:null,&quot;jet_parallax_layout_z_index&quot;:&quot;&quot;,&quot;jet_parallax_layout_bg_x&quot;:50,&quot;jet_parallax_layout_bg_x_tablet&quot;:&quot;&quot;,&quot;jet_parallax_layout_bg_x_mobile&quot;:&quot;&quot;,&quot;jet_parallax_layout_bg_y&quot;:50,&quot;jet_parallax_layout_bg_y_tablet&quot;:&quot;&quot;,&quot;jet_parallax_layout_bg_y_mobile&quot;:&quot;&quot;,&quot;jet_parallax_layout_bg_size&quot;:&quot;auto&quot;,&quot;jet_parallax_layout_bg_size_tablet&quot;:&quot;&quot;,&quot;jet_parallax_layout_bg_size_mobile&quot;:&quot;&quot;,&quot;jet_parallax_layout_animation_prop&quot;:&quot;transform&quot;,&quot;jet_parallax_layout_on&quot;:[&quot;desktop&quot;,&quot;tablet&quot;]}]}\">\n\t\t\t\t\t\t<div class=\"elementor-container elementor-column-gap-default\">\n\t\t\t\t\t<div class=\"elementor-column elementor-col-100 elementor-top-column elementor-element elementor-element-c5f2233\" data-id=\"c5f2233\" data-element_type=\"column\" data-e-type=\"column\">\n\t\t\t<div class=\"elementor-widget-wrap elementor-element-populated\">\n\t\t\t\t\t\t<div class=\"elementor-element elementor-element-18f675f elementor-widget elementor-widget-heading\" data-id=\"18f675f\" data-element_type=\"widget\" data-e-type=\"widget\" data-widget_type=\"heading.default\">\n\t\t\t\t\t<h2 class=\"elementor-heading-title elementor-size-large\">\u00c1REAS AUTOCARAVANAS CERDE\u00d1A COSTA NORTE<\/h2>\t\t\t\t<\/div>\n\t\t\t\t<div class=\"elementor-element elementor-element-3bfa2dc elementor-widget-divider--view-line elementor-widget elementor-widget-divider\" data-id=\"3bfa2dc\" data-element_type=\"widget\" data-e-type=\"widget\" data-widget_type=\"divider.default\">\n\t\t\t\t\t\t\t<div class=\"elementor-divider\">\n\t\t\t<span class=\"elementor-divider-separator\">\n\t\t\t\t\t\t<\/span>\n\t\t<\/div>\n\t\t\t\t\t\t<\/div>\n\t\t\t\t\t<\/div>\n\t\t<\/div>\n\t\t\t\t\t<\/div>\n\t\t<\/section>\n\t\t\t\t<section class=\"elementor-section elementor-top-section elementor-element elementor-element-140bb14 elementor-section-boxed elementor-section-height-default elementor-section-height-default\" data-id=\"140bb14\" data-element_type=\"section\" data-e-type=\"section\" id=\"portorotondo\" data-settings=\"{&quot;jet_parallax_layout_list&quot;:[{&quot;jet_parallax_layout_image&quot;:{&quot;url&quot;:&quot;&quot;,&quot;id&quot;:&quot;&quot;,&quot;size&quot;:&quot;&quot;},&quot;_id&quot;:&quot;cb52157&quot;,&quot;jet_parallax_layout_speed&quot;:{&quot;unit&quot;:&quot;%&quot;,&quot;size&quot;:50,&quot;sizes&quot;:[]},&quot;jet_parallax_layout_image_tablet&quot;:{&quot;url&quot;:&quot;&quot;,&quot;id&quot;:&quot;&quot;,&quot;size&quot;:&quot;&quot;},&quot;jet_parallax_layout_image_mobile&quot;:{&quot;url&quot;:&quot;&quot;,&quot;id&quot;:&quot;&quot;,&quot;size&quot;:&quot;&quot;},&quot;jet_parallax_layout_type&quot;:&quot;scroll&quot;,&quot;jet_parallax_layout_direction&quot;:&quot;1&quot;,&quot;jet_parallax_layout_fx_direction&quot;:null,&quot;jet_parallax_layout_z_index&quot;:&quot;&quot;,&quot;jet_parallax_layout_bg_x&quot;:50,&quot;jet_parallax_layout_bg_x_tablet&quot;:&quot;&quot;,&quot;jet_parallax_layout_bg_x_mobile&quot;:&quot;&quot;,&quot;jet_parallax_layout_bg_y&quot;:50,&quot;jet_parallax_layout_bg_y_tablet&quot;:&quot;&quot;,&quot;jet_parallax_layout_bg_y_mobile&quot;:&quot;&quot;,&quot;jet_parallax_layout_bg_size&quot;:&quot;auto&quot;,&quot;jet_parallax_layout_bg_size_tablet&quot;:&quot;&quot;,&quot;jet_parallax_layout_bg_size_mobile&quot;:&quot;&quot;,&quot;jet_parallax_layout_animation_prop&quot;:&quot;transform&quot;,&quot;jet_parallax_layout_on&quot;:[&quot;desktop&quot;,&quot;tablet&quot;]}]}\">\n\t\t\t\t\t\t<div class=\"elementor-container elementor-column-gap-no\">\n\t\t\t\t\t<div class=\"elementor-column elementor-col-100 elementor-top-column elementor-element elementor-element-7a34d40\" data-id=\"7a34d40\" data-element_type=\"column\" data-e-type=\"column\">\n\t\t\t<div class=\"elementor-widget-wrap elementor-element-populated\">\n\t\t\t\t\t\t<div class=\"elementor-element elementor-element-1ac1e2e elementor-widget elementor-widget-text-editor\" data-id=\"1ac1e2e\" data-element_type=\"widget\" data-e-type=\"widget\" data-widget_type=\"text-editor.default\">\n\t\t\t\t\t\t\t\t\t<h3 style=\"text-align: center;\"><a href=\"http:\/\/www.cugnanaportorotondo.it\/\" target=\"_blank\" rel=\"noopener\">Cugnana Portorotondo &#8211; bungalows &amp; camping<\/a><\/h3>\t\t\t\t\t\t\t\t<\/div>\n\t\t\t\t<div class=\"elementor-element elementor-element-5b42a67 elementor-widget elementor-widget-text-editor\" data-id=\"5b42a67\" data-element_type=\"widget\" data-e-type=\"widget\" data-widget_type=\"text-editor.default\">\n\t\t\t\t\t\t\t\t\t<p style=\"text-align: center;\">Camping Portorotondo es el \u00fanico Camping a pocos kil\u00f3metros de Porto Rotondo y Porto Cervo y ofrece c\u00f3modas parcelas con sombra para las autocaravanas con electricidad y ba\u00f1os. &#8211; +39078933184 &#8211; <a href=\"mailto:info@campingcugnana.it\">info@campingcugnana.it<\/a><\/p>\t\t\t\t\t\t\t\t<\/div>\n\t\t\t\t\t<\/div>\n\t\t<\/div>\n\t\t\t\t\t<\/div>\n\t\t<\/section>\n\t\t\t\t<section class=\"elementor-section elementor-top-section elementor-element elementor-element-60c4741 elementor-section-boxed elementor-section-height-default elementor-section-height-default\" data-id=\"60c4741\" data-element_type=\"section\" data-e-type=\"section\" id=\"golfodiarzachena\" data-settings=\"{&quot;jet_parallax_layout_list&quot;:[{&quot;jet_parallax_layout_image&quot;:{&quot;url&quot;:&quot;&quot;,&quot;id&quot;:&quot;&quot;,&quot;size&quot;:&quot;&quot;},&quot;_id&quot;:&quot;cb52157&quot;,&quot;jet_parallax_layout_speed&quot;:{&quot;unit&quot;:&quot;%&quot;,&quot;size&quot;:50,&quot;sizes&quot;:[]},&quot;jet_parallax_layout_image_tablet&quot;:{&quot;url&quot;:&quot;&quot;,&quot;id&quot;:&quot;&quot;,&quot;size&quot;:&quot;&quot;},&quot;jet_parallax_layout_image_mobile&quot;:{&quot;url&quot;:&quot;&quot;,&quot;id&quot;:&quot;&quot;,&quot;size&quot;:&quot;&quot;},&quot;jet_parallax_layout_type&quot;:&quot;scroll&quot;,&quot;jet_parallax_layout_direction&quot;:&quot;1&quot;,&quot;jet_parallax_layout_fx_direction&quot;:null,&quot;jet_parallax_layout_z_index&quot;:&quot;&quot;,&quot;jet_parallax_layout_bg_x&quot;:50,&quot;jet_parallax_layout_bg_x_tablet&quot;:&quot;&quot;,&quot;jet_parallax_layout_bg_x_mobile&quot;:&quot;&quot;,&quot;jet_parallax_layout_bg_y&quot;:50,&quot;jet_parallax_layout_bg_y_tablet&quot;:&quot;&quot;,&quot;jet_parallax_layout_bg_y_mobile&quot;:&quot;&quot;,&quot;jet_parallax_layout_bg_size&quot;:&quot;auto&quot;,&quot;jet_parallax_layout_bg_size_tablet&quot;:&quot;&quot;,&quot;jet_parallax_layout_bg_size_mobile&quot;:&quot;&quot;,&quot;jet_parallax_layout_animation_prop&quot;:&quot;transform&quot;,&quot;jet_parallax_layout_on&quot;:[&quot;desktop&quot;,&quot;tablet&quot;]}]}\">\n\t\t\t\t\t\t<div class=\"elementor-container elementor-column-gap-no\">\n\t\t\t\t\t<div class=\"elementor-column elementor-col-100 elementor-top-column elementor-element elementor-element-faf5be5\" data-id=\"faf5be5\" data-element_type=\"column\" data-e-type=\"column\">\n\t\t\t<div class=\"elementor-widget-wrap elementor-element-populated\">\n\t\t\t\t\t\t<div class=\"elementor-element elementor-element-60c4b1f elementor-widget elementor-widget-text-editor\" data-id=\"60c4b1f\" data-element_type=\"widget\" data-e-type=\"widget\" data-widget_type=\"text-editor.default\">\n\t\t\t\t\t\t\t\t\t<h3 style=\"text-align: center;\"><a href=\"http:\/\/www.campingarzachena.it\" target=\"_blank\" rel=\"noopener\">Villaggio Camping Golfo di Arzachena<\/a><\/h3>\t\t\t\t\t\t\t\t<\/div>\n\t\t\t\t<div class=\"elementor-element elementor-element-57a0839 elementor-widget elementor-widget-text-editor\" data-id=\"57a0839\" data-element_type=\"widget\" data-e-type=\"widget\" data-widget_type=\"text-editor.default\">\n\t\t\t\t\t\t\t\t\t<p style=\"text-align: center;\">A unos cientos de metros de la playa de Canniggione, el camping Golfo di Arzachena se encuentra en la ladera de una colina y ofrece parcelas para autocaravanas con sombra y servicios. <a href=\"tel: +393467023289\">+393467023289<\/a> <a href=\"tel: +39078988101\">+39078988101<\/a> &#8211; <a href=\"mailto:info@campingarzachena.it\">info@campingarzachena.it<\/a><\/p>\t\t\t\t\t\t\t\t<\/div>\n\t\t\t\t\t<\/div>\n\t\t<\/div>\n\t\t\t\t\t<\/div>\n\t\t<\/section>\n\t\t\t\t<section class=\"elementor-section elementor-top-section elementor-element elementor-element-f4fd58f elementor-section-boxed elementor-section-height-default elementor-section-height-default\" data-id=\"f4fd58f\" data-element_type=\"section\" data-e-type=\"section\" id=\"isuledda\" data-settings=\"{&quot;jet_parallax_layout_list&quot;:[{&quot;jet_parallax_layout_image&quot;:{&quot;url&quot;:&quot;&quot;,&quot;id&quot;:&quot;&quot;,&quot;size&quot;:&quot;&quot;},&quot;_id&quot;:&quot;cb52157&quot;,&quot;jet_parallax_layout_speed&quot;:{&quot;unit&quot;:&quot;%&quot;,&quot;size&quot;:50,&quot;sizes&quot;:[]},&quot;jet_parallax_layout_image_tablet&quot;:{&quot;url&quot;:&quot;&quot;,&quot;id&quot;:&quot;&quot;,&quot;size&quot;:&quot;&quot;},&quot;jet_parallax_layout_image_mobile&quot;:{&quot;url&quot;:&quot;&quot;,&quot;id&quot;:&quot;&quot;,&quot;size&quot;:&quot;&quot;},&quot;jet_parallax_layout_type&quot;:&quot;scroll&quot;,&quot;jet_parallax_layout_direction&quot;:&quot;1&quot;,&quot;jet_parallax_layout_fx_direction&quot;:null,&quot;jet_parallax_layout_z_index&quot;:&quot;&quot;,&quot;jet_parallax_layout_bg_x&quot;:50,&quot;jet_parallax_layout_bg_x_tablet&quot;:&quot;&quot;,&quot;jet_parallax_layout_bg_x_mobile&quot;:&quot;&quot;,&quot;jet_parallax_layout_bg_y&quot;:50,&quot;jet_parallax_layout_bg_y_tablet&quot;:&quot;&quot;,&quot;jet_parallax_layout_bg_y_mobile&quot;:&quot;&quot;,&quot;jet_parallax_layout_bg_size&quot;:&quot;auto&quot;,&quot;jet_parallax_layout_bg_size_tablet&quot;:&quot;&quot;,&quot;jet_parallax_layout_bg_size_mobile&quot;:&quot;&quot;,&quot;jet_parallax_layout_animation_prop&quot;:&quot;transform&quot;,&quot;jet_parallax_layout_on&quot;:[&quot;desktop&quot;,&quot;tablet&quot;]}]}\">\n\t\t\t\t\t\t<div class=\"elementor-container elementor-column-gap-no\">\n\t\t\t\t\t<div class=\"elementor-column elementor-col-100 elementor-top-column elementor-element elementor-element-16a6fad\" data-id=\"16a6fad\" data-element_type=\"column\" data-e-type=\"column\">\n\t\t\t<div class=\"elementor-widget-wrap elementor-element-populated\">\n\t\t\t\t\t\t<div class=\"elementor-element elementor-element-6cb3031 elementor-widget elementor-widget-text-editor\" data-id=\"6cb3031\" data-element_type=\"widget\" data-e-type=\"widget\" data-widget_type=\"text-editor.default\">\n\t\t\t\t\t\t\t\t\t<h3 style=\"text-align: center;\"><a href=\"https:\/\/www.isuledda.it\/\" target=\"_blank\" rel=\"noopener\">Centro Vacanze Isuledda<\/a><\/h3>\t\t\t\t\t\t\t\t<\/div>\n\t\t\t\t<div class=\"elementor-element elementor-element-35d2909 elementor-widget elementor-widget-text-editor\" data-id=\"35d2909\" data-element_type=\"widget\" data-e-type=\"widget\" data-widget_type=\"text-editor.default\">\n\t\t\t\t\t\t\t\t\t<p style=\"text-align: center;\">Ubicado en el coraz\u00f3n del golfo de Arzachena, el Centro Vacanze Isuledda ofrece servicio para camper y una amplia selecci\u00f3n de parcelas para autocaravanas, todas equipadas con electricidad, algunas a unos metros del agua. <a href=\"tel: +39078986003\">+39078986003<\/a> &#8211; <a href=\"mailto:info@baiaholiday.it\">info@baiaholiday.it<\/a><\/p>\t\t\t\t\t\t\t\t<\/div>\n\t\t\t\t\t<\/div>\n\t\t<\/div>\n\t\t\t\t\t<\/div>\n\t\t<\/section>\n\t\t\t\t<section class=\"elementor-section elementor-top-section elementor-element elementor-element-cae80f5 elementor-section-boxed elementor-section-height-default elementor-section-height-default\" data-id=\"cae80f5\" data-element_type=\"section\" data-e-type=\"section\" id=\"capodorso\" data-settings=\"{&quot;jet_parallax_layout_list&quot;:[{&quot;jet_parallax_layout_image&quot;:{&quot;url&quot;:&quot;&quot;,&quot;id&quot;:&quot;&quot;,&quot;size&quot;:&quot;&quot;},&quot;_id&quot;:&quot;cb52157&quot;,&quot;jet_parallax_layout_speed&quot;:{&quot;unit&quot;:&quot;%&quot;,&quot;size&quot;:50,&quot;sizes&quot;:[]},&quot;jet_parallax_layout_image_tablet&quot;:{&quot;url&quot;:&quot;&quot;,&quot;id&quot;:&quot;&quot;,&quot;size&quot;:&quot;&quot;},&quot;jet_parallax_layout_image_mobile&quot;:{&quot;url&quot;:&quot;&quot;,&quot;id&quot;:&quot;&quot;,&quot;size&quot;:&quot;&quot;},&quot;jet_parallax_layout_type&quot;:&quot;scroll&quot;,&quot;jet_parallax_layout_direction&quot;:&quot;1&quot;,&quot;jet_parallax_layout_fx_direction&quot;:null,&quot;jet_parallax_layout_z_index&quot;:&quot;&quot;,&quot;jet_parallax_layout_bg_x&quot;:50,&quot;jet_parallax_layout_bg_x_tablet&quot;:&quot;&quot;,&quot;jet_parallax_layout_bg_x_mobile&quot;:&quot;&quot;,&quot;jet_parallax_layout_bg_y&quot;:50,&quot;jet_parallax_layout_bg_y_tablet&quot;:&quot;&quot;,&quot;jet_parallax_layout_bg_y_mobile&quot;:&quot;&quot;,&quot;jet_parallax_layout_bg_size&quot;:&quot;auto&quot;,&quot;jet_parallax_layout_bg_size_tablet&quot;:&quot;&quot;,&quot;jet_parallax_layout_bg_size_mobile&quot;:&quot;&quot;,&quot;jet_parallax_layout_animation_prop&quot;:&quot;transform&quot;,&quot;jet_parallax_layout_on&quot;:[&quot;desktop&quot;,&quot;tablet&quot;]}]}\">\n\t\t\t\t\t\t<div class=\"elementor-container elementor-column-gap-no\">\n\t\t\t\t\t<div class=\"elementor-column elementor-col-100 elementor-top-column elementor-element elementor-element-393c2fd\" data-id=\"393c2fd\" data-element_type=\"column\" data-e-type=\"column\">\n\t\t\t<div class=\"elementor-widget-wrap elementor-element-populated\">\n\t\t\t\t\t\t<div class=\"elementor-element elementor-element-2c9a9db elementor-widget elementor-widget-text-editor\" data-id=\"2c9a9db\" data-element_type=\"widget\" data-e-type=\"widget\" data-widget_type=\"text-editor.default\">\n\t\t\t\t\t\t\t\t\t<h3 style=\"text-align: center;\"><a href=\"https:\/\/www.capodorso.it\/\" target=\"_blank\" rel=\"noopener\">Camping Village Capo d&#8217;Orso<\/a><\/h3>\t\t\t\t\t\t\t\t<\/div>\n\t\t\t\t<div class=\"elementor-element elementor-element-d095818 elementor-widget elementor-widget-text-editor\" data-id=\"d095818\" data-element_type=\"widget\" data-e-type=\"widget\" data-widget_type=\"text-editor.default\">\n\t\t\t\t\t\t\t\t\t<p style=\"text-align: center;\">Ubicado a pocos kil\u00f3metros de Palau, la famosa Roccia dell&#8217;Orso y frente a la isla de Caprera, el Camping Village Capo d&#8217;Orso ofrece parcelas para autocaravanas y furgonetas camper con conexiones el\u00e9ctricas. <a href=\"tel: +390789702007\">+390789702007<\/a> &#8211; <a href=\"mailto:info@baiaholiday.it\">info@baiaholiday.it<\/a><\/p>\t\t\t\t\t\t\t\t<\/div>\n\t\t\t\t\t<\/div>\n\t\t<\/div>\n\t\t\t\t\t<\/div>\n\t\t<\/section>\n\t\t\t\t<section class=\"elementor-section elementor-top-section elementor-element elementor-element-8dd689d elementor-section-boxed elementor-section-height-default elementor-section-height-default\" data-id=\"8dd689d\" data-element_type=\"section\" data-e-type=\"section\" id=\"baiasaraceno\" data-settings=\"{&quot;jet_parallax_layout_list&quot;:[{&quot;jet_parallax_layout_image&quot;:{&quot;url&quot;:&quot;&quot;,&quot;id&quot;:&quot;&quot;,&quot;size&quot;:&quot;&quot;},&quot;_id&quot;:&quot;cb52157&quot;,&quot;jet_parallax_layout_speed&quot;:{&quot;unit&quot;:&quot;%&quot;,&quot;size&quot;:50,&quot;sizes&quot;:[]},&quot;jet_parallax_layout_image_tablet&quot;:{&quot;url&quot;:&quot;&quot;,&quot;id&quot;:&quot;&quot;,&quot;size&quot;:&quot;&quot;},&quot;jet_parallax_layout_image_mobile&quot;:{&quot;url&quot;:&quot;&quot;,&quot;id&quot;:&quot;&quot;,&quot;size&quot;:&quot;&quot;},&quot;jet_parallax_layout_type&quot;:&quot;scroll&quot;,&quot;jet_parallax_layout_direction&quot;:&quot;1&quot;,&quot;jet_parallax_layout_fx_direction&quot;:null,&quot;jet_parallax_layout_z_index&quot;:&quot;&quot;,&quot;jet_parallax_layout_bg_x&quot;:50,&quot;jet_parallax_layout_bg_x_tablet&quot;:&quot;&quot;,&quot;jet_parallax_layout_bg_x_mobile&quot;:&quot;&quot;,&quot;jet_parallax_layout_bg_y&quot;:50,&quot;jet_parallax_layout_bg_y_tablet&quot;:&quot;&quot;,&quot;jet_parallax_layout_bg_y_mobile&quot;:&quot;&quot;,&quot;jet_parallax_layout_bg_size&quot;:&quot;auto&quot;,&quot;jet_parallax_layout_bg_size_tablet&quot;:&quot;&quot;,&quot;jet_parallax_layout_bg_size_mobile&quot;:&quot;&quot;,&quot;jet_parallax_layout_animation_prop&quot;:&quot;transform&quot;,&quot;jet_parallax_layout_on&quot;:[&quot;desktop&quot;,&quot;tablet&quot;]}]}\">\n\t\t\t\t\t\t<div class=\"elementor-container elementor-column-gap-no\">\n\t\t\t\t\t<div class=\"elementor-column elementor-col-100 elementor-top-column elementor-element elementor-element-98ca386\" data-id=\"98ca386\" data-element_type=\"column\" data-e-type=\"column\">\n\t\t\t<div class=\"elementor-widget-wrap elementor-element-populated\">\n\t\t\t\t\t\t<div class=\"elementor-element elementor-element-9be65f1 elementor-widget elementor-widget-text-editor\" data-id=\"9be65f1\" data-element_type=\"widget\" data-e-type=\"widget\" data-widget_type=\"text-editor.default\">\n\t\t\t\t\t\t\t\t\t<h3 style=\"text-align: center;\"><a href=\"https:\/\/www.baiasaraceno.com\" target=\"_blank\" rel=\"noopener\">Camping Baia Saraceno<\/a><\/h3>\t\t\t\t\t\t\t\t<\/div>\n\t\t\t\t<div class=\"elementor-element elementor-element-de5a3bb elementor-widget elementor-widget-text-editor\" data-id=\"de5a3bb\" data-element_type=\"widget\" data-e-type=\"widget\" data-widget_type=\"text-editor.default\">\n\t\t\t\t\t\t\t\t\t<p style=\"text-align: center;\">El Villaggio Camping Baia Saraceno est\u00e1 ubicado directamente sobre el mar, frente al archipi\u00e9lago de la Maddalena y a unos 600 m del centro de Palau y ofrece parcelas adecuadas para autocaravanas con agua, electricidad y servicios. <a href=\"tel: +390789709403\">+390789709403<\/a> &#8211; <a href=\"mailto:info@baiasaraceno.com\">info@baiasaraceno.com<\/a><\/p>\t\t\t\t\t\t\t\t<\/div>\n\t\t\t\t\t<\/div>\n\t\t<\/div>\n\t\t\t\t\t<\/div>\n\t\t<\/section>\n\t\t\t\t<section class=\"elementor-section elementor-top-section elementor-element elementor-element-43366e5 elementor-section-boxed elementor-section-height-default elementor-section-height-default\" data-id=\"43366e5\" data-element_type=\"section\" data-e-type=\"section\" id=\"acapulco\" data-settings=\"{&quot;jet_parallax_layout_list&quot;:[{&quot;jet_parallax_layout_image&quot;:{&quot;url&quot;:&quot;&quot;,&quot;id&quot;:&quot;&quot;,&quot;size&quot;:&quot;&quot;},&quot;_id&quot;:&quot;cb52157&quot;,&quot;jet_parallax_layout_speed&quot;:{&quot;unit&quot;:&quot;%&quot;,&quot;size&quot;:50,&quot;sizes&quot;:[]},&quot;jet_parallax_layout_image_tablet&quot;:{&quot;url&quot;:&quot;&quot;,&quot;id&quot;:&quot;&quot;,&quot;size&quot;:&quot;&quot;},&quot;jet_parallax_layout_image_mobile&quot;:{&quot;url&quot;:&quot;&quot;,&quot;id&quot;:&quot;&quot;,&quot;size&quot;:&quot;&quot;},&quot;jet_parallax_layout_type&quot;:&quot;scroll&quot;,&quot;jet_parallax_layout_direction&quot;:&quot;1&quot;,&quot;jet_parallax_layout_fx_direction&quot;:null,&quot;jet_parallax_layout_z_index&quot;:&quot;&quot;,&quot;jet_parallax_layout_bg_x&quot;:50,&quot;jet_parallax_layout_bg_x_tablet&quot;:&quot;&quot;,&quot;jet_parallax_layout_bg_x_mobile&quot;:&quot;&quot;,&quot;jet_parallax_layout_bg_y&quot;:50,&quot;jet_parallax_layout_bg_y_tablet&quot;:&quot;&quot;,&quot;jet_parallax_layout_bg_y_mobile&quot;:&quot;&quot;,&quot;jet_parallax_layout_bg_size&quot;:&quot;auto&quot;,&quot;jet_parallax_layout_bg_size_tablet&quot;:&quot;&quot;,&quot;jet_parallax_layout_bg_size_mobile&quot;:&quot;&quot;,&quot;jet_parallax_layout_animation_prop&quot;:&quot;transform&quot;,&quot;jet_parallax_layout_on&quot;:[&quot;desktop&quot;,&quot;tablet&quot;]}]}\">\n\t\t\t\t\t\t<div class=\"elementor-container elementor-column-gap-no\">\n\t\t\t\t\t<div class=\"elementor-column elementor-col-100 elementor-top-column elementor-element elementor-element-d902bb9\" data-id=\"d902bb9\" data-element_type=\"column\" data-e-type=\"column\">\n\t\t\t<div class=\"elementor-widget-wrap elementor-element-populated\">\n\t\t\t\t\t\t<div class=\"elementor-element elementor-element-770827d elementor-widget elementor-widget-text-editor\" data-id=\"770827d\" data-element_type=\"widget\" data-e-type=\"widget\" data-widget_type=\"text-editor.default\">\n\t\t\t\t\t\t\t\t\t<h3 style=\"text-align: center;\"><a href=\"https:\/\/www.campingacapulco.com\" target=\"_blank\" rel=\"noopener\">Camping Acapulco<\/a><\/h3>\t\t\t\t\t\t\t\t<\/div>\n\t\t\t\t<div class=\"elementor-element elementor-element-463c7bd elementor-widget elementor-widget-text-editor\" data-id=\"463c7bd\" data-element_type=\"widget\" data-e-type=\"widget\" data-widget_type=\"text-editor.default\">\n\t\t\t\t\t\t\t\t\t<p style=\"text-align: center;\">El camping Acapulco se encuentra en Palau, cerca de la playa de La Sciumara, y ofrece servicios y parcelas para autocaravanas y furgonetas camper con vista al mar. <a href=\"tel: +393661774695\">+393661774695<\/a> &#8211; <a href=\"mailto:info@campingacapulco.com\">info@campingacapulco.com<\/a><\/p>\t\t\t\t\t\t\t\t<\/div>\n\t\t\t\t\t<\/div>\n\t\t<\/div>\n\t\t\t\t\t<\/div>\n\t\t<\/section>\n\t\t\t\t<section class=\"elementor-section elementor-top-section elementor-element elementor-element-0570785 elementor-section-boxed elementor-section-height-default elementor-section-height-default\" data-id=\"0570785\" data-element_type=\"section\" data-e-type=\"section\" id=\"maddalena\" data-settings=\"{&quot;jet_parallax_layout_list&quot;:[{&quot;jet_parallax_layout_image&quot;:{&quot;url&quot;:&quot;&quot;,&quot;id&quot;:&quot;&quot;,&quot;size&quot;:&quot;&quot;},&quot;_id&quot;:&quot;cb52157&quot;,&quot;jet_parallax_layout_speed&quot;:{&quot;unit&quot;:&quot;%&quot;,&quot;size&quot;:50,&quot;sizes&quot;:[]},&quot;jet_parallax_layout_image_tablet&quot;:{&quot;url&quot;:&quot;&quot;,&quot;id&quot;:&quot;&quot;,&quot;size&quot;:&quot;&quot;},&quot;jet_parallax_layout_image_mobile&quot;:{&quot;url&quot;:&quot;&quot;,&quot;id&quot;:&quot;&quot;,&quot;size&quot;:&quot;&quot;},&quot;jet_parallax_layout_type&quot;:&quot;scroll&quot;,&quot;jet_parallax_layout_direction&quot;:&quot;1&quot;,&quot;jet_parallax_layout_fx_direction&quot;:null,&quot;jet_parallax_layout_z_index&quot;:&quot;&quot;,&quot;jet_parallax_layout_bg_x&quot;:50,&quot;jet_parallax_layout_bg_x_tablet&quot;:&quot;&quot;,&quot;jet_parallax_layout_bg_x_mobile&quot;:&quot;&quot;,&quot;jet_parallax_layout_bg_y&quot;:50,&quot;jet_parallax_layout_bg_y_tablet&quot;:&quot;&quot;,&quot;jet_parallax_layout_bg_y_mobile&quot;:&quot;&quot;,&quot;jet_parallax_layout_bg_size&quot;:&quot;auto&quot;,&quot;jet_parallax_layout_bg_size_tablet&quot;:&quot;&quot;,&quot;jet_parallax_layout_bg_size_mobile&quot;:&quot;&quot;,&quot;jet_parallax_layout_animation_prop&quot;:&quot;transform&quot;,&quot;jet_parallax_layout_on&quot;:[&quot;desktop&quot;,&quot;tablet&quot;]}]}\">\n\t\t\t\t\t\t<div class=\"elementor-container elementor-column-gap-no\">\n\t\t\t\t\t<div class=\"elementor-column elementor-col-100 elementor-top-column elementor-element elementor-element-e336843\" data-id=\"e336843\" data-element_type=\"column\" data-e-type=\"column\">\n\t\t\t<div class=\"elementor-widget-wrap elementor-element-populated\">\n\t\t\t\t\t\t<div class=\"elementor-element elementor-element-3d79afb elementor-widget elementor-widget-text-editor\" data-id=\"3d79afb\" data-element_type=\"widget\" data-e-type=\"widget\" data-widget_type=\"text-editor.default\">\n\t\t\t\t\t\t\t\t\t<h3 style=\"text-align: center;\"><a href=\"http:\/\/www.campingmaddalena.it\" target=\"_blank\" rel=\"noopener\">Camping Maddalena<\/a><\/h3>\t\t\t\t\t\t\t\t<\/div>\n\t\t\t\t<div class=\"elementor-element elementor-element-3b9a55c elementor-widget elementor-widget-text-editor\" data-id=\"3b9a55c\" data-element_type=\"widget\" data-e-type=\"widget\" data-widget_type=\"text-editor.default\">\n\t\t\t\t\t\t\t\t\t<p style=\"text-align: center;\">Ubicado en la isla de La Maddalena, el Camping Maddalena ofrece servicios para autocaravanas gratuitos para estancias semanales y parcelas para estacionamiento de autocaravanas recortadas en la vegetaci\u00f3n. <a href=\"tel: +390789728051\">+390789728051<\/a>\u00a0&#8211; <a href=\"mailto:infocamping@campingmaddalena.it\">infocamping@campingmaddalena.it<\/a><\/p>\t\t\t\t\t\t\t\t<\/div>\n\t\t\t\t\t<\/div>\n\t\t<\/div>\n\t\t\t\t\t<\/div>\n\t\t<\/section>\n\t\t\t\t<section class=\"elementor-section elementor-top-section elementor-element elementor-element-9597770 elementor-section-boxed elementor-section-height-default elementor-section-height-default\" data-id=\"9597770\" data-element_type=\"section\" data-e-type=\"section\" id=\"abbatoggia\" data-settings=\"{&quot;jet_parallax_layout_list&quot;:[{&quot;jet_parallax_layout_image&quot;:{&quot;url&quot;:&quot;&quot;,&quot;id&quot;:&quot;&quot;,&quot;size&quot;:&quot;&quot;},&quot;_id&quot;:&quot;cb52157&quot;,&quot;jet_parallax_layout_speed&quot;:{&quot;unit&quot;:&quot;%&quot;,&quot;size&quot;:50,&quot;sizes&quot;:[]},&quot;jet_parallax_layout_image_tablet&quot;:{&quot;url&quot;:&quot;&quot;,&quot;id&quot;:&quot;&quot;,&quot;size&quot;:&quot;&quot;},&quot;jet_parallax_layout_image_mobile&quot;:{&quot;url&quot;:&quot;&quot;,&quot;id&quot;:&quot;&quot;,&quot;size&quot;:&quot;&quot;},&quot;jet_parallax_layout_type&quot;:&quot;scroll&quot;,&quot;jet_parallax_layout_direction&quot;:&quot;1&quot;,&quot;jet_parallax_layout_fx_direction&quot;:null,&quot;jet_parallax_layout_z_index&quot;:&quot;&quot;,&quot;jet_parallax_layout_bg_x&quot;:50,&quot;jet_parallax_layout_bg_x_tablet&quot;:&quot;&quot;,&quot;jet_parallax_layout_bg_x_mobile&quot;:&quot;&quot;,&quot;jet_parallax_layout_bg_y&quot;:50,&quot;jet_parallax_layout_bg_y_tablet&quot;:&quot;&quot;,&quot;jet_parallax_layout_bg_y_mobile&quot;:&quot;&quot;,&quot;jet_parallax_layout_bg_size&quot;:&quot;auto&quot;,&quot;jet_parallax_layout_bg_size_tablet&quot;:&quot;&quot;,&quot;jet_parallax_layout_bg_size_mobile&quot;:&quot;&quot;,&quot;jet_parallax_layout_animation_prop&quot;:&quot;transform&quot;,&quot;jet_parallax_layout_on&quot;:[&quot;desktop&quot;,&quot;tablet&quot;]}]}\">\n\t\t\t\t\t\t<div class=\"elementor-container elementor-column-gap-no\">\n\t\t\t\t\t<div class=\"elementor-column elementor-col-100 elementor-top-column elementor-element elementor-element-e1f9480\" data-id=\"e1f9480\" data-element_type=\"column\" data-e-type=\"column\">\n\t\t\t<div class=\"elementor-widget-wrap elementor-element-populated\">\n\t\t\t\t\t\t<div class=\"elementor-element elementor-element-839a41e elementor-widget elementor-widget-text-editor\" data-id=\"839a41e\" data-element_type=\"widget\" data-e-type=\"widget\" data-widget_type=\"text-editor.default\">\n\t\t\t\t\t\t\t\t\t<h3 style=\"text-align: center;\"><a href=\"http:\/\/www.abbatoggiavillage.it\" target=\"_blank\" rel=\"noopener\">Camping Abbatoggia<\/a><\/h3>\t\t\t\t\t\t\t\t<\/div>\n\t\t\t\t<div class=\"elementor-element elementor-element-7a206e3 elementor-widget elementor-widget-text-editor\" data-id=\"7a206e3\" data-element_type=\"widget\" data-e-type=\"widget\" data-widget_type=\"text-editor.default\">\n\t\t\t\t\t\t\t\t\t<p style=\"text-align: center;\">El Camping Abbatoggia est\u00e1 ubicado en una peque\u00f1a pen\u00ednsula rodeada por cuatro bah\u00edas y playas y ofrece servicios y parcelas para autocaravanas a pocos metros del mar, equipados con suministro de electricidad y agua. <a href=\"tel: +390789738044\">+390789738044<\/a> <a href=\"tel: +393883924229\">+393883924229<\/a> &#8211; <a href=\"mailto:booking@abbatoggiavillage.it\">booking@abbatoggiavillage.it<\/a><\/p>\t\t\t\t\t\t\t\t<\/div>\n\t\t\t\t\t<\/div>\n\t\t<\/div>\n\t\t\t\t\t<\/div>\n\t\t<\/section>\n\t\t\t\t<section class=\"elementor-section elementor-top-section elementor-element elementor-element-3391c51 elementor-section-boxed elementor-section-height-default elementor-section-height-default\" data-id=\"3391c51\" data-element_type=\"section\" data-e-type=\"section\" id=\"arcobaleno\" data-settings=\"{&quot;jet_parallax_layout_list&quot;:[{&quot;jet_parallax_layout_image&quot;:{&quot;url&quot;:&quot;&quot;,&quot;id&quot;:&quot;&quot;,&quot;size&quot;:&quot;&quot;},&quot;_id&quot;:&quot;cb52157&quot;,&quot;jet_parallax_layout_speed&quot;:{&quot;unit&quot;:&quot;%&quot;,&quot;size&quot;:50,&quot;sizes&quot;:[]},&quot;jet_parallax_layout_image_tablet&quot;:{&quot;url&quot;:&quot;&quot;,&quot;id&quot;:&quot;&quot;,&quot;size&quot;:&quot;&quot;},&quot;jet_parallax_layout_image_mobile&quot;:{&quot;url&quot;:&quot;&quot;,&quot;id&quot;:&quot;&quot;,&quot;size&quot;:&quot;&quot;},&quot;jet_parallax_layout_type&quot;:&quot;scroll&quot;,&quot;jet_parallax_layout_direction&quot;:&quot;1&quot;,&quot;jet_parallax_layout_fx_direction&quot;:null,&quot;jet_parallax_layout_z_index&quot;:&quot;&quot;,&quot;jet_parallax_layout_bg_x&quot;:50,&quot;jet_parallax_layout_bg_x_tablet&quot;:&quot;&quot;,&quot;jet_parallax_layout_bg_x_mobile&quot;:&quot;&quot;,&quot;jet_parallax_layout_bg_y&quot;:50,&quot;jet_parallax_layout_bg_y_tablet&quot;:&quot;&quot;,&quot;jet_parallax_layout_bg_y_mobile&quot;:&quot;&quot;,&quot;jet_parallax_layout_bg_size&quot;:&quot;auto&quot;,&quot;jet_parallax_layout_bg_size_tablet&quot;:&quot;&quot;,&quot;jet_parallax_layout_bg_size_mobile&quot;:&quot;&quot;,&quot;jet_parallax_layout_animation_prop&quot;:&quot;transform&quot;,&quot;jet_parallax_layout_on&quot;:[&quot;desktop&quot;,&quot;tablet&quot;]}]}\">\n\t\t\t\t\t\t<div class=\"elementor-container elementor-column-gap-no\">\n\t\t\t\t\t<div class=\"elementor-column elementor-col-100 elementor-top-column elementor-element elementor-element-fe82a1c\" data-id=\"fe82a1c\" data-element_type=\"column\" data-e-type=\"column\">\n\t\t\t<div class=\"elementor-widget-wrap elementor-element-populated\">\n\t\t\t\t\t\t<div class=\"elementor-element elementor-element-1ce537a elementor-widget elementor-widget-text-editor\" data-id=\"1ce537a\" data-element_type=\"widget\" data-e-type=\"widget\" data-widget_type=\"text-editor.default\">\n\t\t\t\t\t\t\t\t\t<h3 style=\"text-align: center;\"><a href=\"http:\/\/www.arcobalenocamping.com\/\" target=\"_blank\" rel=\"noopener\">Camping Arcobaleno<\/a><\/h3>\t\t\t\t\t\t\t\t<\/div>\n\t\t\t\t<div class=\"elementor-element elementor-element-7a75fb3 elementor-widget elementor-widget-text-editor\" data-id=\"7a75fb3\" data-element_type=\"widget\" data-e-type=\"widget\" data-widget_type=\"text-editor.default\">\n\t\t\t\t\t\t\t\t\t<p style=\"text-align: center;\">El Camping Arcobaleno se encuentra en Santa Teresa, en la localidad de Porto Pozzo, en una zona llana y sombreada, directamente sobre el mar y ofrece parcelas para autocaravanas y furgonetas camper. <a href=\"tel: +393349461247\">+393349461247<\/a> &#8211; <a href=\"mailto:info@arcobalenocamping.com\">info@arcobalenocamping.com<\/a><\/p>\t\t\t\t\t\t\t\t<\/div>\n\t\t\t\t\t<\/div>\n\t\t<\/div>\n\t\t\t\t\t<\/div>\n\t\t<\/section>\n\t\t\t\t<section class=\"elementor-section elementor-top-section elementor-element elementor-element-694fd89 elementor-section-boxed elementor-section-height-default elementor-section-height-default\" data-id=\"694fd89\" data-element_type=\"section\" data-e-type=\"section\" id=\"laliccia\" data-settings=\"{&quot;jet_parallax_layout_list&quot;:[{&quot;jet_parallax_layout_image&quot;:{&quot;url&quot;:&quot;&quot;,&quot;id&quot;:&quot;&quot;,&quot;size&quot;:&quot;&quot;},&quot;_id&quot;:&quot;cb52157&quot;,&quot;jet_parallax_layout_speed&quot;:{&quot;unit&quot;:&quot;%&quot;,&quot;size&quot;:50,&quot;sizes&quot;:[]},&quot;jet_parallax_layout_image_tablet&quot;:{&quot;url&quot;:&quot;&quot;,&quot;id&quot;:&quot;&quot;,&quot;size&quot;:&quot;&quot;},&quot;jet_parallax_layout_image_mobile&quot;:{&quot;url&quot;:&quot;&quot;,&quot;id&quot;:&quot;&quot;,&quot;size&quot;:&quot;&quot;},&quot;jet_parallax_layout_type&quot;:&quot;scroll&quot;,&quot;jet_parallax_layout_direction&quot;:&quot;1&quot;,&quot;jet_parallax_layout_fx_direction&quot;:null,&quot;jet_parallax_layout_z_index&quot;:&quot;&quot;,&quot;jet_parallax_layout_bg_x&quot;:50,&quot;jet_parallax_layout_bg_x_tablet&quot;:&quot;&quot;,&quot;jet_parallax_layout_bg_x_mobile&quot;:&quot;&quot;,&quot;jet_parallax_layout_bg_y&quot;:50,&quot;jet_parallax_layout_bg_y_tablet&quot;:&quot;&quot;,&quot;jet_parallax_layout_bg_y_mobile&quot;:&quot;&quot;,&quot;jet_parallax_layout_bg_size&quot;:&quot;auto&quot;,&quot;jet_parallax_layout_bg_size_tablet&quot;:&quot;&quot;,&quot;jet_parallax_layout_bg_size_mobile&quot;:&quot;&quot;,&quot;jet_parallax_layout_animation_prop&quot;:&quot;transform&quot;,&quot;jet_parallax_layout_on&quot;:[&quot;desktop&quot;,&quot;tablet&quot;]}]}\">\n\t\t\t\t\t\t<div class=\"elementor-container elementor-column-gap-no\">\n\t\t\t\t\t<div class=\"elementor-column elementor-col-100 elementor-top-column elementor-element elementor-element-8617f34\" data-id=\"8617f34\" data-element_type=\"column\" data-e-type=\"column\">\n\t\t\t<div class=\"elementor-widget-wrap elementor-element-populated\">\n\t\t\t\t\t\t<div class=\"elementor-element elementor-element-3d13092 elementor-widget elementor-widget-text-editor\" data-id=\"3d13092\" data-element_type=\"widget\" data-e-type=\"widget\" data-widget_type=\"text-editor.default\">\n\t\t\t\t\t\t\t\t\t<h3 style=\"text-align: center;\"><a href=\"http:\/\/www.campinglaliccia.com\/\" target=\"_blank\" rel=\"noopener\">Camping La Liccia<\/a><\/h3>\t\t\t\t\t\t\t\t<\/div>\n\t\t\t\t<div class=\"elementor-element elementor-element-91524b3 elementor-widget elementor-widget-text-editor\" data-id=\"91524b3\" data-element_type=\"widget\" data-e-type=\"widget\" data-widget_type=\"text-editor.default\">\n\t\t\t\t\t\t\t\t\t<p style=\"text-align: center;\">A solo 5 kil\u00f3metros de Santa Teresa di Gallura, el Camping La Liccia domina el mar desde un promontorio con exuberante vegetaci\u00f3n y ofrece parcelas para autocaravanas, a la sombra de \u00e1rboles altos y p\u00e9rgolas con ca\u00f1a mediterr\u00e1nea.\u00a0 <a href=\"tel: +393939598899\">+393939598899<\/a>\u00a0&#8211; <a href=\"mailto:info@campinglaliccia.com\">info@campinglaliccia.com<\/a><\/p>\t\t\t\t\t\t\t\t<\/div>\n\t\t\t\t\t<\/div>\n\t\t<\/div>\n\t\t\t\t\t<\/div>\n\t\t<\/section>\n\t\t\t\t<section class=\"elementor-section elementor-top-section elementor-element elementor-element-ea6be0c elementor-section-boxed elementor-section-height-default elementor-section-height-default\" data-id=\"ea6be0c\" data-element_type=\"section\" data-e-type=\"section\" id=\"saragosa\" data-settings=\"{&quot;jet_parallax_layout_list&quot;:[{&quot;jet_parallax_layout_image&quot;:{&quot;url&quot;:&quot;&quot;,&quot;id&quot;:&quot;&quot;,&quot;size&quot;:&quot;&quot;},&quot;_id&quot;:&quot;cb52157&quot;,&quot;jet_parallax_layout_speed&quot;:{&quot;unit&quot;:&quot;%&quot;,&quot;size&quot;:50,&quot;sizes&quot;:[]},&quot;jet_parallax_layout_image_tablet&quot;:{&quot;url&quot;:&quot;&quot;,&quot;id&quot;:&quot;&quot;,&quot;size&quot;:&quot;&quot;},&quot;jet_parallax_layout_image_mobile&quot;:{&quot;url&quot;:&quot;&quot;,&quot;id&quot;:&quot;&quot;,&quot;size&quot;:&quot;&quot;},&quot;jet_parallax_layout_type&quot;:&quot;scroll&quot;,&quot;jet_parallax_layout_direction&quot;:&quot;1&quot;,&quot;jet_parallax_layout_fx_direction&quot;:null,&quot;jet_parallax_layout_z_index&quot;:&quot;&quot;,&quot;jet_parallax_layout_bg_x&quot;:50,&quot;jet_parallax_layout_bg_x_tablet&quot;:&quot;&quot;,&quot;jet_parallax_layout_bg_x_mobile&quot;:&quot;&quot;,&quot;jet_parallax_layout_bg_y&quot;:50,&quot;jet_parallax_layout_bg_y_tablet&quot;:&quot;&quot;,&quot;jet_parallax_layout_bg_y_mobile&quot;:&quot;&quot;,&quot;jet_parallax_layout_bg_size&quot;:&quot;auto&quot;,&quot;jet_parallax_layout_bg_size_tablet&quot;:&quot;&quot;,&quot;jet_parallax_layout_bg_size_mobile&quot;:&quot;&quot;,&quot;jet_parallax_layout_animation_prop&quot;:&quot;transform&quot;,&quot;jet_parallax_layout_on&quot;:[&quot;desktop&quot;,&quot;tablet&quot;]}]}\">\n\t\t\t\t\t\t<div class=\"elementor-container elementor-column-gap-no\">\n\t\t\t\t\t<div class=\"elementor-column elementor-col-100 elementor-top-column elementor-element elementor-element-12e597a\" data-id=\"12e597a\" data-element_type=\"column\" data-e-type=\"column\">\n\t\t\t<div class=\"elementor-widget-wrap elementor-element-populated\">\n\t\t\t\t\t\t<div class=\"elementor-element elementor-element-05816df elementor-widget elementor-widget-text-editor\" data-id=\"05816df\" data-element_type=\"widget\" data-e-type=\"widget\" data-widget_type=\"text-editor.default\">\n\t\t\t\t\t\t\t\t\t<h3 style=\"text-align: center;\"><a href=\"https:\/\/www.campingsaragosa.it\/\" target=\"_blank\" rel=\"noopener\">Camping Village Saragosa<\/a><\/h3>\t\t\t\t\t\t\t\t<\/div>\n\t\t\t\t<div class=\"elementor-element elementor-element-6ff34ef elementor-widget elementor-widget-text-editor\" data-id=\"6ff34ef\" data-element_type=\"widget\" data-e-type=\"widget\" data-widget_type=\"text-editor.default\">\n\t\t\t\t\t\t\t\t\t<p style=\"text-align: center;\">Ubicado entre Santa Teresa y Aglientu, el Village Camping Saragosa se encuentra a la sombra de un bosque de pinos en la playa de Vignola y ofrece parcelas sombreadas para autocaravanas y furgonetas camper &#8211; +39079602077 &#8211; <a href=\"mailto:richieste@campingsaragosa.it\">richieste@campingsaragosa.it<\/a><\/p>\t\t\t\t\t\t\t\t<\/div>\n\t\t\t\t\t<\/div>\n\t\t<\/div>\n\t\t\t\t\t<\/div>\n\t\t<\/section>\n\t\t\t\t<section class=\"elementor-section elementor-top-section elementor-element elementor-element-feb8d1c elementor-section-boxed elementor-section-height-default elementor-section-height-default\" data-id=\"feb8d1c\" data-element_type=\"section\" data-e-type=\"section\" id=\"tortuga\" data-settings=\"{&quot;jet_parallax_layout_list&quot;:[{&quot;jet_parallax_layout_image&quot;:{&quot;url&quot;:&quot;&quot;,&quot;id&quot;:&quot;&quot;,&quot;size&quot;:&quot;&quot;},&quot;_id&quot;:&quot;cb52157&quot;,&quot;jet_parallax_layout_speed&quot;:{&quot;unit&quot;:&quot;%&quot;,&quot;size&quot;:50,&quot;sizes&quot;:[]},&quot;jet_parallax_layout_image_tablet&quot;:{&quot;url&quot;:&quot;&quot;,&quot;id&quot;:&quot;&quot;,&quot;size&quot;:&quot;&quot;},&quot;jet_parallax_layout_image_mobile&quot;:{&quot;url&quot;:&quot;&quot;,&quot;id&quot;:&quot;&quot;,&quot;size&quot;:&quot;&quot;},&quot;jet_parallax_layout_type&quot;:&quot;scroll&quot;,&quot;jet_parallax_layout_direction&quot;:&quot;1&quot;,&quot;jet_parallax_layout_fx_direction&quot;:null,&quot;jet_parallax_layout_z_index&quot;:&quot;&quot;,&quot;jet_parallax_layout_bg_x&quot;:50,&quot;jet_parallax_layout_bg_x_tablet&quot;:&quot;&quot;,&quot;jet_parallax_layout_bg_x_mobile&quot;:&quot;&quot;,&quot;jet_parallax_layout_bg_y&quot;:50,&quot;jet_parallax_layout_bg_y_tablet&quot;:&quot;&quot;,&quot;jet_parallax_layout_bg_y_mobile&quot;:&quot;&quot;,&quot;jet_parallax_layout_bg_size&quot;:&quot;auto&quot;,&quot;jet_parallax_layout_bg_size_tablet&quot;:&quot;&quot;,&quot;jet_parallax_layout_bg_size_mobile&quot;:&quot;&quot;,&quot;jet_parallax_layout_animation_prop&quot;:&quot;transform&quot;,&quot;jet_parallax_layout_on&quot;:[&quot;desktop&quot;,&quot;tablet&quot;]}]}\">\n\t\t\t\t\t\t<div class=\"elementor-container elementor-column-gap-no\">\n\t\t\t\t\t<div class=\"elementor-column elementor-col-100 elementor-top-column elementor-element elementor-element-ab3c14d\" data-id=\"ab3c14d\" data-element_type=\"column\" data-e-type=\"column\">\n\t\t\t<div class=\"elementor-widget-wrap elementor-element-populated\">\n\t\t\t\t\t\t<div class=\"elementor-element elementor-element-84e7d7a elementor-widget elementor-widget-text-editor\" data-id=\"84e7d7a\" data-element_type=\"widget\" data-e-type=\"widget\" data-widget_type=\"text-editor.default\">\n\t\t\t\t\t\t\t\t\t<h3 style=\"text-align: center;\"><a href=\"https:\/\/www.campinglatortuga.com\" target=\"_blank\" rel=\"noopener\">Camping Village Baia Blu la Tortuga<\/a><\/h3>\t\t\t\t\t\t\t\t<\/div>\n\t\t\t\t<div class=\"elementor-element elementor-element-a7e9af1 elementor-widget elementor-widget-text-editor\" data-id=\"a7e9af1\" data-element_type=\"widget\" data-e-type=\"widget\" data-widget_type=\"text-editor.default\">\n\t\t\t\t\t\t\t\t\t<p style=\"text-align: center;\">El Baia Blu Camping Village est\u00e1 ubicado en un denso bosque de pinos en Vignola Mare y cuenta con un servicio de autocaravanas, gratuito para estancias de al menos 2 noches, y parcelas adecuadas para furgonetas camper, todas equipadas con columnas de suministro de electricidad, algunas de ellas con carga y descarga del agua clara directamente en la parcela. <a href=\"tel: +39079602200\">+39079602200<\/a> <a href=\"tel: +390365520682\">+390365520682<\/a> &#8211; <a href=\"mailto:info@baiaholiday.it\">info@baiaholiday.it<\/a><\/p>\t\t\t\t\t\t\t\t<\/div>\n\t\t\t\t\t<\/div>\n\t\t<\/div>\n\t\t\t\t\t<\/div>\n\t\t<\/section>\n\t\t\t\t<section class=\"elementor-section elementor-top-section elementor-element elementor-element-87594d8 elementor-section-boxed elementor-section-height-default elementor-section-height-default\" data-id=\"87594d8\" data-element_type=\"section\" data-e-type=\"section\" id=\"oasigallura\" data-settings=\"{&quot;jet_parallax_layout_list&quot;:[{&quot;jet_parallax_layout_image&quot;:{&quot;url&quot;:&quot;&quot;,&quot;id&quot;:&quot;&quot;,&quot;size&quot;:&quot;&quot;},&quot;_id&quot;:&quot;cb52157&quot;,&quot;jet_parallax_layout_speed&quot;:{&quot;unit&quot;:&quot;%&quot;,&quot;size&quot;:50,&quot;sizes&quot;:[]},&quot;jet_parallax_layout_image_tablet&quot;:{&quot;url&quot;:&quot;&quot;,&quot;id&quot;:&quot;&quot;,&quot;size&quot;:&quot;&quot;},&quot;jet_parallax_layout_image_mobile&quot;:{&quot;url&quot;:&quot;&quot;,&quot;id&quot;:&quot;&quot;,&quot;size&quot;:&quot;&quot;},&quot;jet_parallax_layout_type&quot;:&quot;scroll&quot;,&quot;jet_parallax_layout_direction&quot;:&quot;1&quot;,&quot;jet_parallax_layout_fx_direction&quot;:null,&quot;jet_parallax_layout_z_index&quot;:&quot;&quot;,&quot;jet_parallax_layout_bg_x&quot;:50,&quot;jet_parallax_layout_bg_x_tablet&quot;:&quot;&quot;,&quot;jet_parallax_layout_bg_x_mobile&quot;:&quot;&quot;,&quot;jet_parallax_layout_bg_y&quot;:50,&quot;jet_parallax_layout_bg_y_tablet&quot;:&quot;&quot;,&quot;jet_parallax_layout_bg_y_mobile&quot;:&quot;&quot;,&quot;jet_parallax_layout_bg_size&quot;:&quot;auto&quot;,&quot;jet_parallax_layout_bg_size_tablet&quot;:&quot;&quot;,&quot;jet_parallax_layout_bg_size_mobile&quot;:&quot;&quot;,&quot;jet_parallax_layout_animation_prop&quot;:&quot;transform&quot;,&quot;jet_parallax_layout_on&quot;:[&quot;desktop&quot;,&quot;tablet&quot;]}]}\">\n\t\t\t\t\t\t<div class=\"elementor-container elementor-column-gap-no\">\n\t\t\t\t\t<div class=\"elementor-column elementor-col-100 elementor-top-column elementor-element elementor-element-de574e8\" data-id=\"de574e8\" data-element_type=\"column\" data-e-type=\"column\">\n\t\t\t<div class=\"elementor-widget-wrap elementor-element-populated\">\n\t\t\t\t\t\t<div class=\"elementor-element elementor-element-ae0371e elementor-widget elementor-widget-text-editor\" data-id=\"ae0371e\" data-element_type=\"widget\" data-e-type=\"widget\" data-widget_type=\"text-editor.default\">\n\t\t\t\t\t\t\t\t\t<h3 style=\"text-align: center;\"><a href=\"http:\/\/www.oasigallura.it\" target=\"_blank\" rel=\"noopener\">\u00c1rea servicio autocaravanas Oasi Gallura<\/a><\/h3>\t\t\t\t\t\t\t\t<\/div>\n\t\t\t\t<div class=\"elementor-element elementor-element-4faa607 elementor-widget elementor-widget-text-editor\" data-id=\"4faa607\" data-element_type=\"widget\" data-e-type=\"widget\" data-widget_type=\"text-editor.default\">\n\t\t\t\t\t\t\t\t\t<p style=\"text-align: center;\">El \u00e1rea Oasi Gallura se encuentra en Vignola y ofrece servicios para autocaravanas y varios servicios auxiliares. <a href=\"tel: +393387319626\">+393387319626<\/a> &#8211; <a href=\"mailto:info@oasigallura.it\">info@oasigallura.it<\/a><\/p>\t\t\t\t\t\t\t\t<\/div>\n\t\t\t\t\t<\/div>\n\t\t<\/div>\n\t\t\t\t\t<\/div>\n\t\t<\/section>\n\t\t\t\t<section class=\"elementor-section elementor-top-section elementor-element elementor-element-22d5ed6 elementor-section-boxed elementor-section-height-default elementor-section-height-default\" data-id=\"22d5ed6\" data-element_type=\"section\" data-e-type=\"section\" id=\"baiaparadiso\" data-settings=\"{&quot;jet_parallax_layout_list&quot;:[{&quot;jet_parallax_layout_image&quot;:{&quot;url&quot;:&quot;&quot;,&quot;id&quot;:&quot;&quot;,&quot;size&quot;:&quot;&quot;},&quot;_id&quot;:&quot;cb52157&quot;,&quot;jet_parallax_layout_speed&quot;:{&quot;unit&quot;:&quot;%&quot;,&quot;size&quot;:50,&quot;sizes&quot;:[]},&quot;jet_parallax_layout_image_tablet&quot;:{&quot;url&quot;:&quot;&quot;,&quot;id&quot;:&quot;&quot;,&quot;size&quot;:&quot;&quot;},&quot;jet_parallax_layout_image_mobile&quot;:{&quot;url&quot;:&quot;&quot;,&quot;id&quot;:&quot;&quot;,&quot;size&quot;:&quot;&quot;},&quot;jet_parallax_layout_type&quot;:&quot;scroll&quot;,&quot;jet_parallax_layout_direction&quot;:&quot;1&quot;,&quot;jet_parallax_layout_fx_direction&quot;:null,&quot;jet_parallax_layout_z_index&quot;:&quot;&quot;,&quot;jet_parallax_layout_bg_x&quot;:50,&quot;jet_parallax_layout_bg_x_tablet&quot;:&quot;&quot;,&quot;jet_parallax_layout_bg_x_mobile&quot;:&quot;&quot;,&quot;jet_parallax_layout_bg_y&quot;:50,&quot;jet_parallax_layout_bg_y_tablet&quot;:&quot;&quot;,&quot;jet_parallax_layout_bg_y_mobile&quot;:&quot;&quot;,&quot;jet_parallax_layout_bg_size&quot;:&quot;auto&quot;,&quot;jet_parallax_layout_bg_size_tablet&quot;:&quot;&quot;,&quot;jet_parallax_layout_bg_size_mobile&quot;:&quot;&quot;,&quot;jet_parallax_layout_animation_prop&quot;:&quot;transform&quot;,&quot;jet_parallax_layout_on&quot;:[&quot;desktop&quot;,&quot;tablet&quot;]}]}\">\n\t\t\t\t\t\t<div class=\"elementor-container elementor-column-gap-no\">\n\t\t\t\t\t<div class=\"elementor-column elementor-col-100 elementor-top-column elementor-element elementor-element-77e3a98\" data-id=\"77e3a98\" data-element_type=\"column\" data-e-type=\"column\">\n\t\t\t<div class=\"elementor-widget-wrap elementor-element-populated\">\n\t\t\t\t\t\t<div class=\"elementor-element elementor-element-f6bb354 elementor-widget elementor-widget-text-editor\" data-id=\"f6bb354\" data-element_type=\"widget\" data-e-type=\"widget\" data-widget_type=\"text-editor.default\">\n\t\t\t\t\t\t\t\t\t<h3 style=\"text-align: center;\"><a href=\"https:\/\/www.campingbaiaparadiso.it\/\" target=\"_blank\" rel=\"noopener\">Camping Baia Paradiso<\/a><\/h3>\t\t\t\t\t\t\t\t<\/div>\n\t\t\t\t<div class=\"elementor-element elementor-element-1b4bd33 elementor-widget elementor-widget-text-editor\" data-id=\"1b4bd33\" data-element_type=\"widget\" data-e-type=\"widget\" data-widget_type=\"text-editor.default\">\n\t\t\t\t\t\t\t\t\t<p style=\"text-align: center;\">El Camping Baia Paradiso de Badesi se encuentra a pocos pasos del mar, a la sombra de un bosque verde de enebros, mirtos, mastiques y pinos, y ofrece parcelas para autocaravanas y furgonetas camper equipadas con electricidad. <a href=\"tel: +393343196320\">+393343196320<\/a>\u00a0 &#8211; <a href=\"mailto:info@campingbaiaparadiso.it\">info@campingbaiaparadiso.it<\/a><\/p>\t\t\t\t\t\t\t\t<\/div>\n\t\t\t\t\t<\/div>\n\t\t<\/div>\n\t\t\t\t\t<\/div>\n\t\t<\/section>\n\t\t\t\t<section class=\"elementor-section elementor-top-section elementor-element elementor-element-a34e8f1 elementor-section-boxed elementor-section-height-default elementor-section-height-default\" data-id=\"a34e8f1\" data-element_type=\"section\" data-e-type=\"section\" id=\"lafoce\" data-settings=\"{&quot;jet_parallax_layout_list&quot;:[{&quot;jet_parallax_layout_image&quot;:{&quot;url&quot;:&quot;&quot;,&quot;id&quot;:&quot;&quot;,&quot;size&quot;:&quot;&quot;},&quot;_id&quot;:&quot;cb52157&quot;,&quot;jet_parallax_layout_speed&quot;:{&quot;unit&quot;:&quot;%&quot;,&quot;size&quot;:50,&quot;sizes&quot;:[]},&quot;jet_parallax_layout_image_tablet&quot;:{&quot;url&quot;:&quot;&quot;,&quot;id&quot;:&quot;&quot;,&quot;size&quot;:&quot;&quot;},&quot;jet_parallax_layout_image_mobile&quot;:{&quot;url&quot;:&quot;&quot;,&quot;id&quot;:&quot;&quot;,&quot;size&quot;:&quot;&quot;},&quot;jet_parallax_layout_type&quot;:&quot;scroll&quot;,&quot;jet_parallax_layout_direction&quot;:&quot;1&quot;,&quot;jet_parallax_layout_fx_direction&quot;:null,&quot;jet_parallax_layout_z_index&quot;:&quot;&quot;,&quot;jet_parallax_layout_bg_x&quot;:50,&quot;jet_parallax_layout_bg_x_tablet&quot;:&quot;&quot;,&quot;jet_parallax_layout_bg_x_mobile&quot;:&quot;&quot;,&quot;jet_parallax_layout_bg_y&quot;:50,&quot;jet_parallax_layout_bg_y_tablet&quot;:&quot;&quot;,&quot;jet_parallax_layout_bg_y_mobile&quot;:&quot;&quot;,&quot;jet_parallax_layout_bg_size&quot;:&quot;auto&quot;,&quot;jet_parallax_layout_bg_size_tablet&quot;:&quot;&quot;,&quot;jet_parallax_layout_bg_size_mobile&quot;:&quot;&quot;,&quot;jet_parallax_layout_animation_prop&quot;:&quot;transform&quot;,&quot;jet_parallax_layout_on&quot;:[&quot;desktop&quot;,&quot;tablet&quot;]}]}\">\n\t\t\t\t\t\t<div class=\"elementor-container elementor-column-gap-no\">\n\t\t\t\t\t<div class=\"elementor-column elementor-col-100 elementor-top-column elementor-element elementor-element-fb30b99\" data-id=\"fb30b99\" data-element_type=\"column\" data-e-type=\"column\">\n\t\t\t<div class=\"elementor-widget-wrap elementor-element-populated\">\n\t\t\t\t\t\t<div class=\"elementor-element elementor-element-b42143d elementor-widget elementor-widget-text-editor\" data-id=\"b42143d\" data-element_type=\"widget\" data-e-type=\"widget\" data-widget_type=\"text-editor.default\">\n\t\t\t\t\t\t\t\t\t<h3 style=\"text-align: center;\"><a href=\"http:\/\/www.foce.it\/\" target=\"_blank\" rel=\"noopener\">La Foce Village&amp;Camping<\/a><\/h3>\t\t\t\t\t\t\t\t<\/div>\n\t\t\t\t<div class=\"elementor-element elementor-element-03088c9 elementor-widget elementor-widget-text-editor\" data-id=\"03088c9\" data-element_type=\"widget\" data-e-type=\"widget\" data-widget_type=\"text-editor.default\">\n\t\t\t\t\t\t\t\t\t<p style=\"text-align: center;\">El Camping La Foce es un campamento eco-sostenible, \u00fanico en Europa al ser inserido en un sitio de inter\u00e9s comunitario que ofrece servicios y parcelas para autocaravanas inmersas en un fant\u00e1stico bosque de eucaliptos y equipadas con conexi\u00f3n el\u00e9ctrica. <a href=\"tel: +39079582109\">+39079582109<\/a> &#8211; <a href=\"mailto:info@foce.it\">info@foce.it<\/a><\/p>\t\t\t\t\t\t\t\t<\/div>\n\t\t\t\t\t<\/div>\n\t\t<\/div>\n\t\t\t\t\t<\/div>\n\t\t<\/section>\n\t\t\t\t<section class=\"elementor-section elementor-top-section elementor-element elementor-element-13910b3 elementor-section-boxed elementor-section-height-default elementor-section-height-default\" data-id=\"13910b3\" data-element_type=\"section\" data-e-type=\"section\" id=\"valledoria\" data-settings=\"{&quot;jet_parallax_layout_list&quot;:[{&quot;jet_parallax_layout_image&quot;:{&quot;url&quot;:&quot;&quot;,&quot;id&quot;:&quot;&quot;,&quot;size&quot;:&quot;&quot;},&quot;_id&quot;:&quot;cb52157&quot;,&quot;jet_parallax_layout_speed&quot;:{&quot;unit&quot;:&quot;%&quot;,&quot;size&quot;:50,&quot;sizes&quot;:[]},&quot;jet_parallax_layout_image_tablet&quot;:{&quot;url&quot;:&quot;&quot;,&quot;id&quot;:&quot;&quot;,&quot;size&quot;:&quot;&quot;},&quot;jet_parallax_layout_image_mobile&quot;:{&quot;url&quot;:&quot;&quot;,&quot;id&quot;:&quot;&quot;,&quot;size&quot;:&quot;&quot;},&quot;jet_parallax_layout_type&quot;:&quot;scroll&quot;,&quot;jet_parallax_layout_direction&quot;:&quot;1&quot;,&quot;jet_parallax_layout_fx_direction&quot;:null,&quot;jet_parallax_layout_z_index&quot;:&quot;&quot;,&quot;jet_parallax_layout_bg_x&quot;:50,&quot;jet_parallax_layout_bg_x_tablet&quot;:&quot;&quot;,&quot;jet_parallax_layout_bg_x_mobile&quot;:&quot;&quot;,&quot;jet_parallax_layout_bg_y&quot;:50,&quot;jet_parallax_layout_bg_y_tablet&quot;:&quot;&quot;,&quot;jet_parallax_layout_bg_y_mobile&quot;:&quot;&quot;,&quot;jet_parallax_layout_bg_size&quot;:&quot;auto&quot;,&quot;jet_parallax_layout_bg_size_tablet&quot;:&quot;&quot;,&quot;jet_parallax_layout_bg_size_mobile&quot;:&quot;&quot;,&quot;jet_parallax_layout_animation_prop&quot;:&quot;transform&quot;,&quot;jet_parallax_layout_on&quot;:[&quot;desktop&quot;,&quot;tablet&quot;]}]}\">\n\t\t\t\t\t\t<div class=\"elementor-container elementor-column-gap-no\">\n\t\t\t\t\t<div class=\"elementor-column elementor-col-100 elementor-top-column elementor-element elementor-element-511220d\" data-id=\"511220d\" data-element_type=\"column\" data-e-type=\"column\">\n\t\t\t<div class=\"elementor-widget-wrap elementor-element-populated\">\n\t\t\t\t\t\t<div class=\"elementor-element elementor-element-361ef8e elementor-widget elementor-widget-text-editor\" data-id=\"361ef8e\" data-element_type=\"widget\" data-e-type=\"widget\" data-widget_type=\"text-editor.default\">\n\t\t\t\t\t\t\t\t\t<h3 style=\"text-align: center;\"><a href=\"http:\/\/www.campingvalledoria.com\/\" target=\"_blank\" rel=\"noopener\">International Camping Valledoria<\/a><\/h3>\t\t\t\t\t\t\t\t<\/div>\n\t\t\t\t<div class=\"elementor-element elementor-element-bea4dbb elementor-widget elementor-widget-text-editor\" data-id=\"bea4dbb\" data-element_type=\"widget\" data-e-type=\"widget\" data-widget_type=\"text-editor.default\">\n\t\t\t\t\t\t\t\t\t<p style=\"text-align: center;\">El Internacional Camping Valledoria est\u00e1 ubicado en Valledoria, directamente en el mar rodeado de un exuberante pino y enebro. El Camping ofrece servicios y amplias parcelas para autocaravana con vista directa al mar. <a href=\"tel: +39079584070\">+39079584070<\/a> &#8211; <a href=\"mailto:info@campingvalledoria.com\">info@campingvalledoria.com<\/a><\/p>\t\t\t\t\t\t\t\t<\/div>\n\t\t\t\t\t<\/div>\n\t\t<\/div>\n\t\t\t\t\t<\/div>\n\t\t<\/section>\n\t\t\t\t<section class=\"elementor-section elementor-top-section elementor-element elementor-element-6bdecf4 elementor-section-boxed elementor-section-height-default elementor-section-height-default\" data-id=\"6bdecf4\" data-element_type=\"section\" data-e-type=\"section\" id=\"baiadeiginepri\" data-settings=\"{&quot;jet_parallax_layout_list&quot;:[{&quot;jet_parallax_layout_image&quot;:{&quot;url&quot;:&quot;&quot;,&quot;id&quot;:&quot;&quot;,&quot;size&quot;:&quot;&quot;},&quot;_id&quot;:&quot;cb52157&quot;,&quot;jet_parallax_layout_speed&quot;:{&quot;unit&quot;:&quot;%&quot;,&quot;size&quot;:50,&quot;sizes&quot;:[]},&quot;jet_parallax_layout_image_tablet&quot;:{&quot;url&quot;:&quot;&quot;,&quot;id&quot;:&quot;&quot;,&quot;size&quot;:&quot;&quot;},&quot;jet_parallax_layout_image_mobile&quot;:{&quot;url&quot;:&quot;&quot;,&quot;id&quot;:&quot;&quot;,&quot;size&quot;:&quot;&quot;},&quot;jet_parallax_layout_type&quot;:&quot;scroll&quot;,&quot;jet_parallax_layout_direction&quot;:&quot;1&quot;,&quot;jet_parallax_layout_fx_direction&quot;:null,&quot;jet_parallax_layout_z_index&quot;:&quot;&quot;,&quot;jet_parallax_layout_bg_x&quot;:50,&quot;jet_parallax_layout_bg_x_tablet&quot;:&quot;&quot;,&quot;jet_parallax_layout_bg_x_mobile&quot;:&quot;&quot;,&quot;jet_parallax_layout_bg_y&quot;:50,&quot;jet_parallax_layout_bg_y_tablet&quot;:&quot;&quot;,&quot;jet_parallax_layout_bg_y_mobile&quot;:&quot;&quot;,&quot;jet_parallax_layout_bg_size&quot;:&quot;auto&quot;,&quot;jet_parallax_layout_bg_size_tablet&quot;:&quot;&quot;,&quot;jet_parallax_layout_bg_size_mobile&quot;:&quot;&quot;,&quot;jet_parallax_layout_animation_prop&quot;:&quot;transform&quot;,&quot;jet_parallax_layout_on&quot;:[&quot;desktop&quot;,&quot;tablet&quot;]}]}\">\n\t\t\t\t\t\t<div class=\"elementor-container elementor-column-gap-no\">\n\t\t\t\t\t<div class=\"elementor-column elementor-col-100 elementor-top-column elementor-element elementor-element-16fe0a6\" data-id=\"16fe0a6\" data-element_type=\"column\" data-e-type=\"column\">\n\t\t\t<div class=\"elementor-widget-wrap elementor-element-populated\">\n\t\t\t\t\t\t<div class=\"elementor-element elementor-element-d6287b5 elementor-widget elementor-widget-text-editor\" data-id=\"d6287b5\" data-element_type=\"widget\" data-e-type=\"widget\" data-widget_type=\"text-editor.default\">\n\t\t\t\t\t\t\t\t\t<h3 style=\"text-align: center;\"><a href=\"http:\/\/www.baiaginepri.it\" target=\"_blank\" rel=\"noopener\">Campeggio Baia Dei Ginepri<\/a><\/h3>\t\t\t\t\t\t\t\t<\/div>\n\t\t\t\t<div class=\"elementor-element elementor-element-c41ab60 elementor-widget elementor-widget-text-editor\" data-id=\"c41ab60\" data-element_type=\"widget\" data-e-type=\"widget\" data-widget_type=\"text-editor.default\">\n\t\t\t\t\t\t\t\t\t<p style=\"text-align: center;\">A solo 2 kil\u00f3metros de Valledoria, el camping Baia Ginepri cubre un \u00e1rea de 25,000 metros cuadrados a la sombra de una densa variedad de plantas y matorral mediterr\u00e1neo. +39079584373 &#8211; <a href=\"mailto:baiaginepri@baiaginepri.it\">baiaginepri@baiaginepri.it<\/a><\/p>\t\t\t\t\t\t\t\t<\/div>\n\t\t\t\t\t<\/div>\n\t\t<\/div>\n\t\t\t\t\t<\/div>\n\t\t<\/section>\n\t\t\t\t<section class=\"elementor-section elementor-top-section elementor-element elementor-element-10e429d elementor-section-boxed elementor-section-height-default elementor-section-height-default\" data-id=\"10e429d\" data-element_type=\"section\" data-e-type=\"section\" id=\"linibari\" data-settings=\"{&quot;jet_parallax_layout_list&quot;:[{&quot;jet_parallax_layout_image&quot;:{&quot;url&quot;:&quot;&quot;,&quot;id&quot;:&quot;&quot;,&quot;size&quot;:&quot;&quot;},&quot;_id&quot;:&quot;cb52157&quot;,&quot;jet_parallax_layout_speed&quot;:{&quot;unit&quot;:&quot;%&quot;,&quot;size&quot;:50,&quot;sizes&quot;:[]},&quot;jet_parallax_layout_image_tablet&quot;:{&quot;url&quot;:&quot;&quot;,&quot;id&quot;:&quot;&quot;,&quot;size&quot;:&quot;&quot;},&quot;jet_parallax_layout_image_mobile&quot;:{&quot;url&quot;:&quot;&quot;,&quot;id&quot;:&quot;&quot;,&quot;size&quot;:&quot;&quot;},&quot;jet_parallax_layout_type&quot;:&quot;scroll&quot;,&quot;jet_parallax_layout_direction&quot;:&quot;1&quot;,&quot;jet_parallax_layout_fx_direction&quot;:null,&quot;jet_parallax_layout_z_index&quot;:&quot;&quot;,&quot;jet_parallax_layout_bg_x&quot;:50,&quot;jet_parallax_layout_bg_x_tablet&quot;:&quot;&quot;,&quot;jet_parallax_layout_bg_x_mobile&quot;:&quot;&quot;,&quot;jet_parallax_layout_bg_y&quot;:50,&quot;jet_parallax_layout_bg_y_tablet&quot;:&quot;&quot;,&quot;jet_parallax_layout_bg_y_mobile&quot;:&quot;&quot;,&quot;jet_parallax_layout_bg_size&quot;:&quot;auto&quot;,&quot;jet_parallax_layout_bg_size_tablet&quot;:&quot;&quot;,&quot;jet_parallax_layout_bg_size_mobile&quot;:&quot;&quot;,&quot;jet_parallax_layout_animation_prop&quot;:&quot;transform&quot;,&quot;jet_parallax_layout_on&quot;:[&quot;desktop&quot;,&quot;tablet&quot;]}]}\">\n\t\t\t\t\t\t<div class=\"elementor-container elementor-column-gap-no\">\n\t\t\t\t\t<div class=\"elementor-column elementor-col-100 elementor-top-column elementor-element elementor-element-1b139b3\" data-id=\"1b139b3\" data-element_type=\"column\" data-e-type=\"column\">\n\t\t\t<div class=\"elementor-widget-wrap elementor-element-populated\">\n\t\t\t\t\t\t<div class=\"elementor-element elementor-element-8e0b7b0 elementor-widget elementor-widget-text-editor\" data-id=\"8e0b7b0\" data-element_type=\"widget\" data-e-type=\"widget\" data-widget_type=\"text-editor.default\">\n\t\t\t\t\t\t\t\t\t<h3 style=\"text-align: center;\"><a href=\"http:\/\/www.campinglinibari.com\/\" target=\"_blank\" rel=\"noopener\">Camping Village Li Nibari<\/a><\/h3>\t\t\t\t\t\t\t\t<\/div>\n\t\t\t\t<div class=\"elementor-element elementor-element-87aa502 elementor-widget elementor-widget-text-editor\" data-id=\"87aa502\" data-element_type=\"widget\" data-e-type=\"widget\" data-widget_type=\"text-editor.default\">\n\t\t\t\t\t\t\t\t\t<p style=\"text-align: center;\">El Camping Village Li Nibari est\u00e1 ubicado en un tramo de costa en el Municipio de Sorso, con vista al Golfo de Asinara y ofrece servicios y aproximadamente 300 parcelas sombreadas, de las cuales 90 son solo para autocaravanas y furgonetas camper.<a href=\"tel: +39079310303\">+39079310303 <\/a><a href=\"tel: +393803693697\">+393803693697<\/a> &#8211; <a href=\"mailto:booking@campinglinibari.com\">booking@campinglinibari.com<\/a><\/p>\t\t\t\t\t\t\t\t<\/div>\n\t\t\t\t\t<\/div>\n\t\t<\/div>\n\t\t\t\t\t<\/div>\n\t\t<\/section>\n\t\t\t\t<section class=\"elementor-section elementor-top-section elementor-element elementor-element-ae6be93 elementor-section-boxed elementor-section-height-default elementor-section-height-default\" data-id=\"ae6be93\" data-element_type=\"section\" data-e-type=\"section\" id=\"golfodellasinara\" data-settings=\"{&quot;jet_parallax_layout_list&quot;:[{&quot;jet_parallax_layout_image&quot;:{&quot;url&quot;:&quot;&quot;,&quot;id&quot;:&quot;&quot;,&quot;size&quot;:&quot;&quot;},&quot;_id&quot;:&quot;cb52157&quot;,&quot;jet_parallax_layout_speed&quot;:{&quot;unit&quot;:&quot;%&quot;,&quot;size&quot;:50,&quot;sizes&quot;:[]},&quot;jet_parallax_layout_image_tablet&quot;:{&quot;url&quot;:&quot;&quot;,&quot;id&quot;:&quot;&quot;,&quot;size&quot;:&quot;&quot;},&quot;jet_parallax_layout_image_mobile&quot;:{&quot;url&quot;:&quot;&quot;,&quot;id&quot;:&quot;&quot;,&quot;size&quot;:&quot;&quot;},&quot;jet_parallax_layout_type&quot;:&quot;scroll&quot;,&quot;jet_parallax_layout_direction&quot;:&quot;1&quot;,&quot;jet_parallax_layout_fx_direction&quot;:null,&quot;jet_parallax_layout_z_index&quot;:&quot;&quot;,&quot;jet_parallax_layout_bg_x&quot;:50,&quot;jet_parallax_layout_bg_x_tablet&quot;:&quot;&quot;,&quot;jet_parallax_layout_bg_x_mobile&quot;:&quot;&quot;,&quot;jet_parallax_layout_bg_y&quot;:50,&quot;jet_parallax_layout_bg_y_tablet&quot;:&quot;&quot;,&quot;jet_parallax_layout_bg_y_mobile&quot;:&quot;&quot;,&quot;jet_parallax_layout_bg_size&quot;:&quot;auto&quot;,&quot;jet_parallax_layout_bg_size_tablet&quot;:&quot;&quot;,&quot;jet_parallax_layout_bg_size_mobile&quot;:&quot;&quot;,&quot;jet_parallax_layout_animation_prop&quot;:&quot;transform&quot;,&quot;jet_parallax_layout_on&quot;:[&quot;desktop&quot;,&quot;tablet&quot;]}]}\">\n\t\t\t\t\t\t<div class=\"elementor-container elementor-column-gap-no\">\n\t\t\t\t\t<div class=\"elementor-column elementor-col-100 elementor-top-column elementor-element elementor-element-03bb79c\" data-id=\"03bb79c\" data-element_type=\"column\" data-e-type=\"column\">\n\t\t\t<div class=\"elementor-widget-wrap elementor-element-populated\">\n\t\t\t\t\t\t<div class=\"elementor-element elementor-element-c6f370d elementor-widget elementor-widget-text-editor\" data-id=\"c6f370d\" data-element_type=\"widget\" data-e-type=\"widget\" data-widget_type=\"text-editor.default\">\n\t\t\t\t\t\t\t\t\t<h3 style=\"text-align: center;\"><a href=\"http:\/\/www.campingasinara.it\" target=\"_blank\" rel=\"noopener\">Camping Golfo dell&#8217;Asinara<\/a><\/h3>\t\t\t\t\t\t\t\t<\/div>\n\t\t\t\t<div class=\"elementor-element elementor-element-0c7cd19 elementor-widget elementor-widget-text-editor\" data-id=\"0c7cd19\" data-element_type=\"widget\" data-e-type=\"widget\" data-widget_type=\"text-editor.default\">\n\t\t\t\t\t\t\t\t\t<p style=\"text-align: center;\">El Camping Golfo dell&#8217;Asinara tiene vista directa a la playa de Platamona, frente al parque Asinara, y cuenta con servicio de autocaravanas y amplias parcelas a la sombra de eucaliptos, enebros y pinos. <a href=\"tel: +393355409976\">+393355409976<\/a> <a href=\"tel: +39079310230\">+39079310230<\/a> &#8211; <a href=\"mailto:info@campingasinara.it\">info@campingasinara.it<\/a><\/p>\t\t\t\t\t\t\t\t<\/div>\n\t\t\t\t\t<\/div>\n\t\t<\/div>\n\t\t\t\t\t<\/div>\n\t\t<\/section>\n\t\t\t\t<section class=\"elementor-section elementor-top-section elementor-element elementor-element-aca7294 elementor-section-boxed elementor-section-height-default elementor-section-height-default\" data-id=\"aca7294\" data-element_type=\"section\" data-e-type=\"section\" id=\"lapinetanord\" data-settings=\"{&quot;jet_parallax_layout_list&quot;:[{&quot;jet_parallax_layout_image&quot;:{&quot;url&quot;:&quot;&quot;,&quot;id&quot;:&quot;&quot;,&quot;size&quot;:&quot;&quot;},&quot;_id&quot;:&quot;cb52157&quot;,&quot;jet_parallax_layout_speed&quot;:{&quot;unit&quot;:&quot;%&quot;,&quot;size&quot;:50,&quot;sizes&quot;:[]},&quot;jet_parallax_layout_image_tablet&quot;:{&quot;url&quot;:&quot;&quot;,&quot;id&quot;:&quot;&quot;,&quot;size&quot;:&quot;&quot;},&quot;jet_parallax_layout_image_mobile&quot;:{&quot;url&quot;:&quot;&quot;,&quot;id&quot;:&quot;&quot;,&quot;size&quot;:&quot;&quot;},&quot;jet_parallax_layout_type&quot;:&quot;scroll&quot;,&quot;jet_parallax_layout_direction&quot;:&quot;1&quot;,&quot;jet_parallax_layout_fx_direction&quot;:null,&quot;jet_parallax_layout_z_index&quot;:&quot;&quot;,&quot;jet_parallax_layout_bg_x&quot;:50,&quot;jet_parallax_layout_bg_x_tablet&quot;:&quot;&quot;,&quot;jet_parallax_layout_bg_x_mobile&quot;:&quot;&quot;,&quot;jet_parallax_layout_bg_y&quot;:50,&quot;jet_parallax_layout_bg_y_tablet&quot;:&quot;&quot;,&quot;jet_parallax_layout_bg_y_mobile&quot;:&quot;&quot;,&quot;jet_parallax_layout_bg_size&quot;:&quot;auto&quot;,&quot;jet_parallax_layout_bg_size_tablet&quot;:&quot;&quot;,&quot;jet_parallax_layout_bg_size_mobile&quot;:&quot;&quot;,&quot;jet_parallax_layout_animation_prop&quot;:&quot;transform&quot;,&quot;jet_parallax_layout_on&quot;:[&quot;desktop&quot;,&quot;tablet&quot;]}]}\">\n\t\t\t\t\t\t<div class=\"elementor-container elementor-column-gap-no\">\n\t\t\t\t\t<div class=\"elementor-column elementor-col-100 elementor-top-column elementor-element elementor-element-5afd2ef\" data-id=\"5afd2ef\" data-element_type=\"column\" data-e-type=\"column\">\n\t\t\t<div class=\"elementor-widget-wrap elementor-element-populated\">\n\t\t\t\t\t\t<div class=\"elementor-element elementor-element-cb3a4c7 elementor-widget elementor-widget-text-editor\" data-id=\"cb3a4c7\" data-element_type=\"widget\" data-e-type=\"widget\" data-widget_type=\"text-editor.default\">\n\t\t\t\t\t\t\t\t\t<h3 style=\"text-align: center;\"><a href=\"http:\/\/www.stintinocamper.it\/\" target=\"_blank\" rel=\"noopener\">\u00c1rea servicio autocaravanas La Pineta<\/a><\/h3>\t\t\t\t\t\t\t\t<\/div>\n\t\t\t\t<div class=\"elementor-element elementor-element-c895b2b elementor-widget elementor-widget-text-editor\" data-id=\"c895b2b\" data-element_type=\"widget\" data-e-type=\"widget\" data-widget_type=\"text-editor.default\">\n\t\t\t\t\t\t\t\t\t<p style=\"text-align: center;\">El \u00e1rea La Pineta es un \u00e1rea para autocaravanas ubicada en Stintino y ofrece servicios de carga y descarga, conexi\u00f3n el\u00e9ctrica y ba\u00f1os. <a href=\"tel: +393470881433\">+393470881433<\/a> &#8211; <a href=\"mailto:cslapineta@hotmail.com\">cslapineta@hotmail.com<\/a><\/p>\t\t\t\t\t\t\t\t<\/div>\n\t\t\t\t\t<\/div>\n\t\t<\/div>\n\t\t\t\t\t<\/div>\n\t\t<\/section>\n\t\t\t\t<section class=\"elementor-section elementor-top-section elementor-element elementor-element-087357d elementor-section-boxed elementor-section-height-default elementor-section-height-default\" data-id=\"087357d\" data-element_type=\"section\" data-e-type=\"section\" id=\"costa-oeste\" data-settings=\"{&quot;jet_parallax_layout_list&quot;:[{&quot;jet_parallax_layout_image&quot;:{&quot;url&quot;:&quot;&quot;,&quot;id&quot;:&quot;&quot;,&quot;size&quot;:&quot;&quot;},&quot;_id&quot;:&quot;cb52157&quot;,&quot;jet_parallax_layout_speed&quot;:{&quot;unit&quot;:&quot;%&quot;,&quot;size&quot;:50,&quot;sizes&quot;:[]},&quot;jet_parallax_layout_image_tablet&quot;:{&quot;url&quot;:&quot;&quot;,&quot;id&quot;:&quot;&quot;,&quot;size&quot;:&quot;&quot;},&quot;jet_parallax_layout_image_mobile&quot;:{&quot;url&quot;:&quot;&quot;,&quot;id&quot;:&quot;&quot;,&quot;size&quot;:&quot;&quot;},&quot;jet_parallax_layout_type&quot;:&quot;scroll&quot;,&quot;jet_parallax_layout_direction&quot;:&quot;1&quot;,&quot;jet_parallax_layout_fx_direction&quot;:null,&quot;jet_parallax_layout_z_index&quot;:&quot;&quot;,&quot;jet_parallax_layout_bg_x&quot;:50,&quot;jet_parallax_layout_bg_x_tablet&quot;:&quot;&quot;,&quot;jet_parallax_layout_bg_x_mobile&quot;:&quot;&quot;,&quot;jet_parallax_layout_bg_y&quot;:50,&quot;jet_parallax_layout_bg_y_tablet&quot;:&quot;&quot;,&quot;jet_parallax_layout_bg_y_mobile&quot;:&quot;&quot;,&quot;jet_parallax_layout_bg_size&quot;:&quot;auto&quot;,&quot;jet_parallax_layout_bg_size_tablet&quot;:&quot;&quot;,&quot;jet_parallax_layout_bg_size_mobile&quot;:&quot;&quot;,&quot;jet_parallax_layout_animation_prop&quot;:&quot;transform&quot;,&quot;jet_parallax_layout_on&quot;:[&quot;desktop&quot;,&quot;tablet&quot;]}]}\">\n\t\t\t\t\t\t<div class=\"elementor-container elementor-column-gap-default\">\n\t\t\t\t\t<div class=\"elementor-column elementor-col-100 elementor-top-column elementor-element elementor-element-8cc760b\" data-id=\"8cc760b\" data-element_type=\"column\" data-e-type=\"column\">\n\t\t\t<div class=\"elementor-widget-wrap elementor-element-populated\">\n\t\t\t\t\t\t<div class=\"elementor-element elementor-element-ab6d085 elementor-widget elementor-widget-heading\" data-id=\"ab6d085\" data-element_type=\"widget\" data-e-type=\"widget\" data-widget_type=\"heading.default\">\n\t\t\t\t\t<h2 class=\"elementor-heading-title elementor-size-large\">\u00c1REAS AUTOCARAVANAS CERDE\u00d1A COSTA OESTE<\/h2>\t\t\t\t<\/div>\n\t\t\t\t<div class=\"elementor-element elementor-element-fccf35b elementor-widget-divider--view-line elementor-widget elementor-widget-divider\" data-id=\"fccf35b\" data-element_type=\"widget\" data-e-type=\"widget\" data-widget_type=\"divider.default\">\n\t\t\t\t\t\t\t<div class=\"elementor-divider\">\n\t\t\t<span class=\"elementor-divider-separator\">\n\t\t\t\t\t\t<\/span>\n\t\t<\/div>\n\t\t\t\t\t\t<\/div>\n\t\t\t\t\t<\/div>\n\t\t<\/div>\n\t\t\t\t\t<\/div>\n\t\t<\/section>\n\t\t\t\t<section class=\"elementor-section elementor-top-section elementor-element elementor-element-957997b elementor-section-boxed elementor-section-height-default elementor-section-height-default\" data-id=\"957997b\" data-element_type=\"section\" data-e-type=\"section\" id=\"torredelporticciolo\" data-settings=\"{&quot;jet_parallax_layout_list&quot;:[{&quot;jet_parallax_layout_image&quot;:{&quot;url&quot;:&quot;&quot;,&quot;id&quot;:&quot;&quot;,&quot;size&quot;:&quot;&quot;},&quot;_id&quot;:&quot;cb52157&quot;,&quot;jet_parallax_layout_speed&quot;:{&quot;unit&quot;:&quot;%&quot;,&quot;size&quot;:50,&quot;sizes&quot;:[]},&quot;jet_parallax_layout_image_tablet&quot;:{&quot;url&quot;:&quot;&quot;,&quot;id&quot;:&quot;&quot;,&quot;size&quot;:&quot;&quot;},&quot;jet_parallax_layout_image_mobile&quot;:{&quot;url&quot;:&quot;&quot;,&quot;id&quot;:&quot;&quot;,&quot;size&quot;:&quot;&quot;},&quot;jet_parallax_layout_type&quot;:&quot;scroll&quot;,&quot;jet_parallax_layout_direction&quot;:&quot;1&quot;,&quot;jet_parallax_layout_fx_direction&quot;:null,&quot;jet_parallax_layout_z_index&quot;:&quot;&quot;,&quot;jet_parallax_layout_bg_x&quot;:50,&quot;jet_parallax_layout_bg_x_tablet&quot;:&quot;&quot;,&quot;jet_parallax_layout_bg_x_mobile&quot;:&quot;&quot;,&quot;jet_parallax_layout_bg_y&quot;:50,&quot;jet_parallax_layout_bg_y_tablet&quot;:&quot;&quot;,&quot;jet_parallax_layout_bg_y_mobile&quot;:&quot;&quot;,&quot;jet_parallax_layout_bg_size&quot;:&quot;auto&quot;,&quot;jet_parallax_layout_bg_size_tablet&quot;:&quot;&quot;,&quot;jet_parallax_layout_bg_size_mobile&quot;:&quot;&quot;,&quot;jet_parallax_layout_animation_prop&quot;:&quot;transform&quot;,&quot;jet_parallax_layout_on&quot;:[&quot;desktop&quot;,&quot;tablet&quot;]}]}\">\n\t\t\t\t\t\t<div class=\"elementor-container elementor-column-gap-no\">\n\t\t\t\t\t<div class=\"elementor-column elementor-col-100 elementor-top-column elementor-element elementor-element-e73e015\" data-id=\"e73e015\" data-element_type=\"column\" data-e-type=\"column\">\n\t\t\t<div class=\"elementor-widget-wrap elementor-element-populated\">\n\t\t\t\t\t\t<div class=\"elementor-element elementor-element-adf741b elementor-widget elementor-widget-text-editor\" data-id=\"adf741b\" data-element_type=\"widget\" data-e-type=\"widget\" data-widget_type=\"text-editor.default\">\n\t\t\t\t\t\t\t\t\t<h3 style=\"text-align: center;\"><a href=\"https:\/\/www.torredelporticciolo.it\/\" target=\"_blank\" rel=\"noopener\">Villaggio Camping Torre del porticciolo<\/a><\/h3>\t\t\t\t\t\t\t\t<\/div>\n\t\t\t\t<div class=\"elementor-element elementor-element-9e3683a elementor-widget elementor-widget-text-editor\" data-id=\"9e3683a\" data-element_type=\"widget\" data-e-type=\"widget\" data-widget_type=\"text-editor.default\">\n\t\t\t\t\t\t\t\t\t<p style=\"text-align: center;\">El Camping Torre del Porticciolo est\u00e1 ubicado en el espl\u00e9ndido paisaje del Parque Natural de Porto Conte, donde ocupa 150,000 metros cuadrados de bosque de pinos y matorral mediterr\u00e1neo, y ofrece parcelas para autocaravanas y furgonetas camper. <a href=\"tel: +39079919007\">+39079919007<\/a> <a href=\"tel: +39079919010\">+39079919010<\/a> &#8211; <a href=\"mailto:info@torredelporticciolo.it\">info@torredelporticciolo.it<\/a><\/p>\t\t\t\t\t\t\t\t<\/div>\n\t\t\t\t\t<\/div>\n\t\t<\/div>\n\t\t\t\t\t<\/div>\n\t\t<\/section>\n\t\t\t\t<section class=\"elementor-section elementor-top-section elementor-element elementor-element-ffddb79 elementor-section-boxed elementor-section-height-default elementor-section-height-default\" data-id=\"ffddb79\" data-element_type=\"section\" data-e-type=\"section\" id=\"paradisepark\" data-settings=\"{&quot;jet_parallax_layout_list&quot;:[{&quot;jet_parallax_layout_image&quot;:{&quot;url&quot;:&quot;&quot;,&quot;id&quot;:&quot;&quot;,&quot;size&quot;:&quot;&quot;},&quot;_id&quot;:&quot;cb52157&quot;,&quot;jet_parallax_layout_speed&quot;:{&quot;unit&quot;:&quot;%&quot;,&quot;size&quot;:50,&quot;sizes&quot;:[]},&quot;jet_parallax_layout_image_tablet&quot;:{&quot;url&quot;:&quot;&quot;,&quot;id&quot;:&quot;&quot;,&quot;size&quot;:&quot;&quot;},&quot;jet_parallax_layout_image_mobile&quot;:{&quot;url&quot;:&quot;&quot;,&quot;id&quot;:&quot;&quot;,&quot;size&quot;:&quot;&quot;},&quot;jet_parallax_layout_type&quot;:&quot;scroll&quot;,&quot;jet_parallax_layout_direction&quot;:&quot;1&quot;,&quot;jet_parallax_layout_fx_direction&quot;:null,&quot;jet_parallax_layout_z_index&quot;:&quot;&quot;,&quot;jet_parallax_layout_bg_x&quot;:50,&quot;jet_parallax_layout_bg_x_tablet&quot;:&quot;&quot;,&quot;jet_parallax_layout_bg_x_mobile&quot;:&quot;&quot;,&quot;jet_parallax_layout_bg_y&quot;:50,&quot;jet_parallax_layout_bg_y_tablet&quot;:&quot;&quot;,&quot;jet_parallax_layout_bg_y_mobile&quot;:&quot;&quot;,&quot;jet_parallax_layout_bg_size&quot;:&quot;auto&quot;,&quot;jet_parallax_layout_bg_size_tablet&quot;:&quot;&quot;,&quot;jet_parallax_layout_bg_size_mobile&quot;:&quot;&quot;,&quot;jet_parallax_layout_animation_prop&quot;:&quot;transform&quot;,&quot;jet_parallax_layout_on&quot;:[&quot;desktop&quot;,&quot;tablet&quot;]}]}\">\n\t\t\t\t\t\t<div class=\"elementor-container elementor-column-gap-no\">\n\t\t\t\t\t<div class=\"elementor-column elementor-col-100 elementor-top-column elementor-element elementor-element-316d06a\" data-id=\"316d06a\" data-element_type=\"column\" data-e-type=\"column\">\n\t\t\t<div class=\"elementor-widget-wrap elementor-element-populated\">\n\t\t\t\t\t\t<div class=\"elementor-element elementor-element-3b0b43e elementor-widget elementor-widget-text-editor\" data-id=\"3b0b43e\" data-element_type=\"widget\" data-e-type=\"widget\" data-widget_type=\"text-editor.default\">\n\t\t\t\t\t\t\t\t\t<h3 style=\"text-align: center;\"><a href=\"http:\/\/www.paradisepark.it\/\" target=\"_blank\" rel=\"noopener\">\u00c1rea servicio autocaravanas Paradise Park<\/a><\/h3>\t\t\t\t\t\t\t\t<\/div>\n\t\t\t\t<div class=\"elementor-element elementor-element-1243a23 elementor-widget elementor-widget-text-editor\" data-id=\"1243a23\" data-element_type=\"widget\" data-e-type=\"widget\" data-widget_type=\"text-editor.default\">\n\t\t\t\t\t\t\t\t\t<p style=\"text-align: center;\">El \u00e1rea de servicio para autocaravanas Camper Paradise Park est\u00e1 ubicada cerca de la playa Le Bombarde de Alghero y ofrece parcelas con conexi\u00f3n el\u00e9ctrica, agua potable y carga\/descarga. <a href=\"tel: +393332212153\">+393332212153<\/a> &#8211; <a href=\"mailto:info@paradisepark.it\">info@paradisepark.it<\/a><\/p>\t\t\t\t\t\t\t\t<\/div>\n\t\t\t\t\t<\/div>\n\t\t<\/div>\n\t\t\t\t\t<\/div>\n\t\t<\/section>\n\t\t\t\t<section class=\"elementor-section elementor-top-section elementor-element elementor-element-2da0a80 elementor-section-boxed elementor-section-height-default elementor-section-height-default\" data-id=\"2da0a80\" data-element_type=\"section\" data-e-type=\"section\" id=\"nurral\" data-settings=\"{&quot;jet_parallax_layout_list&quot;:[{&quot;jet_parallax_layout_image&quot;:{&quot;url&quot;:&quot;&quot;,&quot;id&quot;:&quot;&quot;,&quot;size&quot;:&quot;&quot;},&quot;_id&quot;:&quot;cb52157&quot;,&quot;jet_parallax_layout_speed&quot;:{&quot;unit&quot;:&quot;%&quot;,&quot;size&quot;:50,&quot;sizes&quot;:[]},&quot;jet_parallax_layout_image_tablet&quot;:{&quot;url&quot;:&quot;&quot;,&quot;id&quot;:&quot;&quot;,&quot;size&quot;:&quot;&quot;},&quot;jet_parallax_layout_image_mobile&quot;:{&quot;url&quot;:&quot;&quot;,&quot;id&quot;:&quot;&quot;,&quot;size&quot;:&quot;&quot;},&quot;jet_parallax_layout_type&quot;:&quot;scroll&quot;,&quot;jet_parallax_layout_direction&quot;:&quot;1&quot;,&quot;jet_parallax_layout_fx_direction&quot;:null,&quot;jet_parallax_layout_z_index&quot;:&quot;&quot;,&quot;jet_parallax_layout_bg_x&quot;:50,&quot;jet_parallax_layout_bg_x_tablet&quot;:&quot;&quot;,&quot;jet_parallax_layout_bg_x_mobile&quot;:&quot;&quot;,&quot;jet_parallax_layout_bg_y&quot;:50,&quot;jet_parallax_layout_bg_y_tablet&quot;:&quot;&quot;,&quot;jet_parallax_layout_bg_y_mobile&quot;:&quot;&quot;,&quot;jet_parallax_layout_bg_size&quot;:&quot;auto&quot;,&quot;jet_parallax_layout_bg_size_tablet&quot;:&quot;&quot;,&quot;jet_parallax_layout_bg_size_mobile&quot;:&quot;&quot;,&quot;jet_parallax_layout_animation_prop&quot;:&quot;transform&quot;,&quot;jet_parallax_layout_on&quot;:[&quot;desktop&quot;,&quot;tablet&quot;]}]}\">\n\t\t\t\t\t\t<div class=\"elementor-container elementor-column-gap-no\">\n\t\t\t\t\t<div class=\"elementor-column elementor-col-100 elementor-top-column elementor-element elementor-element-ab1e4f2\" data-id=\"ab1e4f2\" data-element_type=\"column\" data-e-type=\"column\">\n\t\t\t<div class=\"elementor-widget-wrap elementor-element-populated\">\n\t\t\t\t\t\t<div class=\"elementor-element elementor-element-8f8b582 elementor-widget elementor-widget-text-editor\" data-id=\"8f8b582\" data-element_type=\"widget\" data-e-type=\"widget\" data-widget_type=\"text-editor.default\">\n\t\t\t\t\t\t\t\t\t<h3 style=\"text-align: center;\"><a href=\"http:\/\/www.campnurral.it\/\" target=\"_blank\" rel=\"noopener\">Villaggio campeggio Nurral<\/a><\/h3>\t\t\t\t\t\t\t\t<\/div>\n\t\t\t\t<div class=\"elementor-element elementor-element-166a505 elementor-widget elementor-widget-text-editor\" data-id=\"166a505\" data-element_type=\"widget\" data-e-type=\"widget\" data-widget_type=\"text-editor.default\">\n\t\t\t\t\t\t\t\t\t<p style=\"text-align: center;\">El Camping Nurral se encuentra en Alghero, a la sombra de un bosque de pinos y ofrece parcelas para autocaravanas con dimensiones adecuadas. <a href=\"tel: +39079930485\">+39079930485<\/a> &#8211; <a href=\"mailto:info@campnurral.it\">info@campnurral.it<\/a><\/p>\t\t\t\t\t\t\t\t<\/div>\n\t\t\t\t\t<\/div>\n\t\t<\/div>\n\t\t\t\t\t<\/div>\n\t\t<\/section>\n\t\t\t\t<section class=\"elementor-section elementor-top-section elementor-element elementor-element-44945bb elementor-section-boxed elementor-section-height-default elementor-section-height-default\" data-id=\"44945bb\" data-element_type=\"section\" data-e-type=\"section\" id=\"lagunablu\" data-settings=\"{&quot;jet_parallax_layout_list&quot;:[{&quot;jet_parallax_layout_image&quot;:{&quot;url&quot;:&quot;&quot;,&quot;id&quot;:&quot;&quot;,&quot;size&quot;:&quot;&quot;},&quot;_id&quot;:&quot;cb52157&quot;,&quot;jet_parallax_layout_speed&quot;:{&quot;unit&quot;:&quot;%&quot;,&quot;size&quot;:50,&quot;sizes&quot;:[]},&quot;jet_parallax_layout_image_tablet&quot;:{&quot;url&quot;:&quot;&quot;,&quot;id&quot;:&quot;&quot;,&quot;size&quot;:&quot;&quot;},&quot;jet_parallax_layout_image_mobile&quot;:{&quot;url&quot;:&quot;&quot;,&quot;id&quot;:&quot;&quot;,&quot;size&quot;:&quot;&quot;},&quot;jet_parallax_layout_type&quot;:&quot;scroll&quot;,&quot;jet_parallax_layout_direction&quot;:&quot;1&quot;,&quot;jet_parallax_layout_fx_direction&quot;:null,&quot;jet_parallax_layout_z_index&quot;:&quot;&quot;,&quot;jet_parallax_layout_bg_x&quot;:50,&quot;jet_parallax_layout_bg_x_tablet&quot;:&quot;&quot;,&quot;jet_parallax_layout_bg_x_mobile&quot;:&quot;&quot;,&quot;jet_parallax_layout_bg_y&quot;:50,&quot;jet_parallax_layout_bg_y_tablet&quot;:&quot;&quot;,&quot;jet_parallax_layout_bg_y_mobile&quot;:&quot;&quot;,&quot;jet_parallax_layout_bg_size&quot;:&quot;auto&quot;,&quot;jet_parallax_layout_bg_size_tablet&quot;:&quot;&quot;,&quot;jet_parallax_layout_bg_size_mobile&quot;:&quot;&quot;,&quot;jet_parallax_layout_animation_prop&quot;:&quot;transform&quot;,&quot;jet_parallax_layout_on&quot;:[&quot;desktop&quot;,&quot;tablet&quot;]}]}\">\n\t\t\t\t\t\t<div class=\"elementor-container elementor-column-gap-no\">\n\t\t\t\t\t<div class=\"elementor-column elementor-col-100 elementor-top-column elementor-element elementor-element-a30dfbe\" data-id=\"a30dfbe\" data-element_type=\"column\" data-e-type=\"column\">\n\t\t\t<div class=\"elementor-widget-wrap elementor-element-populated\">\n\t\t\t\t\t\t<div class=\"elementor-element elementor-element-0e3b45d elementor-widget elementor-widget-text-editor\" data-id=\"0e3b45d\" data-element_type=\"widget\" data-e-type=\"widget\" data-widget_type=\"text-editor.default\">\n\t\t\t\t\t\t\t\t\t<h3 style=\"text-align: center;\"><a href=\"https:\/\/www.campinglagunablu.com\/\" target=\"_blank\" rel=\"noopener\">Camping Laguna Blu<\/a><\/h3>\t\t\t\t\t\t\t\t<\/div>\n\t\t\t\t<div class=\"elementor-element elementor-element-2ccfe50 elementor-widget elementor-widget-text-editor\" data-id=\"2ccfe50\" data-element_type=\"widget\" data-e-type=\"widget\" data-widget_type=\"text-editor.default\">\n\t\t\t\t\t\t\t\t\t<p style=\"text-align: center;\">El Camping Village Laguna Blu est\u00e1 ubicado en Alghero y cuenta con amplias parcelas para autocaravanas a lo largo de la orilla de la laguna de Calich. El Lagua Blu est\u00e0 equipado con servicios y conexi\u00f3n de televisi\u00f3n v\u00eda sat\u00e9lite. <a href=\"tel: +39079930111\">+39079930111<\/a>\u00a0&#8211; <a href=\"mailto:info@baiaholiday.it\">info@baiaholiday.it<\/a><\/p>\t\t\t\t\t\t\t\t<\/div>\n\t\t\t\t\t<\/div>\n\t\t<\/div>\n\t\t\t\t\t<\/div>\n\t\t<\/section>\n\t\t\t\t<section class=\"elementor-section elementor-top-section elementor-element elementor-element-55d004e elementor-section-boxed elementor-section-height-default elementor-section-height-default\" data-id=\"55d004e\" data-element_type=\"section\" data-e-type=\"section\" id=\"lamariposa\" data-settings=\"{&quot;jet_parallax_layout_list&quot;:[{&quot;jet_parallax_layout_image&quot;:{&quot;url&quot;:&quot;&quot;,&quot;id&quot;:&quot;&quot;,&quot;size&quot;:&quot;&quot;},&quot;_id&quot;:&quot;cb52157&quot;,&quot;jet_parallax_layout_speed&quot;:{&quot;unit&quot;:&quot;%&quot;,&quot;size&quot;:50,&quot;sizes&quot;:[]},&quot;jet_parallax_layout_image_tablet&quot;:{&quot;url&quot;:&quot;&quot;,&quot;id&quot;:&quot;&quot;,&quot;size&quot;:&quot;&quot;},&quot;jet_parallax_layout_image_mobile&quot;:{&quot;url&quot;:&quot;&quot;,&quot;id&quot;:&quot;&quot;,&quot;size&quot;:&quot;&quot;},&quot;jet_parallax_layout_type&quot;:&quot;scroll&quot;,&quot;jet_parallax_layout_direction&quot;:&quot;1&quot;,&quot;jet_parallax_layout_fx_direction&quot;:null,&quot;jet_parallax_layout_z_index&quot;:&quot;&quot;,&quot;jet_parallax_layout_bg_x&quot;:50,&quot;jet_parallax_layout_bg_x_tablet&quot;:&quot;&quot;,&quot;jet_parallax_layout_bg_x_mobile&quot;:&quot;&quot;,&quot;jet_parallax_layout_bg_y&quot;:50,&quot;jet_parallax_layout_bg_y_tablet&quot;:&quot;&quot;,&quot;jet_parallax_layout_bg_y_mobile&quot;:&quot;&quot;,&quot;jet_parallax_layout_bg_size&quot;:&quot;auto&quot;,&quot;jet_parallax_layout_bg_size_tablet&quot;:&quot;&quot;,&quot;jet_parallax_layout_bg_size_mobile&quot;:&quot;&quot;,&quot;jet_parallax_layout_animation_prop&quot;:&quot;transform&quot;,&quot;jet_parallax_layout_on&quot;:[&quot;desktop&quot;,&quot;tablet&quot;]}]}\">\n\t\t\t\t\t\t<div class=\"elementor-container elementor-column-gap-no\">\n\t\t\t\t\t<div class=\"elementor-column elementor-col-100 elementor-top-column elementor-element elementor-element-369dea8\" data-id=\"369dea8\" data-element_type=\"column\" data-e-type=\"column\">\n\t\t\t<div class=\"elementor-widget-wrap elementor-element-populated\">\n\t\t\t\t\t\t<div class=\"elementor-element elementor-element-c509e14 elementor-widget elementor-widget-text-editor\" data-id=\"c509e14\" data-element_type=\"widget\" data-e-type=\"widget\" data-widget_type=\"text-editor.default\">\n\t\t\t\t\t\t\t\t\t<h3 style=\"text-align: center;\"><a href=\"http:\/\/www.lamariposa.it\/\" target=\"_blank\" rel=\"noopener\">Camping La Mariposa<\/a><\/h3>\t\t\t\t\t\t\t\t<\/div>\n\t\t\t\t<div class=\"elementor-element elementor-element-a06222a elementor-widget elementor-widget-text-editor\" data-id=\"a06222a\" data-element_type=\"widget\" data-e-type=\"widget\" data-widget_type=\"text-editor.default\">\n\t\t\t\t\t\t\t\t\t<p style=\"text-align: center;\">El Camping La Mariposa se encuentra a un kil\u00f3metro y medio del centro hist\u00f3rico y del puerto tur\u00edstico de Alghero y ofrece parcelas con sombra para autocaravanas y furgonetas camper a solo unos pasos del mar. <a href=\"tel: +39079950480\">+39079950480<\/a> &#8211; <a href=\"mailto:booking@lamariposa.it\">booking@lamariposa.it<\/a><\/p>\t\t\t\t\t\t\t\t<\/div>\n\t\t\t\t\t<\/div>\n\t\t<\/div>\n\t\t\t\t\t<\/div>\n\t\t<\/section>\n\t\t\t\t<section class=\"elementor-section elementor-top-section elementor-element elementor-element-c698e72 elementor-section-boxed elementor-section-height-default elementor-section-height-default\" data-id=\"c698e72\" data-element_type=\"section\" data-e-type=\"section\" id=\"sabbadruche\" data-settings=\"{&quot;jet_parallax_layout_list&quot;:[{&quot;jet_parallax_layout_image&quot;:{&quot;url&quot;:&quot;&quot;,&quot;id&quot;:&quot;&quot;,&quot;size&quot;:&quot;&quot;},&quot;_id&quot;:&quot;cb52157&quot;,&quot;jet_parallax_layout_speed&quot;:{&quot;unit&quot;:&quot;%&quot;,&quot;size&quot;:50,&quot;sizes&quot;:[]},&quot;jet_parallax_layout_image_tablet&quot;:{&quot;url&quot;:&quot;&quot;,&quot;id&quot;:&quot;&quot;,&quot;size&quot;:&quot;&quot;},&quot;jet_parallax_layout_image_mobile&quot;:{&quot;url&quot;:&quot;&quot;,&quot;id&quot;:&quot;&quot;,&quot;size&quot;:&quot;&quot;},&quot;jet_parallax_layout_type&quot;:&quot;scroll&quot;,&quot;jet_parallax_layout_direction&quot;:&quot;1&quot;,&quot;jet_parallax_layout_fx_direction&quot;:null,&quot;jet_parallax_layout_z_index&quot;:&quot;&quot;,&quot;jet_parallax_layout_bg_x&quot;:50,&quot;jet_parallax_layout_bg_x_tablet&quot;:&quot;&quot;,&quot;jet_parallax_layout_bg_x_mobile&quot;:&quot;&quot;,&quot;jet_parallax_layout_bg_y&quot;:50,&quot;jet_parallax_layout_bg_y_tablet&quot;:&quot;&quot;,&quot;jet_parallax_layout_bg_y_mobile&quot;:&quot;&quot;,&quot;jet_parallax_layout_bg_size&quot;:&quot;auto&quot;,&quot;jet_parallax_layout_bg_size_tablet&quot;:&quot;&quot;,&quot;jet_parallax_layout_bg_size_mobile&quot;:&quot;&quot;,&quot;jet_parallax_layout_animation_prop&quot;:&quot;transform&quot;,&quot;jet_parallax_layout_on&quot;:[&quot;desktop&quot;,&quot;tablet&quot;]}]}\">\n\t\t\t\t\t\t<div class=\"elementor-container elementor-column-gap-no\">\n\t\t\t\t\t<div class=\"elementor-column elementor-col-100 elementor-top-column elementor-element elementor-element-f56ad09\" data-id=\"f56ad09\" data-element_type=\"column\" data-e-type=\"column\">\n\t\t\t<div class=\"elementor-widget-wrap elementor-element-populated\">\n\t\t\t\t\t\t<div class=\"elementor-element elementor-element-aaa9e93 elementor-widget elementor-widget-text-editor\" data-id=\"aaa9e93\" data-element_type=\"widget\" data-e-type=\"widget\" data-widget_type=\"text-editor.default\">\n\t\t\t\t\t\t\t\t\t<h3 style=\"text-align: center;\"><a href=\"http:\/\/abbadruche.it\/\" target=\"_blank\" rel=\"noopener\">\u00c1rea servicio autocaravanas S&#8217;Abba Druche<\/a><\/h3>\t\t\t\t\t\t\t\t<\/div>\n\t\t\t\t<div class=\"elementor-element elementor-element-aae7e1e elementor-widget elementor-widget-text-editor\" data-id=\"aae7e1e\" data-element_type=\"widget\" data-e-type=\"widget\" data-widget_type=\"text-editor.default\">\n\t\t\t\t\t\t\t\t\t<p style=\"text-align: center;\">El \u00e1rea para autocaravanas de S&#8217;Abba Druche est\u00e1 ubicada cerca del mar a unos 4 km de Bosa y tiene aproximadamente 100 parcelas a la sombra, con electricidad, carga y descarga y servicios. <a href=\"tel: +390785776161\">+390785776161<\/a> &#8211; <a href=\"mailto:info@abbadruche.it\">info@abbadruche.it<\/a><\/p>\t\t\t\t\t\t\t\t<\/div>\n\t\t\t\t\t<\/div>\n\t\t<\/div>\n\t\t\t\t\t<\/div>\n\t\t<\/section>\n\t\t\t\t<section class=\"elementor-section elementor-top-section elementor-element elementor-element-8eeacea elementor-section-boxed elementor-section-height-default elementor-section-height-default\" data-id=\"8eeacea\" data-element_type=\"section\" data-e-type=\"section\" id=\"bellasardinia\" data-settings=\"{&quot;jet_parallax_layout_list&quot;:[{&quot;jet_parallax_layout_image&quot;:{&quot;url&quot;:&quot;&quot;,&quot;id&quot;:&quot;&quot;,&quot;size&quot;:&quot;&quot;},&quot;_id&quot;:&quot;cb52157&quot;,&quot;jet_parallax_layout_speed&quot;:{&quot;unit&quot;:&quot;%&quot;,&quot;size&quot;:50,&quot;sizes&quot;:[]},&quot;jet_parallax_layout_image_tablet&quot;:{&quot;url&quot;:&quot;&quot;,&quot;id&quot;:&quot;&quot;,&quot;size&quot;:&quot;&quot;},&quot;jet_parallax_layout_image_mobile&quot;:{&quot;url&quot;:&quot;&quot;,&quot;id&quot;:&quot;&quot;,&quot;size&quot;:&quot;&quot;},&quot;jet_parallax_layout_type&quot;:&quot;scroll&quot;,&quot;jet_parallax_layout_direction&quot;:&quot;1&quot;,&quot;jet_parallax_layout_fx_direction&quot;:null,&quot;jet_parallax_layout_z_index&quot;:&quot;&quot;,&quot;jet_parallax_layout_bg_x&quot;:50,&quot;jet_parallax_layout_bg_x_tablet&quot;:&quot;&quot;,&quot;jet_parallax_layout_bg_x_mobile&quot;:&quot;&quot;,&quot;jet_parallax_layout_bg_y&quot;:50,&quot;jet_parallax_layout_bg_y_tablet&quot;:&quot;&quot;,&quot;jet_parallax_layout_bg_y_mobile&quot;:&quot;&quot;,&quot;jet_parallax_layout_bg_size&quot;:&quot;auto&quot;,&quot;jet_parallax_layout_bg_size_tablet&quot;:&quot;&quot;,&quot;jet_parallax_layout_bg_size_mobile&quot;:&quot;&quot;,&quot;jet_parallax_layout_animation_prop&quot;:&quot;transform&quot;,&quot;jet_parallax_layout_on&quot;:[&quot;desktop&quot;,&quot;tablet&quot;]}]}\">\n\t\t\t\t\t\t<div class=\"elementor-container elementor-column-gap-no\">\n\t\t\t\t\t<div class=\"elementor-column elementor-col-100 elementor-top-column elementor-element elementor-element-b7a3fe0\" data-id=\"b7a3fe0\" data-element_type=\"column\" data-e-type=\"column\">\n\t\t\t<div class=\"elementor-widget-wrap elementor-element-populated\">\n\t\t\t\t\t\t<div class=\"elementor-element elementor-element-9d174b4 elementor-widget elementor-widget-text-editor\" data-id=\"9d174b4\" data-element_type=\"widget\" data-e-type=\"widget\" data-widget_type=\"text-editor.default\">\n\t\t\t\t\t\t\t\t\t<h3 style=\"text-align: center;\"><a href=\"http:\/\/www.camping-bellasardinia.com\" target=\"_blank\" rel=\"noopener\">Camping Bella Sardinia<\/a><\/h3>\t\t\t\t\t\t\t\t<\/div>\n\t\t\t\t<div class=\"elementor-element elementor-element-34eba83 elementor-widget elementor-widget-text-editor\" data-id=\"34eba83\" data-element_type=\"widget\" data-e-type=\"widget\" data-widget_type=\"text-editor.default\">\n\t\t\t\t\t\t\t\t\t<p style=\"text-align: center;\">El camping Bella Sardinia domina directamente la larga playa de Is Arenas en un bosque de pinos, no lejos del impresionante arco natural de S&#8217;Archittu. El Bella Sardinia\u00a0 ofrece 300 grandes parcelas de fondo de arena para autocaravanas y furgonetas camper, con sombra y eletricidad. <a href=\"tel: +39078538058\">+39078538058<\/a> <a href=\"tel: +39078538383\">+39078538383<\/a> &#8211; <a href=\"mailto:info@camping-bellasardinia.it\">info@camping-bellasardinia.it<\/a><\/p>\t\t\t\t\t\t\t\t<\/div>\n\t\t\t\t\t<\/div>\n\t\t<\/div>\n\t\t\t\t\t<\/div>\n\t\t<\/section>\n\t\t\t\t<section class=\"elementor-section elementor-top-section elementor-element elementor-element-f2dca47 elementor-section-boxed elementor-section-height-default elementor-section-height-default\" data-id=\"f2dca47\" data-element_type=\"section\" data-e-type=\"section\" id=\"nurapolis\" data-settings=\"{&quot;jet_parallax_layout_list&quot;:[{&quot;jet_parallax_layout_image&quot;:{&quot;url&quot;:&quot;&quot;,&quot;id&quot;:&quot;&quot;,&quot;size&quot;:&quot;&quot;},&quot;_id&quot;:&quot;cb52157&quot;,&quot;jet_parallax_layout_speed&quot;:{&quot;unit&quot;:&quot;%&quot;,&quot;size&quot;:50,&quot;sizes&quot;:[]},&quot;jet_parallax_layout_image_tablet&quot;:{&quot;url&quot;:&quot;&quot;,&quot;id&quot;:&quot;&quot;,&quot;size&quot;:&quot;&quot;},&quot;jet_parallax_layout_image_mobile&quot;:{&quot;url&quot;:&quot;&quot;,&quot;id&quot;:&quot;&quot;,&quot;size&quot;:&quot;&quot;},&quot;jet_parallax_layout_type&quot;:&quot;scroll&quot;,&quot;jet_parallax_layout_direction&quot;:&quot;1&quot;,&quot;jet_parallax_layout_fx_direction&quot;:null,&quot;jet_parallax_layout_z_index&quot;:&quot;&quot;,&quot;jet_parallax_layout_bg_x&quot;:50,&quot;jet_parallax_layout_bg_x_tablet&quot;:&quot;&quot;,&quot;jet_parallax_layout_bg_x_mobile&quot;:&quot;&quot;,&quot;jet_parallax_layout_bg_y&quot;:50,&quot;jet_parallax_layout_bg_y_tablet&quot;:&quot;&quot;,&quot;jet_parallax_layout_bg_y_mobile&quot;:&quot;&quot;,&quot;jet_parallax_layout_bg_size&quot;:&quot;auto&quot;,&quot;jet_parallax_layout_bg_size_tablet&quot;:&quot;&quot;,&quot;jet_parallax_layout_bg_size_mobile&quot;:&quot;&quot;,&quot;jet_parallax_layout_animation_prop&quot;:&quot;transform&quot;,&quot;jet_parallax_layout_on&quot;:[&quot;desktop&quot;,&quot;tablet&quot;]}]}\">\n\t\t\t\t\t\t<div class=\"elementor-container elementor-column-gap-no\">\n\t\t\t\t\t<div class=\"elementor-column elementor-col-100 elementor-top-column elementor-element elementor-element-2b6479b\" data-id=\"2b6479b\" data-element_type=\"column\" data-e-type=\"column\">\n\t\t\t<div class=\"elementor-widget-wrap elementor-element-populated\">\n\t\t\t\t\t\t<div class=\"elementor-element elementor-element-183e358 elementor-widget elementor-widget-text-editor\" data-id=\"183e358\" data-element_type=\"widget\" data-e-type=\"widget\" data-widget_type=\"text-editor.default\">\n\t\t\t\t\t\t\t\t\t<h3 style=\"text-align: center;\"><a href=\"http:\/\/www.nurapolis.it\/\" target=\"_blank\" rel=\"noopener\">Campeggio Nurapolis<\/a><\/h3>\t\t\t\t\t\t\t\t<\/div>\n\t\t\t\t<div class=\"elementor-element elementor-element-7fa82e9 elementor-widget elementor-widget-text-editor\" data-id=\"7fa82e9\" data-element_type=\"widget\" data-e-type=\"widget\" data-widget_type=\"text-editor.default\">\n\t\t\t\t\t\t\t\t\t<p style=\"text-align: center;\">El camping Nurapolis es un complejo costero ubicado en el bosque de pinos de Is Arenas y ofrece parcelas para autocaravanas y furgonetas camper. <a href=\"tel: +39078352283\">+39078352283<\/a> <a href=\"tel: +393488080839\">+393488080839<\/a> &#8211; <a href=\"mailto:info@nurapolis.it\">info@nurapolis.it<\/a><\/p>\t\t\t\t\t\t\t\t<\/div>\n\t\t\t\t\t<\/div>\n\t\t<\/div>\n\t\t\t\t\t<\/div>\n\t\t<\/section>\n\t\t\t\t<section class=\"elementor-section elementor-top-section elementor-element elementor-element-eaa6d33 elementor-section-boxed elementor-section-height-default elementor-section-height-default\" data-id=\"eaa6d33\" data-element_type=\"section\" data-e-type=\"section\" id=\"tancaismuras\" data-settings=\"{&quot;jet_parallax_layout_list&quot;:[{&quot;jet_parallax_layout_image&quot;:{&quot;url&quot;:&quot;&quot;,&quot;id&quot;:&quot;&quot;,&quot;size&quot;:&quot;&quot;},&quot;_id&quot;:&quot;cb52157&quot;,&quot;jet_parallax_layout_speed&quot;:{&quot;unit&quot;:&quot;%&quot;,&quot;size&quot;:50,&quot;sizes&quot;:[]},&quot;jet_parallax_layout_image_tablet&quot;:{&quot;url&quot;:&quot;&quot;,&quot;id&quot;:&quot;&quot;,&quot;size&quot;:&quot;&quot;},&quot;jet_parallax_layout_image_mobile&quot;:{&quot;url&quot;:&quot;&quot;,&quot;id&quot;:&quot;&quot;,&quot;size&quot;:&quot;&quot;},&quot;jet_parallax_layout_type&quot;:&quot;scroll&quot;,&quot;jet_parallax_layout_direction&quot;:&quot;1&quot;,&quot;jet_parallax_layout_fx_direction&quot;:null,&quot;jet_parallax_layout_z_index&quot;:&quot;&quot;,&quot;jet_parallax_layout_bg_x&quot;:50,&quot;jet_parallax_layout_bg_x_tablet&quot;:&quot;&quot;,&quot;jet_parallax_layout_bg_x_mobile&quot;:&quot;&quot;,&quot;jet_parallax_layout_bg_y&quot;:50,&quot;jet_parallax_layout_bg_y_tablet&quot;:&quot;&quot;,&quot;jet_parallax_layout_bg_y_mobile&quot;:&quot;&quot;,&quot;jet_parallax_layout_bg_size&quot;:&quot;auto&quot;,&quot;jet_parallax_layout_bg_size_tablet&quot;:&quot;&quot;,&quot;jet_parallax_layout_bg_size_mobile&quot;:&quot;&quot;,&quot;jet_parallax_layout_animation_prop&quot;:&quot;transform&quot;,&quot;jet_parallax_layout_on&quot;:[&quot;desktop&quot;,&quot;tablet&quot;]}]}\">\n\t\t\t\t\t\t<div class=\"elementor-container elementor-column-gap-no\">\n\t\t\t\t\t<div class=\"elementor-column elementor-col-100 elementor-top-column elementor-element elementor-element-39e86a5\" data-id=\"39e86a5\" data-element_type=\"column\" data-e-type=\"column\">\n\t\t\t<div class=\"elementor-widget-wrap elementor-element-populated\">\n\t\t\t\t\t\t<div class=\"elementor-element elementor-element-7389d14 elementor-widget elementor-widget-text-editor\" data-id=\"7389d14\" data-element_type=\"widget\" data-e-type=\"widget\" data-widget_type=\"text-editor.default\">\n\t\t\t\t\t\t\t\t\t<h3 style=\"text-align: center;\"><a href=\"http:\/\/www.tancaismuras.com\" target=\"_blank\" rel=\"noopener\">\u00c1rea servicio autocaravanas Agricampeggio Tanca Is Muras<\/a><\/h3>\t\t\t\t\t\t\t\t<\/div>\n\t\t\t\t<div class=\"elementor-element elementor-element-6571ba5 elementor-widget elementor-widget-text-editor\" data-id=\"6571ba5\" data-element_type=\"widget\" data-e-type=\"widget\" data-widget_type=\"text-editor.default\">\n\t\t\t\t\t\t\t\t\t<p style=\"text-align: center;\">El Tanca Is Muras ofrece un \u00e1rea para autocaravanas con ba\u00f1os y duchas con agua caliente en la pen\u00ednsula de Sinis, a unos 5 km de Cabras. <a href=\"tel: +393495396613\">+393495396613<\/a> &#8211; <a href=\"mailto:tancaismuras@gmail.com\">tancaismuras@gmail.com<\/a><\/p>\t\t\t\t\t\t\t\t<\/div>\n\t\t\t\t\t<\/div>\n\t\t<\/div>\n\t\t\t\t\t<\/div>\n\t\t<\/section>\n\t\t\t\t<section class=\"elementor-section elementor-top-section elementor-element elementor-element-411d27c elementor-section-boxed elementor-section-height-default elementor-section-height-default\" data-id=\"411d27c\" data-element_type=\"section\" data-e-type=\"section\" id=\"isaruttas\" data-settings=\"{&quot;jet_parallax_layout_list&quot;:[{&quot;jet_parallax_layout_image&quot;:{&quot;url&quot;:&quot;&quot;,&quot;id&quot;:&quot;&quot;,&quot;size&quot;:&quot;&quot;},&quot;_id&quot;:&quot;cb52157&quot;,&quot;jet_parallax_layout_speed&quot;:{&quot;unit&quot;:&quot;%&quot;,&quot;size&quot;:50,&quot;sizes&quot;:[]},&quot;jet_parallax_layout_image_tablet&quot;:{&quot;url&quot;:&quot;&quot;,&quot;id&quot;:&quot;&quot;,&quot;size&quot;:&quot;&quot;},&quot;jet_parallax_layout_image_mobile&quot;:{&quot;url&quot;:&quot;&quot;,&quot;id&quot;:&quot;&quot;,&quot;size&quot;:&quot;&quot;},&quot;jet_parallax_layout_type&quot;:&quot;scroll&quot;,&quot;jet_parallax_layout_direction&quot;:&quot;1&quot;,&quot;jet_parallax_layout_fx_direction&quot;:null,&quot;jet_parallax_layout_z_index&quot;:&quot;&quot;,&quot;jet_parallax_layout_bg_x&quot;:50,&quot;jet_parallax_layout_bg_x_tablet&quot;:&quot;&quot;,&quot;jet_parallax_layout_bg_x_mobile&quot;:&quot;&quot;,&quot;jet_parallax_layout_bg_y&quot;:50,&quot;jet_parallax_layout_bg_y_tablet&quot;:&quot;&quot;,&quot;jet_parallax_layout_bg_y_mobile&quot;:&quot;&quot;,&quot;jet_parallax_layout_bg_size&quot;:&quot;auto&quot;,&quot;jet_parallax_layout_bg_size_tablet&quot;:&quot;&quot;,&quot;jet_parallax_layout_bg_size_mobile&quot;:&quot;&quot;,&quot;jet_parallax_layout_animation_prop&quot;:&quot;transform&quot;,&quot;jet_parallax_layout_on&quot;:[&quot;desktop&quot;,&quot;tablet&quot;]}]}\">\n\t\t\t\t\t\t<div class=\"elementor-container elementor-column-gap-no\">\n\t\t\t\t\t<div class=\"elementor-column elementor-col-100 elementor-top-column elementor-element elementor-element-f5ed216\" data-id=\"f5ed216\" data-element_type=\"column\" data-e-type=\"column\">\n\t\t\t<div class=\"elementor-widget-wrap elementor-element-populated\">\n\t\t\t\t\t\t<div class=\"elementor-element elementor-element-1d88cf5 elementor-widget elementor-widget-text-editor\" data-id=\"1d88cf5\" data-element_type=\"widget\" data-e-type=\"widget\" data-widget_type=\"text-editor.default\">\n\t\t\t\t\t\t\t\t\t<h3 style=\"text-align: center;\"><a href=\"http:\/\/www.campingisaruttas.it\" target=\"_blank\" rel=\"noopener\">Camping Is Aruttas<\/a><\/h3>\t\t\t\t\t\t\t\t<\/div>\n\t\t\t\t<div class=\"elementor-element elementor-element-5c75c36 elementor-widget elementor-widget-text-editor\" data-id=\"5c75c36\" data-element_type=\"widget\" data-e-type=\"widget\" data-widget_type=\"text-editor.default\">\n\t\t\t\t\t\t\t\t\t<p style=\"text-align: center;\">A solo 300 metros de la playa de Is Aruttas, el Camping Is Aruttas est\u00e1 inmerso en la vegetaci\u00f3n del matorral mediterr\u00e1neo y plantas de mimosa, y cuenta con servicio de autocaravanas y parcelas sombreadas con conexi\u00f3n el\u00e9ctrica. <a href=\"tel: +3907831925461\">+3907831925461<\/a> <a href=\"tel: +393385477137\">+393385477137<\/a> &#8211; <a href=\"mailto:info@campingisaruttas.it\">info@campingisaruttas.it<\/a><\/p>\t\t\t\t\t\t\t\t<\/div>\n\t\t\t\t\t<\/div>\n\t\t<\/div>\n\t\t\t\t\t<\/div>\n\t\t<\/section>\n\t\t\t\t<section class=\"elementor-section elementor-top-section elementor-element elementor-element-f18971f elementor-section-boxed elementor-section-height-default elementor-section-height-default\" data-id=\"f18971f\" data-element_type=\"section\" data-e-type=\"section\" id=\"spinnaker\" data-settings=\"{&quot;jet_parallax_layout_list&quot;:[{&quot;jet_parallax_layout_image&quot;:{&quot;url&quot;:&quot;&quot;,&quot;id&quot;:&quot;&quot;,&quot;size&quot;:&quot;&quot;},&quot;_id&quot;:&quot;cb52157&quot;,&quot;jet_parallax_layout_speed&quot;:{&quot;unit&quot;:&quot;%&quot;,&quot;size&quot;:50,&quot;sizes&quot;:[]},&quot;jet_parallax_layout_image_tablet&quot;:{&quot;url&quot;:&quot;&quot;,&quot;id&quot;:&quot;&quot;,&quot;size&quot;:&quot;&quot;},&quot;jet_parallax_layout_image_mobile&quot;:{&quot;url&quot;:&quot;&quot;,&quot;id&quot;:&quot;&quot;,&quot;size&quot;:&quot;&quot;},&quot;jet_parallax_layout_type&quot;:&quot;scroll&quot;,&quot;jet_parallax_layout_direction&quot;:&quot;1&quot;,&quot;jet_parallax_layout_fx_direction&quot;:null,&quot;jet_parallax_layout_z_index&quot;:&quot;&quot;,&quot;jet_parallax_layout_bg_x&quot;:50,&quot;jet_parallax_layout_bg_x_tablet&quot;:&quot;&quot;,&quot;jet_parallax_layout_bg_x_mobile&quot;:&quot;&quot;,&quot;jet_parallax_layout_bg_y&quot;:50,&quot;jet_parallax_layout_bg_y_tablet&quot;:&quot;&quot;,&quot;jet_parallax_layout_bg_y_mobile&quot;:&quot;&quot;,&quot;jet_parallax_layout_bg_size&quot;:&quot;auto&quot;,&quot;jet_parallax_layout_bg_size_tablet&quot;:&quot;&quot;,&quot;jet_parallax_layout_bg_size_mobile&quot;:&quot;&quot;,&quot;jet_parallax_layout_animation_prop&quot;:&quot;transform&quot;,&quot;jet_parallax_layout_on&quot;:[&quot;desktop&quot;,&quot;tablet&quot;]}]}\">\n\t\t\t\t\t\t<div class=\"elementor-container elementor-column-gap-no\">\n\t\t\t\t\t<div class=\"elementor-column elementor-col-100 elementor-top-column elementor-element elementor-element-0c9f993\" data-id=\"0c9f993\" data-element_type=\"column\" data-e-type=\"column\">\n\t\t\t<div class=\"elementor-widget-wrap elementor-element-populated\">\n\t\t\t\t\t\t<div class=\"elementor-element elementor-element-977e06d elementor-widget elementor-widget-text-editor\" data-id=\"977e06d\" data-element_type=\"widget\" data-e-type=\"widget\" data-widget_type=\"text-editor.default\">\n\t\t\t\t\t\t\t\t\t<h3 style=\"text-align: center;\"><a href=\"https:\/\/www.spinnakervacanze.com\/\" target=\"_blank\" rel=\"noopener\">Village Camping Spinnaker<\/a><\/h3>\t\t\t\t\t\t\t\t<\/div>\n\t\t\t\t<div class=\"elementor-element elementor-element-440f39b elementor-widget elementor-widget-text-editor\" data-id=\"440f39b\" data-element_type=\"widget\" data-e-type=\"widget\" data-widget_type=\"text-editor.default\">\n\t\t\t\t\t\t\t\t\t<p style=\"text-align: center;\">Village camping Spinnaker es un camping de 4 estrellas en la Marina de Torregrande, directamente en el mar en un bosque de pinos de unos 40,000 metros cuadrados donde hay numerosos y amplias parcelas para autocaravanas y furgonetas camper. <a href=\"tel: +39078322074\">+39078322074<\/a> <a href=\"tel: +393407983283\">+393407983283<\/a> &#8211; <a href=\"mailto:booking@spinnakervacanze.com\">booking@spinnakervacanze.com<\/a><\/p>\t\t\t\t\t\t\t\t<\/div>\n\t\t\t\t\t<\/div>\n\t\t<\/div>\n\t\t\t\t\t<\/div>\n\t\t<\/section>\n\t\t\t\t<section class=\"elementor-section elementor-top-section elementor-element elementor-element-677a2fb elementor-section-boxed elementor-section-height-default elementor-section-height-default\" data-id=\"677a2fb\" data-element_type=\"section\" data-e-type=\"section\" id=\"oristano\" data-settings=\"{&quot;jet_parallax_layout_list&quot;:[{&quot;jet_parallax_layout_image&quot;:{&quot;url&quot;:&quot;&quot;,&quot;id&quot;:&quot;&quot;,&quot;size&quot;:&quot;&quot;},&quot;_id&quot;:&quot;cb52157&quot;,&quot;jet_parallax_layout_speed&quot;:{&quot;unit&quot;:&quot;%&quot;,&quot;size&quot;:50,&quot;sizes&quot;:[]},&quot;jet_parallax_layout_image_tablet&quot;:{&quot;url&quot;:&quot;&quot;,&quot;id&quot;:&quot;&quot;,&quot;size&quot;:&quot;&quot;},&quot;jet_parallax_layout_image_mobile&quot;:{&quot;url&quot;:&quot;&quot;,&quot;id&quot;:&quot;&quot;,&quot;size&quot;:&quot;&quot;},&quot;jet_parallax_layout_type&quot;:&quot;scroll&quot;,&quot;jet_parallax_layout_direction&quot;:&quot;1&quot;,&quot;jet_parallax_layout_fx_direction&quot;:null,&quot;jet_parallax_layout_z_index&quot;:&quot;&quot;,&quot;jet_parallax_layout_bg_x&quot;:50,&quot;jet_parallax_layout_bg_x_tablet&quot;:&quot;&quot;,&quot;jet_parallax_layout_bg_x_mobile&quot;:&quot;&quot;,&quot;jet_parallax_layout_bg_y&quot;:50,&quot;jet_parallax_layout_bg_y_tablet&quot;:&quot;&quot;,&quot;jet_parallax_layout_bg_y_mobile&quot;:&quot;&quot;,&quot;jet_parallax_layout_bg_size&quot;:&quot;auto&quot;,&quot;jet_parallax_layout_bg_size_tablet&quot;:&quot;&quot;,&quot;jet_parallax_layout_bg_size_mobile&quot;:&quot;&quot;,&quot;jet_parallax_layout_animation_prop&quot;:&quot;transform&quot;,&quot;jet_parallax_layout_on&quot;:[&quot;desktop&quot;,&quot;tablet&quot;]}]}\">\n\t\t\t\t\t\t<div class=\"elementor-container elementor-column-gap-no\">\n\t\t\t\t\t<div class=\"elementor-column elementor-col-100 elementor-top-column elementor-element elementor-element-3d5c0ca\" data-id=\"3d5c0ca\" data-element_type=\"column\" data-e-type=\"column\">\n\t\t\t<div class=\"elementor-widget-wrap elementor-element-populated\">\n\t\t\t\t\t\t<div class=\"elementor-element elementor-element-9de4238 elementor-widget elementor-widget-text-editor\" data-id=\"9de4238\" data-element_type=\"widget\" data-e-type=\"widget\" data-widget_type=\"text-editor.default\">\n\t\t\t\t\t\t\t\t\t<h3 style=\"text-align: center;\">\u00c1rea servicio autocaravanas Oristano<\/h3>\t\t\t\t\t\t\t\t<\/div>\n\t\t\t\t<div class=\"elementor-element elementor-element-1552036 elementor-widget elementor-widget-text-editor\" data-id=\"1552036\" data-element_type=\"widget\" data-e-type=\"widget\" data-widget_type=\"text-editor.default\">\n\t\t\t\t\t\t\t\t\t<p style=\"text-align: center;\">\u00c1rea gratuida con servicios para autocaravanas, incluido el suministro de agua potable. La electricidad no est\u00e1 disponible.<\/p>\t\t\t\t\t\t\t\t<\/div>\n\t\t\t\t\t<\/div>\n\t\t<\/div>\n\t\t\t\t\t<\/div>\n\t\t<\/section>\n\t\t\t\t<section class=\"elementor-section elementor-top-section elementor-element elementor-element-13c89a1 elementor-section-boxed elementor-section-height-default elementor-section-height-default\" data-id=\"13c89a1\" data-element_type=\"section\" data-e-type=\"section\" id=\"senaarrubia\" data-settings=\"{&quot;jet_parallax_layout_list&quot;:[{&quot;jet_parallax_layout_image&quot;:{&quot;url&quot;:&quot;&quot;,&quot;id&quot;:&quot;&quot;,&quot;size&quot;:&quot;&quot;},&quot;_id&quot;:&quot;cb52157&quot;,&quot;jet_parallax_layout_speed&quot;:{&quot;unit&quot;:&quot;%&quot;,&quot;size&quot;:50,&quot;sizes&quot;:[]},&quot;jet_parallax_layout_image_tablet&quot;:{&quot;url&quot;:&quot;&quot;,&quot;id&quot;:&quot;&quot;,&quot;size&quot;:&quot;&quot;},&quot;jet_parallax_layout_image_mobile&quot;:{&quot;url&quot;:&quot;&quot;,&quot;id&quot;:&quot;&quot;,&quot;size&quot;:&quot;&quot;},&quot;jet_parallax_layout_type&quot;:&quot;scroll&quot;,&quot;jet_parallax_layout_direction&quot;:&quot;1&quot;,&quot;jet_parallax_layout_fx_direction&quot;:null,&quot;jet_parallax_layout_z_index&quot;:&quot;&quot;,&quot;jet_parallax_layout_bg_x&quot;:50,&quot;jet_parallax_layout_bg_x_tablet&quot;:&quot;&quot;,&quot;jet_parallax_layout_bg_x_mobile&quot;:&quot;&quot;,&quot;jet_parallax_layout_bg_y&quot;:50,&quot;jet_parallax_layout_bg_y_tablet&quot;:&quot;&quot;,&quot;jet_parallax_layout_bg_y_mobile&quot;:&quot;&quot;,&quot;jet_parallax_layout_bg_size&quot;:&quot;auto&quot;,&quot;jet_parallax_layout_bg_size_tablet&quot;:&quot;&quot;,&quot;jet_parallax_layout_bg_size_mobile&quot;:&quot;&quot;,&quot;jet_parallax_layout_animation_prop&quot;:&quot;transform&quot;,&quot;jet_parallax_layout_on&quot;:[&quot;desktop&quot;,&quot;tablet&quot;]}]}\">\n\t\t\t\t\t\t<div class=\"elementor-container elementor-column-gap-no\">\n\t\t\t\t\t<div class=\"elementor-column elementor-col-100 elementor-top-column elementor-element elementor-element-73ed1bb\" data-id=\"73ed1bb\" data-element_type=\"column\" data-e-type=\"column\">\n\t\t\t<div class=\"elementor-widget-wrap elementor-element-populated\">\n\t\t\t\t\t\t<div class=\"elementor-element elementor-element-7ba2d03 elementor-widget elementor-widget-text-editor\" data-id=\"7ba2d03\" data-element_type=\"widget\" data-e-type=\"widget\" data-widget_type=\"text-editor.default\">\n\t\t\t\t\t\t\t\t\t<h3 style=\"text-align: center;\"><a href=\"https:\/\/www.senarrubia.com\/\" target=\"_blank\" rel=\"noopener\">Camping S&#8217;Ena Arrubia<\/a><\/h3>\t\t\t\t\t\t\t\t<\/div>\n\t\t\t\t<div class=\"elementor-element elementor-element-fffaf7e elementor-widget elementor-widget-text-editor\" data-id=\"fffaf7e\" data-element_type=\"widget\" data-e-type=\"widget\" data-widget_type=\"text-editor.default\">\n\t\t\t\t\t\t\t\t\t<p style=\"text-align: center;\">El Camping S\u2019Ena Arrubia es un camping de 3 estrellas en Arborea, en el oasis protegido hom\u00f3nimo, a la sombra de un maravilloso bosque de pinos centenarios y con acceso directo al mar que ofrece amplias parcelas para autocaravanas y furgonetas camper. <a href=\"tel: +390783809011\">+390783809011<\/a> &#8211; <a href=\"mailto:booking@senarrubia.com\">booking@senarrubia.com<\/a><\/p>\t\t\t\t\t\t\t\t<\/div>\n\t\t\t\t\t<\/div>\n\t\t<\/div>\n\t\t\t\t\t<\/div>\n\t\t<\/section>\n\t\t\t\t<section class=\"elementor-section elementor-top-section elementor-element elementor-element-1ea0120 elementor-section-boxed elementor-section-height-default elementor-section-height-default\" data-id=\"1ea0120\" data-element_type=\"section\" data-e-type=\"section\" id=\"sciopadroxiu\" data-settings=\"{&quot;jet_parallax_layout_list&quot;:[{&quot;jet_parallax_layout_image&quot;:{&quot;url&quot;:&quot;&quot;,&quot;id&quot;:&quot;&quot;,&quot;size&quot;:&quot;&quot;},&quot;_id&quot;:&quot;cb52157&quot;,&quot;jet_parallax_layout_speed&quot;:{&quot;unit&quot;:&quot;%&quot;,&quot;size&quot;:50,&quot;sizes&quot;:[]},&quot;jet_parallax_layout_image_tablet&quot;:{&quot;url&quot;:&quot;&quot;,&quot;id&quot;:&quot;&quot;,&quot;size&quot;:&quot;&quot;},&quot;jet_parallax_layout_image_mobile&quot;:{&quot;url&quot;:&quot;&quot;,&quot;id&quot;:&quot;&quot;,&quot;size&quot;:&quot;&quot;},&quot;jet_parallax_layout_type&quot;:&quot;scroll&quot;,&quot;jet_parallax_layout_direction&quot;:&quot;1&quot;,&quot;jet_parallax_layout_fx_direction&quot;:null,&quot;jet_parallax_layout_z_index&quot;:&quot;&quot;,&quot;jet_parallax_layout_bg_x&quot;:50,&quot;jet_parallax_layout_bg_x_tablet&quot;:&quot;&quot;,&quot;jet_parallax_layout_bg_x_mobile&quot;:&quot;&quot;,&quot;jet_parallax_layout_bg_y&quot;:50,&quot;jet_parallax_layout_bg_y_tablet&quot;:&quot;&quot;,&quot;jet_parallax_layout_bg_y_mobile&quot;:&quot;&quot;,&quot;jet_parallax_layout_bg_size&quot;:&quot;auto&quot;,&quot;jet_parallax_layout_bg_size_tablet&quot;:&quot;&quot;,&quot;jet_parallax_layout_bg_size_mobile&quot;:&quot;&quot;,&quot;jet_parallax_layout_animation_prop&quot;:&quot;transform&quot;,&quot;jet_parallax_layout_on&quot;:[&quot;desktop&quot;,&quot;tablet&quot;]}]}\">\n\t\t\t\t\t\t<div class=\"elementor-container elementor-column-gap-no\">\n\t\t\t\t\t<div class=\"elementor-column elementor-col-100 elementor-top-column elementor-element elementor-element-1e608aa\" data-id=\"1e608aa\" data-element_type=\"column\" data-e-type=\"column\">\n\t\t\t<div class=\"elementor-widget-wrap elementor-element-populated\">\n\t\t\t\t\t\t<div class=\"elementor-element elementor-element-67841ac elementor-widget elementor-widget-text-editor\" data-id=\"67841ac\" data-element_type=\"widget\" data-e-type=\"widget\" data-widget_type=\"text-editor.default\">\n\t\t\t\t\t\t\t\t\t<h3 style=\"text-align: center;\"><a href=\"http:\/\/www.campingsciopadroxiu.com\" target=\"_blank\" rel=\"noopener\">Camping Sciopadroxiu<\/a><\/h3>\t\t\t\t\t\t\t\t<\/div>\n\t\t\t\t<div class=\"elementor-element elementor-element-9573e3d elementor-widget elementor-widget-text-editor\" data-id=\"9573e3d\" data-element_type=\"widget\" data-e-type=\"widget\" data-widget_type=\"text-editor.default\">\n\t\t\t\t\t\t\t\t\t<p style=\"text-align: center;\">El camping Su Sciopadroxiu est\u00e1 inmerso en la vegetaci\u00f3n entre las famosas dunas de la playa de Piscinas y las minas de Ingurtosu y Naracauli y ofrece un peque\u00f1o n\u00famero de parcelas para autocaravanas (6\/7). <a href=\"tel: +393405724310\">+393405724310<\/a> <a href=\"tel: +393497167231\">+393497167231<\/a> &#8211; <a href=\"mailto:campingsciopadroxiu@tiscali.it\">campingsciopadroxiu@tiscali.it<\/a><\/p>\t\t\t\t\t\t\t\t<\/div>\n\t\t\t\t\t<\/div>\n\t\t<\/div>\n\t\t\t\t\t<\/div>\n\t\t<\/section>\n\t\t\t\t<section class=\"elementor-section elementor-top-section elementor-element elementor-element-336498c elementor-section-boxed elementor-section-height-default elementor-section-height-default\" data-id=\"336498c\" data-element_type=\"section\" data-e-type=\"section\" id=\"lepalmerest\" data-settings=\"{&quot;jet_parallax_layout_list&quot;:[{&quot;jet_parallax_layout_image&quot;:{&quot;url&quot;:&quot;&quot;,&quot;id&quot;:&quot;&quot;,&quot;size&quot;:&quot;&quot;},&quot;_id&quot;:&quot;cb52157&quot;,&quot;jet_parallax_layout_speed&quot;:{&quot;unit&quot;:&quot;%&quot;,&quot;size&quot;:50,&quot;sizes&quot;:[]},&quot;jet_parallax_layout_image_tablet&quot;:{&quot;url&quot;:&quot;&quot;,&quot;id&quot;:&quot;&quot;,&quot;size&quot;:&quot;&quot;},&quot;jet_parallax_layout_image_mobile&quot;:{&quot;url&quot;:&quot;&quot;,&quot;id&quot;:&quot;&quot;,&quot;size&quot;:&quot;&quot;},&quot;jet_parallax_layout_type&quot;:&quot;scroll&quot;,&quot;jet_parallax_layout_direction&quot;:&quot;1&quot;,&quot;jet_parallax_layout_fx_direction&quot;:null,&quot;jet_parallax_layout_z_index&quot;:&quot;&quot;,&quot;jet_parallax_layout_bg_x&quot;:50,&quot;jet_parallax_layout_bg_x_tablet&quot;:&quot;&quot;,&quot;jet_parallax_layout_bg_x_mobile&quot;:&quot;&quot;,&quot;jet_parallax_layout_bg_y&quot;:50,&quot;jet_parallax_layout_bg_y_tablet&quot;:&quot;&quot;,&quot;jet_parallax_layout_bg_y_mobile&quot;:&quot;&quot;,&quot;jet_parallax_layout_bg_size&quot;:&quot;auto&quot;,&quot;jet_parallax_layout_bg_size_tablet&quot;:&quot;&quot;,&quot;jet_parallax_layout_bg_size_mobile&quot;:&quot;&quot;,&quot;jet_parallax_layout_animation_prop&quot;:&quot;transform&quot;,&quot;jet_parallax_layout_on&quot;:[&quot;desktop&quot;,&quot;tablet&quot;]}]}\">\n\t\t\t\t\t\t<div class=\"elementor-container elementor-column-gap-no\">\n\t\t\t\t\t<div class=\"elementor-column elementor-col-100 elementor-top-column elementor-element elementor-element-d98719c\" data-id=\"d98719c\" data-element_type=\"column\" data-e-type=\"column\">\n\t\t\t<div class=\"elementor-widget-wrap elementor-element-populated\">\n\t\t\t\t\t\t<div class=\"elementor-element elementor-element-6401931 elementor-widget elementor-widget-text-editor\" data-id=\"6401931\" data-element_type=\"widget\" data-e-type=\"widget\" data-widget_type=\"text-editor.default\">\n\t\t\t\t\t\t\t\t\t<h3 style=\"text-align: center;\"><a href=\"http:\/\/www.lepalmerestcamp.it\" target=\"_blank\" rel=\"noopener\">Le Palme Rest camp<\/a><\/h3>\t\t\t\t\t\t\t\t<\/div>\n\t\t\t\t<div class=\"elementor-element elementor-element-ad150c2 elementor-widget elementor-widget-text-editor\" data-id=\"ad150c2\" data-element_type=\"widget\" data-e-type=\"widget\" data-widget_type=\"text-editor.default\">\n\t\t\t\t\t\t\t\t\t<p style=\"text-align: center;\">El Camping Le Palme Rest camp se encuentra cerca de la salvaje y virgen playa de Scivu, en la costa verde de Cerde\u00f1a, y ofrece servicios y parcelas para autocaravanas. <a href=\"tel: +393389915776\">+393389915776<\/a> &#8211; <a href=\"mailto:lepalmerestcamp@gmail.com\">lepalmerestcamp@gmail.com<\/a><\/p>\t\t\t\t\t\t\t\t<\/div>\n\t\t\t\t\t<\/div>\n\t\t<\/div>\n\t\t\t\t\t<\/div>\n\t\t<\/section>\n\t\t\t\t<section class=\"elementor-section elementor-top-section elementor-element elementor-element-702c236 elementor-section-boxed elementor-section-height-default elementor-section-height-default\" data-id=\"702c236\" data-element_type=\"section\" data-e-type=\"section\" id=\"buggerru\" data-settings=\"{&quot;jet_parallax_layout_list&quot;:[{&quot;jet_parallax_layout_image&quot;:{&quot;url&quot;:&quot;&quot;,&quot;id&quot;:&quot;&quot;,&quot;size&quot;:&quot;&quot;},&quot;_id&quot;:&quot;cb52157&quot;,&quot;jet_parallax_layout_speed&quot;:{&quot;unit&quot;:&quot;%&quot;,&quot;size&quot;:50,&quot;sizes&quot;:[]},&quot;jet_parallax_layout_image_tablet&quot;:{&quot;url&quot;:&quot;&quot;,&quot;id&quot;:&quot;&quot;,&quot;size&quot;:&quot;&quot;},&quot;jet_parallax_layout_image_mobile&quot;:{&quot;url&quot;:&quot;&quot;,&quot;id&quot;:&quot;&quot;,&quot;size&quot;:&quot;&quot;},&quot;jet_parallax_layout_type&quot;:&quot;scroll&quot;,&quot;jet_parallax_layout_direction&quot;:&quot;1&quot;,&quot;jet_parallax_layout_fx_direction&quot;:null,&quot;jet_parallax_layout_z_index&quot;:&quot;&quot;,&quot;jet_parallax_layout_bg_x&quot;:50,&quot;jet_parallax_layout_bg_x_tablet&quot;:&quot;&quot;,&quot;jet_parallax_layout_bg_x_mobile&quot;:&quot;&quot;,&quot;jet_parallax_layout_bg_y&quot;:50,&quot;jet_parallax_layout_bg_y_tablet&quot;:&quot;&quot;,&quot;jet_parallax_layout_bg_y_mobile&quot;:&quot;&quot;,&quot;jet_parallax_layout_bg_size&quot;:&quot;auto&quot;,&quot;jet_parallax_layout_bg_size_tablet&quot;:&quot;&quot;,&quot;jet_parallax_layout_bg_size_mobile&quot;:&quot;&quot;,&quot;jet_parallax_layout_animation_prop&quot;:&quot;transform&quot;,&quot;jet_parallax_layout_on&quot;:[&quot;desktop&quot;,&quot;tablet&quot;]}]}\">\n\t\t\t\t\t\t<div class=\"elementor-container elementor-column-gap-no\">\n\t\t\t\t\t<div class=\"elementor-column elementor-col-100 elementor-top-column elementor-element elementor-element-6359edf\" data-id=\"6359edf\" data-element_type=\"column\" data-e-type=\"column\">\n\t\t\t<div class=\"elementor-widget-wrap elementor-element-populated\">\n\t\t\t\t\t\t<div class=\"elementor-element elementor-element-d53a838 elementor-widget elementor-widget-text-editor\" data-id=\"d53a838\" data-element_type=\"widget\" data-e-type=\"widget\" data-widget_type=\"text-editor.default\">\n\t\t\t\t\t\t\t\t\t<h3 style=\"text-align: center;\">\u00c1rea servicio autocaravanas Buggerru<\/h3>\t\t\t\t\t\t\t\t<\/div>\n\t\t\t\t<div class=\"elementor-element elementor-element-3ca21f1 elementor-widget elementor-widget-text-editor\" data-id=\"3ca21f1\" data-element_type=\"widget\" data-e-type=\"widget\" data-widget_type=\"text-editor.default\">\n\t\t\t\t\t\t\t\t\t<p style=\"text-align: center;\">En Buggerru hay un \u00e1rea para autocaravanas con parcelas frente al mar, equipada con electricidad, servicios higi\u00e9nicos y de carga y descarga. <a href=\"tel: +393489590691\">+393489590691<\/a><\/p>\t\t\t\t\t\t\t\t<\/div>\n\t\t\t\t\t<\/div>\n\t\t<\/div>\n\t\t\t\t\t<\/div>\n\t\t<\/section>\n\t\t\t\t<section class=\"elementor-section elementor-top-section elementor-element elementor-element-4256ccd elementor-section-boxed elementor-section-height-default elementor-section-height-default\" data-id=\"4256ccd\" data-element_type=\"section\" data-e-type=\"section\" id=\"caladomestica\" data-settings=\"{&quot;jet_parallax_layout_list&quot;:[{&quot;jet_parallax_layout_image&quot;:{&quot;url&quot;:&quot;&quot;,&quot;id&quot;:&quot;&quot;,&quot;size&quot;:&quot;&quot;},&quot;_id&quot;:&quot;cb52157&quot;,&quot;jet_parallax_layout_speed&quot;:{&quot;unit&quot;:&quot;%&quot;,&quot;size&quot;:50,&quot;sizes&quot;:[]},&quot;jet_parallax_layout_image_tablet&quot;:{&quot;url&quot;:&quot;&quot;,&quot;id&quot;:&quot;&quot;,&quot;size&quot;:&quot;&quot;},&quot;jet_parallax_layout_image_mobile&quot;:{&quot;url&quot;:&quot;&quot;,&quot;id&quot;:&quot;&quot;,&quot;size&quot;:&quot;&quot;},&quot;jet_parallax_layout_type&quot;:&quot;scroll&quot;,&quot;jet_parallax_layout_direction&quot;:&quot;1&quot;,&quot;jet_parallax_layout_fx_direction&quot;:null,&quot;jet_parallax_layout_z_index&quot;:&quot;&quot;,&quot;jet_parallax_layout_bg_x&quot;:50,&quot;jet_parallax_layout_bg_x_tablet&quot;:&quot;&quot;,&quot;jet_parallax_layout_bg_x_mobile&quot;:&quot;&quot;,&quot;jet_parallax_layout_bg_y&quot;:50,&quot;jet_parallax_layout_bg_y_tablet&quot;:&quot;&quot;,&quot;jet_parallax_layout_bg_y_mobile&quot;:&quot;&quot;,&quot;jet_parallax_layout_bg_size&quot;:&quot;auto&quot;,&quot;jet_parallax_layout_bg_size_tablet&quot;:&quot;&quot;,&quot;jet_parallax_layout_bg_size_mobile&quot;:&quot;&quot;,&quot;jet_parallax_layout_animation_prop&quot;:&quot;transform&quot;,&quot;jet_parallax_layout_on&quot;:[&quot;desktop&quot;,&quot;tablet&quot;]}]}\">\n\t\t\t\t\t\t<div class=\"elementor-container elementor-column-gap-no\">\n\t\t\t\t\t<div class=\"elementor-column elementor-col-100 elementor-top-column elementor-element elementor-element-233076a\" data-id=\"233076a\" data-element_type=\"column\" data-e-type=\"column\">\n\t\t\t<div class=\"elementor-widget-wrap elementor-element-populated\">\n\t\t\t\t\t\t<div class=\"elementor-element elementor-element-971ff3e elementor-widget elementor-widget-text-editor\" data-id=\"971ff3e\" data-element_type=\"widget\" data-e-type=\"widget\" data-widget_type=\"text-editor.default\">\n\t\t\t\t\t\t\t\t\t<h3 style=\"text-align: center;\">\u00c1rea servicio autocaravanas Cala Domestica<\/h3>\t\t\t\t\t\t\t\t<\/div>\n\t\t\t\t<div class=\"elementor-element elementor-element-152c5d4 elementor-widget elementor-widget-text-editor\" data-id=\"152c5d4\" data-element_type=\"widget\" data-e-type=\"widget\" data-widget_type=\"text-editor.default\">\n\t\t\t\t\t\t\t\t\t<p style=\"text-align: center;\">El \u00e1rea para autocaravanas de Cala Domestica se encuentra en una de las playas m\u00e1s salvajes de Cerde\u00f1a y ofrece servicios de carga y descarga, mientras que no hay conexiones el\u00e9ctricas. <a href=\"tel: +393466360780\">+393466360780<\/a><\/p>\t\t\t\t\t\t\t\t<\/div>\n\t\t\t\t\t<\/div>\n\t\t<\/div>\n\t\t\t\t\t<\/div>\n\t\t<\/section>\n\t\t\t\t<section class=\"elementor-section elementor-top-section elementor-element elementor-element-0c940b7 elementor-section-boxed elementor-section-height-default elementor-section-height-default\" data-id=\"0c940b7\" data-element_type=\"section\" data-e-type=\"section\" id=\"lanuovacolonia\" data-settings=\"{&quot;jet_parallax_layout_list&quot;:[{&quot;jet_parallax_layout_image&quot;:{&quot;url&quot;:&quot;&quot;,&quot;id&quot;:&quot;&quot;,&quot;size&quot;:&quot;&quot;},&quot;_id&quot;:&quot;cb52157&quot;,&quot;jet_parallax_layout_speed&quot;:{&quot;unit&quot;:&quot;%&quot;,&quot;size&quot;:50,&quot;sizes&quot;:[]},&quot;jet_parallax_layout_image_tablet&quot;:{&quot;url&quot;:&quot;&quot;,&quot;id&quot;:&quot;&quot;,&quot;size&quot;:&quot;&quot;},&quot;jet_parallax_layout_image_mobile&quot;:{&quot;url&quot;:&quot;&quot;,&quot;id&quot;:&quot;&quot;,&quot;size&quot;:&quot;&quot;},&quot;jet_parallax_layout_type&quot;:&quot;scroll&quot;,&quot;jet_parallax_layout_direction&quot;:&quot;1&quot;,&quot;jet_parallax_layout_fx_direction&quot;:null,&quot;jet_parallax_layout_z_index&quot;:&quot;&quot;,&quot;jet_parallax_layout_bg_x&quot;:50,&quot;jet_parallax_layout_bg_x_tablet&quot;:&quot;&quot;,&quot;jet_parallax_layout_bg_x_mobile&quot;:&quot;&quot;,&quot;jet_parallax_layout_bg_y&quot;:50,&quot;jet_parallax_layout_bg_y_tablet&quot;:&quot;&quot;,&quot;jet_parallax_layout_bg_y_mobile&quot;:&quot;&quot;,&quot;jet_parallax_layout_bg_size&quot;:&quot;auto&quot;,&quot;jet_parallax_layout_bg_size_tablet&quot;:&quot;&quot;,&quot;jet_parallax_layout_bg_size_mobile&quot;:&quot;&quot;,&quot;jet_parallax_layout_animation_prop&quot;:&quot;transform&quot;,&quot;jet_parallax_layout_on&quot;:[&quot;desktop&quot;,&quot;tablet&quot;]}]}\">\n\t\t\t\t\t\t<div class=\"elementor-container elementor-column-gap-no\">\n\t\t\t\t\t<div class=\"elementor-column elementor-col-100 elementor-top-column elementor-element elementor-element-15c046a\" data-id=\"15c046a\" data-element_type=\"column\" data-e-type=\"column\">\n\t\t\t<div class=\"elementor-widget-wrap elementor-element-populated\">\n\t\t\t\t\t\t<div class=\"elementor-element elementor-element-bdb6754 elementor-widget elementor-widget-text-editor\" data-id=\"bdb6754\" data-element_type=\"widget\" data-e-type=\"widget\" data-widget_type=\"text-editor.default\">\n\t\t\t\t\t\t\t\t\t<h3 style=\"text-align: center;\">\u00c1rea servicio autocaravanas La Nuova Colonia<\/h3>\t\t\t\t\t\t\t\t<\/div>\n\t\t\t\t<div class=\"elementor-element elementor-element-d860c8e elementor-widget elementor-widget-text-editor\" data-id=\"d860c8e\" data-element_type=\"widget\" data-e-type=\"widget\" data-widget_type=\"text-editor.default\">\n\t\t\t\t\t\t\t\t\t<p style=\"text-align: center;\">El \u00e1rea para autocaravanas se encuentra en Masua, frente a la famosa playa de Pan di Zucchero y ofrece servicios para autocaravanas (carga y descarga) y, previa solicitud, conexi\u00f3n el\u00e9ctrica. <a href=\"tel: +393495349325\">+393495349325<\/a><\/p>\t\t\t\t\t\t\t\t<\/div>\n\t\t\t\t\t<\/div>\n\t\t<\/div>\n\t\t\t\t\t<\/div>\n\t\t<\/section>\n\t\t\t\t<section class=\"elementor-section elementor-top-section elementor-element elementor-element-67e4232 elementor-section-boxed elementor-section-height-default elementor-section-height-default\" data-id=\"67e4232\" data-element_type=\"section\" data-e-type=\"section\" id=\"lesaline\" data-settings=\"{&quot;jet_parallax_layout_list&quot;:[{&quot;jet_parallax_layout_image&quot;:{&quot;url&quot;:&quot;&quot;,&quot;id&quot;:&quot;&quot;,&quot;size&quot;:&quot;&quot;},&quot;_id&quot;:&quot;cb52157&quot;,&quot;jet_parallax_layout_speed&quot;:{&quot;unit&quot;:&quot;%&quot;,&quot;size&quot;:50,&quot;sizes&quot;:[]},&quot;jet_parallax_layout_image_tablet&quot;:{&quot;url&quot;:&quot;&quot;,&quot;id&quot;:&quot;&quot;,&quot;size&quot;:&quot;&quot;},&quot;jet_parallax_layout_image_mobile&quot;:{&quot;url&quot;:&quot;&quot;,&quot;id&quot;:&quot;&quot;,&quot;size&quot;:&quot;&quot;},&quot;jet_parallax_layout_type&quot;:&quot;scroll&quot;,&quot;jet_parallax_layout_direction&quot;:&quot;1&quot;,&quot;jet_parallax_layout_fx_direction&quot;:null,&quot;jet_parallax_layout_z_index&quot;:&quot;&quot;,&quot;jet_parallax_layout_bg_x&quot;:50,&quot;jet_parallax_layout_bg_x_tablet&quot;:&quot;&quot;,&quot;jet_parallax_layout_bg_x_mobile&quot;:&quot;&quot;,&quot;jet_parallax_layout_bg_y&quot;:50,&quot;jet_parallax_layout_bg_y_tablet&quot;:&quot;&quot;,&quot;jet_parallax_layout_bg_y_mobile&quot;:&quot;&quot;,&quot;jet_parallax_layout_bg_size&quot;:&quot;auto&quot;,&quot;jet_parallax_layout_bg_size_tablet&quot;:&quot;&quot;,&quot;jet_parallax_layout_bg_size_mobile&quot;:&quot;&quot;,&quot;jet_parallax_layout_animation_prop&quot;:&quot;transform&quot;,&quot;jet_parallax_layout_on&quot;:[&quot;desktop&quot;,&quot;tablet&quot;]}]}\">\n\t\t\t\t\t\t<div class=\"elementor-container elementor-column-gap-no\">\n\t\t\t\t\t<div class=\"elementor-column elementor-col-100 elementor-top-column elementor-element elementor-element-2a2439b\" data-id=\"2a2439b\" data-element_type=\"column\" data-e-type=\"column\">\n\t\t\t<div class=\"elementor-widget-wrap elementor-element-populated\">\n\t\t\t\t\t\t<div class=\"elementor-element elementor-element-6d78444 elementor-widget elementor-widget-text-editor\" data-id=\"6d78444\" data-element_type=\"widget\" data-e-type=\"widget\" data-widget_type=\"text-editor.default\">\n\t\t\t\t\t\t\t\t\t<h3 style=\"text-align: center;\"><a href=\"http:\/\/www.campinglesaline.com\/\" target=\"_blank\" rel=\"noopener\">Camping le Saline<\/a><\/h3>\t\t\t\t\t\t\t\t<\/div>\n\t\t\t\t<div class=\"elementor-element elementor-element-9d563fb elementor-widget elementor-widget-text-editor\" data-id=\"9d563fb\" data-element_type=\"widget\" data-e-type=\"widget\" data-widget_type=\"text-editor.default\">\n\t\t\t\t\t\t\t\t\t<p style=\"text-align: center;\">El Camping Le Saline se encuentra en Calasetta, a unos 500 metros de la ciudad, cerca de la playa de Le Saline, y tiene parcelas a la sombra de vegetaci\u00f3n bien cuidada para las autocaravanas y furgonetas camper. <a href=\"tel: +39078188615\">+39078188615<\/a> \u00a0&#8211; <a href=\"mailto:info@campinglesaline.com\">info@campinglesaline.com<\/a><\/p>\t\t\t\t\t\t\t\t<\/div>\n\t\t\t\t\t<\/div>\n\t\t<\/div>\n\t\t\t\t\t<\/div>\n\t\t<\/section>\n\t\t\t\t<section class=\"elementor-section elementor-top-section elementor-element elementor-element-c18b869 elementor-section-boxed elementor-section-height-default elementor-section-height-default\" data-id=\"c18b869\" data-element_type=\"section\" data-e-type=\"section\" id=\"tonnara\" data-settings=\"{&quot;jet_parallax_layout_list&quot;:[{&quot;jet_parallax_layout_image&quot;:{&quot;url&quot;:&quot;&quot;,&quot;id&quot;:&quot;&quot;,&quot;size&quot;:&quot;&quot;},&quot;_id&quot;:&quot;cb52157&quot;,&quot;jet_parallax_layout_speed&quot;:{&quot;unit&quot;:&quot;%&quot;,&quot;size&quot;:50,&quot;sizes&quot;:[]},&quot;jet_parallax_layout_image_tablet&quot;:{&quot;url&quot;:&quot;&quot;,&quot;id&quot;:&quot;&quot;,&quot;size&quot;:&quot;&quot;},&quot;jet_parallax_layout_image_mobile&quot;:{&quot;url&quot;:&quot;&quot;,&quot;id&quot;:&quot;&quot;,&quot;size&quot;:&quot;&quot;},&quot;jet_parallax_layout_type&quot;:&quot;scroll&quot;,&quot;jet_parallax_layout_direction&quot;:&quot;1&quot;,&quot;jet_parallax_layout_fx_direction&quot;:null,&quot;jet_parallax_layout_z_index&quot;:&quot;&quot;,&quot;jet_parallax_layout_bg_x&quot;:50,&quot;jet_parallax_layout_bg_x_tablet&quot;:&quot;&quot;,&quot;jet_parallax_layout_bg_x_mobile&quot;:&quot;&quot;,&quot;jet_parallax_layout_bg_y&quot;:50,&quot;jet_parallax_layout_bg_y_tablet&quot;:&quot;&quot;,&quot;jet_parallax_layout_bg_y_mobile&quot;:&quot;&quot;,&quot;jet_parallax_layout_bg_size&quot;:&quot;auto&quot;,&quot;jet_parallax_layout_bg_size_tablet&quot;:&quot;&quot;,&quot;jet_parallax_layout_bg_size_mobile&quot;:&quot;&quot;,&quot;jet_parallax_layout_animation_prop&quot;:&quot;transform&quot;,&quot;jet_parallax_layout_on&quot;:[&quot;desktop&quot;,&quot;tablet&quot;]}]}\">\n\t\t\t\t\t\t<div class=\"elementor-container elementor-column-gap-no\">\n\t\t\t\t\t<div class=\"elementor-column elementor-col-100 elementor-top-column elementor-element elementor-element-f1dd924\" data-id=\"f1dd924\" data-element_type=\"column\" data-e-type=\"column\">\n\t\t\t<div class=\"elementor-widget-wrap elementor-element-populated\">\n\t\t\t\t\t\t<div class=\"elementor-element elementor-element-f309c58 elementor-widget elementor-widget-text-editor\" data-id=\"f309c58\" data-element_type=\"widget\" data-e-type=\"widget\" data-widget_type=\"text-editor.default\">\n\t\t\t\t\t\t\t\t\t<h3 style=\"text-align: center;\"><a href=\"https:\/\/www.campingtonnara.it\/\" target=\"_blank\" rel=\"noopener\">Camping Tonnara<\/a><\/h3>\t\t\t\t\t\t\t\t<\/div>\n\t\t\t\t<div class=\"elementor-element elementor-element-f20db1e elementor-widget elementor-widget-text-editor\" data-id=\"f20db1e\" data-element_type=\"widget\" data-e-type=\"widget\" data-widget_type=\"text-editor.default\">\n\t\t\t\t\t\t\t\t\t<p style=\"text-align: center;\">El camping Tonnara se encuentra en Sant&#8217;Antioco y ofrece acceso directo al mar en la magn\u00edfica bah\u00eda de Cala Sapone, con amplias parcelas equipadas para autocaravanas y furgonetas camper. <a href=\"tel: +390781809058\">+390781809058<\/a> <a href=\"tel: +393428111100\">+393428111100<\/a> &#8211; <a href=\"mailto:mail@camping-tonnara.it\">mail@camping-tonnara.it<\/a><\/p>\t\t\t\t\t\t\t\t<\/div>\n\t\t\t\t\t<\/div>\n\t\t<\/div>\n\t\t\t\t\t<\/div>\n\t\t<\/section>\n\t\t\t\t<section class=\"elementor-section elementor-top-section elementor-element elementor-element-8611a9f elementor-section-boxed elementor-section-height-default elementor-section-height-default\" data-id=\"8611a9f\" data-element_type=\"section\" data-e-type=\"section\" id=\"interior\" data-settings=\"{&quot;jet_parallax_layout_list&quot;:[{&quot;jet_parallax_layout_image&quot;:{&quot;url&quot;:&quot;&quot;,&quot;id&quot;:&quot;&quot;,&quot;size&quot;:&quot;&quot;},&quot;_id&quot;:&quot;cb52157&quot;,&quot;jet_parallax_layout_speed&quot;:{&quot;unit&quot;:&quot;%&quot;,&quot;size&quot;:50,&quot;sizes&quot;:[]},&quot;jet_parallax_layout_image_tablet&quot;:{&quot;url&quot;:&quot;&quot;,&quot;id&quot;:&quot;&quot;,&quot;size&quot;:&quot;&quot;},&quot;jet_parallax_layout_image_mobile&quot;:{&quot;url&quot;:&quot;&quot;,&quot;id&quot;:&quot;&quot;,&quot;size&quot;:&quot;&quot;},&quot;jet_parallax_layout_type&quot;:&quot;scroll&quot;,&quot;jet_parallax_layout_direction&quot;:&quot;1&quot;,&quot;jet_parallax_layout_fx_direction&quot;:null,&quot;jet_parallax_layout_z_index&quot;:&quot;&quot;,&quot;jet_parallax_layout_bg_x&quot;:50,&quot;jet_parallax_layout_bg_x_tablet&quot;:&quot;&quot;,&quot;jet_parallax_layout_bg_x_mobile&quot;:&quot;&quot;,&quot;jet_parallax_layout_bg_y&quot;:50,&quot;jet_parallax_layout_bg_y_tablet&quot;:&quot;&quot;,&quot;jet_parallax_layout_bg_y_mobile&quot;:&quot;&quot;,&quot;jet_parallax_layout_bg_size&quot;:&quot;auto&quot;,&quot;jet_parallax_layout_bg_size_tablet&quot;:&quot;&quot;,&quot;jet_parallax_layout_bg_size_mobile&quot;:&quot;&quot;,&quot;jet_parallax_layout_animation_prop&quot;:&quot;transform&quot;,&quot;jet_parallax_layout_on&quot;:[&quot;desktop&quot;,&quot;tablet&quot;]}]}\">\n\t\t\t\t\t\t<div class=\"elementor-container elementor-column-gap-default\">\n\t\t\t\t\t<div class=\"elementor-column elementor-col-100 elementor-top-column elementor-element elementor-element-3adb5ad\" data-id=\"3adb5ad\" data-element_type=\"column\" data-e-type=\"column\">\n\t\t\t<div class=\"elementor-widget-wrap elementor-element-populated\">\n\t\t\t\t\t\t<div class=\"elementor-element elementor-element-a7573e3 elementor-widget elementor-widget-heading\" data-id=\"a7573e3\" data-element_type=\"widget\" data-e-type=\"widget\" data-widget_type=\"heading.default\">\n\t\t\t\t\t<h2 class=\"elementor-heading-title elementor-size-large\">\u00c1REAS AUTOCARAVANAS CERDE\u00d1A \u00c1REA INTERIOR<\/h2>\t\t\t\t<\/div>\n\t\t\t\t<div class=\"elementor-element elementor-element-3204a75 elementor-widget-divider--view-line elementor-widget elementor-widget-divider\" data-id=\"3204a75\" data-element_type=\"widget\" data-e-type=\"widget\" data-widget_type=\"divider.default\">\n\t\t\t\t\t\t\t<div class=\"elementor-divider\">\n\t\t\t<span class=\"elementor-divider-separator\">\n\t\t\t\t\t\t<\/span>\n\t\t<\/div>\n\t\t\t\t\t\t<\/div>\n\t\t\t\t\t<\/div>\n\t\t<\/div>\n\t\t\t\t\t<\/div>\n\t\t<\/section>\n\t\t\t\t<section class=\"elementor-section elementor-top-section elementor-element elementor-element-5c1ec22 elementor-section-boxed elementor-section-height-default elementor-section-height-default\" data-id=\"5c1ec22\" data-element_type=\"section\" data-e-type=\"section\" id=\"nuragheruiu\" data-settings=\"{&quot;jet_parallax_layout_list&quot;:[{&quot;jet_parallax_layout_image&quot;:{&quot;url&quot;:&quot;&quot;,&quot;id&quot;:&quot;&quot;,&quot;size&quot;:&quot;&quot;},&quot;_id&quot;:&quot;cb52157&quot;,&quot;jet_parallax_layout_speed&quot;:{&quot;unit&quot;:&quot;%&quot;,&quot;size&quot;:50,&quot;sizes&quot;:[]},&quot;jet_parallax_layout_image_tablet&quot;:{&quot;url&quot;:&quot;&quot;,&quot;id&quot;:&quot;&quot;,&quot;size&quot;:&quot;&quot;},&quot;jet_parallax_layout_image_mobile&quot;:{&quot;url&quot;:&quot;&quot;,&quot;id&quot;:&quot;&quot;,&quot;size&quot;:&quot;&quot;},&quot;jet_parallax_layout_type&quot;:&quot;scroll&quot;,&quot;jet_parallax_layout_direction&quot;:&quot;1&quot;,&quot;jet_parallax_layout_fx_direction&quot;:null,&quot;jet_parallax_layout_z_index&quot;:&quot;&quot;,&quot;jet_parallax_layout_bg_x&quot;:50,&quot;jet_parallax_layout_bg_x_tablet&quot;:&quot;&quot;,&quot;jet_parallax_layout_bg_x_mobile&quot;:&quot;&quot;,&quot;jet_parallax_layout_bg_y&quot;:50,&quot;jet_parallax_layout_bg_y_tablet&quot;:&quot;&quot;,&quot;jet_parallax_layout_bg_y_mobile&quot;:&quot;&quot;,&quot;jet_parallax_layout_bg_size&quot;:&quot;auto&quot;,&quot;jet_parallax_layout_bg_size_tablet&quot;:&quot;&quot;,&quot;jet_parallax_layout_bg_size_mobile&quot;:&quot;&quot;,&quot;jet_parallax_layout_animation_prop&quot;:&quot;transform&quot;,&quot;jet_parallax_layout_on&quot;:[&quot;desktop&quot;,&quot;tablet&quot;]}]}\">\n\t\t\t\t\t\t<div class=\"elementor-container elementor-column-gap-no\">\n\t\t\t\t\t<div class=\"elementor-column elementor-col-100 elementor-top-column elementor-element elementor-element-b25654f\" data-id=\"b25654f\" data-element_type=\"column\" data-e-type=\"column\">\n\t\t\t<div class=\"elementor-widget-wrap elementor-element-populated\">\n\t\t\t\t\t\t<div class=\"elementor-element elementor-element-b0b6b8b elementor-widget elementor-widget-text-editor\" data-id=\"b0b6b8b\" data-element_type=\"widget\" data-e-type=\"widget\" data-widget_type=\"text-editor.default\">\n\t\t\t\t\t\t\t\t\t<h3 style=\"text-align: center;\"><a href=\"http:\/\/www.nuragheruiu.it\" target=\"_blank\" rel=\"noopener\">Camping Village Nuraghe Ruiu <\/a><\/h3>\t\t\t\t\t\t\t\t<\/div>\n\t\t\t\t<div class=\"elementor-element elementor-element-f06233e elementor-widget elementor-widget-text-editor\" data-id=\"f06233e\" data-element_type=\"widget\" data-e-type=\"widget\" data-widget_type=\"text-editor.default\">\n\t\t\t\t\t\t\t\t\t<p style=\"text-align: center;\">El Camping Nuraghe Ruiu est\u00e1 ubicado en el municipio de Norbello, inmerso en la naturaleza de una zona tranquila. El Nuraghe Ruiu es ideal para todos aquellos que quieran descubrir las bellezas de Cerde\u00f1a incluso lejos del mar y ofrece 60 parcelas con electricidad y ba\u00f1os. <a href=\"tel: +390785896143\">+390785896143<\/a> &#8211; <a href=\"mailto:info@nuragheruiu.it\">info@nuragheruiu.it<\/a><\/p>\t\t\t\t\t\t\t\t<\/div>\n\t\t\t\t\t<\/div>\n\t\t<\/div>\n\t\t\t\t\t<\/div>\n\t\t<\/section>\n\t\t\t\t<section class=\"elementor-section elementor-top-section elementor-element elementor-element-72366e4 elementor-section-boxed elementor-section-height-default elementor-section-height-default\" data-id=\"72366e4\" data-element_type=\"section\" data-e-type=\"section\" id=\"fodrongianus\" data-settings=\"{&quot;jet_parallax_layout_list&quot;:[{&quot;jet_parallax_layout_image&quot;:{&quot;url&quot;:&quot;&quot;,&quot;id&quot;:&quot;&quot;,&quot;size&quot;:&quot;&quot;},&quot;_id&quot;:&quot;cb52157&quot;,&quot;jet_parallax_layout_speed&quot;:{&quot;unit&quot;:&quot;%&quot;,&quot;size&quot;:50,&quot;sizes&quot;:[]},&quot;jet_parallax_layout_image_tablet&quot;:{&quot;url&quot;:&quot;&quot;,&quot;id&quot;:&quot;&quot;,&quot;size&quot;:&quot;&quot;},&quot;jet_parallax_layout_image_mobile&quot;:{&quot;url&quot;:&quot;&quot;,&quot;id&quot;:&quot;&quot;,&quot;size&quot;:&quot;&quot;},&quot;jet_parallax_layout_type&quot;:&quot;scroll&quot;,&quot;jet_parallax_layout_direction&quot;:&quot;1&quot;,&quot;jet_parallax_layout_fx_direction&quot;:null,&quot;jet_parallax_layout_z_index&quot;:&quot;&quot;,&quot;jet_parallax_layout_bg_x&quot;:50,&quot;jet_parallax_layout_bg_x_tablet&quot;:&quot;&quot;,&quot;jet_parallax_layout_bg_x_mobile&quot;:&quot;&quot;,&quot;jet_parallax_layout_bg_y&quot;:50,&quot;jet_parallax_layout_bg_y_tablet&quot;:&quot;&quot;,&quot;jet_parallax_layout_bg_y_mobile&quot;:&quot;&quot;,&quot;jet_parallax_layout_bg_size&quot;:&quot;auto&quot;,&quot;jet_parallax_layout_bg_size_tablet&quot;:&quot;&quot;,&quot;jet_parallax_layout_bg_size_mobile&quot;:&quot;&quot;,&quot;jet_parallax_layout_animation_prop&quot;:&quot;transform&quot;,&quot;jet_parallax_layout_on&quot;:[&quot;desktop&quot;,&quot;tablet&quot;]}]}\">\n\t\t\t\t\t\t<div class=\"elementor-container elementor-column-gap-no\">\n\t\t\t\t\t<div class=\"elementor-column elementor-col-100 elementor-top-column elementor-element elementor-element-4da616a\" data-id=\"4da616a\" data-element_type=\"column\" data-e-type=\"column\">\n\t\t\t<div class=\"elementor-widget-wrap elementor-element-populated\">\n\t\t\t\t\t\t<div class=\"elementor-element elementor-element-3810180 elementor-widget elementor-widget-text-editor\" data-id=\"3810180\" data-element_type=\"widget\" data-e-type=\"widget\" data-widget_type=\"text-editor.default\">\n\t\t\t\t\t\t\t\t\t<h3 style=\"text-align: center;\">\u00c1rea servicio autocaravanas Fodrongianus<\/h3>\t\t\t\t\t\t\t\t<\/div>\n\t\t\t\t<div class=\"elementor-element elementor-element-f087130 elementor-widget elementor-widget-text-editor\" data-id=\"f087130\" data-element_type=\"widget\" data-e-type=\"widget\" data-widget_type=\"text-editor.default\">\n\t\t\t\t\t\t\t\t\t<p style=\"text-align: center;\">Rodeado de zonas verdes, a un corto paseo del pueblo y cerca del r\u00edo y de los ba\u00f1os termales, se encuentra la tranquila \u00e1rea de servicios para autocaravanas de Fodrongianus.<\/p>\t\t\t\t\t\t\t\t<\/div>\n\t\t\t\t\t<\/div>\n\t\t<\/div>\n\t\t\t\t\t<\/div>\n\t\t<\/section>\n\t\t\t\t<section class=\"elementor-section elementor-top-section elementor-element elementor-element-df9d8e6 elementor-section-boxed elementor-section-height-default elementor-section-height-default\" data-id=\"df9d8e6\" data-element_type=\"section\" data-e-type=\"section\" id=\"marrubiu\" data-settings=\"{&quot;jet_parallax_layout_list&quot;:[{&quot;jet_parallax_layout_image&quot;:{&quot;url&quot;:&quot;&quot;,&quot;id&quot;:&quot;&quot;,&quot;size&quot;:&quot;&quot;},&quot;_id&quot;:&quot;cb52157&quot;,&quot;jet_parallax_layout_speed&quot;:{&quot;unit&quot;:&quot;%&quot;,&quot;size&quot;:50,&quot;sizes&quot;:[]},&quot;jet_parallax_layout_image_tablet&quot;:{&quot;url&quot;:&quot;&quot;,&quot;id&quot;:&quot;&quot;,&quot;size&quot;:&quot;&quot;},&quot;jet_parallax_layout_image_mobile&quot;:{&quot;url&quot;:&quot;&quot;,&quot;id&quot;:&quot;&quot;,&quot;size&quot;:&quot;&quot;},&quot;jet_parallax_layout_type&quot;:&quot;scroll&quot;,&quot;jet_parallax_layout_direction&quot;:&quot;1&quot;,&quot;jet_parallax_layout_fx_direction&quot;:null,&quot;jet_parallax_layout_z_index&quot;:&quot;&quot;,&quot;jet_parallax_layout_bg_x&quot;:50,&quot;jet_parallax_layout_bg_x_tablet&quot;:&quot;&quot;,&quot;jet_parallax_layout_bg_x_mobile&quot;:&quot;&quot;,&quot;jet_parallax_layout_bg_y&quot;:50,&quot;jet_parallax_layout_bg_y_tablet&quot;:&quot;&quot;,&quot;jet_parallax_layout_bg_y_mobile&quot;:&quot;&quot;,&quot;jet_parallax_layout_bg_size&quot;:&quot;auto&quot;,&quot;jet_parallax_layout_bg_size_tablet&quot;:&quot;&quot;,&quot;jet_parallax_layout_bg_size_mobile&quot;:&quot;&quot;,&quot;jet_parallax_layout_animation_prop&quot;:&quot;transform&quot;,&quot;jet_parallax_layout_on&quot;:[&quot;desktop&quot;,&quot;tablet&quot;]}]}\">\n\t\t\t\t\t\t<div class=\"elementor-container elementor-column-gap-no\">\n\t\t\t\t\t<div class=\"elementor-column elementor-col-100 elementor-top-column elementor-element elementor-element-ea67dac\" data-id=\"ea67dac\" data-element_type=\"column\" data-e-type=\"column\">\n\t\t\t<div class=\"elementor-widget-wrap elementor-element-populated\">\n\t\t\t\t\t\t<div class=\"elementor-element elementor-element-10a8104 elementor-widget elementor-widget-text-editor\" data-id=\"10a8104\" data-element_type=\"widget\" data-e-type=\"widget\" data-widget_type=\"text-editor.default\">\n\t\t\t\t\t\t\t\t\t<h3 style=\"text-align: center;\">\u00c1rea servicio autocaravanas Marrubiu<\/h3>\t\t\t\t\t\t\t\t<\/div>\n\t\t\t\t<div class=\"elementor-element elementor-element-5c559f4 elementor-widget elementor-widget-text-editor\" data-id=\"5c559f4\" data-element_type=\"widget\" data-e-type=\"widget\" data-widget_type=\"text-editor.default\">\n\t\t\t\t\t\t\t\t\t<p style=\"text-align: center;\">\u00c1rea de servicio para autocaravanas en excelentes condiciones de mantenimiento, con carga y descarga. No hay conexi\u00f3n el\u00e9ctrica.<\/p>\t\t\t\t\t\t\t\t<\/div>\n\t\t\t\t\t<\/div>\n\t\t<\/div>\n\t\t\t\t\t<\/div>\n\t\t<\/section>\n\t\t\t\t<section class=\"elementor-section elementor-top-section elementor-element elementor-element-b3f7504 elementor-section-boxed elementor-section-height-default elementor-section-height-default\" data-id=\"b3f7504\" data-element_type=\"section\" data-e-type=\"section\" id=\"baradili\" data-settings=\"{&quot;jet_parallax_layout_list&quot;:[{&quot;jet_parallax_layout_image&quot;:{&quot;url&quot;:&quot;&quot;,&quot;id&quot;:&quot;&quot;,&quot;size&quot;:&quot;&quot;},&quot;_id&quot;:&quot;cb52157&quot;,&quot;jet_parallax_layout_speed&quot;:{&quot;unit&quot;:&quot;%&quot;,&quot;size&quot;:50,&quot;sizes&quot;:[]},&quot;jet_parallax_layout_image_tablet&quot;:{&quot;url&quot;:&quot;&quot;,&quot;id&quot;:&quot;&quot;,&quot;size&quot;:&quot;&quot;},&quot;jet_parallax_layout_image_mobile&quot;:{&quot;url&quot;:&quot;&quot;,&quot;id&quot;:&quot;&quot;,&quot;size&quot;:&quot;&quot;},&quot;jet_parallax_layout_type&quot;:&quot;scroll&quot;,&quot;jet_parallax_layout_direction&quot;:&quot;1&quot;,&quot;jet_parallax_layout_fx_direction&quot;:null,&quot;jet_parallax_layout_z_index&quot;:&quot;&quot;,&quot;jet_parallax_layout_bg_x&quot;:50,&quot;jet_parallax_layout_bg_x_tablet&quot;:&quot;&quot;,&quot;jet_parallax_layout_bg_x_mobile&quot;:&quot;&quot;,&quot;jet_parallax_layout_bg_y&quot;:50,&quot;jet_parallax_layout_bg_y_tablet&quot;:&quot;&quot;,&quot;jet_parallax_layout_bg_y_mobile&quot;:&quot;&quot;,&quot;jet_parallax_layout_bg_size&quot;:&quot;auto&quot;,&quot;jet_parallax_layout_bg_size_tablet&quot;:&quot;&quot;,&quot;jet_parallax_layout_bg_size_mobile&quot;:&quot;&quot;,&quot;jet_parallax_layout_animation_prop&quot;:&quot;transform&quot;,&quot;jet_parallax_layout_on&quot;:[&quot;desktop&quot;,&quot;tablet&quot;]}]}\">\n\t\t\t\t\t\t<div class=\"elementor-container elementor-column-gap-no\">\n\t\t\t\t\t<div class=\"elementor-column elementor-col-100 elementor-top-column elementor-element elementor-element-6c7273c\" data-id=\"6c7273c\" data-element_type=\"column\" data-e-type=\"column\">\n\t\t\t<div class=\"elementor-widget-wrap elementor-element-populated\">\n\t\t\t\t\t\t<div class=\"elementor-element elementor-element-5e0d4f0 elementor-widget elementor-widget-text-editor\" data-id=\"5e0d4f0\" data-element_type=\"widget\" data-e-type=\"widget\" data-widget_type=\"text-editor.default\">\n\t\t\t\t\t\t\t\t\t<h3 style=\"text-align: center;\">\u00c1rea servicio autocaravanas Baradili<\/h3>\t\t\t\t\t\t\t\t<\/div>\n\t\t\t\t<div class=\"elementor-element elementor-element-37ae840 elementor-widget elementor-widget-text-editor\" data-id=\"37ae840\" data-element_type=\"widget\" data-e-type=\"widget\" data-widget_type=\"text-editor.default\">\n\t\t\t\t\t\t\t\t\t<p style=\"text-align: center;\">En el peque\u00f1o y bien cuidado pueblo de Baradili hay un \u00e1rea de servicios para autocaravanas y furgonetas camper completamente automatizada con carga \/ descarga, conexi\u00f3n el\u00e9ctrica, servicios y \u00e1rea de picnic.<\/p>\t\t\t\t\t\t\t\t<\/div>\n\t\t\t\t\t<\/div>\n\t\t<\/div>\n\t\t\t\t\t<\/div>\n\t\t<\/section>\n\t\t\t\t<section class=\"elementor-section elementor-top-section elementor-element elementor-element-2c35cd5 elementor-section-boxed elementor-section-height-default elementor-section-height-default\" data-id=\"2c35cd5\" data-element_type=\"section\" data-e-type=\"section\" id=\"sitios-aplicaciones\" data-settings=\"{&quot;jet_parallax_layout_list&quot;:[{&quot;jet_parallax_layout_image&quot;:{&quot;url&quot;:&quot;&quot;,&quot;id&quot;:&quot;&quot;,&quot;size&quot;:&quot;&quot;},&quot;_id&quot;:&quot;cb52157&quot;,&quot;jet_parallax_layout_speed&quot;:{&quot;unit&quot;:&quot;%&quot;,&quot;size&quot;:50,&quot;sizes&quot;:[]},&quot;jet_parallax_layout_image_tablet&quot;:{&quot;url&quot;:&quot;&quot;,&quot;id&quot;:&quot;&quot;,&quot;size&quot;:&quot;&quot;},&quot;jet_parallax_layout_image_mobile&quot;:{&quot;url&quot;:&quot;&quot;,&quot;id&quot;:&quot;&quot;,&quot;size&quot;:&quot;&quot;},&quot;jet_parallax_layout_type&quot;:&quot;scroll&quot;,&quot;jet_parallax_layout_direction&quot;:&quot;1&quot;,&quot;jet_parallax_layout_fx_direction&quot;:null,&quot;jet_parallax_layout_z_index&quot;:&quot;&quot;,&quot;jet_parallax_layout_bg_x&quot;:50,&quot;jet_parallax_layout_bg_x_tablet&quot;:&quot;&quot;,&quot;jet_parallax_layout_bg_x_mobile&quot;:&quot;&quot;,&quot;jet_parallax_layout_bg_y&quot;:50,&quot;jet_parallax_layout_bg_y_tablet&quot;:&quot;&quot;,&quot;jet_parallax_layout_bg_y_mobile&quot;:&quot;&quot;,&quot;jet_parallax_layout_bg_size&quot;:&quot;auto&quot;,&quot;jet_parallax_layout_bg_size_tablet&quot;:&quot;&quot;,&quot;jet_parallax_layout_bg_size_mobile&quot;:&quot;&quot;,&quot;jet_parallax_layout_animation_prop&quot;:&quot;transform&quot;,&quot;jet_parallax_layout_on&quot;:[&quot;desktop&quot;,&quot;tablet&quot;]}]}\">\n\t\t\t\t\t\t<div class=\"elementor-container elementor-column-gap-default\">\n\t\t\t\t\t<div class=\"elementor-column elementor-col-100 elementor-top-column elementor-element elementor-element-ad66507\" data-id=\"ad66507\" data-element_type=\"column\" data-e-type=\"column\">\n\t\t\t<div class=\"elementor-widget-wrap elementor-element-populated\">\n\t\t\t\t\t\t<div class=\"elementor-element elementor-element-b910c07 elementor-widget elementor-widget-heading\" data-id=\"b910c07\" data-element_type=\"widget\" data-e-type=\"widget\" data-widget_type=\"heading.default\">\n\t\t\t\t\t<h2 class=\"elementor-heading-title elementor-size-large\">ALGUNOS SITIOS WEB Y APLICACIONES \u00daTILES<\/h2>\t\t\t\t<\/div>\n\t\t\t\t<div class=\"elementor-element elementor-element-90626b0 elementor-widget-divider--view-line elementor-widget elementor-widget-divider\" data-id=\"90626b0\" data-element_type=\"widget\" data-e-type=\"widget\" data-widget_type=\"divider.default\">\n\t\t\t\t\t\t\t<div class=\"elementor-divider\">\n\t\t\t<span class=\"elementor-divider-separator\">\n\t\t\t\t\t\t<\/span>\n\t\t<\/div>\n\t\t\t\t\t\t<\/div>\n\t\t\t\t\t<\/div>\n\t\t<\/div>\n\t\t\t\t\t<\/div>\n\t\t<\/section>\n\t\t\t\t<section class=\"elementor-section elementor-top-section elementor-element elementor-element-1f16e8c elementor-section-boxed elementor-section-height-default elementor-section-height-default\" data-id=\"1f16e8c\" data-element_type=\"section\" data-e-type=\"section\" data-settings=\"{&quot;jet_parallax_layout_list&quot;:[{&quot;jet_parallax_layout_image&quot;:{&quot;url&quot;:&quot;&quot;,&quot;id&quot;:&quot;&quot;,&quot;size&quot;:&quot;&quot;},&quot;_id&quot;:&quot;cb52157&quot;,&quot;jet_parallax_layout_speed&quot;:{&quot;unit&quot;:&quot;%&quot;,&quot;size&quot;:50,&quot;sizes&quot;:[]},&quot;jet_parallax_layout_image_tablet&quot;:{&quot;url&quot;:&quot;&quot;,&quot;id&quot;:&quot;&quot;,&quot;size&quot;:&quot;&quot;},&quot;jet_parallax_layout_image_mobile&quot;:{&quot;url&quot;:&quot;&quot;,&quot;id&quot;:&quot;&quot;,&quot;size&quot;:&quot;&quot;},&quot;jet_parallax_layout_type&quot;:&quot;scroll&quot;,&quot;jet_parallax_layout_direction&quot;:&quot;1&quot;,&quot;jet_parallax_layout_fx_direction&quot;:null,&quot;jet_parallax_layout_z_index&quot;:&quot;&quot;,&quot;jet_parallax_layout_bg_x&quot;:50,&quot;jet_parallax_layout_bg_x_tablet&quot;:&quot;&quot;,&quot;jet_parallax_layout_bg_x_mobile&quot;:&quot;&quot;,&quot;jet_parallax_layout_bg_y&quot;:50,&quot;jet_parallax_layout_bg_y_tablet&quot;:&quot;&quot;,&quot;jet_parallax_layout_bg_y_mobile&quot;:&quot;&quot;,&quot;jet_parallax_layout_bg_size&quot;:&quot;auto&quot;,&quot;jet_parallax_layout_bg_size_tablet&quot;:&quot;&quot;,&quot;jet_parallax_layout_bg_size_mobile&quot;:&quot;&quot;,&quot;jet_parallax_layout_animation_prop&quot;:&quot;transform&quot;,&quot;jet_parallax_layout_on&quot;:[&quot;desktop&quot;,&quot;tablet&quot;]}]}\">\n\t\t\t\t\t\t<div class=\"elementor-container elementor-column-gap-no\">\n\t\t\t\t\t<div class=\"elementor-column elementor-col-100 elementor-top-column elementor-element elementor-element-e7cdd7b\" data-id=\"e7cdd7b\" data-element_type=\"column\" data-e-type=\"column\">\n\t\t\t<div class=\"elementor-widget-wrap elementor-element-populated\">\n\t\t\t\t\t\t<div class=\"elementor-element elementor-element-fa6e1f3 elementor-widget elementor-widget-text-editor\" data-id=\"fa6e1f3\" data-element_type=\"widget\" data-e-type=\"widget\" data-widget_type=\"text-editor.default\">\n\t\t\t\t\t\t\t\t\t<p style=\"text-align: center;\">Consultar los siguientes sitios y aplicaciones m\u00f3viles le ser\u00e1 muy \u00fatil, si no imprescindible, durante el alquiler de nuestras autocaravanas en Cerde\u00f1a:<\/p><p><a href=\"https:\/\/www.caramaps.com\/mapa?latlng=40.282179211405%2C9.518923108809986&amp;z=7\" rel=\"nofollow noopener\" target=\"_blank\"><strong>CaraMaps.com<\/strong><\/a>: nuevo y revolucionario sitio web con aplicaciones m\u00f3viles para <a href=\"https:\/\/play.google.com\/store\/apps\/details?id=com.adel.caramaps&amp;hl=es\" target=\"_blank\" rel=\"noopener\"><strong>Android<\/strong><\/a> y <a href=\"https:\/\/apps.apple.com\/es\/app\/caramaps-%C3%A1rea-de-autocaravana\/id904605960\" target=\"_blank\" rel=\"noopener\"><strong>IOS<\/strong><\/a>!\u00a0CaraMaps tiene muchas caracter\u00edsticas innovadoras, incluyendo la posibilidad de crear su propio itinerario personalizado filtrando los tipos de paradas que prefiera entre \u00e1reas naturales, estacionamientos, concesionarios, \u00e1reas privadas, \u00e1reas de descanso y de hu\u00e9spedes de Cara Maps. La Plataforma tambi\u00e9n ofrece algunas caracter\u00edsticas premium, incluyendo la muy \u00fatil base de datos ilimitada sin conexi\u00f3n a Internet!<\/p><p><a style=\"font-size: 16px; background-color: #ffffff;\" href=\"https:\/\/park4night.com\/?langage=es\" rel=\"nofollow noopener\" target=\"_blank\"><strong>Park4night.com<\/strong><\/a><span style=\"font-size: 16px;\">: una comunidad web de f\u00e1cil utilizaci\u00f3n donde puedes buscar y compartir los mejores lugares para pasar la noche en Cerde\u00f1a. \u00a1No te olvides de descargar la aplicaci\u00f3n para m\u00f3viles, disponible para <\/span><strong style=\"font-size: 16px;\"><a href=\"https:\/\/play.google.com\/store\/apps\/details?id=fr.tramb.park4night&amp;hl=es\" target=\"_blank\" rel=\"noopener\">Android<\/a> <\/strong>y <strong style=\"font-size: 16px;\"><a href=\"https:\/\/itunes.apple.com\/it\/app\/park4night-com\/id430946556?mt=8\" target=\"_blank\" rel=\"noopener\">iOS<\/a><\/strong><span style=\"font-size: 16px;\">!<\/span><\/p><p><a href=\"https:\/\/play.google.com\/store\/apps\/details?id=com.mdc.nasoni&amp;hl=es\" target=\"_blank\" rel=\"noopener\"><strong>Fontanelle d\u2019Italia<\/strong><\/a>: una aplicaci\u00f3n m\u00f3vil <strong>android<\/strong> indispensable para encontrar r\u00e1pidamente fuentes de agua p\u00fablicas en la isla. \u00a1No te quedes sin agua durante tu viaje en autocaravana en Cerde\u00f1a!<\/p><p><a href=\"https:\/\/itunes.apple.com\/it\/app\/fontanelle\/id1146278776?mt=8\" target=\"_blank\" rel=\"noopener\"><strong>Fontanelle<\/strong><\/a>: como la anterior, una aplicaci\u00f3n m\u00f3vil <strong>iOS<\/strong> muy \u00fatil para encontrar la fuente p\u00fablica m\u00e1s cercana.<\/p>\t\t\t\t\t\t\t\t<\/div>\n\t\t\t\t\t<\/div>\n\t\t<\/div>\n\t\t\t\t\t<\/div>\n\t\t<\/section>\n\t\t\t\t<\/div>\n\t\t","protected":false},"excerpt":{"rendered":"<p>\u00c1REAS AUTOCARAVANAS CERDE\u00d1A \u00a1Eche un vistazo a nuestra lista de \u00e1reas para autocaravanas en Cerde\u00f1a! \u00bfListo para explorar la isla? Nuestra lista de campings y \u00e1reas de servicio para autocaravanas en Cerde\u00f1a es una ayuda r\u00e1pida y \u00fatil para organizar sus vacaciones mejor! Busca en el mapa interactivo tu \u00e1rea de servicio para autocaravanas preferido [&hellip;]<\/p>\n","protected":false},"author":4,"featured_media":0,"parent":0,"menu_order":0,"comment_status":"closed","ping_status":"closed","template":"","meta":{"site-sidebar-layout":"no-sidebar","site-content-layout":"page-builder","ast-site-content-layout":"default","site-content-style":"default","site-sidebar-style":"default","ast-global-header-display":"","ast-banner-title-visibility":"","ast-main-header-display":"","ast-hfb-above-header-display":"","ast-hfb-below-header-display":"","ast-hfb-mobile-header-display":"","site-post-title":"disabled","ast-breadcrumbs-content":"","ast-featured-img":"disabled","footer-sml-layout":"","ast-disable-related-posts":"","theme-transparent-header-meta":"default","adv-header-id-meta":"","stick-header-meta":"default","header-above-stick-meta":"","header-main-stick-meta":"","header-below-stick-meta":"","astra-migrate-meta-layouts":"default","ast-page-background-enabled":"default","ast-page-background-meta":{"desktop":{"background-color":"","background-image":"","background-repeat":"repeat","background-position":"center center","background-size":"auto","background-attachment":"scroll","background-type":"","background-media":"","overlay-type":"","overlay-color":"","overlay-opacity":"","overlay-gradient":""},"tablet":{"background-color":"","background-image":"","background-repeat":"repeat","background-position":"center center","background-size":"auto","background-attachment":"scroll","background-type":"","background-media":"","overlay-type":"","overlay-color":"","overlay-opacity":"","overlay-gradient":""},"mobile":{"background-color":"","background-image":"","background-repeat":"repeat","background-position":"center center","background-size":"auto","background-attachment":"scroll","background-type":"","background-media":"","overlay-type":"","overlay-color":"","overlay-opacity":"","overlay-gradient":""}},"ast-content-background-meta":{"desktop":{"background-color":"var(--ast-global-color-5)","background-image":"","background-repeat":"repeat","background-position":"center center","background-size":"auto","background-attachment":"scroll","background-type":"","background-media":"","overlay-type":"","overlay-color":"","overlay-opacity":"","overlay-gradient":""},"tablet":{"background-color":"var(--ast-global-color-5)","background-image":"","background-repeat":"repeat","background-position":"center center","background-size":"auto","background-attachment":"scroll","background-type":"","background-media":"","overlay-type":"","overlay-color":"","overlay-opacity":"","overlay-gradient":""},"mobile":{"background-color":"var(--ast-global-color-5)","background-image":"","background-repeat":"repeat","background-position":"center center","background-size":"auto","background-attachment":"scroll","background-type":"","background-media":"","overlay-type":"","overlay-color":"","overlay-opacity":"","overlay-gradient":""}},"footnotes":""},"class_list":["post-6984","page","type-page","status-publish","hentry"],"_links":{"self":[{"href":"https:\/\/yepcampers.com\/es\/wp-json\/wp\/v2\/pages\/6984","targetHints":{"allow":["GET"]}}],"collection":[{"href":"https:\/\/yepcampers.com\/es\/wp-json\/wp\/v2\/pages"}],"about":[{"href":"https:\/\/yepcampers.com\/es\/wp-json\/wp\/v2\/types\/page"}],"author":[{"embeddable":true,"href":"https:\/\/yepcampers.com\/es\/wp-json\/wp\/v2\/users\/4"}],"replies":[{"embeddable":true,"href":"https:\/\/yepcampers.com\/es\/wp-json\/wp\/v2\/comments?post=6984"}],"version-history":[{"count":0,"href":"https:\/\/yepcampers.com\/es\/wp-json\/wp\/v2\/pages\/6984\/revisions"}],"wp:attachment":[{"href":"https:\/\/yepcampers.com\/es\/wp-json\/wp\/v2\/media?parent=6984"}],"curies":[{"name":"wp","href":"https:\/\/api.w.org\/{rel}","templated":true}]}}